{"id":750,"date":"2021-05-12T15:41:37","date_gmt":"2021-05-12T15:41:37","guid":{"rendered":"https:\/\/avadawebsites.wpengine.com\/architecture\/?page_id=750"},"modified":"2024-09-16T21:33:07","modified_gmt":"2024-09-16T19:33:07","slug":"architecture-home","status":"publish","type":"page","link":"https:\/\/kastela-garden-residence.hr\/en\/","title":{"rendered":"Ka\u0161tela Garden Residence"},"content":{"rendered":"<p><div class=\"fusion-fullwidth fullwidth-box fusion-builder-row-1 fusion-flex-container has-pattern-background has-mask-background nonhundred-percent-fullwidth non-hundred-percent-height-scrolling\" style=\"--awb-background-position:left top;--awb-border-sizes-top:0px;--awb-border-sizes-bottom:0px;--awb-border-sizes-left:0px;--awb-border-sizes-right:0px;--awb-border-radius-top-left:0px;--awb-border-radius-top-right:0px;--awb-border-radius-bottom-right:0px;--awb-border-radius-bottom-left:0px;--awb-padding-top:80px;--awb-flex-wrap:wrap;\" ><div class=\"fusion-builder-row fusion-row fusion-flex-align-items-flex-start fusion-flex-content-wrap\" style=\"max-width:1216.8px;margin-left: calc(-4% \/ 2 );margin-right: calc(-4% \/ 2 );\"><div class=\"fusion-layout-column fusion_builder_column fusion-builder-column-0 fusion_builder_column_1_3 1_3 fusion-flex-column\" style=\"--awb-bg-blend:overlay;--awb-bg-size:cover;--awb-width-large:33.333333333333%;--awb-margin-top-large:0px;--awb-spacing-right-large:5.76%;--awb-margin-bottom-large:40px;--awb-spacing-left-large:5.76%;--awb-width-medium:100%;--awb-spacing-right-medium:1.92%;--awb-spacing-left-medium:1.92%;--awb-width-small:100%;--awb-spacing-right-small:1.92%;--awb-spacing-left-small:1.92%;\"><div class=\"fusion-column-wrapper fusion-flex-justify-content-flex-start fusion-content-layout-column\"><div class=\"fusion-title title fusion-title-1 fusion-sep-none fusion-title-center fusion-title-text fusion-title-size-two\" style=\"--awb-margin-bottom:50px;--awb-margin-top-small:0px;--awb-margin-right-small:0px;--awb-margin-bottom-small:20px;--awb-margin-left-small:0px;\"><h2 class=\"fusion-title-heading title-heading-center fusion-responsive-typography-calculated\" style=\"margin:0;text-transform:capitalize;--fontSize:48;line-height:var(--awb-typography1-line-height);\"><p style=\"text-align: center;\">Ka\u0161tela Garden Residence<\/p><\/h2><\/div><div class=\"fusion-separator\" style=\"align-self: center;margin-left: auto;margin-right: auto;margin-top:0px;margin-bottom:40px;width:100%;max-width:170px;\"><div class=\"fusion-separator-border sep-single sep-solid\" style=\"--awb-height:20px;--awb-amount:20px;--awb-sep-color:var(--awb-color3);border-color:var(--awb-color3);border-top-width:3px;\"><\/div><\/div><div class=\"fusion-text fusion-text-1\" style=\"--awb-font-size:var(--awb-typography2-font-size);--awb-line-height:var(--awb-typography2-line-height);--awb-letter-spacing:var(--awb-typography2-letter-spacing);--awb-text-transform:var(--awb-typography2-text-transform);--awb-text-font-family:var(--awb-typography2-font-family);--awb-text-font-weight:var(--awb-typography2-font-weight);--awb-text-font-style:var(--awb-typography2-font-style);\"><p style=\"text-align: center;\">Spoj vi\u0161estoljetne povijesti i tradicije Ka\u0161tela s najmodernijim dostignu\u0107ima u izgradnji rezidencijalnih objekata<\/p>\n<\/div><div class=\"fusion-image-element \" style=\"text-align:center;--awb-max-width:250px;--awb-caption-title-font-family:var(--h2_typography-font-family);--awb-caption-title-font-weight:var(--h2_typography-font-weight);--awb-caption-title-font-style:var(--h2_typography-font-style);--awb-caption-title-size:var(--h2_typography-font-size);--awb-caption-title-transform:var(--h2_typography-text-transform);--awb-caption-title-line-height:var(--h2_typography-line-height);--awb-caption-title-letter-spacing:var(--h2_typography-letter-spacing);\"><span class=\" fusion-imageframe imageframe-none imageframe-1 hover-type-none\"><img decoding=\"async\" width=\"1397\" height=\"1106\" title=\"Ka\u0161tela garden residence\" src=\"https:\/\/kastela-garden-residence.hr\/wp-content\/uploads\/2024\/08\/Kastela-garden-residence.png\" data-orig-src=\"https:\/\/kastela-garden-residence.hr\/wp-content\/uploads\/2024\/08\/Kastela-garden-residence.png\" alt class=\"lazyload img-responsive wp-image-1582\" srcset=\"data:image\/svg+xml,%3Csvg%20xmlns%3D%27http%3A%2F%2Fwww.w3.org%2F2000%2Fsvg%27%20width%3D%271397%27%20height%3D%271106%27%20viewBox%3D%270%200%201397%201106%27%3E%3Crect%20width%3D%271397%27%20height%3D%271106%27%20fill-opacity%3D%220%22%2F%3E%3C%2Fsvg%3E\" data-srcset=\"https:\/\/kastela-garden-residence.hr\/wp-content\/uploads\/2024\/08\/Kastela-garden-residence-200x158.png 200w, https:\/\/kastela-garden-residence.hr\/wp-content\/uploads\/2024\/08\/Kastela-garden-residence-400x317.png 400w, https:\/\/kastela-garden-residence.hr\/wp-content\/uploads\/2024\/08\/Kastela-garden-residence-600x475.png 600w, https:\/\/kastela-garden-residence.hr\/wp-content\/uploads\/2024\/08\/Kastela-garden-residence-800x633.png 800w, https:\/\/kastela-garden-residence.hr\/wp-content\/uploads\/2024\/08\/Kastela-garden-residence-1200x950.png 1200w, https:\/\/kastela-garden-residence.hr\/wp-content\/uploads\/2024\/08\/Kastela-garden-residence.png 1397w\" data-sizes=\"auto\" data-orig-sizes=\"(max-width: 800px) 100vw, (max-width: 640px) 100vw, 400px\" \/><\/span><\/div><\/div><\/div><div class=\"fusion-layout-column fusion_builder_column fusion-builder-column-1 fusion_builder_column_1_3 1_3 fusion-flex-column\" style=\"--awb-bg-blend:overlay;--awb-bg-size:cover;--awb-width-large:33.333333333333%;--awb-margin-top-large:0px;--awb-spacing-right-large:5.76%;--awb-margin-bottom-large:0px;--awb-spacing-left-large:5.76%;--awb-width-medium:100%;--awb-spacing-right-medium:1.92%;--awb-spacing-left-medium:1.92%;--awb-width-small:100%;--awb-spacing-right-small:1.92%;--awb-spacing-left-small:1.92%;\"><div class=\"fusion-column-wrapper fusion-flex-justify-content-flex-start fusion-content-layout-column\"><div class=\"fusion-image-element \" style=\"--awb-caption-title-font-family:var(--h2_typography-font-family);--awb-caption-title-font-weight:var(--h2_typography-font-weight);--awb-caption-title-font-style:var(--h2_typography-font-style);--awb-caption-title-size:var(--h2_typography-font-size);--awb-caption-title-transform:var(--h2_typography-text-transform);--awb-caption-title-line-height:var(--h2_typography-line-height);--awb-caption-title-letter-spacing:var(--h2_typography-letter-spacing);\"><span class=\" fusion-imageframe imageframe-none imageframe-2 hover-type-zoomin\"><a href=\"https:\/\/kastela-garden-residence.hr\/wp-content\/uploads\/2024\/03\/Lucius_IZM3_1_8.jpg\" class=\"fusion-lightbox\" data-rel=\"iLightbox[1dca27dfd730f56d7fd]\" data-title=\"Lucius_IZM3_1_8\" title=\"Lucius_IZM3_1_8\"><img decoding=\"async\" width=\"1920\" height=\"1080\" src=\"https:\/\/kastela-garden-residence.hr\/wp-content\/uploads\/2024\/03\/Lucius_IZM3_1_8.jpg\" data-orig-src=\"https:\/\/kastela-garden-residence.hr\/wp-content\/uploads\/2024\/03\/Lucius_IZM3_1_8.jpg\" alt class=\"lazyload img-responsive wp-image-1595\" srcset=\"data:image\/svg+xml,%3Csvg%20xmlns%3D%27http%3A%2F%2Fwww.w3.org%2F2000%2Fsvg%27%20width%3D%271920%27%20height%3D%271080%27%20viewBox%3D%270%200%201920%201080%27%3E%3Crect%20width%3D%271920%27%20height%3D%271080%27%20fill-opacity%3D%220%22%2F%3E%3C%2Fsvg%3E\" data-srcset=\"https:\/\/kastela-garden-residence.hr\/wp-content\/uploads\/2024\/03\/Lucius_IZM3_1_8-200x113.jpg 200w, https:\/\/kastela-garden-residence.hr\/wp-content\/uploads\/2024\/03\/Lucius_IZM3_1_8-400x225.jpg 400w, https:\/\/kastela-garden-residence.hr\/wp-content\/uploads\/2024\/03\/Lucius_IZM3_1_8-600x338.jpg 600w, https:\/\/kastela-garden-residence.hr\/wp-content\/uploads\/2024\/03\/Lucius_IZM3_1_8-800x450.jpg 800w, https:\/\/kastela-garden-residence.hr\/wp-content\/uploads\/2024\/03\/Lucius_IZM3_1_8-1200x675.jpg 1200w, https:\/\/kastela-garden-residence.hr\/wp-content\/uploads\/2024\/03\/Lucius_IZM3_1_8.jpg 1920w\" data-sizes=\"auto\" data-orig-sizes=\"(max-width: 800px) 100vw, (max-width: 640px) 100vw, 400px\" \/><\/a><\/span><\/div><div class=\"fusion-separator fusion-full-width-sep\" style=\"align-self: flex-start;margin-right:auto;margin-top:10px;margin-bottom:10px;width:100%;\"><\/div><div class=\"fusion-text fusion-text-2\"><p>Ka\u0161tela Garden Residence je projekt koji u okviru zatvorenog rezidencijalnog naselja spaja u jednoj to\u010dki: vi\u0161estoljetnu povijest i tradiciju Ka\u0161tela, prirodne ljepote Ka\u0161tela i odli\u010dnu prometnu povezanost Ka\u0161tela\u00a0 s jedne strane sa najmodernijim dostignu\u0107ima u podru\u010dju izgradnje rezidencijalnih objekata.<\/p>\n<p>Naselje, kako mu samo ime govori \u0107e u \u017eivotni prostor novih vlasnika stanova integrirati najkvalitetnije pristupe i materijale u izgradnji stambenih objekata.<\/p>\n<\/div><\/div><\/div><div class=\"fusion-layout-column fusion_builder_column fusion-builder-column-2 fusion_builder_column_1_3 1_3 fusion-flex-column\" style=\"--awb-bg-blend:overlay;--awb-bg-size:cover;--awb-width-large:33.333333333333%;--awb-margin-top-large:0px;--awb-spacing-right-large:5.76%;--awb-margin-bottom-large:20px;--awb-spacing-left-large:5.76%;--awb-width-medium:100%;--awb-spacing-right-medium:1.92%;--awb-spacing-left-medium:1.92%;--awb-width-small:100%;--awb-spacing-right-small:1.92%;--awb-spacing-left-small:1.92%;\"><div class=\"fusion-column-wrapper fusion-flex-justify-content-flex-start fusion-content-layout-column\"><div class=\"fusion-text fusion-text-3\"><p>Osim toga spomenuto naselje \u0107e integrirati i najnovija hortikulturina dostignu\u0107a s jedne strane te tradiciju ka\u0161telanskih vrtova komponiranih od ljekovitog i mirisavog bilja, sorti maslina, ukrasnog biljka, agruma sa druge strane.<\/p>\n<p>Zgrade i stanovi u njima\u00a0 projektirani su s namjerom da novim vlasnicima, poslovnim ljudima i njihovim obiteljima pru\u017ee kroz moderan \u017eivotni prostor svakodnevni odmor od urbane sredine te sigurno i mirno uto\u010di\u0161te za opu\u0161tanje.<\/p>\n<p>Izvrsnu ve\u0107 spomenuta mikrolokacija rezidencijalnog naselja koja je jedne strane spojena sa Ulicom Marina Studina a s druge strane brzom cestom Ivana Pavla II budu\u0107im vlasnicima \u0107e omogu\u0107iti ovisno o potrebama lagani i brzi odlazak i dolazak do vlastitog stambenog objekta.<\/p>\n<\/div><\/div><\/div><\/div><\/div><div class=\"fusion-fullwidth fullwidth-box fusion-builder-row-2 fusion-flex-container has-pattern-background has-mask-background nonhundred-percent-fullwidth non-hundred-percent-height-scrolling\" style=\"--awb-background-position:left top;--awb-border-sizes-top:0px;--awb-border-sizes-bottom:0px;--awb-border-sizes-left:0px;--awb-border-sizes-right:0px;--awb-border-radius-top-left:0px;--awb-border-radius-top-right:0px;--awb-border-radius-bottom-right:0px;--awb-border-radius-bottom-left:0px;--awb-padding-top:60px;--awb-padding-bottom:82px;--awb-flex-wrap:wrap;\" ><div class=\"fusion-builder-row fusion-row fusion-flex-align-items-flex-start fusion-flex-content-wrap\" style=\"max-width:1216.8px;margin-left: calc(-4% \/ 2 );margin-right: calc(-4% \/ 2 );\"><div class=\"fusion-layout-column fusion_builder_column fusion-builder-column-3 fusion_builder_column_1_3 1_3 fusion-flex-column\" style=\"--awb-bg-position:right center;--awb-bg-blend:overlay;--awb-bg-size:cover;--awb-border-color:var(--awb-color4);--awb-border-right:3px;--awb-border-style:solid;--awb-width-large:33.333333333333%;--awb-margin-top-large:0px;--awb-spacing-right-large:3.84%;--awb-margin-bottom-large:0px;--awb-spacing-left-large:5.76%;--awb-width-medium:100%;--awb-spacing-right-medium:1.92%;--awb-spacing-left-medium:1.92%;--awb-width-small:100%;--awb-spacing-right-small:1.92%;--awb-spacing-left-small:1.92%;\"><div class=\"fusion-column-wrapper fusion-flex-justify-content-flex-start fusion-content-layout-column\"><div class=\"fusion-title title fusion-title-2 fusion-sep-none fusion-title-center fusion-title-text fusion-title-size-two\" style=\"--awb-margin-bottom:20px;--awb-margin-top-small:0px;--awb-margin-right-small:0px;--awb-margin-bottom-small:0px;--awb-margin-left-small:0px;--awb-margin-bottom-medium:0px;\"><h2 class=\"fusion-title-heading title-heading-center fusion-responsive-typography-calculated\" style=\"margin:0;text-transform:none;--fontSize:48;line-height:var(--awb-typography1-line-height);\">Dostupne nekretnine<\/h2><\/div><\/div><\/div><div class=\"fusion-layout-column fusion_builder_column fusion-builder-column-4 fusion_builder_column_2_3 2_3 fusion-flex-column\" style=\"--awb-bg-blend:overlay;--awb-bg-size:cover;--awb-width-large:66.666666666667%;--awb-margin-top-large:20px;--awb-spacing-right-large:2.88%;--awb-margin-bottom-large:20px;--awb-spacing-left-large:3.84%;--awb-width-medium:100%;--awb-spacing-right-medium:1.92%;--awb-spacing-left-medium:1.92%;--awb-width-small:100%;--awb-spacing-right-small:1.92%;--awb-spacing-left-small:1.92%;\"><div class=\"fusion-column-wrapper fusion-flex-justify-content-flex-start fusion-content-layout-column\"><div class=\"fusion-text fusion-text-4\" style=\"--awb-content-alignment:center;--awb-font-size:var(--awb-typography2-font-size);--awb-line-height:var(--awb-typography2-line-height);--awb-letter-spacing:var(--awb-typography2-letter-spacing);--awb-text-transform:var(--awb-typography2-text-transform);--awb-text-font-family:var(--awb-typography2-font-family);--awb-text-font-weight:var(--awb-typography2-font-weight);--awb-text-font-style:var(--awb-typography2-font-style);\"><p><em>Zgrade i stanovi u njima, \u00a0projektirani su s namjerom da novim vlasnicima, poslovnim ljudima i njihovim obiteljima pru\u017ee svakodnevni odmor od urbane sredine te sigurno i mirno uto\u010di\u0161te za opu\u0161tanje. <\/em><\/p>\n<\/div><\/div><\/div><div class=\"fusion-layout-column fusion_builder_column fusion-builder-column-5 fusion_builder_column_1_1 1_1 fusion-flex-column fusion-flex-align-self-center fusion-column-no-min-height\" style=\"--awb-bg-blend:overlay;--awb-bg-size:cover;--awb-width-large:100%;--awb-margin-top-large:72px;--awb-spacing-right-large:1.92%;--awb-margin-bottom-large:0px;--awb-spacing-left-large:1.92%;--awb-width-medium:100%;--awb-order-medium:0;--awb-spacing-right-medium:1.92%;--awb-spacing-left-medium:1.92%;--awb-width-small:100%;--awb-order-small:0;--awb-spacing-right-small:1.92%;--awb-spacing-left-small:1.92%;\" data-scroll-devices=\"small-visibility,medium-visibility,large-visibility\"><div class=\"fusion-column-wrapper fusion-column-has-shadow fusion-flex-justify-content-flex-start fusion-content-layout-column\"><div class=\"fusion-post-cards fusion-post-cards-1 fusion-grid-archive fusion-grid-columns-2\" style=\"--awb-dots-align:center;--awb-columns:2;--awb-active-filter-border-size:3px;--awb-filters-height:36px;--awb-columns-medium:50%;--awb-columns-small:50%;\" data-post-type-label=\"portfolio\"><ul class=\"fusion-grid fusion-grid-2 fusion-flex-align-items-flex-start fusion-grid-posts-cards\"><li class=\"fusion-layout-column fusion_builder_column fusion-builder-column-6 fusion-flex-column post-card fusion-grid-column fusion-post-cards-grid-column\" style=\"--awb-bg-size:cover;--awb-flex-grow:0;--awb-flex-shrink:0;--awb-flex-grow-medium:0;--awb-flex-shrink-medium:0;--awb-flex-grow-small:0;--awb-flex-shrink-small:0;\"><div class=\"fusion-column-wrapper fusion-flex-justify-content-flex-start fusion-content-layout-column\"><div class=\"fusion-classic-product-image-wrapper fusion-woo-product-image fusion-post-card-image fusion-post-card-image-1 product-images has-aspect-ratio\" data-layout=\"crossfade\" style=\"--awb-crossfade-bg-color:var(--awb-color8);--awb-aspect-ratio:4 \/ 3;\"><a href=\"https:\/\/kastela-garden-residence.hr\/en\/portfolio\/zgrada-1-lavanda\/\" title=\"Zgrada 1 &#8211; Lavanda\"><div class=\"featured-image crossfade-images\">\n\t<img decoding=\"async\" width=\"1920\" height=\"1080\" src=\"https:\/\/kastela-garden-residence.hr\/wp-content\/uploads\/2024\/03\/Lucius_IZM3_1_8.jpg\" class=\"hover-image lazyload\" alt=\"\" srcset=\"data:image\/svg+xml,%3Csvg%20xmlns%3D%27http%3A%2F%2Fwww.w3.org%2F2000%2Fsvg%27%20width%3D%271920%27%20height%3D%271080%27%20viewBox%3D%270%200%201920%201080%27%3E%3Crect%20width%3D%271920%27%20height%3D%271080%27%20fill-opacity%3D%220%22%2F%3E%3C%2Fsvg%3E\" data-orig-src=\"https:\/\/kastela-garden-residence.hr\/wp-content\/uploads\/2024\/03\/Lucius_IZM3_1_8.jpg\" data-srcset=\"https:\/\/kastela-garden-residence.hr\/wp-content\/uploads\/2024\/03\/Lucius_IZM3_1_8-200x113.jpg 200w, https:\/\/kastela-garden-residence.hr\/wp-content\/uploads\/2024\/03\/Lucius_IZM3_1_8-400x225.jpg 400w, https:\/\/kastela-garden-residence.hr\/wp-content\/uploads\/2024\/03\/Lucius_IZM3_1_8-600x338.jpg 600w, https:\/\/kastela-garden-residence.hr\/wp-content\/uploads\/2024\/03\/Lucius_IZM3_1_8-800x450.jpg 800w, https:\/\/kastela-garden-residence.hr\/wp-content\/uploads\/2024\/03\/Lucius_IZM3_1_8-1200x675.jpg 1200w, https:\/\/kastela-garden-residence.hr\/wp-content\/uploads\/2024\/03\/Lucius_IZM3_1_8.jpg 1920w\" data-sizes=\"auto\" \/>\t<img decoding=\"async\" width=\"1920\" height=\"1080\" src=\"https:\/\/kastela-garden-residence.hr\/wp-content\/uploads\/2024\/04\/Lucius_IZM3_1_9.jpg\" class=\"attachment-full size-full lazyload wp-post-image\" alt=\"\" srcset=\"data:image\/svg+xml,%3Csvg%20xmlns%3D%27http%3A%2F%2Fwww.w3.org%2F2000%2Fsvg%27%20width%3D%271920%27%20height%3D%271080%27%20viewBox%3D%270%200%201920%201080%27%3E%3Crect%20width%3D%271920%27%20height%3D%271080%27%20fill-opacity%3D%220%22%2F%3E%3C%2Fsvg%3E\" data-orig-src=\"https:\/\/kastela-garden-residence.hr\/wp-content\/uploads\/2024\/04\/Lucius_IZM3_1_9.jpg\" data-srcset=\"https:\/\/kastela-garden-residence.hr\/wp-content\/uploads\/2024\/04\/Lucius_IZM3_1_9-200x113.jpg 200w, https:\/\/kastela-garden-residence.hr\/wp-content\/uploads\/2024\/04\/Lucius_IZM3_1_9-400x225.jpg 400w, https:\/\/kastela-garden-residence.hr\/wp-content\/uploads\/2024\/04\/Lucius_IZM3_1_9-600x338.jpg 600w, https:\/\/kastela-garden-residence.hr\/wp-content\/uploads\/2024\/04\/Lucius_IZM3_1_9-800x450.jpg 800w, https:\/\/kastela-garden-residence.hr\/wp-content\/uploads\/2024\/04\/Lucius_IZM3_1_9-1200x675.jpg 1200w, https:\/\/kastela-garden-residence.hr\/wp-content\/uploads\/2024\/04\/Lucius_IZM3_1_9.jpg 1920w\" data-sizes=\"auto\" \/>\n\t<\/div>\n<\/a><\/div><div class=\"fusion-builder-row fusion-builder-row-inner fusion-row fusion-flex-align-items-flex-start fusion-flex-content-wrap\" style=\"--awb-flex-grow:0;--awb-flex-grow-medium:0;--awb-flex-grow-small:0;--awb-flex-shrink:0;--awb-flex-shrink-medium:0;--awb-flex-shrink-small:0;width:104% !important;max-width:104% !important;margin-left: calc(-4% \/ 2 );margin-right: calc(-4% \/ 2 );\"><div class=\"fusion-layout-column fusion_builder_column_inner fusion-builder-nested-column-0 fusion_builder_column_inner_1_1 1_1 fusion-flex-column\" style=\"--awb-bg-size:cover;--awb-transform:translateX(0px);--awb-transform-hover:translateX(10px);--awb-transform-parent-hover:translateX(10px);--awb-width-large:100%;--awb-margin-top-large:0px;--awb-spacing-right-large:1.92%;--awb-margin-bottom-large:0px;--awb-spacing-left-large:1.92%;--awb-width-medium:100%;--awb-order-medium:0;--awb-spacing-right-medium:1.92%;--awb-spacing-left-medium:1.92%;--awb-width-small:100%;--awb-order-small:0;--awb-spacing-right-small:1.92%;--awb-spacing-left-small:1.92%;\"><div class=\"fusion-column-wrapper fusion-column-has-shadow fusion-flex-justify-content-flex-start fusion-content-layout-column\"><div class=\"fusion-title title fusion-title-3 fusion-sep-none fusion-title-text fusion-title-size-five\" style=\"--awb-text-color:var(--awb-color8);--awb-margin-top:6px;--awb-margin-bottom:0px;--awb-margin-top-small:16px;--awb-margin-right-small:0px;--awb-margin-bottom-small:16px;--awb-margin-left-small:0px;--awb-link-color:var(--awb-color8);\"><h5 class=\"fusion-title-heading title-heading-left fusion-responsive-typography-calculated\" style=\"margin:0;text-transform:capitalize;--fontSize:18;--minFontSize:18;line-height:var(--awb-typography1-line-height);\"><a href=\"https:\/\/kastela-garden-residence.hr\/en\/portfolio\/zgrada-1-lavanda\/\" class=\"awb-custom-text-color awb-custom-text-hover-color\" target=\"_self\">Zgrada 1 &#8211; Lavanda<\/a><\/h5><\/div><div class=\"fusion-title title fusion-title-4 fusion-sep-none fusion-title-text fusion-title-size-div\" style=\"--awb-text-color:hsla(var(--awb-color6-h),var(--awb-color6-s),var(--awb-color6-l),calc(var(--awb-color6-a) - 30%));--awb-margin-bottom:0px;--awb-margin-top-small:0px;--awb-margin-right-small:0px;--awb-margin-bottom-small:20px;--awb-margin-left-small:0px;--awb-font-size:var(--awb-typography5-font-size);\"><div class=\"fusion-title-heading title-heading-left title-heading-tag fusion-responsive-typography-calculated\" style=\"font-family:var(--awb-typography2-font-family);font-weight:var(--awb-typography2-font-weight);font-style:var(--awb-typography2-font-style);margin:0;letter-spacing:var(--awb-typography5-letter-spacing);text-transform:var(--awb-typography5-text-transform);font-size:1em;--fontSize:13;--minFontSize:13;line-height:var(--awb-typography5-line-height);\">Lavanda<\/div><\/div><\/div><\/div><\/div><\/div><\/li>\n<li class=\"fusion-layout-column fusion_builder_column fusion-builder-column-7 fusion-flex-column post-card fusion-grid-column fusion-post-cards-grid-column\" style=\"--awb-bg-size:cover;--awb-flex-grow:0;--awb-flex-shrink:0;--awb-flex-grow-medium:0;--awb-flex-shrink-medium:0;--awb-flex-grow-small:0;--awb-flex-shrink-small:0;\"><div class=\"fusion-column-wrapper fusion-flex-justify-content-flex-start fusion-content-layout-column\"><div class=\"fusion-classic-product-image-wrapper fusion-woo-product-image fusion-post-card-image fusion-post-card-image-1 product-images has-aspect-ratio\" data-layout=\"crossfade\" style=\"--awb-crossfade-bg-color:var(--awb-color8);--awb-aspect-ratio:4 \/ 3;\"><a href=\"https:\/\/kastela-garden-residence.hr\/en\/portfolio\/zgrada-2-mirta\/\" title=\"Zgrada 2 &#8211; Mirta\"><div class=\"featured-image crossfade-images\">\n\t<img decoding=\"async\" width=\"1920\" height=\"1080\" src=\"https:\/\/kastela-garden-residence.hr\/wp-content\/uploads\/2024\/04\/Lucius_IZM3_1_5.jpg\" class=\"hover-image lazyload\" alt=\"\" srcset=\"data:image\/svg+xml,%3Csvg%20xmlns%3D%27http%3A%2F%2Fwww.w3.org%2F2000%2Fsvg%27%20width%3D%271920%27%20height%3D%271080%27%20viewBox%3D%270%200%201920%201080%27%3E%3Crect%20width%3D%271920%27%20height%3D%271080%27%20fill-opacity%3D%220%22%2F%3E%3C%2Fsvg%3E\" data-orig-src=\"https:\/\/kastela-garden-residence.hr\/wp-content\/uploads\/2024\/04\/Lucius_IZM3_1_5.jpg\" data-srcset=\"https:\/\/kastela-garden-residence.hr\/wp-content\/uploads\/2024\/04\/Lucius_IZM3_1_5-200x113.jpg 200w, https:\/\/kastela-garden-residence.hr\/wp-content\/uploads\/2024\/04\/Lucius_IZM3_1_5-400x225.jpg 400w, https:\/\/kastela-garden-residence.hr\/wp-content\/uploads\/2024\/04\/Lucius_IZM3_1_5-600x338.jpg 600w, https:\/\/kastela-garden-residence.hr\/wp-content\/uploads\/2024\/04\/Lucius_IZM3_1_5-800x450.jpg 800w, https:\/\/kastela-garden-residence.hr\/wp-content\/uploads\/2024\/04\/Lucius_IZM3_1_5-1200x675.jpg 1200w, https:\/\/kastela-garden-residence.hr\/wp-content\/uploads\/2024\/04\/Lucius_IZM3_1_5.jpg 1920w\" data-sizes=\"auto\" \/>\t<img decoding=\"async\" width=\"2000\" height=\"1125\" src=\"https:\/\/kastela-garden-residence.hr\/wp-content\/uploads\/2024\/08\/Lucius_IZM3_1_4.jpg\" class=\"attachment-full size-full lazyload wp-post-image\" alt=\"\" srcset=\"data:image\/svg+xml,%3Csvg%20xmlns%3D%27http%3A%2F%2Fwww.w3.org%2F2000%2Fsvg%27%20width%3D%272000%27%20height%3D%271125%27%20viewBox%3D%270%200%202000%201125%27%3E%3Crect%20width%3D%272000%27%20height%3D%271125%27%20fill-opacity%3D%220%22%2F%3E%3C%2Fsvg%3E\" data-orig-src=\"https:\/\/kastela-garden-residence.hr\/wp-content\/uploads\/2024\/08\/Lucius_IZM3_1_4.jpg\" data-srcset=\"https:\/\/kastela-garden-residence.hr\/wp-content\/uploads\/2024\/08\/Lucius_IZM3_1_4-200x113.jpg 200w, https:\/\/kastela-garden-residence.hr\/wp-content\/uploads\/2024\/08\/Lucius_IZM3_1_4-400x225.jpg 400w, https:\/\/kastela-garden-residence.hr\/wp-content\/uploads\/2024\/08\/Lucius_IZM3_1_4-600x338.jpg 600w, https:\/\/kastela-garden-residence.hr\/wp-content\/uploads\/2024\/08\/Lucius_IZM3_1_4-800x450.jpg 800w, https:\/\/kastela-garden-residence.hr\/wp-content\/uploads\/2024\/08\/Lucius_IZM3_1_4-1200x675.jpg 1200w, https:\/\/kastela-garden-residence.hr\/wp-content\/uploads\/2024\/08\/Lucius_IZM3_1_4.jpg 2000w\" data-sizes=\"auto\" \/>\n\t<\/div>\n<\/a><\/div><div class=\"fusion-builder-row fusion-builder-row-inner fusion-row fusion-flex-align-items-flex-start fusion-flex-content-wrap\" style=\"--awb-flex-grow:0;--awb-flex-grow-medium:0;--awb-flex-grow-small:0;--awb-flex-shrink:0;--awb-flex-shrink-medium:0;--awb-flex-shrink-small:0;width:104% !important;max-width:104% !important;margin-left: calc(-4% \/ 2 );margin-right: calc(-4% \/ 2 );\"><div class=\"fusion-layout-column fusion_builder_column_inner fusion-builder-nested-column-1 fusion_builder_column_inner_1_1 1_1 fusion-flex-column\" style=\"--awb-bg-size:cover;--awb-transform:translateX(0px);--awb-transform-hover:translateX(10px);--awb-transform-parent-hover:translateX(10px);--awb-width-large:100%;--awb-margin-top-large:0px;--awb-spacing-right-large:1.92%;--awb-margin-bottom-large:0px;--awb-spacing-left-large:1.92%;--awb-width-medium:100%;--awb-order-medium:0;--awb-spacing-right-medium:1.92%;--awb-spacing-left-medium:1.92%;--awb-width-small:100%;--awb-order-small:0;--awb-spacing-right-small:1.92%;--awb-spacing-left-small:1.92%;\"><div class=\"fusion-column-wrapper fusion-column-has-shadow fusion-flex-justify-content-flex-start fusion-content-layout-column\"><div class=\"fusion-title title fusion-title-5 fusion-sep-none fusion-title-text fusion-title-size-five\" style=\"--awb-text-color:var(--awb-color8);--awb-margin-top:6px;--awb-margin-bottom:0px;--awb-margin-top-small:16px;--awb-margin-right-small:0px;--awb-margin-bottom-small:16px;--awb-margin-left-small:0px;--awb-link-color:var(--awb-color8);\"><h5 class=\"fusion-title-heading title-heading-left fusion-responsive-typography-calculated\" style=\"margin:0;text-transform:capitalize;--fontSize:18;--minFontSize:18;line-height:var(--awb-typography1-line-height);\"><a href=\"https:\/\/kastela-garden-residence.hr\/en\/portfolio\/zgrada-2-mirta\/\" class=\"awb-custom-text-color awb-custom-text-hover-color\" target=\"_self\">Zgrada 2 &#8211; Mirta<\/a><\/h5><\/div><div class=\"fusion-title title fusion-title-6 fusion-sep-none fusion-title-text fusion-title-size-div\" style=\"--awb-text-color:hsla(var(--awb-color6-h),var(--awb-color6-s),var(--awb-color6-l),calc(var(--awb-color6-a) - 30%));--awb-margin-bottom:0px;--awb-margin-top-small:0px;--awb-margin-right-small:0px;--awb-margin-bottom-small:20px;--awb-margin-left-small:0px;--awb-font-size:var(--awb-typography5-font-size);\"><div class=\"fusion-title-heading title-heading-left title-heading-tag fusion-responsive-typography-calculated\" style=\"font-family:var(--awb-typography2-font-family);font-weight:var(--awb-typography2-font-weight);font-style:var(--awb-typography2-font-style);margin:0;letter-spacing:var(--awb-typography5-letter-spacing);text-transform:var(--awb-typography5-text-transform);font-size:1em;--fontSize:13;--minFontSize:13;line-height:var(--awb-typography5-line-height);\">Mirta<\/div><\/div><\/div><\/div><\/div><\/div><\/li>\n<\/ul><\/div><\/div><\/div><\/div><\/div><\/p>\n","protected":false},"excerpt":{"rendered":"","protected":false},"author":1,"featured_media":0,"parent":0,"menu_order":0,"comment_status":"closed","ping_status":"closed","template":"100-width.php","meta":{"footnotes":""},"class_list":["post-750","page","type-page","status-publish","hentry"],"_links":{"self":[{"href":"https:\/\/kastela-garden-residence.hr\/en\/wp-json\/wp\/v2\/pages\/750","targetHints":{"allow":["GET"]}}],"collection":[{"href":"https:\/\/kastela-garden-residence.hr\/en\/wp-json\/wp\/v2\/pages"}],"about":[{"href":"https:\/\/kastela-garden-residence.hr\/en\/wp-json\/wp\/v2\/types\/page"}],"author":[{"embeddable":true,"href":"https:\/\/kastela-garden-residence.hr\/en\/wp-json\/wp\/v2\/users\/1"}],"replies":[{"embeddable":true,"href":"https:\/\/kastela-garden-residence.hr\/en\/wp-json\/wp\/v2\/comments?post=750"}],"version-history":[{"count":29,"href":"https:\/\/kastela-garden-residence.hr\/en\/wp-json\/wp\/v2\/pages\/750\/revisions"}],"predecessor-version":[{"id":2091,"href":"https:\/\/kastela-garden-residence.hr\/en\/wp-json\/wp\/v2\/pages\/750\/revisions\/2091"}],"wp:attachment":[{"href":"https:\/\/kastela-garden-residence.hr\/en\/wp-json\/wp\/v2\/media?parent=750"}],"curies":[{"name":"wp","href":"https:\/\/api.w.org\/{rel}","templated":true}]}}