{"id":1681,"date":"2015-02-10T19:21:19","date_gmt":"2015-02-10T19:21:19","guid":{"rendered":"https:\/\/avada.theme-fusion.com_demos\/architecture\/?page_id=9"},"modified":"2025-02-19T23:12:31","modified_gmt":"2025-02-19T22:12:31","slug":"kastela-2","status":"publish","type":"page","link":"https:\/\/kastela-garden-residence.hr\/en\/kastela-2\/","title":{"rendered":"Ka\u0161tela"},"content":{"rendered":"<div class=\"fusion-fullwidth fullwidth-box fusion-builder-row-1 fusion-flex-container has-pattern-background has-mask-background nonhundred-percent-fullwidth non-hundred-percent-height-scrolling\" style=\"--awb-background-position:left top;--awb-border-sizes-top:0px;--awb-border-sizes-bottom:0px;--awb-border-sizes-left:0px;--awb-border-sizes-right:0px;--awb-border-radius-top-left:0px;--awb-border-radius-top-right:0px;--awb-border-radius-bottom-right:0px;--awb-border-radius-bottom-left:0px;--awb-padding-top:150px;--awb-padding-bottom:50px;--awb-flex-wrap:wrap;\" ><div class=\"fusion-builder-row fusion-row fusion-flex-align-items-flex-start fusion-flex-content-wrap\" style=\"max-width:1216.8px;margin-left: calc(-4% \/ 2 );margin-right: calc(-4% \/ 2 );\"><div class=\"fusion-layout-column fusion_builder_column fusion-builder-column-0 fusion_builder_column_1_2 1_2 fusion-flex-column\" style=\"--awb-bg-blend:overlay;--awb-bg-size:cover;--awb-width-large:50%;--awb-margin-top-large:0px;--awb-spacing-right-large:3.84%;--awb-margin-bottom-large:20px;--awb-spacing-left-large:3.84%;--awb-width-medium:100%;--awb-spacing-right-medium:1.92%;--awb-spacing-left-medium:1.92%;--awb-width-small:100%;--awb-spacing-right-small:1.92%;--awb-spacing-left-small:1.92%;\"><div class=\"fusion-column-wrapper fusion-flex-justify-content-flex-start fusion-content-layout-column\"><div class=\"fusion-title title fusion-title-1 fusion-sep-none fusion-title-text fusion-title-size-two\" style=\"--awb-margin-bottom:50px;--awb-margin-top-small:0px;--awb-margin-right-small:0px;--awb-margin-bottom-small:20px;--awb-margin-left-small:0px;\"><h2 class=\"fusion-title-heading title-heading-left fusion-responsive-typography-calculated\" style=\"margin:0;text-transform:capitalize;--fontSize:48;line-height:var(--awb-typography1-line-height);\">7 KA\u0160TELA<\/h2><\/div><div class=\"fusion-separator\" style=\"align-self: flex-start;margin-right:auto;margin-top:0px;margin-bottom:40px;width:100%;max-width:170px;\"><div class=\"fusion-separator-border sep-single sep-solid\" style=\"--awb-height:20px;--awb-amount:20px;--awb-sep-color:var(--awb-color3);border-color:var(--awb-color3);border-top-width:3px;\"><\/div><\/div><div class=\"fusion-text fusion-text-1\" style=\"--awb-font-size:var(--awb-typography2-font-size);--awb-line-height:var(--awb-typography2-line-height);--awb-letter-spacing:var(--awb-typography2-letter-spacing);--awb-text-transform:var(--awb-typography2-text-transform);--awb-text-font-family:var(--awb-typography2-font-family);--awb-text-font-weight:var(--awb-typography2-font-weight);--awb-text-font-style:var(--awb-typography2-font-style);\"><p>Ka\u0161tela, grad tisu\u0107ljetne tradicije, poznat je po svojim crkvama, dvorcima,\u00a0 utvrdama i autohtonim vrtovima. Kao jedinstveni grad u Hrvatskoj, sastavljen od sedam sela, Ka\u0161tela nemaju tradicionalni centar i koriste \u010dak \u0161est po\u0161tanskih brojeva. Smje\u0161tena su izme\u0111u dva UNESCO-va grada, Splita i Trogira, Ka\u0161tela se izdvajaju i po najstarijoj maslini na Jadranu, staroj 1500 godina, te najve\u0107oj i naj\u0161iroj maslini na ovom podru\u010dju.<\/p>\n<\/div><div class=\"fusion-separator\" style=\"align-self: flex-start;margin-right:auto;margin-top:0px;margin-bottom:30px;width:100%;max-width:170px;\"><\/div><div class=\"fusion-text fusion-text-2\"><p>Ovaj grad odu\u0161evljava na prvi pogled svojom dalmatinskom \u201evibrom\u201c i le\u017eernim stilom \u017eivota. Ka\u0161tela su mjesto gdje se lako uklopiti u mediteransku atmosferu, a posjetitelji se \u010desto vra\u0107aju kako bi detaljnije istra\u017eili svih sedam povijesnih mjesta koja \u010dine grad. Posebno se isti\u010de Ka\u0161tel Luk\u0161i\u0107, poznat po legendi o nesretnim ljubavnicima Miljenku i Dobrili, \u010dija se pri\u010da prenosi generacijama i o\u017eivljava svakog ljeta na festivalu ljubavi, Danima Miljenka i Dobrile.<\/p>\n<\/div><\/div><\/div><div class=\"fusion-layout-column fusion_builder_column fusion-builder-column-1 fusion_builder_column_1_2 1_2 fusion-flex-column\" style=\"--awb-bg-blend:overlay;--awb-bg-size:cover;--awb-width-large:50%;--awb-margin-top-large:0px;--awb-spacing-right-large:3.84%;--awb-margin-bottom-large:20px;--awb-spacing-left-large:3.84%;--awb-width-medium:100%;--awb-spacing-right-medium:1.92%;--awb-spacing-left-medium:1.92%;--awb-width-small:100%;--awb-spacing-right-small:1.92%;--awb-spacing-left-small:1.92%;\"><div class=\"fusion-column-wrapper fusion-flex-justify-content-flex-start fusion-content-layout-column\"><div class=\"fusion-image-element \" style=\"--awb-caption-title-font-family:var(--h2_typography-font-family);--awb-caption-title-font-weight:var(--h2_typography-font-weight);--awb-caption-title-font-style:var(--h2_typography-font-style);--awb-caption-title-size:var(--h2_typography-font-size);--awb-caption-title-transform:var(--h2_typography-text-transform);--awb-caption-title-line-height:var(--h2_typography-line-height);--awb-caption-title-letter-spacing:var(--h2_typography-letter-spacing);\"><span class=\" fusion-imageframe imageframe-none imageframe-1 hover-type-zoomin fusion-animated\" data-animationType=\"fadeInDown\" data-animationDuration=\"1\" data-animationOffset=\"top-into-view\"><a href=\"https:\/\/kastela-garden-residence.hr\/wp-content\/uploads\/2024\/09\/kastela.png\" class=\"fusion-lightbox\" data-rel=\"iLightbox[8899aaf870358b6ba17]\" data-title=\"kastela\" title=\"kastela\"><img decoding=\"async\" width=\"1199\" height=\"830\" src=\"https:\/\/kastela-garden-residence.hr\/wp-content\/uploads\/2024\/09\/kastela.png\" data-orig-src=\"https:\/\/kastela-garden-residence.hr\/wp-content\/uploads\/2024\/09\/kastela.png\" alt class=\"lazyload img-responsive wp-image-1740\" srcset=\"data:image\/svg+xml,%3Csvg%20xmlns%3D%27http%3A%2F%2Fwww.w3.org%2F2000%2Fsvg%27%20width%3D%271199%27%20height%3D%27830%27%20viewBox%3D%270%200%201199%20830%27%3E%3Crect%20width%3D%271199%27%20height%3D%27830%27%20fill-opacity%3D%220%22%2F%3E%3C%2Fsvg%3E\" data-srcset=\"https:\/\/kastela-garden-residence.hr\/wp-content\/uploads\/2024\/09\/kastela-200x138.png 200w, https:\/\/kastela-garden-residence.hr\/wp-content\/uploads\/2024\/09\/kastela-400x277.png 400w, https:\/\/kastela-garden-residence.hr\/wp-content\/uploads\/2024\/09\/kastela-600x415.png 600w, https:\/\/kastela-garden-residence.hr\/wp-content\/uploads\/2024\/09\/kastela-800x554.png 800w, https:\/\/kastela-garden-residence.hr\/wp-content\/uploads\/2024\/09\/kastela.png 1199w\" data-sizes=\"auto\" data-orig-sizes=\"(max-width: 800px) 100vw, (max-width: 640px) 100vw, 600px\" \/><\/a><\/span><\/div><div class=\"fusion-separator fusion-full-width-sep\" style=\"align-self: center;margin-left: auto;margin-right: auto;margin-top:40px;width:100%;\"><\/div><div class=\"fusion-text fusion-text-3\"><p>Za nezaboravan pogled, zaslu\u017ean je vidikovac Mala\u010dka na Kozjaku, brdu koje \u0161titi Ka\u0161tela od vjetrova. Globalnu slavu Ka\u0161tela su stekla i zahvaljuju\u0107i seriji \u201cIgre prijestolja\u201d, koja je snimana u dvorcu Ka\u0161tilac u Ka\u0161tel Gomilici, spektakularnoj utvrdi podignutoj na morskoj hridi, povezanom s kopnom kamenim mostom.<\/p>\n<p>Prirodne ljepote i padine Kozjaka omogu\u0107uju nezaboravno bicikliranju i istra\u017eivanje planinarskih staza nude predivan pogled na Ka\u0161telansko polje, zaljev i dalmatinske otoke. Posebno mjesto me\u0111u ka\u0161telanskim vrtovima zauzima Biblijski vrt na padinama Kozjaka, misti\u010dna zelena oaza s crkvicom sv. Marije od \u0160piljana i malim vinogradom posve\u0107enim ka\u0161telanskom crljenku.<\/p>\n<\/div><\/div><\/div><div class=\"fusion-layout-column fusion_builder_column fusion-builder-column-2 fusion_builder_column_1_2 1_2 fusion-flex-column\" style=\"--awb-bg-size:cover;--awb-width-large:50%;--awb-margin-top-large:0px;--awb-spacing-right-large:3.84%;--awb-margin-bottom-large:20px;--awb-spacing-left-large:3.84%;--awb-width-medium:100%;--awb-order-medium:0;--awb-spacing-right-medium:1.92%;--awb-spacing-left-medium:1.92%;--awb-width-small:100%;--awb-order-small:0;--awb-spacing-right-small:1.92%;--awb-spacing-left-small:1.92%;\"><div class=\"fusion-column-wrapper fusion-column-has-shadow fusion-flex-justify-content-flex-start fusion-content-layout-column\"><div class=\"fusion-image-element \" style=\"--awb-caption-title-font-family:var(--h2_typography-font-family);--awb-caption-title-font-weight:var(--h2_typography-font-weight);--awb-caption-title-font-style:var(--h2_typography-font-style);--awb-caption-title-size:var(--h2_typography-font-size);--awb-caption-title-transform:var(--h2_typography-text-transform);--awb-caption-title-line-height:var(--h2_typography-line-height);--awb-caption-title-letter-spacing:var(--h2_typography-letter-spacing);\"><span class=\" fusion-imageframe imageframe-none imageframe-2 hover-type-zoomin fusion-animated\" data-animationType=\"fadeInDown\" data-animationDuration=\"1\" data-animationOffset=\"top-into-view\"><a href=\"https:\/\/kastela-garden-residence.hr\/wp-content\/uploads\/2025\/02\/plaza.jpg\" class=\"fusion-lightbox\" data-rel=\"iLightbox[c452fe84fd71767c217]\" data-title=\"pla\u017ea\" title=\"pla\u017ea\"><img decoding=\"async\" width=\"1621\" height=\"1080\" src=\"https:\/\/kastela-garden-residence.hr\/wp-content\/uploads\/2025\/02\/plaza.jpg\" data-orig-src=\"https:\/\/kastela-garden-residence.hr\/wp-content\/uploads\/2025\/02\/plaza.jpg\" alt class=\"lazyload img-responsive wp-image-2292\" srcset=\"data:image\/svg+xml,%3Csvg%20xmlns%3D%27http%3A%2F%2Fwww.w3.org%2F2000%2Fsvg%27%20width%3D%271621%27%20height%3D%271080%27%20viewBox%3D%270%200%201621%201080%27%3E%3Crect%20width%3D%271621%27%20height%3D%271080%27%20fill-opacity%3D%220%22%2F%3E%3C%2Fsvg%3E\" data-srcset=\"https:\/\/kastela-garden-residence.hr\/wp-content\/uploads\/2025\/02\/plaza-200x133.jpg 200w, https:\/\/kastela-garden-residence.hr\/wp-content\/uploads\/2025\/02\/plaza-400x267.jpg 400w, https:\/\/kastela-garden-residence.hr\/wp-content\/uploads\/2025\/02\/plaza-600x400.jpg 600w, https:\/\/kastela-garden-residence.hr\/wp-content\/uploads\/2025\/02\/plaza-800x533.jpg 800w, https:\/\/kastela-garden-residence.hr\/wp-content\/uploads\/2025\/02\/plaza-1200x800.jpg 1200w, https:\/\/kastela-garden-residence.hr\/wp-content\/uploads\/2025\/02\/plaza.jpg 1621w\" data-sizes=\"auto\" data-orig-sizes=\"(max-width: 800px) 100vw, (max-width: 640px) 100vw, 600px\" \/><\/a><\/span><\/div><div class=\"fusion-separator fusion-full-width-sep\" style=\"align-self: center;margin-left: auto;margin-right: auto;margin-bottom:10px;width:100%;\"><\/div><div class=\"fusion-image-element \" style=\"--awb-caption-title-font-family:var(--h2_typography-font-family);--awb-caption-title-font-weight:var(--h2_typography-font-weight);--awb-caption-title-font-style:var(--h2_typography-font-style);--awb-caption-title-size:var(--h2_typography-font-size);--awb-caption-title-transform:var(--h2_typography-text-transform);--awb-caption-title-line-height:var(--h2_typography-line-height);--awb-caption-title-letter-spacing:var(--h2_typography-letter-spacing);\"><span class=\" fusion-imageframe imageframe-none imageframe-3 hover-type-zoomin fusion-animated\" data-animationType=\"fadeInDown\" data-animationDuration=\"1\" data-animationOffset=\"top-into-view\"><a href=\"https:\/\/kastela-garden-residence.hr\/wp-content\/uploads\/2025\/02\/plaza2.jpg\" class=\"fusion-lightbox\" data-rel=\"iLightbox[a977a45a68a9e445457]\" data-title=\"pla\u017ea2\" title=\"pla\u017ea2\"><img decoding=\"async\" width=\"1621\" height=\"1080\" src=\"https:\/\/kastela-garden-residence.hr\/wp-content\/uploads\/2025\/02\/plaza2.jpg\" data-orig-src=\"https:\/\/kastela-garden-residence.hr\/wp-content\/uploads\/2025\/02\/plaza2.jpg\" alt class=\"lazyload img-responsive wp-image-2293\" srcset=\"data:image\/svg+xml,%3Csvg%20xmlns%3D%27http%3A%2F%2Fwww.w3.org%2F2000%2Fsvg%27%20width%3D%271621%27%20height%3D%271080%27%20viewBox%3D%270%200%201621%201080%27%3E%3Crect%20width%3D%271621%27%20height%3D%271080%27%20fill-opacity%3D%220%22%2F%3E%3C%2Fsvg%3E\" data-srcset=\"https:\/\/kastela-garden-residence.hr\/wp-content\/uploads\/2025\/02\/plaza2-200x133.jpg 200w, https:\/\/kastela-garden-residence.hr\/wp-content\/uploads\/2025\/02\/plaza2-400x267.jpg 400w, https:\/\/kastela-garden-residence.hr\/wp-content\/uploads\/2025\/02\/plaza2-600x400.jpg 600w, https:\/\/kastela-garden-residence.hr\/wp-content\/uploads\/2025\/02\/plaza2-800x533.jpg 800w, https:\/\/kastela-garden-residence.hr\/wp-content\/uploads\/2025\/02\/plaza2-1200x800.jpg 1200w, https:\/\/kastela-garden-residence.hr\/wp-content\/uploads\/2025\/02\/plaza2.jpg 1621w\" data-sizes=\"auto\" data-orig-sizes=\"(max-width: 800px) 100vw, (max-width: 640px) 100vw, 600px\" \/><\/a><\/span><\/div><\/div><\/div><div class=\"fusion-layout-column fusion_builder_column fusion-builder-column-3 fusion_builder_column_1_2 1_2 fusion-flex-column\" style=\"--awb-bg-size:cover;--awb-width-large:50%;--awb-margin-top-large:0px;--awb-spacing-right-large:3.84%;--awb-margin-bottom-large:20px;--awb-spacing-left-large:3.84%;--awb-width-medium:100%;--awb-order-medium:0;--awb-spacing-right-medium:1.92%;--awb-spacing-left-medium:1.92%;--awb-width-small:100%;--awb-order-small:0;--awb-spacing-right-small:1.92%;--awb-spacing-left-small:1.92%;\"><div class=\"fusion-column-wrapper fusion-column-has-shadow fusion-flex-justify-content-flex-start fusion-content-layout-column\"><div class=\"fusion-text fusion-text-4\"><p>Prekrasne pla\u017ee u Ka\u0161tel \u0160tafili\u0107u, Resniku, Ka\u0161tel Starom i Divuljama mame kupa\u010de da zarone u dubine kristalno \u010distog mora. Pla\u017ee Gabine, Ka\u0161tel Stari i \u0160tafili\u0107 posebno su mjesto rezervirano za najmla\u0111e, a opremljene su toboganima i ljulja\u010dkama. Male brodice pozdravljaju te pri svakom koraku, krici galebova prate svaki pogled u nebo, a ljepota grada ostavlja bez daha.<\/p>\n<p>Za nauti\u010dare tu je i Marina Ka\u0161tela, a za sve ljude \u017eeljne dobre zabave organizirano je Ka\u0161telansko ljeto koje traje od lipnja do rujna. Uz niz manifestacija, posebno su va\u017eni i posje\u0107eni: Ribarske fe\u0161te, Festival \u0161al\u0161e i salse, gdje se uvijek za simboli\u010dnu cijenu mo\u017ee pojesti kvalitetna doma\u0107a riba, popiti fino dalmatinsko vino te pojesti ri\u017eoto od sipe ili mo\u017eda brudet na bijelo.<\/p>\n<p>Prelijepa ka\u0161telanska \u0161etnica pru\u017ea ljepotu ugode u suton, a miris mediteranskog bilja pomije\u0161an je s mirisom bora i \u010dempresa. U \u0161etnji stvara opijenost, od koje za\u010das utone\u0161 u san.<\/p>\n<\/div><\/div><\/div><div class=\"fusion-layout-column fusion_builder_column fusion-builder-column-4 fusion_builder_column_1_1 1_1 fusion-flex-column\" style=\"--awb-bg-size:cover;--awb-width-large:100%;--awb-margin-top-large:0px;--awb-spacing-right-large:1.92%;--awb-margin-bottom-large:20px;--awb-spacing-left-large:1.92%;--awb-width-medium:100%;--awb-order-medium:0;--awb-spacing-right-medium:1.92%;--awb-spacing-left-medium:1.92%;--awb-width-small:100%;--awb-order-small:0;--awb-spacing-right-small:1.92%;--awb-spacing-left-small:1.92%;\"><div class=\"fusion-column-wrapper fusion-column-has-shadow fusion-flex-justify-content-flex-start fusion-content-layout-column\"><div class=\"fusion-separator fusion-full-width-sep\" style=\"align-self: center;margin-left: auto;margin-right: auto;margin-bottom:20px;width:100%;\"><\/div><div class=\"fusion-image-element \" style=\"--awb-liftup-border-radius:0px;--awb-caption-title-font-family:var(--h2_typography-font-family);--awb-caption-title-font-weight:var(--h2_typography-font-weight);--awb-caption-title-font-style:var(--h2_typography-font-style);--awb-caption-title-size:var(--h2_typography-font-size);--awb-caption-title-transform:var(--h2_typography-text-transform);--awb-caption-title-line-height:var(--h2_typography-line-height);--awb-caption-title-letter-spacing:var(--h2_typography-letter-spacing);\"><div class=\"awb-image-frame awb-image-frame-4 imageframe-liftup fusion-animated\" data-animationType=\"fadeInLeft\" data-animationDuration=\"0.3\" data-animationOffset=\"top-into-view\"><span class=\" fusion-imageframe imageframe-none imageframe-4\"><a href=\"https:\/\/kastela-garden-residence.hr\/wp-content\/uploads\/2024\/09\/7-Kastela.jpg\" class=\"fusion-lightbox\" data-rel=\"iLightbox[8b663d6b2acd5231e27]\" data-title=\"7 Ka\u0161tela\" title=\"7 Ka\u0161tela\"><img decoding=\"async\" width=\"1920\" height=\"1071\" src=\"https:\/\/kastela-garden-residence.hr\/wp-content\/uploads\/2024\/09\/7-Kastela.jpg\" data-orig-src=\"https:\/\/kastela-garden-residence.hr\/wp-content\/uploads\/2024\/09\/7-Kastela.jpg\" alt class=\"lazyload img-responsive wp-image-1851\" srcset=\"data:image\/svg+xml,%3Csvg%20xmlns%3D%27http%3A%2F%2Fwww.w3.org%2F2000%2Fsvg%27%20width%3D%271920%27%20height%3D%271071%27%20viewBox%3D%270%200%201920%201071%27%3E%3Crect%20width%3D%271920%27%20height%3D%271071%27%20fill-opacity%3D%220%22%2F%3E%3C%2Fsvg%3E\" data-srcset=\"https:\/\/kastela-garden-residence.hr\/wp-content\/uploads\/2024\/09\/7-Kastela-200x112.jpg 200w, https:\/\/kastela-garden-residence.hr\/wp-content\/uploads\/2024\/09\/7-Kastela-400x223.jpg 400w, https:\/\/kastela-garden-residence.hr\/wp-content\/uploads\/2024\/09\/7-Kastela-600x335.jpg 600w, https:\/\/kastela-garden-residence.hr\/wp-content\/uploads\/2024\/09\/7-Kastela-800x446.jpg 800w, https:\/\/kastela-garden-residence.hr\/wp-content\/uploads\/2024\/09\/7-Kastela-1200x669.jpg 1200w, https:\/\/kastela-garden-residence.hr\/wp-content\/uploads\/2024\/09\/7-Kastela.jpg 1920w\" data-sizes=\"auto\" data-orig-sizes=\"(max-width: 800px) 100vw, (max-width: 640px) 100vw, 1200px\" \/><\/a><\/span><\/div><\/div><\/div><\/div><div class=\"fusion-layout-column fusion_builder_column fusion-builder-column-5 fusion_builder_column_1_1 1_1 fusion-flex-column\" style=\"--awb-bg-size:cover;--awb-width-large:100%;--awb-margin-top-large:50px;--awb-spacing-right-large:1.92%;--awb-margin-bottom-large:50px;--awb-spacing-left-large:1.92%;--awb-width-medium:100%;--awb-order-medium:0;--awb-spacing-right-medium:1.92%;--awb-spacing-left-medium:1.92%;--awb-width-small:100%;--awb-order-small:0;--awb-spacing-right-small:1.92%;--awb-spacing-left-small:1.92%;\" data-scroll-devices=\"small-visibility,medium-visibility,large-visibility\"><div class=\"fusion-column-wrapper fusion-column-has-shadow fusion-flex-justify-content-flex-start fusion-content-layout-column\">\n<!-- iframe plugin v.6.0 wordpress.org\/plugins\/iframe\/ -->\n<iframe src=\"https:\/\/www.rivierakastela.com\/\" width=\"100%\" height=\"800\" scrolling=\"yes\" class=\"iframe-class\" frameborder=\"0\"><\/iframe>\n<\/div><\/div><\/div><\/div>\n","protected":false},"excerpt":{"rendered":"","protected":false},"author":1,"featured_media":0,"parent":0,"menu_order":0,"comment_status":"closed","ping_status":"open","template":"100-width.php","meta":{"footnotes":""},"class_list":["post-1681","page","type-page","status-publish","hentry"],"_links":{"self":[{"href":"https:\/\/kastela-garden-residence.hr\/en\/wp-json\/wp\/v2\/pages\/1681","targetHints":{"allow":["GET"]}}],"collection":[{"href":"https:\/\/kastela-garden-residence.hr\/en\/wp-json\/wp\/v2\/pages"}],"about":[{"href":"https:\/\/kastela-garden-residence.hr\/en\/wp-json\/wp\/v2\/types\/page"}],"author":[{"embeddable":true,"href":"https:\/\/kastela-garden-residence.hr\/en\/wp-json\/wp\/v2\/users\/1"}],"replies":[{"embeddable":true,"href":"https:\/\/kastela-garden-residence.hr\/en\/wp-json\/wp\/v2\/comments?post=1681"}],"version-history":[{"count":24,"href":"https:\/\/kastela-garden-residence.hr\/en\/wp-json\/wp\/v2\/pages\/1681\/revisions"}],"predecessor-version":[{"id":2362,"href":"https:\/\/kastela-garden-residence.hr\/en\/wp-json\/wp\/v2\/pages\/1681\/revisions\/2362"}],"wp:attachment":[{"href":"https:\/\/kastela-garden-residence.hr\/en\/wp-json\/wp\/v2\/media?parent=1681"}],"curies":[{"name":"wp","href":"https:\/\/api.w.org\/{rel}","templated":true}]}}