{"id":13,"date":"2015-02-10T19:21:53","date_gmt":"2015-02-10T19:21:53","guid":{"rendered":"https:\/\/avada.theme-fusion.com_demos\/architecture\/?page_id=13"},"modified":"2025-02-19T20:48:27","modified_gmt":"2025-02-19T19:48:27","slug":"kastela-garden-residence","status":"publish","type":"page","link":"https:\/\/kastela-garden-residence.hr\/en\/kastela-garden-residence\/","title":{"rendered":"Ka\u0161tela Garden Residence"},"content":{"rendered":"<p><div class=\"fusion-fullwidth fullwidth-box fusion-builder-row-1 fusion-flex-container has-pattern-background has-mask-background nonhundred-percent-fullwidth non-hundred-percent-height-scrolling\" style=\"--awb-border-radius-top-left:0px;--awb-border-radius-top-right:0px;--awb-border-radius-bottom-right:0px;--awb-border-radius-bottom-left:0px;--awb-flex-wrap:wrap;\" ><div class=\"fusion-builder-row fusion-row fusion-flex-align-items-flex-start fusion-flex-content-wrap\" style=\"max-width:1216.8px;margin-left: calc(-4% \/ 2 );margin-right: calc(-4% \/ 2 );\"><div class=\"fusion-layout-column fusion_builder_column fusion-builder-column-0 fusion_builder_column_1_1 1_1 fusion-flex-column\" style=\"--awb-bg-size:cover;--awb-width-large:100%;--awb-margin-top-large:0px;--awb-spacing-right-large:1.92%;--awb-margin-bottom-large:20px;--awb-spacing-left-large:1.92%;--awb-width-medium:100%;--awb-order-medium:0;--awb-spacing-right-medium:1.92%;--awb-spacing-left-medium:1.92%;--awb-width-small:100%;--awb-order-small:0;--awb-spacing-right-small:1.92%;--awb-spacing-left-small:1.92%;\"><div class=\"fusion-column-wrapper fusion-column-has-shadow fusion-flex-justify-content-flex-start fusion-content-layout-column\"><div class=\"fusion-text fusion-text-1\"><p><a href=\"https:\/\/kastela-garden-residence.hr\/wp-content\/uploads\/2024\/12\/oznaceno.jpg\"><img decoding=\"async\" class=\"lazyload alignleft wp-image-2177\" src=\"https:\/\/kastela-garden-residence.hr\/wp-content\/uploads\/2024\/12\/oznaceno.jpg\" data-orig-src=\"https:\/\/kastela-garden-residence.hr\/wp-content\/uploads\/2024\/12\/oznaceno.jpg\" alt=\"\" width=\"401\" height=\"415\" srcset=\"data:image\/svg+xml,%3Csvg%20xmlns%3D%27http%3A%2F%2Fwww.w3.org%2F2000%2Fsvg%27%20width%3D%27401%27%20height%3D%27415%27%20viewBox%3D%270%200%20401%20415%27%3E%3Crect%20width%3D%27401%27%20height%3D%27415%27%20fill-opacity%3D%220%22%2F%3E%3C%2Fsvg%3E\" data-srcset=\"https:\/\/kastela-garden-residence.hr\/wp-content\/uploads\/2024\/12\/oznaceno-12x12.jpg 12w, https:\/\/kastela-garden-residence.hr\/wp-content\/uploads\/2024\/12\/oznaceno-200x207.jpg 200w, https:\/\/kastela-garden-residence.hr\/wp-content\/uploads\/2024\/12\/oznaceno-289x300.jpg 289w, https:\/\/kastela-garden-residence.hr\/wp-content\/uploads\/2024\/12\/oznaceno-400x415.jpg 400w, https:\/\/kastela-garden-residence.hr\/wp-content\/uploads\/2024\/12\/oznaceno-600x622.jpg 600w, https:\/\/kastela-garden-residence.hr\/wp-content\/uploads\/2024\/12\/oznaceno-768x796.jpg 768w, https:\/\/kastela-garden-residence.hr\/wp-content\/uploads\/2024\/12\/oznaceno-800x830.jpg 800w, https:\/\/kastela-garden-residence.hr\/wp-content\/uploads\/2024\/12\/oznaceno-987x1024.jpg 987w, https:\/\/kastela-garden-residence.hr\/wp-content\/uploads\/2024\/12\/oznaceno.jpg 1080w\" data-sizes=\"auto\" data-orig-sizes=\"(max-width: 401px) 100vw, 401px\" \/><\/a>Ka\u0161tela Garden Residence je projekt koji unutar zatvorenog rezidencijalnog naselja spaja u jednoj to\u010dki: vi\u0161estoljetnu povijest i tradiciju Ka\u0161tela, prirodne ljepote Ka\u0161tela i odli\u010dnu prometnu povezanost Ka\u0161tela s jedne strane, te najmodernija dostignu\u0107a u podru\u010dju izgradnje rezidencijalnih objekata s druge strane. Naselje, kako mu samo ime ka\u017ee, u \u017eivotni prostor novih vlasnika stanova integrirat \u0107e najkvalitetnije pristupe i materijale u izgradnji stambenih objekata. Osim toga, spomenuto naselje integrirat \u0107e i najnovija hortikulturna dostignu\u0107a s jedne strane, te tradiciju ka\u0161telanskih vrtova komponiranih od ljekovitog i mirisnog bilja, sorti maslina, ukrasnih biljaka i agruma s druge strane.<\/p>\n<p>Zgrade i stanovi u njima projektirani su s namjerom da novim vlasnicima, poslovnim ljudima i njihovim obiteljima pru\u017ee kroz moderan \u017eivotni prostor svakodnevni odmor od urbane sredine te sigurno i mirno uto\u010di\u0161te za opu\u0161tanje.<\/p>\n<p>Izvrsna, ve\u0107 spomenuta mikrolokacija rezidencijalnog naselja, koja je s jedne strane povezana s Ulicom Marina Studina, a s druge strane brzom cestom Ivana Pavla II, budu\u0107im \u0107e vlasnicima omogu\u0107iti, ovisno o njihovim potrebama, lagani i brzi odlazak i dolazak do vlastitog stambenog objekta. Naselje \u0107e biti organizirano po principu poluzatvorenog tipa, s dva odvojena zatvorena naselja koja \u0107e dijeliti nova prometnica, \u0161to je apsolutna novost na tr\u017ei\u0161tu luksuznih nekretnina u Ka\u0161telima. Kako samo ime ka\u017ee, rezidencijalno naselje sastojat \u0107e se od 10 zgrada s 70 stanova. Neovisno o interesima novih vlasnika, a zahvaljuju\u0107i blago kaskadno polo\u017eenom tlu na mikrolokaciji, najve\u0107i broj stanova imat \u0107e pogled na more, dok \u0107e svi ostali stanovi imati velike vlastite zelene oaze i vrtove. Kompletno \u0107e naselje biti ogra\u0111eno. Svaki stan imat \u0107e na raspolaganju 3 parkirna mjesta, dva gara\u017ena i jedno parkirno mjesto na otvorenom prostoru. Svaka zgrada imat \u0107e 7 stanova: dva u prizemlju, dva na prvom katu, dva na drugom katu i jedan u nadgra\u0111u.<\/p>\n<p><img decoding=\"async\" class=\"lazyload wp-image-1595 alignright\" src=\"https:\/\/kastela-garden-residence.hr\/wp-content\/uploads\/2024\/03\/Lucius_IZM3_1_8.jpg\" data-orig-src=\"https:\/\/kastela-garden-residence.hr\/wp-content\/uploads\/2024\/03\/Lucius_IZM3_1_8.jpg\" alt=\"\" width=\"600\" height=\"337\" srcset=\"data:image\/svg+xml,%3Csvg%20xmlns%3D%27http%3A%2F%2Fwww.w3.org%2F2000%2Fsvg%27%20width%3D%27600%27%20height%3D%27337%27%20viewBox%3D%270%200%20600%20337%27%3E%3Crect%20width%3D%27600%27%20height%3D%27337%27%20fill-opacity%3D%220%22%2F%3E%3C%2Fsvg%3E\" data-srcset=\"https:\/\/kastela-garden-residence.hr\/wp-content\/uploads\/2024\/03\/Lucius_IZM3_1_8-200x113.jpg 200w, https:\/\/kastela-garden-residence.hr\/wp-content\/uploads\/2024\/03\/Lucius_IZM3_1_8-300x169.jpg 300w, https:\/\/kastela-garden-residence.hr\/wp-content\/uploads\/2024\/03\/Lucius_IZM3_1_8-400x225.jpg 400w, https:\/\/kastela-garden-residence.hr\/wp-content\/uploads\/2024\/03\/Lucius_IZM3_1_8-600x338.jpg 600w, https:\/\/kastela-garden-residence.hr\/wp-content\/uploads\/2024\/03\/Lucius_IZM3_1_8-768x432.jpg 768w, https:\/\/kastela-garden-residence.hr\/wp-content\/uploads\/2024\/03\/Lucius_IZM3_1_8-800x450.jpg 800w, https:\/\/kastela-garden-residence.hr\/wp-content\/uploads\/2024\/03\/Lucius_IZM3_1_8-1024x576.jpg 1024w, https:\/\/kastela-garden-residence.hr\/wp-content\/uploads\/2024\/03\/Lucius_IZM3_1_8-1200x675.jpg 1200w, https:\/\/kastela-garden-residence.hr\/wp-content\/uploads\/2024\/03\/Lucius_IZM3_1_8-1536x864.jpg 1536w, https:\/\/kastela-garden-residence.hr\/wp-content\/uploads\/2024\/03\/Lucius_IZM3_1_8.jpg 1920w\" data-sizes=\"auto\" data-orig-sizes=\"(max-width: 600px) 100vw, 600px\" \/><\/p>\n<p>U ovom trenutku u izgradnji su prva dva objekta: Zgrada 1 i Zgrada 2, stambeni objekti Lucius i Mirta, \u010diji se zavr\u0161etak o\u010dekuje do po\u010detkom 9 mjeseca 2025. godine. Nakon toga kre\u0107e izgradnja Zgrade 3, Zgrade 4 i Zgrade 5. Zavr\u0161etak cijelog naselja Ka\u0161tela Garden Residence o\u010dekuje se tijekom 2027. godine.<\/p>\n<p>Cijelo naselje, zgrade i stanovi projektirani su po\u0161tuju\u0107i najmodernija globalna dostignu\u0107a u stanogradnji, uklopljena u postoje\u0107i GUP i lokalne konstrukcijske protupotresne zahtjeve. Konstrukcijski gra\u0111evinski radovi na Zgradama 1 i 2 izvedeni su kori\u0161tenjem najkvalitetnijih materijala \u010delika i betona u koli\u010dinama i kvaliteti iznad tra\u017eenih protupotresnih standarda i normi. Keramika, kupaonska galanterija, parketi i vanjska stolarija potpisani su od strane renomiranih proizvo\u0111a\u010da. Detaljniji opis opremljenosti stanova nalazi se u dijelu &#8220;Stanovi&#8221;.<\/p>\n<p><a href=\"https:\/\/kastela-garden-residence.hr\/wp-content\/uploads\/2025\/02\/Kastela-Garden-Residence_tlocrt_Mirta_Lavanda.jpg\"><img decoding=\"async\" class=\"lazyload wp-image-2324 alignleft\" src=\"https:\/\/kastela-garden-residence.hr\/wp-content\/uploads\/2025\/02\/Kastela-Garden-Residence_tlocrt_Mirta_Lavanda.jpg\" data-orig-src=\"https:\/\/kastela-garden-residence.hr\/wp-content\/uploads\/2025\/02\/Kastela-Garden-Residence_tlocrt_Mirta_Lavanda.jpg\" alt=\"\" width=\"478\" height=\"367\" srcset=\"data:image\/svg+xml,%3Csvg%20xmlns%3D%27http%3A%2F%2Fwww.w3.org%2F2000%2Fsvg%27%20width%3D%27478%27%20height%3D%27367%27%20viewBox%3D%270%200%20478%20367%27%3E%3Crect%20width%3D%27478%27%20height%3D%27367%27%20fill-opacity%3D%220%22%2F%3E%3C%2Fsvg%3E\" data-srcset=\"https:\/\/kastela-garden-residence.hr\/wp-content\/uploads\/2025\/02\/Kastela-Garden-Residence_tlocrt_Mirta_Lavanda-16x12.jpg 16w, https:\/\/kastela-garden-residence.hr\/wp-content\/uploads\/2025\/02\/Kastela-Garden-Residence_tlocrt_Mirta_Lavanda-200x154.jpg 200w, https:\/\/kastela-garden-residence.hr\/wp-content\/uploads\/2025\/02\/Kastela-Garden-Residence_tlocrt_Mirta_Lavanda-300x231.jpg 300w, https:\/\/kastela-garden-residence.hr\/wp-content\/uploads\/2025\/02\/Kastela-Garden-Residence_tlocrt_Mirta_Lavanda-400x308.jpg 400w, https:\/\/kastela-garden-residence.hr\/wp-content\/uploads\/2025\/02\/Kastela-Garden-Residence_tlocrt_Mirta_Lavanda-600x462.jpg 600w, https:\/\/kastela-garden-residence.hr\/wp-content\/uploads\/2025\/02\/Kastela-Garden-Residence_tlocrt_Mirta_Lavanda-768x591.jpg 768w, https:\/\/kastela-garden-residence.hr\/wp-content\/uploads\/2025\/02\/Kastela-Garden-Residence_tlocrt_Mirta_Lavanda-800x615.jpg 800w, https:\/\/kastela-garden-residence.hr\/wp-content\/uploads\/2025\/02\/Kastela-Garden-Residence_tlocrt_Mirta_Lavanda-1024x788.jpg 1024w, https:\/\/kastela-garden-residence.hr\/wp-content\/uploads\/2025\/02\/Kastela-Garden-Residence_tlocrt_Mirta_Lavanda-1200x923.jpg 1200w, https:\/\/kastela-garden-residence.hr\/wp-content\/uploads\/2025\/02\/Kastela-Garden-Residence_tlocrt_Mirta_Lavanda-1536x1182.jpg 1536w, https:\/\/kastela-garden-residence.hr\/wp-content\/uploads\/2025\/02\/Kastela-Garden-Residence_tlocrt_Mirta_Lavanda.jpg 1920w\" data-sizes=\"auto\" data-orig-sizes=\"(max-width: 478px) 100vw, 478px\" \/><\/a><\/p>\n<p>U sklopu cijelog naselja bit \u0107e izgra\u0111ena vlastita cesta \u0161irine 8,5 m s nogostupima te priklju\u010dna traka na brzu cestu Ivana Pavla II. Nadalje, rezidencijalno naselje integrirat \u0107e dje\u010dja igrali\u0161ta i ostale popratne sadr\u017eaje.<\/p>\n<\/div><div class=\"fusion-video fusion-selfhosted-video\" style=\"max-width:100%;\"><div class=\"video-wrapper\"><video playsinline=\"true\" width=\"100%\" style=\"object-fit: cover;\" autoplay=\"true\" muted=\"true\" loop=\"true\" preload=\"auto\" controls=\"1\"><source src=\"https:\/\/kastela-garden-residence.hr\/wp-content\/uploads\/2024\/09\/kastela-garden_2.mp4\" type=\"video\/mp4\">Sorry, your browser doesn&#039;t support embedded videos.<\/video><\/div><\/div><\/div><\/div><div class=\"fusion-layout-column fusion_builder_column fusion-builder-column-1 fusion_builder_column_1_2 1_2 fusion-flex-column\" style=\"--awb-bg-size:cover;--awb-width-large:50%;--awb-margin-top-large:0px;--awb-spacing-right-large:3.84%;--awb-margin-bottom-large:20px;--awb-spacing-left-large:3.84%;--awb-width-medium:100%;--awb-order-medium:0;--awb-spacing-right-medium:1.92%;--awb-spacing-left-medium:1.92%;--awb-width-small:100%;--awb-order-small:0;--awb-spacing-right-small:1.92%;--awb-spacing-left-small:1.92%;\"><div class=\"fusion-column-wrapper fusion-column-has-shadow fusion-flex-justify-content-flex-start fusion-content-layout-column\"><\/div><\/div><\/div><\/div><div class=\"fusion-fullwidth fullwidth-box fusion-builder-row-2 fusion-flex-container has-pattern-background has-mask-background hundred-percent-fullwidth non-hundred-percent-height-scrolling\" style=\"--awb-border-radius-top-left:0px;--awb-border-radius-top-right:0px;--awb-border-radius-bottom-right:0px;--awb-border-radius-bottom-left:0px;--awb-flex-wrap:wrap;\" ><div class=\"fusion-builder-row fusion-row fusion-flex-align-items-flex-start fusion-flex-content-wrap\" style=\"width:104% !important;max-width:104% !important;margin-left: calc(-4% \/ 2 );margin-right: calc(-4% \/ 2 );\"><div class=\"fusion-layout-column fusion_builder_column fusion-builder-column-2 fusion_builder_column_1_1 1_1 fusion-flex-column\" style=\"--awb-bg-size:cover;--awb-width-large:100%;--awb-margin-top-large:0px;--awb-spacing-right-large:1.92%;--awb-margin-bottom-large:20px;--awb-spacing-left-large:1.92%;--awb-width-medium:100%;--awb-order-medium:0;--awb-spacing-right-medium:1.92%;--awb-spacing-left-medium:1.92%;--awb-width-small:100%;--awb-order-small:0;--awb-spacing-right-small:1.92%;--awb-spacing-left-small:1.92%;\"><div class=\"fusion-column-wrapper fusion-column-has-shadow fusion-flex-justify-content-flex-start fusion-content-layout-column\"><div class=\"fusion-image-carousel fusion-image-carousel-auto fusion-image-carousel-1 lightbox-enabled fusion-carousel-border\"><div class=\"awb-carousel awb-swiper awb-swiper-carousel awb-carousel--carousel awb-swiper-dots-position-bottom\" data-layout=\"carousel\" data-autoplay=\"no\" data-autoplayspeed=\"2500\" data-autoplaypause=\"no\" data-columns=\"5\" data-columnsmedium=\"1\" data-columnssmall=\"1\" data-itemmargin=\"13\" data-itemwidth=\"180\" data-touchscroll=\"no\" data-freemode=\"no\" data-imagesize=\"auto\" data-scrollitems=\"0\" data-centeredslides=\"no\" data-rotationangle=\"50\" data-depth=\"100\" data-speed=\"500\" data-shadow=\"no\" data-pagination=\"bullets\" style=\"--awb-border-width:1px;--awb-border-color:#e9eaee;\"><div class=\"swiper-wrapper awb-image-carousel-wrapper fusion-flex-align-items-center\"><div class=\"swiper-slide\"><div class=\"fusion-carousel-item-wrapper\"><div class=\"fusion-image-wrapper hover-type-liftup\"><a data-rel=\"iLightbox[image_carousel_1]\" data-title=\"kastela garden_2\" aria-label=\"kastela garden_2\" href=\"https:\/\/kastela-garden-residence.hr\/wp-content\/uploads\/2024\/09\/kastela-garden_2.jpg\" target=\"_self\"><img decoding=\"async\" width=\"1920\" height=\"1080\" src=\"https:\/\/kastela-garden-residence.hr\/wp-content\/uploads\/2024\/09\/kastela-garden_2.jpg\" class=\"attachment-full size-full lazyload\" alt=\"\" srcset=\"data:image\/svg+xml,%3Csvg%20xmlns%3D%27http%3A%2F%2Fwww.w3.org%2F2000%2Fsvg%27%20width%3D%271920%27%20height%3D%271080%27%20viewBox%3D%270%200%201920%201080%27%3E%3Crect%20width%3D%271920%27%20height%3D%271080%27%20fill-opacity%3D%220%22%2F%3E%3C%2Fsvg%3E\" data-orig-src=\"https:\/\/kastela-garden-residence.hr\/wp-content\/uploads\/2024\/09\/kastela-garden_2.jpg\" data-srcset=\"https:\/\/kastela-garden-residence.hr\/wp-content\/uploads\/2024\/09\/kastela-garden_2-200x113.jpg 200w, https:\/\/kastela-garden-residence.hr\/wp-content\/uploads\/2024\/09\/kastela-garden_2-400x225.jpg 400w, https:\/\/kastela-garden-residence.hr\/wp-content\/uploads\/2024\/09\/kastela-garden_2-600x338.jpg 600w, https:\/\/kastela-garden-residence.hr\/wp-content\/uploads\/2024\/09\/kastela-garden_2-800x450.jpg 800w, https:\/\/kastela-garden-residence.hr\/wp-content\/uploads\/2024\/09\/kastela-garden_2-1200x675.jpg 1200w, https:\/\/kastela-garden-residence.hr\/wp-content\/uploads\/2024\/09\/kastela-garden_2.jpg 1920w\" data-sizes=\"auto\" \/><\/a><\/div><\/div><\/div><div class=\"swiper-slide\"><div class=\"fusion-carousel-item-wrapper\"><div class=\"fusion-image-wrapper hover-type-liftup\"><a data-rel=\"iLightbox[image_carousel_1]\" data-title=\"kastela garden_4\" aria-label=\"kastela garden_4\" href=\"https:\/\/kastela-garden-residence.hr\/wp-content\/uploads\/2024\/09\/kastela-garden_4.jpg\" target=\"_self\"><img decoding=\"async\" width=\"1920\" height=\"1080\" src=\"https:\/\/kastela-garden-residence.hr\/wp-content\/uploads\/2024\/09\/kastela-garden_4.jpg\" class=\"attachment-full size-full lazyload\" alt=\"\" srcset=\"data:image\/svg+xml,%3Csvg%20xmlns%3D%27http%3A%2F%2Fwww.w3.org%2F2000%2Fsvg%27%20width%3D%271920%27%20height%3D%271080%27%20viewBox%3D%270%200%201920%201080%27%3E%3Crect%20width%3D%271920%27%20height%3D%271080%27%20fill-opacity%3D%220%22%2F%3E%3C%2Fsvg%3E\" data-orig-src=\"https:\/\/kastela-garden-residence.hr\/wp-content\/uploads\/2024\/09\/kastela-garden_4.jpg\" data-srcset=\"https:\/\/kastela-garden-residence.hr\/wp-content\/uploads\/2024\/09\/kastela-garden_4-200x113.jpg 200w, https:\/\/kastela-garden-residence.hr\/wp-content\/uploads\/2024\/09\/kastela-garden_4-400x225.jpg 400w, https:\/\/kastela-garden-residence.hr\/wp-content\/uploads\/2024\/09\/kastela-garden_4-600x338.jpg 600w, https:\/\/kastela-garden-residence.hr\/wp-content\/uploads\/2024\/09\/kastela-garden_4-800x450.jpg 800w, https:\/\/kastela-garden-residence.hr\/wp-content\/uploads\/2024\/09\/kastela-garden_4-1200x675.jpg 1200w, https:\/\/kastela-garden-residence.hr\/wp-content\/uploads\/2024\/09\/kastela-garden_4.jpg 1920w\" data-sizes=\"auto\" \/><\/a><\/div><\/div><\/div><div class=\"swiper-slide\"><div class=\"fusion-carousel-item-wrapper\"><div class=\"fusion-image-wrapper hover-type-liftup\"><a data-rel=\"iLightbox[image_carousel_1]\" data-title=\"kastela garden_5\" aria-label=\"kastela garden_5\" href=\"https:\/\/kastela-garden-residence.hr\/wp-content\/uploads\/2024\/09\/kastela-garden_5.jpg\" target=\"_self\"><img decoding=\"async\" width=\"1920\" height=\"1080\" src=\"https:\/\/kastela-garden-residence.hr\/wp-content\/uploads\/2024\/09\/kastela-garden_5.jpg\" class=\"attachment-full size-full lazyload\" alt=\"\" srcset=\"data:image\/svg+xml,%3Csvg%20xmlns%3D%27http%3A%2F%2Fwww.w3.org%2F2000%2Fsvg%27%20width%3D%271920%27%20height%3D%271080%27%20viewBox%3D%270%200%201920%201080%27%3E%3Crect%20width%3D%271920%27%20height%3D%271080%27%20fill-opacity%3D%220%22%2F%3E%3C%2Fsvg%3E\" data-orig-src=\"https:\/\/kastela-garden-residence.hr\/wp-content\/uploads\/2024\/09\/kastela-garden_5.jpg\" data-srcset=\"https:\/\/kastela-garden-residence.hr\/wp-content\/uploads\/2024\/09\/kastela-garden_5-200x113.jpg 200w, https:\/\/kastela-garden-residence.hr\/wp-content\/uploads\/2024\/09\/kastela-garden_5-400x225.jpg 400w, https:\/\/kastela-garden-residence.hr\/wp-content\/uploads\/2024\/09\/kastela-garden_5-600x338.jpg 600w, https:\/\/kastela-garden-residence.hr\/wp-content\/uploads\/2024\/09\/kastela-garden_5-800x450.jpg 800w, https:\/\/kastela-garden-residence.hr\/wp-content\/uploads\/2024\/09\/kastela-garden_5-1200x675.jpg 1200w, https:\/\/kastela-garden-residence.hr\/wp-content\/uploads\/2024\/09\/kastela-garden_5.jpg 1920w\" data-sizes=\"auto\" \/><\/a><\/div><\/div><\/div><div class=\"swiper-slide\"><div class=\"fusion-carousel-item-wrapper\"><div class=\"fusion-image-wrapper hover-type-liftup\"><a data-rel=\"iLightbox[image_carousel_1]\" data-title=\"kastela garden_6\" aria-label=\"kastela garden_6\" href=\"https:\/\/kastela-garden-residence.hr\/wp-content\/uploads\/2024\/09\/kastela-garden_6.jpg\" target=\"_self\"><img decoding=\"async\" width=\"1920\" height=\"1080\" src=\"https:\/\/kastela-garden-residence.hr\/wp-content\/uploads\/2024\/09\/kastela-garden_6.jpg\" class=\"attachment-full size-full lazyload\" alt=\"\" srcset=\"data:image\/svg+xml,%3Csvg%20xmlns%3D%27http%3A%2F%2Fwww.w3.org%2F2000%2Fsvg%27%20width%3D%271920%27%20height%3D%271080%27%20viewBox%3D%270%200%201920%201080%27%3E%3Crect%20width%3D%271920%27%20height%3D%271080%27%20fill-opacity%3D%220%22%2F%3E%3C%2Fsvg%3E\" data-orig-src=\"https:\/\/kastela-garden-residence.hr\/wp-content\/uploads\/2024\/09\/kastela-garden_6.jpg\" data-srcset=\"https:\/\/kastela-garden-residence.hr\/wp-content\/uploads\/2024\/09\/kastela-garden_6-200x113.jpg 200w, https:\/\/kastela-garden-residence.hr\/wp-content\/uploads\/2024\/09\/kastela-garden_6-400x225.jpg 400w, https:\/\/kastela-garden-residence.hr\/wp-content\/uploads\/2024\/09\/kastela-garden_6-600x338.jpg 600w, https:\/\/kastela-garden-residence.hr\/wp-content\/uploads\/2024\/09\/kastela-garden_6-800x450.jpg 800w, https:\/\/kastela-garden-residence.hr\/wp-content\/uploads\/2024\/09\/kastela-garden_6-1200x675.jpg 1200w, https:\/\/kastela-garden-residence.hr\/wp-content\/uploads\/2024\/09\/kastela-garden_6.jpg 1920w\" data-sizes=\"auto\" \/><\/a><\/div><\/div><\/div><div class=\"swiper-slide\"><div class=\"fusion-carousel-item-wrapper\"><div class=\"fusion-image-wrapper hover-type-liftup\"><a data-rel=\"iLightbox[image_carousel_1]\" data-title=\"kastela garden_8\" aria-label=\"kastela garden_8\" href=\"https:\/\/kastela-garden-residence.hr\/wp-content\/uploads\/2024\/09\/kastela-garden_8.jpg\" target=\"_self\"><img decoding=\"async\" width=\"1920\" height=\"1080\" src=\"https:\/\/kastela-garden-residence.hr\/wp-content\/uploads\/2024\/09\/kastela-garden_8.jpg\" class=\"attachment-full size-full lazyload\" alt=\"\" srcset=\"data:image\/svg+xml,%3Csvg%20xmlns%3D%27http%3A%2F%2Fwww.w3.org%2F2000%2Fsvg%27%20width%3D%271920%27%20height%3D%271080%27%20viewBox%3D%270%200%201920%201080%27%3E%3Crect%20width%3D%271920%27%20height%3D%271080%27%20fill-opacity%3D%220%22%2F%3E%3C%2Fsvg%3E\" data-orig-src=\"https:\/\/kastela-garden-residence.hr\/wp-content\/uploads\/2024\/09\/kastela-garden_8.jpg\" data-srcset=\"https:\/\/kastela-garden-residence.hr\/wp-content\/uploads\/2024\/09\/kastela-garden_8-200x113.jpg 200w, https:\/\/kastela-garden-residence.hr\/wp-content\/uploads\/2024\/09\/kastela-garden_8-400x225.jpg 400w, https:\/\/kastela-garden-residence.hr\/wp-content\/uploads\/2024\/09\/kastela-garden_8-600x338.jpg 600w, https:\/\/kastela-garden-residence.hr\/wp-content\/uploads\/2024\/09\/kastela-garden_8-800x450.jpg 800w, https:\/\/kastela-garden-residence.hr\/wp-content\/uploads\/2024\/09\/kastela-garden_8-1200x675.jpg 1200w, https:\/\/kastela-garden-residence.hr\/wp-content\/uploads\/2024\/09\/kastela-garden_8.jpg 1920w\" data-sizes=\"auto\" \/><\/a><\/div><\/div><\/div><\/div><div class=\"awb-swiper-button awb-swiper-button-prev\"><i class=\"awb-icon-angle-left\" aria-hidden=\"true\"><\/i><\/div><div class=\"awb-swiper-button awb-swiper-button-next\"><i class=\"awb-icon-angle-right\" aria-hidden=\"true\"><\/i><\/div><\/div><\/div><\/div><\/div><\/div><\/div><div class=\"fusion-fullwidth fullwidth-box fusion-builder-row-3 fusion-flex-container has-pattern-background has-mask-background nonhundred-percent-fullwidth non-hundred-percent-height-scrolling\" style=\"--awb-background-position:left top;--awb-border-sizes-top:0px;--awb-border-sizes-bottom:0px;--awb-border-sizes-left:0px;--awb-border-sizes-right:0px;--awb-border-radius-top-left:0px;--awb-border-radius-top-right:0px;--awb-border-radius-bottom-right:0px;--awb-border-radius-bottom-left:0px;--awb-padding-top:50px;--awb-padding-bottom:50px;--awb-flex-wrap:wrap;\" ><div class=\"fusion-builder-row fusion-row fusion-flex-align-items-flex-start fusion-flex-content-wrap\" style=\"max-width:calc( 1170px + 0px );margin-left: calc(-0px \/ 2 );margin-right: calc(-0px \/ 2 );\"><div class=\"fusion-layout-column fusion_builder_column fusion-builder-column-3 fusion_builder_column_1_1 1_1 fusion-flex-column fusion-flex-align-self-flex-start fusion-column-no-min-height\" style=\"--awb-bg-blend:overlay;--awb-bg-size:cover;--awb-width-large:100%;--awb-margin-top-large:0px;--awb-spacing-right-large:0px;--awb-margin-bottom-large:0px;--awb-spacing-left-large:0px;--awb-width-medium:100%;--awb-spacing-right-medium:0px;--awb-spacing-left-medium:0px;--awb-width-small:100%;--awb-spacing-right-small:0px;--awb-spacing-left-small:0px;\"><div class=\"fusion-column-wrapper fusion-flex-justify-content-flex-start fusion-content-layout-column\"><div class=\"fusion-title title fusion-title-1 fusion-sep-none fusion-title-center fusion-title-highlight fusion-animate-once fusion-highlight-underline fusion-title-size-two\" style=\"--awb-margin-top-small:0px;--awb-margin-right-small:0px;--awb-margin-bottom-small:20px;--awb-margin-left-small:0px;\" data-highlight=\"underline\"><h2 class=\"fusion-title-heading title-heading-center fusion-responsive-typography-calculated\" style=\"margin:0;text-transform:capitalize;--fontSize:48;line-height:var(--awb-typography1-line-height);\"><span class=\"fusion-highlighted-text-prefix\"><\/span> <span class=\"fusion-highlighted-text-wrapper\"><span class=\"fusion-highlighted-text\">Zgrade<\/span><svg xmlns=\"http:\/\/www.w3.org\/2000\/svg\" viewBox=\"0 0 500 150\" preserveAspectRatio=\"none\"><path d=\"M8.1,146.2c0,0,240.6-55.6,479-13.8\"><\/path><\/svg><\/span> <span class=\"fusion-highlighted-text-postfix\"><\/span><\/h2><\/div><div class=\"fusion-post-cards fusion-post-cards-1 fusion-grid-archive fusion-grid-columns-2\" style=\"--awb-dots-align:center;--awb-columns:2;--awb-active-filter-border-size:3px;--awb-filters-height:36px;--awb-columns-medium:50%;--awb-columns-small:50%;\" data-post-type-label=\"portfolio\"><ul class=\"fusion-grid fusion-grid-2 fusion-flex-align-items-center fusion-grid-posts-cards fusion-grid-container-infinite\" data-pages=\"1\"><li class=\"fusion-layout-column fusion_builder_column fusion-builder-column-4 fusion-flex-column post-card fusion-grid-column fusion-post-cards-grid-column\" style=\"--awb-bg-size:cover;--awb-flex-grow:0;--awb-flex-shrink:0;--awb-flex-grow-medium:0;--awb-flex-shrink-medium:0;--awb-flex-grow-small:0;--awb-flex-shrink-small:0;\"><div class=\"fusion-column-wrapper fusion-flex-justify-content-flex-start fusion-content-layout-column\"><div class=\"fusion-classic-product-image-wrapper fusion-woo-product-image fusion-post-card-image fusion-post-card-image-1 product-images has-aspect-ratio\" data-layout=\"crossfade\" style=\"--awb-crossfade-bg-color:var(--awb-color8);--awb-aspect-ratio:4 \/ 3;\"><a href=\"https:\/\/kastela-garden-residence.hr\/en\/portfolio\/zgrada-1-lavanda\/\" title=\"Zgrada 1 &#8211; Lavanda\"><div class=\"featured-image crossfade-images\">\n\t<img decoding=\"async\" width=\"1920\" height=\"1080\" src=\"https:\/\/kastela-garden-residence.hr\/wp-content\/uploads\/2024\/03\/Lucius_IZM3_1_8.jpg\" class=\"hover-image lazyload\" alt=\"\" srcset=\"data:image\/svg+xml,%3Csvg%20xmlns%3D%27http%3A%2F%2Fwww.w3.org%2F2000%2Fsvg%27%20width%3D%271920%27%20height%3D%271080%27%20viewBox%3D%270%200%201920%201080%27%3E%3Crect%20width%3D%271920%27%20height%3D%271080%27%20fill-opacity%3D%220%22%2F%3E%3C%2Fsvg%3E\" data-orig-src=\"https:\/\/kastela-garden-residence.hr\/wp-content\/uploads\/2024\/03\/Lucius_IZM3_1_8.jpg\" data-srcset=\"https:\/\/kastela-garden-residence.hr\/wp-content\/uploads\/2024\/03\/Lucius_IZM3_1_8-200x113.jpg 200w, https:\/\/kastela-garden-residence.hr\/wp-content\/uploads\/2024\/03\/Lucius_IZM3_1_8-400x225.jpg 400w, https:\/\/kastela-garden-residence.hr\/wp-content\/uploads\/2024\/03\/Lucius_IZM3_1_8-600x338.jpg 600w, https:\/\/kastela-garden-residence.hr\/wp-content\/uploads\/2024\/03\/Lucius_IZM3_1_8-800x450.jpg 800w, https:\/\/kastela-garden-residence.hr\/wp-content\/uploads\/2024\/03\/Lucius_IZM3_1_8-1200x675.jpg 1200w, https:\/\/kastela-garden-residence.hr\/wp-content\/uploads\/2024\/03\/Lucius_IZM3_1_8.jpg 1920w\" data-sizes=\"auto\" \/>\t<img decoding=\"async\" width=\"1920\" height=\"1080\" src=\"https:\/\/kastela-garden-residence.hr\/wp-content\/uploads\/2024\/04\/Lucius_IZM3_1_9.jpg\" class=\"attachment-full size-full lazyload wp-post-image\" alt=\"\" srcset=\"data:image\/svg+xml,%3Csvg%20xmlns%3D%27http%3A%2F%2Fwww.w3.org%2F2000%2Fsvg%27%20width%3D%271920%27%20height%3D%271080%27%20viewBox%3D%270%200%201920%201080%27%3E%3Crect%20width%3D%271920%27%20height%3D%271080%27%20fill-opacity%3D%220%22%2F%3E%3C%2Fsvg%3E\" data-orig-src=\"https:\/\/kastela-garden-residence.hr\/wp-content\/uploads\/2024\/04\/Lucius_IZM3_1_9.jpg\" data-srcset=\"https:\/\/kastela-garden-residence.hr\/wp-content\/uploads\/2024\/04\/Lucius_IZM3_1_9-200x113.jpg 200w, https:\/\/kastela-garden-residence.hr\/wp-content\/uploads\/2024\/04\/Lucius_IZM3_1_9-400x225.jpg 400w, https:\/\/kastela-garden-residence.hr\/wp-content\/uploads\/2024\/04\/Lucius_IZM3_1_9-600x338.jpg 600w, https:\/\/kastela-garden-residence.hr\/wp-content\/uploads\/2024\/04\/Lucius_IZM3_1_9-800x450.jpg 800w, https:\/\/kastela-garden-residence.hr\/wp-content\/uploads\/2024\/04\/Lucius_IZM3_1_9-1200x675.jpg 1200w, https:\/\/kastela-garden-residence.hr\/wp-content\/uploads\/2024\/04\/Lucius_IZM3_1_9.jpg 1920w\" data-sizes=\"auto\" \/>\n\t<\/div>\n<\/a><\/div><div class=\"fusion-builder-row fusion-builder-row-inner fusion-row fusion-flex-align-items-flex-start fusion-flex-content-wrap\" style=\"--awb-flex-grow:0;--awb-flex-grow-medium:0;--awb-flex-grow-small:0;--awb-flex-shrink:0;--awb-flex-shrink-medium:0;--awb-flex-shrink-small:0;width:calc( 100% + 0px ) !important;max-width:calc( 100% + 0px ) !important;margin-left: calc(-0px \/ 2 );margin-right: calc(-0px \/ 2 );\"><div class=\"fusion-layout-column fusion_builder_column_inner fusion-builder-nested-column-0 fusion_builder_column_inner_1_1 1_1 fusion-flex-column\" style=\"--awb-bg-size:cover;--awb-transform:translateX(0px);--awb-transform-hover:translateX(10px);--awb-transform-parent-hover:translateX(10px);--awb-width-large:100%;--awb-margin-top-large:0px;--awb-spacing-right-large:0px;--awb-margin-bottom-large:0px;--awb-spacing-left-large:0px;--awb-width-medium:100%;--awb-order-medium:0;--awb-spacing-right-medium:0px;--awb-spacing-left-medium:0px;--awb-width-small:100%;--awb-order-small:0;--awb-spacing-right-small:0px;--awb-spacing-left-small:0px;\"><div class=\"fusion-column-wrapper fusion-column-has-shadow fusion-flex-justify-content-flex-start fusion-content-layout-column\"><div class=\"fusion-title title fusion-title-2 fusion-sep-none fusion-title-text fusion-title-size-five\" style=\"--awb-text-color:var(--awb-color8);--awb-margin-top:6px;--awb-margin-bottom:0px;--awb-margin-top-small:16px;--awb-margin-right-small:0px;--awb-margin-bottom-small:16px;--awb-margin-left-small:0px;--awb-link-color:var(--awb-color8);\"><h5 class=\"fusion-title-heading title-heading-left fusion-responsive-typography-calculated\" style=\"margin:0;text-transform:capitalize;--fontSize:18;--minFontSize:18;line-height:var(--awb-typography1-line-height);\"><a href=\"https:\/\/kastela-garden-residence.hr\/en\/portfolio\/zgrada-1-lavanda\/\" class=\"awb-custom-text-color awb-custom-text-hover-color\" target=\"_self\">Zgrada 1 &#8211; Lavanda<\/a><\/h5><\/div><div class=\"fusion-title title fusion-title-3 fusion-sep-none fusion-title-text fusion-title-size-div\" style=\"--awb-text-color:hsla(var(--awb-color6-h),var(--awb-color6-s),var(--awb-color6-l),calc(var(--awb-color6-a) - 30%));--awb-margin-bottom:0px;--awb-margin-top-small:0px;--awb-margin-right-small:0px;--awb-margin-bottom-small:20px;--awb-margin-left-small:0px;--awb-font-size:var(--awb-typography5-font-size);\"><div class=\"fusion-title-heading title-heading-left title-heading-tag fusion-responsive-typography-calculated\" style=\"font-family:var(--awb-typography2-font-family);font-weight:var(--awb-typography2-font-weight);font-style:var(--awb-typography2-font-style);margin:0;letter-spacing:var(--awb-typography5-letter-spacing);text-transform:var(--awb-typography5-text-transform);font-size:1em;--fontSize:13;--minFontSize:13;line-height:var(--awb-typography5-line-height);\">Lavanda<\/div><\/div><\/div><\/div><\/div><\/div><\/li>\n<li class=\"fusion-layout-column fusion_builder_column fusion-builder-column-5 fusion-flex-column post-card fusion-grid-column fusion-post-cards-grid-column\" style=\"--awb-bg-size:cover;--awb-flex-grow:0;--awb-flex-shrink:0;--awb-flex-grow-medium:0;--awb-flex-shrink-medium:0;--awb-flex-grow-small:0;--awb-flex-shrink-small:0;\"><div class=\"fusion-column-wrapper fusion-flex-justify-content-flex-start fusion-content-layout-column\"><div class=\"fusion-classic-product-image-wrapper fusion-woo-product-image fusion-post-card-image fusion-post-card-image-1 product-images has-aspect-ratio\" data-layout=\"crossfade\" style=\"--awb-crossfade-bg-color:var(--awb-color8);--awb-aspect-ratio:4 \/ 3;\"><a href=\"https:\/\/kastela-garden-residence.hr\/en\/portfolio\/zgrada-2-mirta\/\" title=\"Zgrada 2 &#8211; Mirta\"><div class=\"featured-image crossfade-images\">\n\t<img decoding=\"async\" width=\"1920\" height=\"1080\" src=\"https:\/\/kastela-garden-residence.hr\/wp-content\/uploads\/2024\/04\/Lucius_IZM3_1_5.jpg\" class=\"hover-image lazyload\" alt=\"\" srcset=\"data:image\/svg+xml,%3Csvg%20xmlns%3D%27http%3A%2F%2Fwww.w3.org%2F2000%2Fsvg%27%20width%3D%271920%27%20height%3D%271080%27%20viewBox%3D%270%200%201920%201080%27%3E%3Crect%20width%3D%271920%27%20height%3D%271080%27%20fill-opacity%3D%220%22%2F%3E%3C%2Fsvg%3E\" data-orig-src=\"https:\/\/kastela-garden-residence.hr\/wp-content\/uploads\/2024\/04\/Lucius_IZM3_1_5.jpg\" data-srcset=\"https:\/\/kastela-garden-residence.hr\/wp-content\/uploads\/2024\/04\/Lucius_IZM3_1_5-200x113.jpg 200w, https:\/\/kastela-garden-residence.hr\/wp-content\/uploads\/2024\/04\/Lucius_IZM3_1_5-400x225.jpg 400w, https:\/\/kastela-garden-residence.hr\/wp-content\/uploads\/2024\/04\/Lucius_IZM3_1_5-600x338.jpg 600w, https:\/\/kastela-garden-residence.hr\/wp-content\/uploads\/2024\/04\/Lucius_IZM3_1_5-800x450.jpg 800w, https:\/\/kastela-garden-residence.hr\/wp-content\/uploads\/2024\/04\/Lucius_IZM3_1_5-1200x675.jpg 1200w, https:\/\/kastela-garden-residence.hr\/wp-content\/uploads\/2024\/04\/Lucius_IZM3_1_5.jpg 1920w\" data-sizes=\"auto\" \/>\t<img decoding=\"async\" width=\"2000\" height=\"1125\" src=\"https:\/\/kastela-garden-residence.hr\/wp-content\/uploads\/2024\/08\/Lucius_IZM3_1_4.jpg\" class=\"attachment-full size-full lazyload wp-post-image\" alt=\"\" srcset=\"data:image\/svg+xml,%3Csvg%20xmlns%3D%27http%3A%2F%2Fwww.w3.org%2F2000%2Fsvg%27%20width%3D%272000%27%20height%3D%271125%27%20viewBox%3D%270%200%202000%201125%27%3E%3Crect%20width%3D%272000%27%20height%3D%271125%27%20fill-opacity%3D%220%22%2F%3E%3C%2Fsvg%3E\" data-orig-src=\"https:\/\/kastela-garden-residence.hr\/wp-content\/uploads\/2024\/08\/Lucius_IZM3_1_4.jpg\" data-srcset=\"https:\/\/kastela-garden-residence.hr\/wp-content\/uploads\/2024\/08\/Lucius_IZM3_1_4-200x113.jpg 200w, https:\/\/kastela-garden-residence.hr\/wp-content\/uploads\/2024\/08\/Lucius_IZM3_1_4-400x225.jpg 400w, https:\/\/kastela-garden-residence.hr\/wp-content\/uploads\/2024\/08\/Lucius_IZM3_1_4-600x338.jpg 600w, https:\/\/kastela-garden-residence.hr\/wp-content\/uploads\/2024\/08\/Lucius_IZM3_1_4-800x450.jpg 800w, https:\/\/kastela-garden-residence.hr\/wp-content\/uploads\/2024\/08\/Lucius_IZM3_1_4-1200x675.jpg 1200w, https:\/\/kastela-garden-residence.hr\/wp-content\/uploads\/2024\/08\/Lucius_IZM3_1_4.jpg 2000w\" data-sizes=\"auto\" \/>\n\t<\/div>\n<\/a><\/div><div class=\"fusion-builder-row fusion-builder-row-inner fusion-row fusion-flex-align-items-flex-start fusion-flex-content-wrap\" style=\"--awb-flex-grow:0;--awb-flex-grow-medium:0;--awb-flex-grow-small:0;--awb-flex-shrink:0;--awb-flex-shrink-medium:0;--awb-flex-shrink-small:0;width:calc( 100% + 0px ) !important;max-width:calc( 100% + 0px ) !important;margin-left: calc(-0px \/ 2 );margin-right: calc(-0px \/ 2 );\"><div class=\"fusion-layout-column fusion_builder_column_inner fusion-builder-nested-column-1 fusion_builder_column_inner_1_1 1_1 fusion-flex-column\" style=\"--awb-bg-size:cover;--awb-transform:translateX(0px);--awb-transform-hover:translateX(10px);--awb-transform-parent-hover:translateX(10px);--awb-width-large:100%;--awb-margin-top-large:0px;--awb-spacing-right-large:0px;--awb-margin-bottom-large:0px;--awb-spacing-left-large:0px;--awb-width-medium:100%;--awb-order-medium:0;--awb-spacing-right-medium:0px;--awb-spacing-left-medium:0px;--awb-width-small:100%;--awb-order-small:0;--awb-spacing-right-small:0px;--awb-spacing-left-small:0px;\"><div class=\"fusion-column-wrapper fusion-column-has-shadow fusion-flex-justify-content-flex-start fusion-content-layout-column\"><div class=\"fusion-title title fusion-title-4 fusion-sep-none fusion-title-text fusion-title-size-five\" style=\"--awb-text-color:var(--awb-color8);--awb-margin-top:6px;--awb-margin-bottom:0px;--awb-margin-top-small:16px;--awb-margin-right-small:0px;--awb-margin-bottom-small:16px;--awb-margin-left-small:0px;--awb-link-color:var(--awb-color8);\"><h5 class=\"fusion-title-heading title-heading-left fusion-responsive-typography-calculated\" style=\"margin:0;text-transform:capitalize;--fontSize:18;--minFontSize:18;line-height:var(--awb-typography1-line-height);\"><a href=\"https:\/\/kastela-garden-residence.hr\/en\/portfolio\/zgrada-2-mirta\/\" class=\"awb-custom-text-color awb-custom-text-hover-color\" target=\"_self\">Zgrada 2 &#8211; Mirta<\/a><\/h5><\/div><div class=\"fusion-title title fusion-title-5 fusion-sep-none fusion-title-text fusion-title-size-div\" style=\"--awb-text-color:hsla(var(--awb-color6-h),var(--awb-color6-s),var(--awb-color6-l),calc(var(--awb-color6-a) - 30%));--awb-margin-bottom:0px;--awb-margin-top-small:0px;--awb-margin-right-small:0px;--awb-margin-bottom-small:20px;--awb-margin-left-small:0px;--awb-font-size:var(--awb-typography5-font-size);\"><div class=\"fusion-title-heading title-heading-left title-heading-tag fusion-responsive-typography-calculated\" style=\"font-family:var(--awb-typography2-font-family);font-weight:var(--awb-typography2-font-weight);font-style:var(--awb-typography2-font-style);margin:0;letter-spacing:var(--awb-typography5-letter-spacing);text-transform:var(--awb-typography5-text-transform);font-size:1em;--fontSize:13;--minFontSize:13;line-height:var(--awb-typography5-line-height);\">Mirta<\/div><\/div><\/div><\/div><\/div><\/div><\/li>\n<\/ul><\/div><\/div><\/div><\/div><\/div><\/p>\n","protected":false},"excerpt":{"rendered":"","protected":false},"author":1,"featured_media":0,"parent":0,"menu_order":0,"comment_status":"closed","ping_status":"open","template":"100-width.php","meta":{"footnotes":""},"class_list":["post-13","page","type-page","status-publish","hentry"],"_links":{"self":[{"href":"https:\/\/kastela-garden-residence.hr\/en\/wp-json\/wp\/v2\/pages\/13","targetHints":{"allow":["GET"]}}],"collection":[{"href":"https:\/\/kastela-garden-residence.hr\/en\/wp-json\/wp\/v2\/pages"}],"about":[{"href":"https:\/\/kastela-garden-residence.hr\/en\/wp-json\/wp\/v2\/types\/page"}],"author":[{"embeddable":true,"href":"https:\/\/kastela-garden-residence.hr\/en\/wp-json\/wp\/v2\/users\/1"}],"replies":[{"embeddable":true,"href":"https:\/\/kastela-garden-residence.hr\/en\/wp-json\/wp\/v2\/comments?post=13"}],"version-history":[{"count":24,"href":"https:\/\/kastela-garden-residence.hr\/en\/wp-json\/wp\/v2\/pages\/13\/revisions"}],"predecessor-version":[{"id":2325,"href":"https:\/\/kastela-garden-residence.hr\/en\/wp-json\/wp\/v2\/pages\/13\/revisions\/2325"}],"wp:attachment":[{"href":"https:\/\/kastela-garden-residence.hr\/en\/wp-json\/wp\/v2\/media?parent=13"}],"curies":[{"name":"wp","href":"https:\/\/api.w.org\/{rel}","templated":true}]}}