{"id":175,"date":"2015-02-13T11:40:53","date_gmt":"2015-02-13T11:40:53","guid":{"rendered":"https:\/\/avada.theme-fusion.com_demos\/architecture\/?post_type=avada_portfolio&#038;p=175"},"modified":"2026-02-06T17:25:03","modified_gmt":"2026-02-06T16:25:03","slug":"zgrada-1-lavanda","status":"publish","type":"avada_portfolio","link":"https:\/\/kastela-garden-residence.hr\/en\/portfolio\/zgrada-1-lavanda\/","title":{"rendered":"Building 1 - Lavanda"},"content":{"rendered":"<p><div class=\"fusion-fullwidth fullwidth-box fusion-builder-row-1 fusion-flex-container has-pattern-background has-mask-background hundred-percent-fullwidth non-hundred-percent-height-scrolling\" style=\"--awb-border-radius-top-left:0px;--awb-border-radius-top-right:0px;--awb-border-radius-bottom-right:0px;--awb-border-radius-bottom-left:0px;--awb-padding-bottom:30px;--awb-flex-wrap:wrap;\" ><div class=\"fusion-builder-row fusion-row fusion-flex-align-items-flex-start fusion-flex-content-wrap\" style=\"width:104% !important;max-width:104% !important;margin-left: calc(-4% \/ 2 );margin-right: calc(-4% \/ 2 );\"><div class=\"fusion-layout-column fusion_builder_column fusion-builder-column-0 fusion_builder_column_1_2 1_2 fusion-flex-column\" style=\"--awb-bg-size:cover;--awb-width-large:50%;--awb-margin-top-large:0px;--awb-spacing-right-large:3.84%;--awb-margin-bottom-large:20px;--awb-spacing-left-large:3.84%;--awb-width-medium:100%;--awb-order-medium:0;--awb-spacing-right-medium:1.92%;--awb-spacing-left-medium:1.92%;--awb-width-small:100%;--awb-order-small:0;--awb-spacing-right-small:1.92%;--awb-spacing-left-small:1.92%;\"><div class=\"fusion-column-wrapper fusion-column-has-shadow fusion-flex-justify-content-flex-start fusion-content-layout-column\"><div class=\"fusion-title title fusion-title-1 fusion-sep-none fusion-title-center fusion-title-highlight fusion-animate-once fusion-highlight-underline fusion-title-size-one\" style=\"--awb-margin-top-small:0px;--awb-margin-right-small:0px;--awb-margin-bottom-small:20px;--awb-margin-left-small:0px;--awb-font-size:40px;\" data-highlight=\"underline\"><h1 class=\"fusion-title-heading title-heading-center fusion-responsive-typography-calculated\" style=\"margin:0;text-transform:capitalize;font-size:1em;--fontSize:40;line-height:var(--awb-typography1-line-height);\"><span class=\"fusion-highlighted-text-prefix\"><\/span> <span class=\"fusion-highlighted-text-wrapper\"><span class=\"fusion-highlighted-text\">Stan S1<\/span><svg xmlns=\"http:\/\/www.w3.org\/2000\/svg\" viewBox=\"0 0 500 150\" preserveAspectRatio=\"none\"><path d=\"M8.1,146.2c0,0,240.6-55.6,479-13.8\"><\/path><\/svg><\/span> <span class=\"fusion-highlighted-text-postfix\"><\/span><\/h1><\/div>\n<style>\n\t#hotspot-1637 .hotspots-image-container,\n\t#hotspot-1637 .leaflet-container {\n\t\tbackground: #efefef\t}\n\n\t#hotspot-1637 .hotspots-placeholder,\n\t.featherlight .featherlight-content.lightbox-1637 {\n\t\tbackground: #ffffff;\n\t\tborder: 0 #ffffff solid;\n\t\tcolor: #000000;\n\t}\n\n\t#hotspot-1637 .hotspot-title,\n\t#hotspot-1637 .bc-product__title a,\n\t.featherlight .featherlight-content.lightbox-1637 .hotspot-title,\n\t.featherlight .featherlight-content.lightbox-1637 .bc-product__title a {\n\t\tcolor: #000000;\n\t}\n\n\t\t\t#hotspot-1637 .hotspot-stil-dostupno {\n\t\t\tstroke-width: 1;\n\t\t\tfill: #eded6a;\n\t\t\tfill-opacity: 0.81;\n\t\t\tstroke: #ffffff;\n\t\t\tstroke-opacity: 0.81;\n\t\t}\n\t\t#hotspot-1637 .hotspot-stil-dostupno:hover,\n\t\t#hotspot-1637 .hotspot-stil-dostupno:focus-visible,\n\t\t#hotspot-1637 .hotspot-stil-dostupno.hotspot-active {\n\t\t\tfill: #37a031;\n\t\t\tfill-opacity: 0.81;\n\t\t\toutline: none;\n\t\t\tstroke: #ffffff;\n\t\t\tstroke-opacity: 0.81;\n\t\t}\n\t\t\t#hotspot-1637 .hotspot-default {\n\t\t\tstroke-width: 1;\n\t\t\tfill: #eded25;\n\t\t\tfill-opacity: 0.81;\n\t\t\tstroke: #ffffff;\n\t\t\tstroke-opacity: 0.81;\n\t\t}\n\t\t#hotspot-1637 .hotspot-default:hover,\n\t\t#hotspot-1637 .hotspot-default:focus-visible,\n\t\t#hotspot-1637 .hotspot-default.hotspot-active {\n\t\t\tfill: #ffffff;\n\t\t\tfill-opacity: 0.81;\n\t\t\toutline: none;\n\t\t\tstroke: #ffffff;\n\t\t\tstroke-opacity: 0.81;\n\t\t}\n\t\t#hotspot-1637 .leaflet-tooltip,\n\t#hotspot-1637 .leaflet-rrose-content-wrapper {\n\t\tbackground: #ffffff;\n\t\tborder-color: #ffffff;\n\t\tcolor: #000000;\n\t}\n\n\t#hotspot-1637 a.leaflet-rrose-close-button {\n\t\tcolor: #000000;\n\t}\n\n\t#hotspot-1637 .leaflet-rrose-tip {\n\t\tbackground: #ffffff;\n\t}\n\n\t#hotspot-1637 .leaflet-popup-scrolled {\n\t\tborder-bottom-color: #000000;\n\t\tborder-top-color: #000000;\n\t}\n\n\t#hotspot-1637 .leaflet-tooltip-top:before {\n\t\tborder-top-color: #ffffff;\n\t}\n\n\t#hotspot-1637 .leaflet-tooltip-bottom:before {\n\t\tborder-bottom-color: #ffffff;\n\t}\n\t#hotspot-1637 .leaflet-tooltip-left:before {\n\t\tborder-left-color: #ffffff;\n\t}\n\t#hotspot-1637 .leaflet-tooltip-right:before {\n\t\tborder-right-color: #ffffff;\n\t}\n<\/style>\n\n\n\t<div class=\"hotspots-container links-only layout-left event-click\" id=\"hotspot-1637\" data-layout=\"left\" data-trigger=\"click\">\n\t\t<div class=\"hotspots-interaction\">\n\t\t\t<div class=\"hotspots-image-container\">\n\t<img\n\t\twidth=\"1920\"\n\t\theight=\"1477\"\n\t\tsrc=\"https:\/\/kastela-garden-residence.hr\/wp-content\/uploads\/2025\/02\/Kastela-Garden-Residence_tlocrt_Mirta_Lavanda.jpg\"\n\t\talt=\"Stan S1\"\n\t\tclass=\"hotspots-image skip-lazy\"\n\t\tusemap=\"#hotspots-image-1637\"\n\t\tdata-image-title=\"Stan S1\"\n\t\tdata-image-description=\"\"\n\t\tdata-event-trigger=\"click\"\n\t\tdata-always-visible=\"on\"\n\t\tdata-id=\"1637\"\n\t\tdata-no-lazy=\"1\"\n\t\tdata-lazy-src=\"\"\n\t\tdata-lazy=\"false\"\n\t\tloading=\"eager\"\n\t\tdata-skip-lazy=\"1\"\n\t\t>\n<\/div>\t\t<\/div>\n\t\t<map name=\"hotspots-image-1637\" class=\"hotspots-map\">\n\t\t\t\t\t\t\t\t\t\t\t<area\n\t\t\t\t\tshape=\"polygon\"\n\t\t\t\t\tcoords=\"934,791,835,820,859,904,825,913,837,946,812,955,826,1000,852,993,917,1216,1077,1221,1072,885,1026,887,997,792,940,810\"\n\t\t\t\t\thref=\"https:\/\/kastela-garden-residence.hr\/wp-content\/uploads\/2026\/02\/z1-s1.jpg\"\n\t\t\t\t\trel=\"\"\n\t\t\t\t\ttitle=\"Stan S1\"\n\t\t\t\t\talt=\"Stan S1\"\n\t\t\t\t\tdata-action=\"url\"\n\t\t\t\t\tdata-color-scheme=\"stil-dostupno\"\n\t\t\t\t\tdata-id=\"area-hotspot-1637-0\"\n\t\t\t\t\ttarget=\"_new\"\n\t\t\t\t\tclass=\"url-area\"\n\t\t\t\t\t>\n\t\t\t\t\t<\/map>\n\n\t\t\n\t\t\t\t\t\t<\/div>\n\n<\/div><\/div><div class=\"fusion-layout-column fusion_builder_column fusion-builder-column-1 fusion_builder_column_1_2 1_2 fusion-flex-column\" style=\"--awb-bg-size:cover;--awb-width-large:50%;--awb-margin-top-large:0px;--awb-spacing-right-large:3.84%;--awb-margin-bottom-large:20px;--awb-spacing-left-large:3.84%;--awb-width-medium:100%;--awb-order-medium:0;--awb-spacing-right-medium:1.92%;--awb-spacing-left-medium:1.92%;--awb-width-small:100%;--awb-order-small:0;--awb-spacing-right-small:1.92%;--awb-spacing-left-small:1.92%;\"><div class=\"fusion-column-wrapper fusion-column-has-shadow fusion-flex-justify-content-flex-start fusion-content-layout-column\"><div class=\"accordian fusion-accordian\" style=\"--awb-border-size:1px;--awb-icon-size:16px;--awb-content-font-size:15px;--awb-icon-alignment:left;--awb-hover-color:var(--awb-color2);--awb-border-color:hsla(var(--awb-color7-h),var(--awb-color7-s),calc( var(--awb-color7-l) + 69% ),var(--awb-color7-a));--awb-background-color:var(--awb-color1);--awb-divider-color:var(--awb-color4);--awb-divider-hover-color:var(--awb-color4);--awb-icon-color:var(--awb-color1);--awb-title-color:var(--awb-color5);--awb-content-color:var(--awb-color6);--awb-icon-box-color:var(--awb-color8);--awb-toggle-hover-accent-color:var(--awb-color5);--awb-title-font-family:&quot;Raleway&quot;;--awb-title-font-weight:500;--awb-title-font-style:normal;--awb-content-font-family:&quot;Open Sans&quot;;--awb-content-font-style:normal;--awb-content-font-weight:400;\"><div class=\"panel-group fusion-toggle-icon-boxed\" id=\"accordion-175-1\"><div class=\"fusion-panel panel-default panel-90d4137d8c8d6771e fusion-toggle-has-divider\" style=\"--awb-title-color:var(--awb-color5);--awb-content-color:var(--awb-color6);\"><div class=\"panel-heading\"><h4 class=\"panel-title toggle\" id=\"toggle_90d4137d8c8d6771e\"><a aria-expanded=\"false\" aria-controls=\"90d4137d8c8d6771e\" role=\"button\" data-toggle=\"collapse\" data-parent=\"#accordion-175-1\" data-target=\"#90d4137d8c8d6771e\" href=\"#90d4137d8c8d6771e\"><span class=\"fusion-toggle-icon-wrapper\" aria-hidden=\"true\"><i class=\"fa-fusion-box active-icon awb-icon-minus\" aria-hidden=\"true\"><\/i><i class=\"fa-fusion-box inactive-icon awb-icon-plus\" aria-hidden=\"true\"><\/i><\/span><span class=\"fusion-toggle-heading\">Lokacija<\/span><\/a><\/h4><\/div><div id=\"90d4137d8c8d6771e\" class=\"panel-collapse collapse \" aria-labelledby=\"toggle_90d4137d8c8d6771e\"><div class=\"panel-body toggle-content fusion-clearfix\">\n<p>Stambeni kompleks novoizgra\u0111enih i planiranih stambenih i stambeno-poslovnih zgrada smje\u0161ten je izme\u0111u Ul. Marina Studina i Ul. Ivana Pavla II. Navedene ulice su povezane novom dvosmjernom cestom koja omogu\u0107ava dobru povezanost kompleksa sa \u0161irom lokacijom. Uz samu ulicu je smje\u0161ten vanjski parking dok prostrani mediteranski vrtovi kao glavni motiv cijelog kompleksa omogu\u0107uju privatnost i mirno okru\u017eenje osobito stanovima u prizemlju.<\/p>\n<\/div><\/div><\/div><div class=\"fusion-panel panel-default panel-9a2ce43379fc64641 fusion-toggle-has-divider\" style=\"--awb-title-color:var(--awb-color5);--awb-content-color:var(--awb-color6);\"><div class=\"panel-heading\"><h4 class=\"panel-title toggle\" id=\"toggle_9a2ce43379fc64641\"><a aria-expanded=\"false\" aria-controls=\"9a2ce43379fc64641\" role=\"button\" data-toggle=\"collapse\" data-parent=\"#accordion-175-1\" data-target=\"#9a2ce43379fc64641\" href=\"#9a2ce43379fc64641\"><span class=\"fusion-toggle-icon-wrapper\" aria-hidden=\"true\"><i class=\"fa-fusion-box active-icon awb-icon-minus\" aria-hidden=\"true\"><\/i><i class=\"fa-fusion-box inactive-icon awb-icon-plus\" aria-hidden=\"true\"><\/i><\/span><span class=\"fusion-toggle-heading\">Katnost i sadr\u017eaj gra\u0111evine<\/span><\/a><\/h4><\/div><div id=\"9a2ce43379fc64641\" class=\"panel-collapse collapse \" aria-labelledby=\"toggle_9a2ce43379fc64641\"><div class=\"panel-body toggle-content fusion-clearfix\">\n<p>Kompleks \u010dine dvije vi\u0161estambene gra\u0111evine sa zajedni\u010dkim podrumom. Pristup u gara\u017eu je zajedni\u010dki dok je ulaz u gra\u0111evine zaseban iz podruma vertikalnim komunikacijama (stubi\u0161te i lift) odnosno preko ure\u0111enog terena za svaku gra\u0111evinu zasebno. Zajedni\u010dka podrumska eta\u017ea sadr\u017ei 28 parkirali\u0161nih mjesta i 14 spremi\u0161ta te druge servisne prostorije. Svaka gra\u0111evina ima po 7 stanova, po dva stana na eta\u017ei prizemlja, 1. i 2. kata i jedan stan na nadgra\u0111u. Prostrane terase stanova su tlocrtno smje\u0161tena na suprotne strane gra\u0111evine i omogu\u0107uju privatnost stanarima.<\/p>\n<\/div><\/div><\/div><div class=\"fusion-panel panel-default panel-ff54124876d3a79e8 fusion-toggle-has-divider\" style=\"--awb-title-color:var(--awb-color5);--awb-content-color:var(--awb-color6);\"><div class=\"panel-heading\"><h4 class=\"panel-title toggle\" id=\"toggle_ff54124876d3a79e8\"><a aria-expanded=\"false\" aria-controls=\"ff54124876d3a79e8\" role=\"button\" data-toggle=\"collapse\" data-parent=\"#accordion-175-1\" data-target=\"#ff54124876d3a79e8\" href=\"#ff54124876d3a79e8\"><span class=\"fusion-toggle-icon-wrapper\" aria-hidden=\"true\"><i class=\"fa-fusion-box active-icon awb-icon-minus\" aria-hidden=\"true\"><\/i><i class=\"fa-fusion-box inactive-icon awb-icon-plus\" aria-hidden=\"true\"><\/i><\/span><span class=\"fusion-toggle-heading\">Konstrukcija<\/span><\/a><\/h4><\/div><div id=\"ff54124876d3a79e8\" class=\"panel-collapse collapse \" aria-labelledby=\"toggle_ff54124876d3a79e8\"><div class=\"panel-body toggle-content fusion-clearfix\">\n<p>Konstrukcija zgrade je armiranobetonska (sustav armiranobetonskih: nosivih zidova, nosivih horizontalnih i vertikalnih elemenata, monolitnih me\u0111ukatnih plo\u010da i ravnog krova). Armirano betonski zidovi su debljine 20 cm kao i me\u0111ukatne plo\u010de. Vanjski zidovi dijelom su zidani Porotherm blok opekom debljine 20 cm. Pregradni zidovi su tako\u0111er zidani Porotherm blok opekom debljine 11,5 cm. Okno dizala i stubi\u0161na jezgra su izvedeni od armiranobetonskih zidova debljine 20 cm, toplinski i zvu\u010dno izolirani prema stanovima. Svijetla visina u stanovima (visina od gotovog poda do stropa) iznosi 257 \u2013 272 cm.<\/p>\n<\/div><\/div><\/div><div class=\"fusion-panel panel-default panel-0ccfbb98fa8350751 fusion-toggle-has-divider\" style=\"--awb-title-color:var(--awb-color5);--awb-content-color:var(--awb-color6);\"><div class=\"panel-heading\"><h4 class=\"panel-title toggle\" id=\"toggle_0ccfbb98fa8350751\"><a aria-expanded=\"false\" aria-controls=\"0ccfbb98fa8350751\" role=\"button\" data-toggle=\"collapse\" data-parent=\"#accordion-175-1\" data-target=\"#0ccfbb98fa8350751\" href=\"#0ccfbb98fa8350751\"><span class=\"fusion-toggle-icon-wrapper\" aria-hidden=\"true\"><i class=\"fa-fusion-box active-icon awb-icon-minus\" aria-hidden=\"true\"><\/i><i class=\"fa-fusion-box inactive-icon awb-icon-plus\" aria-hidden=\"true\"><\/i><\/span><span class=\"fusion-toggle-heading\">Fasada<\/span><\/a><\/h4><\/div><div id=\"0ccfbb98fa8350751\" class=\"panel-collapse collapse \" aria-labelledby=\"toggle_0ccfbb98fa8350751\"><div class=\"panel-body toggle-content fusion-clearfix\">\n<p>Fasada je izvedena kao ETICS sustav s 10 cm kamene vune sa zavr\u0161nim slojem od silikatne \u017ebuke.<\/p>\n<\/div><\/div><\/div><div class=\"fusion-panel panel-default panel-560a878266626184f fusion-toggle-has-divider\" style=\"--awb-title-color:var(--awb-color5);--awb-content-color:var(--awb-color6);\"><div class=\"panel-heading\"><h4 class=\"panel-title toggle\" id=\"toggle_560a878266626184f\"><a aria-expanded=\"false\" aria-controls=\"560a878266626184f\" role=\"button\" data-toggle=\"collapse\" data-parent=\"#accordion-175-1\" data-target=\"#560a878266626184f\" href=\"#560a878266626184f\"><span class=\"fusion-toggle-icon-wrapper\" aria-hidden=\"true\"><i class=\"fa-fusion-box active-icon awb-icon-minus\" aria-hidden=\"true\"><\/i><i class=\"fa-fusion-box inactive-icon awb-icon-plus\" aria-hidden=\"true\"><\/i><\/span><span class=\"fusion-toggle-heading\">Krov<\/span><\/a><\/h4><\/div><div id=\"560a878266626184f\" class=\"panel-collapse collapse \" aria-labelledby=\"toggle_560a878266626184f\"><div class=\"panel-body toggle-content fusion-clearfix\">\n<p>Krov je ravni neprohodni izveden od monolitne armiranobetonske plo\u010de u nagibu, minimalne debljine 20 cm, s parnom branom, toplinskom izolacijom (EPS) debljine 20 cm, zavr\u0161no prekriven hidroizolacijskom TPO folijom otpornom na UV zrake i za\u0161ti\u0107en oblutkom.<\/p>\n<\/div><\/div><\/div><div class=\"fusion-panel panel-default panel-5c7693dd13c1b6a5d fusion-toggle-has-divider\" style=\"--awb-title-color:var(--awb-color5);--awb-content-color:var(--awb-color6);\"><div class=\"panel-heading\"><h4 class=\"panel-title toggle\" id=\"toggle_5c7693dd13c1b6a5d\"><a aria-expanded=\"false\" aria-controls=\"5c7693dd13c1b6a5d\" role=\"button\" data-toggle=\"collapse\" data-parent=\"#accordion-175-1\" data-target=\"#5c7693dd13c1b6a5d\" href=\"#5c7693dd13c1b6a5d\"><span class=\"fusion-toggle-icon-wrapper\" aria-hidden=\"true\"><i class=\"fa-fusion-box active-icon awb-icon-minus\" aria-hidden=\"true\"><\/i><i class=\"fa-fusion-box inactive-icon awb-icon-plus\" aria-hidden=\"true\"><\/i><\/span><span class=\"fusion-toggle-heading\">Vanjska stolarija<\/span><\/a><\/h4><\/div><div id=\"5c7693dd13c1b6a5d\" class=\"panel-collapse collapse \" aria-labelledby=\"toggle_5c7693dd13c1b6a5d\"><div class=\"panel-body toggle-content fusion-clearfix\">\n<p>Stolarija je izvedena od kvalitetnih PVC profila s aluminijskom oblogom izvana (izvana u sivo srebrnoj boji, unutra u bijeloj) s trostrukoizoliraju\u0107im staklom. Svi vanjski zatvori imaju aluminijske rolete u sivoj boji i komarnike (klizne ili rolo). Otvori su otklopno \u2013 zaokretni, klizni i podizno \u2013 klizni, a sve rolete (osim u kupaonicama) imaju elektronsko upravljanje &#8211; pogon na elektromotor.<\/p>\n<\/div><\/div><\/div><div class=\"fusion-panel panel-default panel-6ce3406f9a91cb501 fusion-toggle-has-divider\" style=\"--awb-title-color:var(--awb-color5);--awb-content-color:var(--awb-color6);\"><div class=\"panel-heading\"><h4 class=\"panel-title toggle\" id=\"toggle_6ce3406f9a91cb501\"><a aria-expanded=\"false\" aria-controls=\"6ce3406f9a91cb501\" role=\"button\" data-toggle=\"collapse\" data-parent=\"#accordion-175-1\" data-target=\"#6ce3406f9a91cb501\" href=\"#6ce3406f9a91cb501\"><span class=\"fusion-toggle-icon-wrapper\" aria-hidden=\"true\"><i class=\"fa-fusion-box active-icon awb-icon-minus\" aria-hidden=\"true\"><\/i><i class=\"fa-fusion-box inactive-icon awb-icon-plus\" aria-hidden=\"true\"><\/i><\/span><span class=\"fusion-toggle-heading\">Zajedni\u010dki prostori i spremi\u0161ta<\/span><\/a><\/h4><\/div><div id=\"6ce3406f9a91cb501\" class=\"panel-collapse collapse \" aria-labelledby=\"toggle_6ce3406f9a91cb501\"><div class=\"panel-body toggle-content fusion-clearfix\">\n<p>Ulazni prostor, stubi\u0161ta i hodnici su poplo\u010dani kamenim plo\u010dama debljine 3 cm. Ograde i rukohvati u stubi\u0161tima izvedeni su kao bravarska ograda visine do 110 cm. Dizala su be\u0161umna kroz sve eta\u017ee. U natkrivenom ulazu su smje\u0161teni po\u0161tanski sandu\u010di\u0107i, paneli za obavijest te parlafon s video kontrolom.<\/p>\n<p>Podovi u podrumskim spremi\u0161tima zavr\u0161no su premazani epoksidnim premazom.<\/p>\n<\/div><\/div><\/div><div class=\"fusion-panel panel-default panel-f128c6e13a56df6de fusion-toggle-has-divider\" style=\"--awb-title-color:var(--awb-color5);--awb-content-color:var(--awb-color6);\"><div class=\"panel-heading\"><h4 class=\"panel-title toggle\" id=\"toggle_f128c6e13a56df6de\"><a aria-expanded=\"false\" aria-controls=\"f128c6e13a56df6de\" role=\"button\" data-toggle=\"collapse\" data-parent=\"#accordion-175-1\" data-target=\"#f128c6e13a56df6de\" href=\"#f128c6e13a56df6de\"><span class=\"fusion-toggle-icon-wrapper\" aria-hidden=\"true\"><i class=\"fa-fusion-box active-icon awb-icon-minus\" aria-hidden=\"true\"><\/i><i class=\"fa-fusion-box inactive-icon awb-icon-plus\" aria-hidden=\"true\"><\/i><\/span><span class=\"fusion-toggle-heading\">Gara\u017ee i parkirna mjesta<\/span><\/a><\/h4><\/div><div id=\"f128c6e13a56df6de\" class=\"panel-collapse collapse \" aria-labelledby=\"toggle_f128c6e13a56df6de\"><div class=\"panel-body toggle-content fusion-clearfix\">\n<p>Gara\u017ee su smje\u0161tene u podrumskoj eta\u017ei, sa zajedni\u010dkom ulaznom rampom s rolo vratima na daljinsko upravljanje. Kolna komunikacija je zajedni\u010dka i kru\u017ena, a parkirna mjesta su otvorena. Svaki stan u gara\u017ei ima osigurana dva parkirna mjesta te pripadaju\u0107e spremi\u0161te. Gara\u017ea ima prirodnu i mehani\u010dku ventilaciju.<\/p>\n<\/div><\/div><\/div><div class=\"fusion-panel panel-default panel-01f940b73ea6e9cc3 fusion-toggle-has-divider\" style=\"--awb-title-color:var(--awb-color5);--awb-content-color:var(--awb-color6);\"><div class=\"panel-heading\"><h4 class=\"panel-title toggle\" id=\"toggle_01f940b73ea6e9cc3\"><a aria-expanded=\"false\" aria-controls=\"01f940b73ea6e9cc3\" role=\"button\" data-toggle=\"collapse\" data-parent=\"#accordion-175-1\" data-target=\"#01f940b73ea6e9cc3\" href=\"#01f940b73ea6e9cc3\"><span class=\"fusion-toggle-icon-wrapper\" aria-hidden=\"true\"><i class=\"fa-fusion-box active-icon awb-icon-minus\" aria-hidden=\"true\"><\/i><i class=\"fa-fusion-box inactive-icon awb-icon-plus\" aria-hidden=\"true\"><\/i><\/span><span class=\"fusion-toggle-heading\">Stolarija<\/span><\/a><\/h4><\/div><div id=\"01f940b73ea6e9cc3\" class=\"panel-collapse collapse \" aria-labelledby=\"toggle_01f940b73ea6e9cc3\"><div class=\"panel-body toggle-content fusion-clearfix\">\n<p>Ulazna vrata u stan su protuprovalna i protupo\u017earna s dodatnom zvu\u010dnom izolacijom. Unutarnja stolarija izvedena od punih, glatkih vrata s dovratnikom u bijeloj boji visine 210 cm.<\/p>\n<\/div><\/div><\/div><div class=\"fusion-panel panel-default panel-76718db00e8dd7275 fusion-toggle-has-divider\" style=\"--awb-title-color:var(--awb-color5);--awb-content-color:var(--awb-color6);\"><div class=\"panel-heading\"><h4 class=\"panel-title toggle\" id=\"toggle_76718db00e8dd7275\"><a aria-expanded=\"false\" aria-controls=\"76718db00e8dd7275\" role=\"button\" data-toggle=\"collapse\" data-parent=\"#accordion-175-1\" data-target=\"#76718db00e8dd7275\" href=\"#76718db00e8dd7275\"><span class=\"fusion-toggle-icon-wrapper\" aria-hidden=\"true\"><i class=\"fa-fusion-box active-icon awb-icon-minus\" aria-hidden=\"true\"><\/i><i class=\"fa-fusion-box inactive-icon awb-icon-plus\" aria-hidden=\"true\"><\/i><\/span><span class=\"fusion-toggle-heading\">Zidovi i stropovi<\/span><\/a><\/h4><\/div><div id=\"76718db00e8dd7275\" class=\"panel-collapse collapse \" aria-labelledby=\"toggle_76718db00e8dd7275\"><div class=\"panel-body toggle-content fusion-clearfix\">\n<p>Nosivi zidovi su armirano betonski zidovi debljine 20 cm, a dijelom su zidani Porotherm blok opekom debljine 20 cm. Pregradni zidovi su zidani Porotherm blok opekom debljine 11,5 cm. Unutarnje povr\u0161ine zidova i stropova su o\u017ebukane i oli\u010dene poludisperzivnom bijelom bojom.<\/p>\n<p>Kao zidne obloge kupaonice ugra\u0111ene su visokokvalitetne kerami\u010dke plo\u010dice I klase.<\/p>\n<\/div><\/div><\/div><div class=\"fusion-panel panel-default panel-bb4c05b7b5518360e fusion-toggle-has-divider\" style=\"--awb-title-color:var(--awb-color5);--awb-content-color:var(--awb-color6);\"><div class=\"panel-heading\"><h4 class=\"panel-title toggle\" id=\"toggle_bb4c05b7b5518360e\"><a aria-expanded=\"false\" aria-controls=\"bb4c05b7b5518360e\" role=\"button\" data-toggle=\"collapse\" data-parent=\"#accordion-175-1\" data-target=\"#bb4c05b7b5518360e\" href=\"#bb4c05b7b5518360e\"><span class=\"fusion-toggle-icon-wrapper\" aria-hidden=\"true\"><i class=\"fa-fusion-box active-icon awb-icon-minus\" aria-hidden=\"true\"><\/i><i class=\"fa-fusion-box inactive-icon awb-icon-plus\" aria-hidden=\"true\"><\/i><\/span><span class=\"fusion-toggle-heading\">Podovi<\/span><\/a><\/h4><\/div><div id=\"bb4c05b7b5518360e\" class=\"panel-collapse collapse \" aria-labelledby=\"toggle_bb4c05b7b5518360e\"><div class=\"panel-body toggle-content fusion-clearfix\">\n<p>Podovi spava\u0107ih soba su oblo\u017eeni hrastovim parketom I klase, zavr\u0161no lakiranim, modernog izgleda u natur boji, s letvicama u bijeloj boji. Podovi ostalih prostorija su oblo\u017eeni kerami\u010dkim plo\u010dicama, a loggie vanjskim protukliznim kerami\u010dkim plo\u010dicama sve I klase. Na povr\u0161inama s plo\u010dicama izveden je kerami\u010dki sokl.<\/p>\n<p>Zidovi gra\u0111evine s termi\u010dki obra\u0111enim pro\u010deljima, s o\u017ebukanim unutarnjim povr\u0161inama zidova i stropova, podovi s podnim slojevima toplinske i zvu\u010dne za\u0161tite, \u010dine ugra\u0111eni materijali koji pojedina\u010dno i u kompletu imaju sposobnost izdr\u017eati sva mehani\u010dka i druga predvi\u0111ena djelovanja pri normalnoj upotrebi.<\/p>\n<\/div><\/div><\/div><div class=\"fusion-panel panel-default panel-07179bfb09081881f fusion-toggle-has-divider\" style=\"--awb-title-color:var(--awb-color5);--awb-content-color:var(--awb-color6);\"><div class=\"panel-heading\"><h4 class=\"panel-title toggle\" id=\"toggle_07179bfb09081881f\"><a aria-expanded=\"false\" aria-controls=\"07179bfb09081881f\" role=\"button\" data-toggle=\"collapse\" data-parent=\"#accordion-175-1\" data-target=\"#07179bfb09081881f\" href=\"#07179bfb09081881f\"><span class=\"fusion-toggle-icon-wrapper\" aria-hidden=\"true\"><i class=\"fa-fusion-box active-icon awb-icon-minus\" aria-hidden=\"true\"><\/i><i class=\"fa-fusion-box inactive-icon awb-icon-plus\" aria-hidden=\"true\"><\/i><\/span><span class=\"fusion-toggle-heading\">Kupaonice i WC<\/span><\/a><\/h4><\/div><div id=\"07179bfb09081881f\" class=\"panel-collapse collapse \" aria-labelledby=\"toggle_07179bfb09081881f\"><div class=\"panel-body toggle-content fusion-clearfix\">\n<p>Sva sanitarna oprema je visoke kvalitete poznatih proizvo\u0111a\u010da. Opremu \u010dine: konzolni umivaonici s pripadaju\u0107im mije\u0161alicama, konzolna WC \u0161koljka s poklopcem i s nisko\u0161umnim ugradbenim vodokotli\u0107em, tu\u0161 \u2013 kada s tu\u0161 setom. Priklju\u010dak za perilicu rublja s odvodnjom.<\/p>\n<p>Zidovi su oblo\u017eeni kerami\u010dkim plo\u010dicama I klase od poda do pune visine prostorije.<\/p>\n<p>Bojleri PTV su smje\u0161teni u podrumu u zajedni\u010dkom prostoru.<\/p>\n<\/div><\/div><\/div><div class=\"fusion-panel panel-default panel-0199f2f2621e10644 fusion-toggle-has-divider\" style=\"--awb-title-color:var(--awb-color5);--awb-content-color:var(--awb-color6);\"><div class=\"panel-heading\"><h4 class=\"panel-title toggle\" id=\"toggle_0199f2f2621e10644\"><a aria-expanded=\"false\" aria-controls=\"0199f2f2621e10644\" role=\"button\" data-toggle=\"collapse\" data-parent=\"#accordion-175-1\" data-target=\"#0199f2f2621e10644\" href=\"#0199f2f2621e10644\"><span class=\"fusion-toggle-icon-wrapper\" aria-hidden=\"true\"><i class=\"fa-fusion-box active-icon awb-icon-minus\" aria-hidden=\"true\"><\/i><i class=\"fa-fusion-box inactive-icon awb-icon-plus\" aria-hidden=\"true\"><\/i><\/span><span class=\"fusion-toggle-heading\">Elektroinstalacije<\/span><\/a><\/h4><\/div><div id=\"0199f2f2621e10644\" class=\"panel-collapse collapse \" aria-labelledby=\"toggle_0199f2f2621e10644\"><div class=\"panel-body toggle-content fusion-clearfix\">\n<p>Elektrobrojila su smje\u0161tena u vanjskom ure\u0111enom terenu (uz zapadnu granicu). Elektro oprema je visoke kvalitete poznatih proizvo\u0111a\u010da.<\/p>\n<p>U stanovima su predvi\u0111ene telefonske i TV uti\u010dnice, stropna i zidna rasvjeta te termostat u dnevnom boravku i spava\u0107im sobama. Elektrooprema kuhinje sastoji se od izvoda za \u0161tednjak, uti\u010dnice za hladnjak, uti\u010dnice za perilicu, uti\u010dnice u pojasu iznad radne plohe, izvod za napu i uti\u010dnice na kuhinjskom otoku. Elektrooprema kupaonice sadr\u017ei priklju\u010dnicu za perilicu rublja, nadsvjetlo iznad umivaonika, uti\u010dnice na zidu te izvod za ventilator. Elektrooprema u hodniku su rasvjetna tijela, strujni razdjelnik stana, ormari\u0107 slabe struje, uti\u010dnica, centralno sklop struje cijelog stana.<\/p>\n<p>Osigurana je mogu\u0107nost spajanja na kabelsku TV preko instalacija zajedni\u010dkog antenskog satelita.<\/p>\n<p>Spremi\u0161ta, u kojima je izvedena stropna rasvjeta su povezana s brojilom pripadaju\u0107eg stana, a lift, hodnici i gara\u017ea vezani su na zasebno brojilo zajedni\u010dke potro\u0161nje.<\/p>\n<\/div><\/div><\/div><div class=\"fusion-panel panel-default panel-d4ed3c41591a75dc2 fusion-toggle-has-divider\" style=\"--awb-title-color:var(--awb-color5);--awb-content-color:var(--awb-color6);\"><div class=\"panel-heading\"><h4 class=\"panel-title toggle\" id=\"toggle_d4ed3c41591a75dc2\"><a aria-expanded=\"false\" aria-controls=\"d4ed3c41591a75dc2\" role=\"button\" data-toggle=\"collapse\" data-parent=\"#accordion-175-1\" data-target=\"#d4ed3c41591a75dc2\" href=\"#d4ed3c41591a75dc2\"><span class=\"fusion-toggle-icon-wrapper\" aria-hidden=\"true\"><i class=\"fa-fusion-box active-icon awb-icon-minus\" aria-hidden=\"true\"><\/i><i class=\"fa-fusion-box inactive-icon awb-icon-plus\" aria-hidden=\"true\"><\/i><\/span><span class=\"fusion-toggle-heading\">Instalacije vodovoda i odvodnje<\/span><\/a><\/h4><\/div><div id=\"d4ed3c41591a75dc2\" class=\"panel-collapse collapse \" aria-labelledby=\"toggle_d4ed3c41591a75dc2\"><div class=\"panel-body toggle-content fusion-clearfix\">\n<p>Opskrba vodom je priklju\u010dkom na javnu gradsku vodovodnu mre\u017eu. Na priklju\u010dnom cjevovodu je okno s ugra\u0111enim vodomjerima za svaki stan zasebno. Razvod vode se vr\u0161i PPR toplinski izoliranim cijevima.<\/p>\n<p>Odvodnja otpadnih voda je priklju\u010dkom na kanalizacijski sustav naselja. Za odvodnju su kori\u0161tene nisko\u0161umne cijevi.<\/p>\n<p>Priprema potro\u0161ne tople vode je preko bojlera \u2013 dizalica topline smje\u0161tenih u podrumskoj eta\u017ei, za svaki stan zasebno.<\/p>\n<p>Glavni ventil za vodu nalazi se na svakom od stubi\u0161ta.<\/p>\n<\/div><\/div><\/div><div class=\"fusion-panel panel-default panel-07b60433a73dfb7d6 fusion-toggle-has-divider\" style=\"--awb-title-color:var(--awb-color5);--awb-content-color:var(--awb-color6);\"><div class=\"panel-heading\"><h4 class=\"panel-title toggle\" id=\"toggle_07b60433a73dfb7d6\"><a aria-expanded=\"false\" aria-controls=\"07b60433a73dfb7d6\" role=\"button\" data-toggle=\"collapse\" data-parent=\"#accordion-175-1\" data-target=\"#07b60433a73dfb7d6\" href=\"#07b60433a73dfb7d6\"><span class=\"fusion-toggle-icon-wrapper\" aria-hidden=\"true\"><i class=\"fa-fusion-box active-icon awb-icon-minus\" aria-hidden=\"true\"><\/i><i class=\"fa-fusion-box inactive-icon awb-icon-plus\" aria-hidden=\"true\"><\/i><\/span><span class=\"fusion-toggle-heading\">Grijanje i hla\u0111enje<\/span><\/a><\/h4><\/div><div id=\"07b60433a73dfb7d6\" class=\"panel-collapse collapse \" aria-labelledby=\"toggle_07b60433a73dfb7d6\"><div class=\"panel-body toggle-content fusion-clearfix\">\n<p>Za sve stanove kori\u0161teni su ure\u0111aji proizvo\u0111a\u010da.<\/p>\n<p>Kao vanjska jedinica ugra\u0111en je inverter sustav multi split snage 9,3\/8,3 Kw.<\/p>\n<p>Stanovi su opremljeni kanalskim razvodom unutarnjih klima jedinica, u dnevnom boravku snage 4,0\/3,5 Kw, a u sobama jedinice snage 2,5\/2,0 Kw, s daljinskim i Wifi upravljanjem.<\/p>\n<p>U dnevnom dijelu stana i kupaonicama je izvedeno podno grijanje sustavom elektri\u010dne mre\u017eice, komplet s termostatom i senzorima za temperaturu.<\/p>\n<\/div><\/div><\/div><div class=\"fusion-panel panel-default panel-c2debd56ee7c80aca fusion-toggle-has-divider\" style=\"--awb-title-color:var(--awb-color5);--awb-content-color:var(--awb-color6);\"><div class=\"panel-heading\"><h4 class=\"panel-title toggle\" id=\"toggle_c2debd56ee7c80aca\"><a aria-expanded=\"false\" aria-controls=\"c2debd56ee7c80aca\" role=\"button\" data-toggle=\"collapse\" data-parent=\"#accordion-175-1\" data-target=\"#c2debd56ee7c80aca\" href=\"#c2debd56ee7c80aca\"><span class=\"fusion-toggle-icon-wrapper\" aria-hidden=\"true\"><i class=\"fa-fusion-box active-icon awb-icon-minus\" aria-hidden=\"true\"><\/i><i class=\"fa-fusion-box inactive-icon awb-icon-plus\" aria-hidden=\"true\"><\/i><\/span><span class=\"fusion-toggle-heading\">Ventilacija<\/span><\/a><\/h4><\/div><div id=\"c2debd56ee7c80aca\" class=\"panel-collapse collapse \" aria-labelledby=\"toggle_c2debd56ee7c80aca\"><div class=\"panel-body toggle-content fusion-clearfix\">\n<p>Umjetna ventilacija je osigurana be\u0161umnim ventilatorima u svim sanitarnim prostorijama, a ventilacija kuhinja osigurana je zasebnim cijevima za odvod napa.<\/p>\n<p>Unutar gara\u017ee osigurana je prirodna i mehani\u010dka ventilacija kao i ventilacija svakog spremi\u0161ta pojedina\u010dno.<\/p>\n<\/div><\/div><\/div><div class=\"fusion-panel panel-default panel-dca60da4fea83ccff fusion-toggle-has-divider\" style=\"--awb-title-color:var(--awb-color5);--awb-content-color:var(--awb-color6);\"><div class=\"panel-heading\"><h4 class=\"panel-title toggle\" id=\"toggle_dca60da4fea83ccff\"><a aria-expanded=\"false\" aria-controls=\"dca60da4fea83ccff\" role=\"button\" data-toggle=\"collapse\" data-parent=\"#accordion-175-1\" data-target=\"#dca60da4fea83ccff\" href=\"#dca60da4fea83ccff\"><span class=\"fusion-toggle-icon-wrapper\" aria-hidden=\"true\"><i class=\"fa-fusion-box active-icon awb-icon-minus\" aria-hidden=\"true\"><\/i><i class=\"fa-fusion-box inactive-icon awb-icon-plus\" aria-hidden=\"true\"><\/i><\/span><span class=\"fusion-toggle-heading\">Energetski razred<\/span><\/a><\/h4><\/div><div id=\"dca60da4fea83ccff\" class=\"panel-collapse collapse \" aria-labelledby=\"toggle_dca60da4fea83ccff\"><div class=\"panel-body toggle-content fusion-clearfix\">\n<p>Isho\u0111en je energetski certifikat razreda A+.<\/p>\n<\/div><\/div><\/div><div class=\"fusion-panel panel-default panel-ae84c7e4a9ed4b2a6 fusion-toggle-has-divider\" style=\"--awb-title-color:var(--awb-color5);--awb-content-color:var(--awb-color6);\"><div class=\"panel-heading\"><h4 class=\"panel-title toggle\" id=\"toggle_ae84c7e4a9ed4b2a6\"><a aria-expanded=\"false\" aria-controls=\"ae84c7e4a9ed4b2a6\" role=\"button\" data-toggle=\"collapse\" data-parent=\"#accordion-175-1\" data-target=\"#ae84c7e4a9ed4b2a6\" href=\"#ae84c7e4a9ed4b2a6\"><span class=\"fusion-toggle-icon-wrapper\" aria-hidden=\"true\"><i class=\"fa-fusion-box active-icon awb-icon-minus\" aria-hidden=\"true\"><\/i><i class=\"fa-fusion-box inactive-icon awb-icon-plus\" aria-hidden=\"true\"><\/i><\/span><span class=\"fusion-toggle-heading\">Uvjeti odr\u017eavanja gra\u0111evine<\/span><\/a><\/h4><\/div><div id=\"ae84c7e4a9ed4b2a6\" class=\"panel-collapse collapse \" aria-labelledby=\"toggle_ae84c7e4a9ed4b2a6\"><div class=\"panel-body toggle-content fusion-clearfix\">\n<p>Kupac \u0107e prilikom preuzimanja stana dobiti knji\u017eicu s uputama za kori\u0161tenje i odr\u017eavanje ugra\u0111ene opreme.<\/p>\n<\/div><\/div><\/div><div class=\"fusion-panel panel-default panel-c2b6726ecb57eb149 fusion-toggle-has-divider\" style=\"--awb-title-color:var(--awb-color5);--awb-content-color:var(--awb-color6);\"><div class=\"panel-heading\"><h4 class=\"panel-title toggle\" id=\"toggle_c2b6726ecb57eb149\"><a aria-expanded=\"false\" aria-controls=\"c2b6726ecb57eb149\" role=\"button\" data-toggle=\"collapse\" data-parent=\"#accordion-175-1\" data-target=\"#c2b6726ecb57eb149\" href=\"#c2b6726ecb57eb149\"><span class=\"fusion-toggle-icon-wrapper\" aria-hidden=\"true\"><i class=\"fa-fusion-box active-icon awb-icon-minus\" aria-hidden=\"true\"><\/i><i class=\"fa-fusion-box inactive-icon awb-icon-plus\" aria-hidden=\"true\"><\/i><\/span><span class=\"fusion-toggle-heading\">Ure\u0111enje okoli\u0161a<\/span><\/a><\/h4><\/div><div id=\"c2b6726ecb57eb149\" class=\"panel-collapse collapse \" aria-labelledby=\"toggle_c2b6726ecb57eb149\"><div class=\"panel-body toggle-content fusion-clearfix\">\n<p>Okoli\u0161 je ure\u0111en kolnim i pje\u0161a\u010dkim povr\u0161inama i hortikulturno ure\u0111enim vrtovima.<\/p>\n<\/div><\/div><\/div><div class=\"fusion-panel panel-default panel-4a6327c8b1fcaa088 fusion-toggle-has-divider\" style=\"--awb-title-color:var(--awb-color5);--awb-content-color:var(--awb-color6);\"><div class=\"panel-heading\"><h4 class=\"panel-title toggle\" id=\"toggle_4a6327c8b1fcaa088\"><a aria-expanded=\"false\" aria-controls=\"4a6327c8b1fcaa088\" role=\"button\" data-toggle=\"collapse\" data-parent=\"#accordion-175-1\" data-target=\"#4a6327c8b1fcaa088\" href=\"#4a6327c8b1fcaa088\"><span class=\"fusion-toggle-icon-wrapper\" aria-hidden=\"true\"><i class=\"fa-fusion-box active-icon awb-icon-minus\" aria-hidden=\"true\"><\/i><i class=\"fa-fusion-box inactive-icon awb-icon-plus\" aria-hidden=\"true\"><\/i><\/span><span class=\"fusion-toggle-heading\">Garancija<\/span><\/a><\/h4><\/div><div id=\"4a6327c8b1fcaa088\" class=\"panel-collapse collapse \" aria-labelledby=\"toggle_4a6327c8b1fcaa088\"><div class=\"panel-body toggle-content fusion-clearfix\">\n<p>Garantni rok za kvalitetu izvedbe gra\u0111evinskih i gra\u0111evinsko-obrtni\u010dkih radova odre\u0111en je u skladu sa zakonom i posebnim propisima i to 2 godine za obrtni\u010dke radove, a 10 godina za konstrukciju gra\u0111evine i krov.<\/p>\n<p>Uvjeti i rokovi garancije za ugra\u0111enu opremu vrijede prema specifikacijama proizvo\u0111a\u010da.<\/p>\n<\/div><\/div><\/div><\/div><\/div><div class=\"fusion-separator fusion-full-width-sep\" style=\"align-self: center;margin-left: auto;margin-right: auto;margin-bottom:40px;width:100%;\"><\/div><div style=\"text-align:center;\"><a class=\"fusion-button button-flat fusion-button-default-size button-custom fusion-button-default button-1 fusion-button-default-span fusion-button-default-type\" style=\"--button_accent_color:#ffffff;--button_accent_hover_color:#ffffff;--button_border_hover_color:hsla(var(--awb-color1-h),var(--awb-color1-s),var(--awb-color1-l),calc( var(--awb-color1-a) - 10% ));--button_gradient_top_color:#000000;--button_gradient_bottom_color:#000000;--button_gradient_top_color_hover:#001f63;--button_gradient_bottom_color_hover:#001f63;\" target=\"_self\" href=\"https:\/\/kastela-garden-residence.hr\/stan-s1\"><span class=\"fusion-button-text awb-button__text awb-button__text--default\">SAZNAJ VI\u0160E<\/span><\/a><\/div><\/div><\/div><\/div><\/div><div class=\"fusion-fullwidth fullwidth-box fusion-builder-row-2 fusion-flex-container has-pattern-background has-mask-background hundred-percent-fullwidth non-hundred-percent-height-scrolling\" style=\"--awb-border-radius-top-left:0px;--awb-border-radius-top-right:0px;--awb-border-radius-bottom-right:0px;--awb-border-radius-bottom-left:0px;--awb-padding-bottom:30px;--awb-flex-wrap:wrap;\" ><div class=\"fusion-builder-row fusion-row fusion-flex-align-items-flex-start fusion-flex-content-wrap\" style=\"width:104% !important;max-width:104% !important;margin-left: calc(-4% \/ 2 );margin-right: calc(-4% \/ 2 );\"><div class=\"fusion-layout-column fusion_builder_column fusion-builder-column-2 fusion_builder_column_1_2 1_2 fusion-flex-column\" style=\"--awb-bg-size:cover;--awb-width-large:50%;--awb-margin-top-large:0px;--awb-spacing-right-large:3.84%;--awb-margin-bottom-large:20px;--awb-spacing-left-large:3.84%;--awb-width-medium:100%;--awb-order-medium:0;--awb-spacing-right-medium:1.92%;--awb-spacing-left-medium:1.92%;--awb-width-small:100%;--awb-order-small:0;--awb-spacing-right-small:1.92%;--awb-spacing-left-small:1.92%;\"><div class=\"fusion-column-wrapper fusion-column-has-shadow fusion-flex-justify-content-flex-start fusion-content-layout-column\"><div class=\"fusion-title title fusion-title-2 fusion-sep-none fusion-title-center fusion-title-highlight fusion-animate-once fusion-highlight-underline fusion-title-size-one\" style=\"--awb-margin-top-small:0px;--awb-margin-right-small:0px;--awb-margin-bottom-small:20px;--awb-margin-left-small:0px;--awb-font-size:40px;\" data-highlight=\"underline\"><h1 class=\"fusion-title-heading title-heading-center fusion-responsive-typography-calculated\" style=\"margin:0;text-transform:capitalize;font-size:1em;--fontSize:40;line-height:var(--awb-typography1-line-height);\"><span class=\"fusion-highlighted-text-prefix\"><\/span> <span class=\"fusion-highlighted-text-wrapper\"><span class=\"fusion-highlighted-text\">Stan S2<\/span><svg xmlns=\"http:\/\/www.w3.org\/2000\/svg\" viewBox=\"0 0 500 150\" preserveAspectRatio=\"none\"><path d=\"M8.1,146.2c0,0,240.6-55.6,479-13.8\"><\/path><\/svg><\/span> <span class=\"fusion-highlighted-text-postfix\"><\/span><\/h1><\/div>\n<style>\n\t#hotspot-1650 .hotspots-image-container,\n\t#hotspot-1650 .leaflet-container {\n\t\tbackground: #efefef\t}\n\n\t#hotspot-1650 .hotspots-placeholder,\n\t.featherlight .featherlight-content.lightbox-1650 {\n\t\tbackground: #ffffff;\n\t\tborder: 0 #ffffff solid;\n\t\tcolor: #000000;\n\t}\n\n\t#hotspot-1650 .hotspot-title,\n\t#hotspot-1650 .bc-product__title a,\n\t.featherlight .featherlight-content.lightbox-1650 .hotspot-title,\n\t.featherlight .featherlight-content.lightbox-1650 .bc-product__title a {\n\t\tcolor: #000000;\n\t}\n\n\t\t\t#hotspot-1650 .hotspot-style-1 {\n\t\t\tstroke-width: 1;\n\t\t\tfill: #eded6a;\n\t\t\tfill-opacity: 0.81;\n\t\t\tstroke: #ffffff;\n\t\t\tstroke-opacity: 0.81;\n\t\t}\n\t\t#hotspot-1650 .hotspot-style-1:hover,\n\t\t#hotspot-1650 .hotspot-style-1:focus-visible,\n\t\t#hotspot-1650 .hotspot-style-1.hotspot-active {\n\t\t\tfill: #37a031;\n\t\t\tfill-opacity: 0.81;\n\t\t\toutline: none;\n\t\t\tstroke: #ffffff;\n\t\t\tstroke-opacity: 0.81;\n\t\t}\n\t\t\t#hotspot-1650 .hotspot-default {\n\t\t\tstroke-width: 1;\n\t\t\tfill: #ffffff;\n\t\t\tfill-opacity: 0.81;\n\t\t\tstroke: #ffffff;\n\t\t\tstroke-opacity: 0.81;\n\t\t}\n\t\t#hotspot-1650 .hotspot-default:hover,\n\t\t#hotspot-1650 .hotspot-default:focus-visible,\n\t\t#hotspot-1650 .hotspot-default.hotspot-active {\n\t\t\tfill: #ffffff;\n\t\t\tfill-opacity: 0.81;\n\t\t\toutline: none;\n\t\t\tstroke: #ffffff;\n\t\t\tstroke-opacity: 0.81;\n\t\t}\n\t\t#hotspot-1650 .leaflet-tooltip,\n\t#hotspot-1650 .leaflet-rrose-content-wrapper {\n\t\tbackground: #ffffff;\n\t\tborder-color: #ffffff;\n\t\tcolor: #000000;\n\t}\n\n\t#hotspot-1650 a.leaflet-rrose-close-button {\n\t\tcolor: #000000;\n\t}\n\n\t#hotspot-1650 .leaflet-rrose-tip {\n\t\tbackground: #ffffff;\n\t}\n\n\t#hotspot-1650 .leaflet-popup-scrolled {\n\t\tborder-bottom-color: #000000;\n\t\tborder-top-color: #000000;\n\t}\n\n\t#hotspot-1650 .leaflet-tooltip-top:before {\n\t\tborder-top-color: #ffffff;\n\t}\n\n\t#hotspot-1650 .leaflet-tooltip-bottom:before {\n\t\tborder-bottom-color: #ffffff;\n\t}\n\t#hotspot-1650 .leaflet-tooltip-left:before {\n\t\tborder-left-color: #ffffff;\n\t}\n\t#hotspot-1650 .leaflet-tooltip-right:before {\n\t\tborder-right-color: #ffffff;\n\t}\n<\/style>\n\n\n\t<div class=\"hotspots-container links-only layout-left event-click\" id=\"hotspot-1650\" data-layout=\"left\" data-trigger=\"click\">\n\t\t<div class=\"hotspots-interaction\">\n\t\t\t<div class=\"hotspots-image-container\">\n\t<img\n\t\twidth=\"1920\"\n\t\theight=\"1477\"\n\t\tsrc=\"https:\/\/kastela-garden-residence.hr\/wp-content\/uploads\/2025\/02\/Kastela-Garden-Residence_tlocrt_Mirta_Lavanda.jpg\"\n\t\talt=\"Stan S2\"\n\t\tclass=\"hotspots-image skip-lazy\"\n\t\tusemap=\"#hotspots-image-1650\"\n\t\tdata-image-title=\"Stan S2\"\n\t\tdata-image-description=\"\"\n\t\tdata-event-trigger=\"click\"\n\t\tdata-always-visible=\"on\"\n\t\tdata-id=\"1650\"\n\t\tdata-no-lazy=\"1\"\n\t\tdata-lazy-src=\"\"\n\t\tdata-lazy=\"false\"\n\t\tloading=\"eager\"\n\t\tdata-skip-lazy=\"1\"\n\t\t>\n<\/div>\t\t<\/div>\n\t\t<map name=\"hotspots-image-1650\" class=\"hotspots-map\">\n\t\t\t\t\t\t\t\t\t\t\t<area\n\t\t\t\t\tshape=\"polygon\"\n\t\t\t\t\tcoords=\"646,871,715,1120,673,1132,677,1149,641,1158,657,1185,679,1200,702,1210,731,1216,914,1217,853,994,824,1003,812,954,798,924,768,838\"\n\t\t\t\t\thref=\"https:\/\/kastela-garden-residence.hr\/wp-content\/uploads\/2026\/02\/z1-s2.jpg\"\n\t\t\t\t\trel=\"\"\n\t\t\t\t\ttitle=\"Stan S2\"\n\t\t\t\t\talt=\"Stan S2\"\n\t\t\t\t\tdata-action=\"url\"\n\t\t\t\t\tdata-color-scheme=\"style-1\"\n\t\t\t\t\tdata-id=\"area-hotspot-1650-0\"\n\t\t\t\t\ttarget=\"_new\"\n\t\t\t\t\tclass=\"url-area\"\n\t\t\t\t\t>\n\t\t\t\t\t<\/map>\n\n\t\t\n\t\t\t\t\t\t<\/div>\n\n<\/div><\/div><div class=\"fusion-layout-column fusion_builder_column fusion-builder-column-3 fusion_builder_column_1_2 1_2 fusion-flex-column\" style=\"--awb-bg-size:cover;--awb-width-large:50%;--awb-margin-top-large:0px;--awb-spacing-right-large:3.84%;--awb-margin-bottom-large:20px;--awb-spacing-left-large:3.84%;--awb-width-medium:100%;--awb-order-medium:0;--awb-spacing-right-medium:1.92%;--awb-spacing-left-medium:1.92%;--awb-width-small:100%;--awb-order-small:0;--awb-spacing-right-small:1.92%;--awb-spacing-left-small:1.92%;\"><div class=\"fusion-column-wrapper fusion-column-has-shadow fusion-flex-justify-content-flex-start fusion-content-layout-column\"><div class=\"accordian fusion-accordian\" style=\"--awb-border-size:1px;--awb-icon-size:16px;--awb-content-font-size:15px;--awb-icon-alignment:left;--awb-hover-color:var(--awb-color2);--awb-border-color:hsla(var(--awb-color7-h),var(--awb-color7-s),calc( var(--awb-color7-l) + 69% ),var(--awb-color7-a));--awb-background-color:var(--awb-color1);--awb-divider-color:var(--awb-color4);--awb-divider-hover-color:var(--awb-color4);--awb-icon-color:var(--awb-color1);--awb-title-color:var(--awb-color5);--awb-content-color:var(--awb-color6);--awb-icon-box-color:var(--awb-color8);--awb-toggle-hover-accent-color:var(--awb-color5);--awb-title-font-family:&quot;Raleway&quot;;--awb-title-font-weight:500;--awb-title-font-style:normal;--awb-content-font-family:&quot;Open Sans&quot;;--awb-content-font-style:normal;--awb-content-font-weight:400;\"><div class=\"panel-group fusion-toggle-icon-boxed\" id=\"accordion-175-2\"><div class=\"fusion-panel panel-default panel-619a48a19115c4f24 fusion-toggle-has-divider\" style=\"--awb-title-color:var(--awb-color5);--awb-content-color:var(--awb-color6);\"><div class=\"panel-heading\"><h4 class=\"panel-title toggle\" id=\"toggle_619a48a19115c4f24\"><a aria-expanded=\"false\" aria-controls=\"619a48a19115c4f24\" role=\"button\" data-toggle=\"collapse\" data-parent=\"#accordion-175-2\" data-target=\"#619a48a19115c4f24\" href=\"#619a48a19115c4f24\"><span class=\"fusion-toggle-icon-wrapper\" aria-hidden=\"true\"><i class=\"fa-fusion-box active-icon awb-icon-minus\" aria-hidden=\"true\"><\/i><i class=\"fa-fusion-box inactive-icon awb-icon-plus\" aria-hidden=\"true\"><\/i><\/span><span class=\"fusion-toggle-heading\">Lokacija<\/span><\/a><\/h4><\/div><div id=\"619a48a19115c4f24\" class=\"panel-collapse collapse \" aria-labelledby=\"toggle_619a48a19115c4f24\"><div class=\"panel-body toggle-content fusion-clearfix\">\n<p>Stambeni kompleks novoizgra\u0111enih i planiranih stambenih i stambeno-poslovnih zgrada smje\u0161ten je izme\u0111u Ul. Marina Studina i Ul. Ivana Pavla II. Navedene ulice su povezane novom dvosmjernom cestom koja omogu\u0107ava dobru povezanost kompleksa sa \u0161irom lokacijom. Uz samu ulicu je smje\u0161ten vanjski parking dok prostrani mediteranski vrtovi kao glavni motiv cijelog kompleksa omogu\u0107uju privatnost i mirno okru\u017eenje osobito stanovima u prizemlju.<\/p>\n<\/div><\/div><\/div><div class=\"fusion-panel panel-default panel-aca64f343a3c656a3 fusion-toggle-has-divider\" style=\"--awb-title-color:var(--awb-color5);--awb-content-color:var(--awb-color6);\"><div class=\"panel-heading\"><h4 class=\"panel-title toggle\" id=\"toggle_aca64f343a3c656a3\"><a aria-expanded=\"false\" aria-controls=\"aca64f343a3c656a3\" role=\"button\" data-toggle=\"collapse\" data-parent=\"#accordion-175-2\" data-target=\"#aca64f343a3c656a3\" href=\"#aca64f343a3c656a3\"><span class=\"fusion-toggle-icon-wrapper\" aria-hidden=\"true\"><i class=\"fa-fusion-box active-icon awb-icon-minus\" aria-hidden=\"true\"><\/i><i class=\"fa-fusion-box inactive-icon awb-icon-plus\" aria-hidden=\"true\"><\/i><\/span><span class=\"fusion-toggle-heading\">Katnost i sadr\u017eaj gra\u0111evine<\/span><\/a><\/h4><\/div><div id=\"aca64f343a3c656a3\" class=\"panel-collapse collapse \" aria-labelledby=\"toggle_aca64f343a3c656a3\"><div class=\"panel-body toggle-content fusion-clearfix\">\n<p>Kompleks \u010dine dvije vi\u0161estambene gra\u0111evine sa zajedni\u010dkim podrumom. Pristup u gara\u017eu je zajedni\u010dki dok je ulaz u gra\u0111evine zaseban iz podruma vertikalnim komunikacijama (stubi\u0161te i lift) odnosno preko ure\u0111enog terena za svaku gra\u0111evinu zasebno. Zajedni\u010dka podrumska eta\u017ea sadr\u017ei 28 parkirali\u0161nih mjesta i 14 spremi\u0161ta te druge servisne prostorije. Svaka gra\u0111evina ima po 7 stanova, po dva stana na eta\u017ei prizemlja, 1. i 2. kata i jedan stan na nadgra\u0111u. Prostrane terase stanova su tlocrtno smje\u0161tena na suprotne strane gra\u0111evine i omogu\u0107uju privatnost stanarima.<\/p>\n<\/div><\/div><\/div><div class=\"fusion-panel panel-default panel-974b1eedbf57b47c2 fusion-toggle-has-divider\" style=\"--awb-title-color:var(--awb-color5);--awb-content-color:var(--awb-color6);\"><div class=\"panel-heading\"><h4 class=\"panel-title toggle\" id=\"toggle_974b1eedbf57b47c2\"><a aria-expanded=\"false\" aria-controls=\"974b1eedbf57b47c2\" role=\"button\" data-toggle=\"collapse\" data-parent=\"#accordion-175-2\" data-target=\"#974b1eedbf57b47c2\" href=\"#974b1eedbf57b47c2\"><span class=\"fusion-toggle-icon-wrapper\" aria-hidden=\"true\"><i class=\"fa-fusion-box active-icon awb-icon-minus\" aria-hidden=\"true\"><\/i><i class=\"fa-fusion-box inactive-icon awb-icon-plus\" aria-hidden=\"true\"><\/i><\/span><span class=\"fusion-toggle-heading\">Konstrukcija<\/span><\/a><\/h4><\/div><div id=\"974b1eedbf57b47c2\" class=\"panel-collapse collapse \" aria-labelledby=\"toggle_974b1eedbf57b47c2\"><div class=\"panel-body toggle-content fusion-clearfix\">\n<p>Konstrukcija zgrade je armiranobetonska (sustav armiranobetonskih: nosivih zidova, nosivih horizontalnih i vertikalnih elemenata, monolitnih me\u0111ukatnih plo\u010da i ravnog krova). Armirano betonski zidovi su debljine 20 cm kao i me\u0111ukatne plo\u010de. Vanjski zidovi dijelom su zidani Porotherm blok opekom debljine 20 cm. Pregradni zidovi su tako\u0111er zidani Porotherm blok opekom debljine 11,5 cm. Okno dizala i stubi\u0161na jezgra su izvedeni od armiranobetonskih zidova debljine 20 cm, toplinski i zvu\u010dno izolirani prema stanovima. Svijetla visina u stanovima (visina od gotovog poda do stropa) iznosi 257 \u2013 272 cm.<\/p>\n<\/div><\/div><\/div><div class=\"fusion-panel panel-default panel-c50315900d4521a55 fusion-toggle-has-divider\" style=\"--awb-title-color:var(--awb-color5);--awb-content-color:var(--awb-color6);\"><div class=\"panel-heading\"><h4 class=\"panel-title toggle\" id=\"toggle_c50315900d4521a55\"><a aria-expanded=\"false\" aria-controls=\"c50315900d4521a55\" role=\"button\" data-toggle=\"collapse\" data-parent=\"#accordion-175-2\" data-target=\"#c50315900d4521a55\" href=\"#c50315900d4521a55\"><span class=\"fusion-toggle-icon-wrapper\" aria-hidden=\"true\"><i class=\"fa-fusion-box active-icon awb-icon-minus\" aria-hidden=\"true\"><\/i><i class=\"fa-fusion-box inactive-icon awb-icon-plus\" aria-hidden=\"true\"><\/i><\/span><span class=\"fusion-toggle-heading\">Fasada<\/span><\/a><\/h4><\/div><div id=\"c50315900d4521a55\" class=\"panel-collapse collapse \" aria-labelledby=\"toggle_c50315900d4521a55\"><div class=\"panel-body toggle-content fusion-clearfix\">\n<p>Fasada je izvedena kao ETICS sustav s 10 cm kamene vune sa zavr\u0161nim slojem od silikatne \u017ebuke.<\/p>\n<\/div><\/div><\/div><div class=\"fusion-panel panel-default panel-2041669da95991a44 fusion-toggle-has-divider\" style=\"--awb-title-color:var(--awb-color5);--awb-content-color:var(--awb-color6);\"><div class=\"panel-heading\"><h4 class=\"panel-title toggle\" id=\"toggle_2041669da95991a44\"><a aria-expanded=\"false\" aria-controls=\"2041669da95991a44\" role=\"button\" data-toggle=\"collapse\" data-parent=\"#accordion-175-2\" data-target=\"#2041669da95991a44\" href=\"#2041669da95991a44\"><span class=\"fusion-toggle-icon-wrapper\" aria-hidden=\"true\"><i class=\"fa-fusion-box active-icon awb-icon-minus\" aria-hidden=\"true\"><\/i><i class=\"fa-fusion-box inactive-icon awb-icon-plus\" aria-hidden=\"true\"><\/i><\/span><span class=\"fusion-toggle-heading\">Krov<\/span><\/a><\/h4><\/div><div id=\"2041669da95991a44\" class=\"panel-collapse collapse \" aria-labelledby=\"toggle_2041669da95991a44\"><div class=\"panel-body toggle-content fusion-clearfix\">\n<p>Krov je ravni neprohodni izveden od monolitne armiranobetonske plo\u010de u nagibu, minimalne debljine 20 cm, s parnom branom, toplinskom izolacijom (EPS) debljine 20 cm, zavr\u0161no prekriven hidroizolacijskom TPO folijom otpornom na UV zrake i za\u0161ti\u0107en oblutkom.<\/p>\n<\/div><\/div><\/div><div class=\"fusion-panel panel-default panel-b92c5e4021628a7aa fusion-toggle-has-divider\" style=\"--awb-title-color:var(--awb-color5);--awb-content-color:var(--awb-color6);\"><div class=\"panel-heading\"><h4 class=\"panel-title toggle\" id=\"toggle_b92c5e4021628a7aa\"><a aria-expanded=\"false\" aria-controls=\"b92c5e4021628a7aa\" role=\"button\" data-toggle=\"collapse\" data-parent=\"#accordion-175-2\" data-target=\"#b92c5e4021628a7aa\" href=\"#b92c5e4021628a7aa\"><span class=\"fusion-toggle-icon-wrapper\" aria-hidden=\"true\"><i class=\"fa-fusion-box active-icon awb-icon-minus\" aria-hidden=\"true\"><\/i><i class=\"fa-fusion-box inactive-icon awb-icon-plus\" aria-hidden=\"true\"><\/i><\/span><span class=\"fusion-toggle-heading\">Vanjska stolarija<\/span><\/a><\/h4><\/div><div id=\"b92c5e4021628a7aa\" class=\"panel-collapse collapse \" aria-labelledby=\"toggle_b92c5e4021628a7aa\"><div class=\"panel-body toggle-content fusion-clearfix\">\n<p>Stolarija je izvedena od kvalitetnih PVC profila s aluminijskom oblogom izvana (izvana u sivo srebrnoj boji, unutra u bijeloj) s trostrukoizoliraju\u0107im staklom. Svi vanjski zatvori imaju aluminijske rolete u sivoj boji i komarnike (klizne ili rolo). Otvori su otklopno \u2013 zaokretni, klizni i podizno \u2013 klizni, a sve rolete (osim u kupaonicama) imaju elektronsko upravljanje &#8211; pogon na elektromotor.<\/p>\n<\/div><\/div><\/div><div class=\"fusion-panel panel-default panel-bd7722e9e9b138a80 fusion-toggle-has-divider\" style=\"--awb-title-color:var(--awb-color5);--awb-content-color:var(--awb-color6);\"><div class=\"panel-heading\"><h4 class=\"panel-title toggle\" id=\"toggle_bd7722e9e9b138a80\"><a aria-expanded=\"false\" aria-controls=\"bd7722e9e9b138a80\" role=\"button\" data-toggle=\"collapse\" data-parent=\"#accordion-175-2\" data-target=\"#bd7722e9e9b138a80\" href=\"#bd7722e9e9b138a80\"><span class=\"fusion-toggle-icon-wrapper\" aria-hidden=\"true\"><i class=\"fa-fusion-box active-icon awb-icon-minus\" aria-hidden=\"true\"><\/i><i class=\"fa-fusion-box inactive-icon awb-icon-plus\" aria-hidden=\"true\"><\/i><\/span><span class=\"fusion-toggle-heading\">Zajedni\u010dki prostori i spremi\u0161ta<\/span><\/a><\/h4><\/div><div id=\"bd7722e9e9b138a80\" class=\"panel-collapse collapse \" aria-labelledby=\"toggle_bd7722e9e9b138a80\"><div class=\"panel-body toggle-content fusion-clearfix\">\n<p>Ulazni prostor, stubi\u0161ta i hodnici su poplo\u010dani kamenim plo\u010dama debljine 3 cm. Ograde i rukohvati u stubi\u0161tima izvedeni su kao bravarska ograda visine do 110 cm. Dizala su be\u0161umna kroz sve eta\u017ee. U natkrivenom ulazu su smje\u0161teni po\u0161tanski sandu\u010di\u0107i, paneli za obavijest te parlafon s video kontrolom.<\/p>\n<p>Podovi u podrumskim spremi\u0161tima zavr\u0161no su premazani epoksidnim premazom.<\/p>\n<\/div><\/div><\/div><div class=\"fusion-panel panel-default panel-8d5520cf344648a59 fusion-toggle-has-divider\" style=\"--awb-title-color:var(--awb-color5);--awb-content-color:var(--awb-color6);\"><div class=\"panel-heading\"><h4 class=\"panel-title toggle\" id=\"toggle_8d5520cf344648a59\"><a aria-expanded=\"false\" aria-controls=\"8d5520cf344648a59\" role=\"button\" data-toggle=\"collapse\" data-parent=\"#accordion-175-2\" data-target=\"#8d5520cf344648a59\" href=\"#8d5520cf344648a59\"><span class=\"fusion-toggle-icon-wrapper\" aria-hidden=\"true\"><i class=\"fa-fusion-box active-icon awb-icon-minus\" aria-hidden=\"true\"><\/i><i class=\"fa-fusion-box inactive-icon awb-icon-plus\" aria-hidden=\"true\"><\/i><\/span><span class=\"fusion-toggle-heading\">Gara\u017ee i parkirna mjesta<\/span><\/a><\/h4><\/div><div id=\"8d5520cf344648a59\" class=\"panel-collapse collapse \" aria-labelledby=\"toggle_8d5520cf344648a59\"><div class=\"panel-body toggle-content fusion-clearfix\">\n<p>Gara\u017ee su smje\u0161tene u podrumskoj eta\u017ei, sa zajedni\u010dkom ulaznom rampom s rolo vratima na daljinsko upravljanje. Kolna komunikacija je zajedni\u010dka i kru\u017ena, a parkirna mjesta su otvorena. Svaki stan u gara\u017ei ima osigurana dva parkirna mjesta te pripadaju\u0107e spremi\u0161te. Gara\u017ea ima prirodnu i mehani\u010dku ventilaciju.<\/p>\n<\/div><\/div><\/div><div class=\"fusion-panel panel-default panel-8916bd025579089fa fusion-toggle-has-divider\" style=\"--awb-title-color:var(--awb-color5);--awb-content-color:var(--awb-color6);\"><div class=\"panel-heading\"><h4 class=\"panel-title toggle\" id=\"toggle_8916bd025579089fa\"><a aria-expanded=\"false\" aria-controls=\"8916bd025579089fa\" role=\"button\" data-toggle=\"collapse\" data-parent=\"#accordion-175-2\" data-target=\"#8916bd025579089fa\" href=\"#8916bd025579089fa\"><span class=\"fusion-toggle-icon-wrapper\" aria-hidden=\"true\"><i class=\"fa-fusion-box active-icon awb-icon-minus\" aria-hidden=\"true\"><\/i><i class=\"fa-fusion-box inactive-icon awb-icon-plus\" aria-hidden=\"true\"><\/i><\/span><span class=\"fusion-toggle-heading\">Stolarija<\/span><\/a><\/h4><\/div><div id=\"8916bd025579089fa\" class=\"panel-collapse collapse \" aria-labelledby=\"toggle_8916bd025579089fa\"><div class=\"panel-body toggle-content fusion-clearfix\">\n<p>Ulazna vrata u stan su protuprovalna i protupo\u017earna s dodatnom zvu\u010dnom izolacijom. Unutarnja stolarija izvedena od punih, glatkih vrata s dovratnikom u bijeloj boji visine 210 cm.<\/p>\n<\/div><\/div><\/div><div class=\"fusion-panel panel-default panel-5fb7d14a42bcba6bc fusion-toggle-has-divider\" style=\"--awb-title-color:var(--awb-color5);--awb-content-color:var(--awb-color6);\"><div class=\"panel-heading\"><h4 class=\"panel-title toggle\" id=\"toggle_5fb7d14a42bcba6bc\"><a aria-expanded=\"false\" aria-controls=\"5fb7d14a42bcba6bc\" role=\"button\" data-toggle=\"collapse\" data-parent=\"#accordion-175-2\" data-target=\"#5fb7d14a42bcba6bc\" href=\"#5fb7d14a42bcba6bc\"><span class=\"fusion-toggle-icon-wrapper\" aria-hidden=\"true\"><i class=\"fa-fusion-box active-icon awb-icon-minus\" aria-hidden=\"true\"><\/i><i class=\"fa-fusion-box inactive-icon awb-icon-plus\" aria-hidden=\"true\"><\/i><\/span><span class=\"fusion-toggle-heading\">Zidovi i stropovi<\/span><\/a><\/h4><\/div><div id=\"5fb7d14a42bcba6bc\" class=\"panel-collapse collapse \" aria-labelledby=\"toggle_5fb7d14a42bcba6bc\"><div class=\"panel-body toggle-content fusion-clearfix\">\n<p>Nosivi zidovi su armirano betonski zidovi debljine 20 cm, a dijelom su zidani Porotherm blok opekom debljine 20 cm. Pregradni zidovi su zidani Porotherm blok opekom debljine 11,5 cm. Unutarnje povr\u0161ine zidova i stropova su o\u017ebukane i oli\u010dene poludisperzivnom bijelom bojom.<\/p>\n<p>Kao zidne obloge kupaonice ugra\u0111ene su visokokvalitetne kerami\u010dke plo\u010dice I klase.<\/p>\n<\/div><\/div><\/div><div class=\"fusion-panel panel-default panel-ae76b9456aacffcd0 fusion-toggle-has-divider\" style=\"--awb-title-color:var(--awb-color5);--awb-content-color:var(--awb-color6);\"><div class=\"panel-heading\"><h4 class=\"panel-title toggle\" id=\"toggle_ae76b9456aacffcd0\"><a aria-expanded=\"false\" aria-controls=\"ae76b9456aacffcd0\" role=\"button\" data-toggle=\"collapse\" data-parent=\"#accordion-175-2\" data-target=\"#ae76b9456aacffcd0\" href=\"#ae76b9456aacffcd0\"><span class=\"fusion-toggle-icon-wrapper\" aria-hidden=\"true\"><i class=\"fa-fusion-box active-icon awb-icon-minus\" aria-hidden=\"true\"><\/i><i class=\"fa-fusion-box inactive-icon awb-icon-plus\" aria-hidden=\"true\"><\/i><\/span><span class=\"fusion-toggle-heading\">Podovi<\/span><\/a><\/h4><\/div><div id=\"ae76b9456aacffcd0\" class=\"panel-collapse collapse \" aria-labelledby=\"toggle_ae76b9456aacffcd0\"><div class=\"panel-body toggle-content fusion-clearfix\">\n<p>Podovi spava\u0107ih soba su oblo\u017eeni hrastovim parketom I klase, zavr\u0161no lakiranim, modernog izgleda u natur boji, s letvicama u bijeloj boji. Podovi ostalih prostorija su oblo\u017eeni kerami\u010dkim plo\u010dicama, a loggie vanjskim protukliznim kerami\u010dkim plo\u010dicama sve I klase. Na povr\u0161inama s plo\u010dicama izveden je kerami\u010dki sokl.<\/p>\n<p>Zidovi gra\u0111evine s termi\u010dki obra\u0111enim pro\u010deljima, s o\u017ebukanim unutarnjim povr\u0161inama zidova i stropova, podovi s podnim slojevima toplinske i zvu\u010dne za\u0161tite, \u010dine ugra\u0111eni materijali koji pojedina\u010dno i u kompletu imaju sposobnost izdr\u017eati sva mehani\u010dka i druga predvi\u0111ena djelovanja pri normalnoj upotrebi.<\/p>\n<\/div><\/div><\/div><div class=\"fusion-panel panel-default panel-00ad558d8f569ac82 fusion-toggle-has-divider\" style=\"--awb-title-color:var(--awb-color5);--awb-content-color:var(--awb-color6);\"><div class=\"panel-heading\"><h4 class=\"panel-title toggle\" id=\"toggle_00ad558d8f569ac82\"><a aria-expanded=\"false\" aria-controls=\"00ad558d8f569ac82\" role=\"button\" data-toggle=\"collapse\" data-parent=\"#accordion-175-2\" data-target=\"#00ad558d8f569ac82\" href=\"#00ad558d8f569ac82\"><span class=\"fusion-toggle-icon-wrapper\" aria-hidden=\"true\"><i class=\"fa-fusion-box active-icon awb-icon-minus\" aria-hidden=\"true\"><\/i><i class=\"fa-fusion-box inactive-icon awb-icon-plus\" aria-hidden=\"true\"><\/i><\/span><span class=\"fusion-toggle-heading\">Kupaonice i WC<\/span><\/a><\/h4><\/div><div id=\"00ad558d8f569ac82\" class=\"panel-collapse collapse \" aria-labelledby=\"toggle_00ad558d8f569ac82\"><div class=\"panel-body toggle-content fusion-clearfix\">\n<p>Sva sanitarna oprema je visoke kvalitete poznatih proizvo\u0111a\u010da. Opremu \u010dine: konzolni umivaonici s pripadaju\u0107im mije\u0161alicama, konzolna WC \u0161koljka s poklopcem i s nisko\u0161umnim ugradbenim vodokotli\u0107em, tu\u0161 \u2013 kada s tu\u0161 setom. Priklju\u010dak za perilicu rublja s odvodnjom.<\/p>\n<p>Zidovi su oblo\u017eeni kerami\u010dkim plo\u010dicama I klase od poda do pune visine prostorije.<\/p>\n<p>Bojleri PTV su smje\u0161teni u podrumu u zajedni\u010dkom prostoru.<\/p>\n<\/div><\/div><\/div><div class=\"fusion-panel panel-default panel-7058ea205629dd839 fusion-toggle-has-divider\" style=\"--awb-title-color:var(--awb-color5);--awb-content-color:var(--awb-color6);\"><div class=\"panel-heading\"><h4 class=\"panel-title toggle\" id=\"toggle_7058ea205629dd839\"><a aria-expanded=\"false\" aria-controls=\"7058ea205629dd839\" role=\"button\" data-toggle=\"collapse\" data-parent=\"#accordion-175-2\" data-target=\"#7058ea205629dd839\" href=\"#7058ea205629dd839\"><span class=\"fusion-toggle-icon-wrapper\" aria-hidden=\"true\"><i class=\"fa-fusion-box active-icon awb-icon-minus\" aria-hidden=\"true\"><\/i><i class=\"fa-fusion-box inactive-icon awb-icon-plus\" aria-hidden=\"true\"><\/i><\/span><span class=\"fusion-toggle-heading\">Elektroinstalacije<\/span><\/a><\/h4><\/div><div id=\"7058ea205629dd839\" class=\"panel-collapse collapse \" aria-labelledby=\"toggle_7058ea205629dd839\"><div class=\"panel-body toggle-content fusion-clearfix\">\n<p>Elektrobrojila su smje\u0161tena u vanjskom ure\u0111enom terenu (uz zapadnu granicu). Elektro oprema je visoke kvalitete poznatih proizvo\u0111a\u010da.<\/p>\n<p>U stanovima su predvi\u0111ene telefonske i TV uti\u010dnice, stropna i zidna rasvjeta te termostat u dnevnom boravku i spava\u0107im sobama. Elektrooprema kuhinje sastoji se od izvoda za \u0161tednjak, uti\u010dnice za hladnjak, uti\u010dnice za perilicu, uti\u010dnice u pojasu iznad radne plohe, izvod za napu i uti\u010dnice na kuhinjskom otoku. Elektrooprema kupaonice sadr\u017ei priklju\u010dnicu za perilicu rublja, nadsvjetlo iznad umivaonika, uti\u010dnice na zidu te izvod za ventilator. Elektrooprema u hodniku su rasvjetna tijela, strujni razdjelnik stana, ormari\u0107 slabe struje, uti\u010dnica, centralno sklop struje cijelog stana.<\/p>\n<p>Osigurana je mogu\u0107nost spajanja na kabelsku TV preko instalacija zajedni\u010dkog antenskog satelita.<\/p>\n<p>Spremi\u0161ta, u kojima je izvedena stropna rasvjeta su povezana s brojilom pripadaju\u0107eg stana, a lift, hodnici i gara\u017ea vezani su na zasebno brojilo zajedni\u010dke potro\u0161nje.<\/p>\n<\/div><\/div><\/div><div class=\"fusion-panel panel-default panel-760398026fa881018 fusion-toggle-has-divider\" style=\"--awb-title-color:var(--awb-color5);--awb-content-color:var(--awb-color6);\"><div class=\"panel-heading\"><h4 class=\"panel-title toggle\" id=\"toggle_760398026fa881018\"><a aria-expanded=\"false\" aria-controls=\"760398026fa881018\" role=\"button\" data-toggle=\"collapse\" data-parent=\"#accordion-175-2\" data-target=\"#760398026fa881018\" href=\"#760398026fa881018\"><span class=\"fusion-toggle-icon-wrapper\" aria-hidden=\"true\"><i class=\"fa-fusion-box active-icon awb-icon-minus\" aria-hidden=\"true\"><\/i><i class=\"fa-fusion-box inactive-icon awb-icon-plus\" aria-hidden=\"true\"><\/i><\/span><span class=\"fusion-toggle-heading\">Instalacije vodovoda i odvodnje<\/span><\/a><\/h4><\/div><div id=\"760398026fa881018\" class=\"panel-collapse collapse \" aria-labelledby=\"toggle_760398026fa881018\"><div class=\"panel-body toggle-content fusion-clearfix\">\n<p>Opskrba vodom je priklju\u010dkom na javnu gradsku vodovodnu mre\u017eu. Na priklju\u010dnom cjevovodu je okno s ugra\u0111enim vodomjerima za svaki stan zasebno. Razvod vode se vr\u0161i PPR toplinski izoliranim cijevima.<\/p>\n<p>Odvodnja otpadnih voda je priklju\u010dkom na kanalizacijski sustav naselja. Za odvodnju su kori\u0161tene nisko\u0161umne cijevi.<\/p>\n<p>Priprema potro\u0161ne tople vode je preko bojlera \u2013 dizalica topline smje\u0161tenih u podrumskoj eta\u017ei, za svaki stan zasebno.<\/p>\n<p>Glavni ventil za vodu nalazi se na svakom od stubi\u0161ta.<\/p>\n<\/div><\/div><\/div><div class=\"fusion-panel panel-default panel-ac9f1544b07845bdd fusion-toggle-has-divider\" style=\"--awb-title-color:var(--awb-color5);--awb-content-color:var(--awb-color6);\"><div class=\"panel-heading\"><h4 class=\"panel-title toggle\" id=\"toggle_ac9f1544b07845bdd\"><a aria-expanded=\"false\" aria-controls=\"ac9f1544b07845bdd\" role=\"button\" data-toggle=\"collapse\" data-parent=\"#accordion-175-2\" data-target=\"#ac9f1544b07845bdd\" href=\"#ac9f1544b07845bdd\"><span class=\"fusion-toggle-icon-wrapper\" aria-hidden=\"true\"><i class=\"fa-fusion-box active-icon awb-icon-minus\" aria-hidden=\"true\"><\/i><i class=\"fa-fusion-box inactive-icon awb-icon-plus\" aria-hidden=\"true\"><\/i><\/span><span class=\"fusion-toggle-heading\">Grijanje i hla\u0111enje<\/span><\/a><\/h4><\/div><div id=\"ac9f1544b07845bdd\" class=\"panel-collapse collapse \" aria-labelledby=\"toggle_ac9f1544b07845bdd\"><div class=\"panel-body toggle-content fusion-clearfix\">\n<p>Za sve stanove kori\u0161teni su ure\u0111aji proizvo\u0111a\u010da.<\/p>\n<p>Kao vanjska jedinica ugra\u0111en je inverter sustav multi split snage 9,3\/8,3 Kw.<\/p>\n<p>Stanovi su opremljeni kanalskim razvodom unutarnjih klima jedinica, u dnevnom boravku snage 4,0\/3,5 Kw, a u sobama jedinice snage 2,5\/2,0 Kw, s daljinskim i Wifi upravljanjem.<\/p>\n<p>U dnevnom dijelu stana i kupaonicama je izvedeno podno grijanje sustavom elektri\u010dne mre\u017eice, komplet s termostatom i senzorima za temperaturu.<\/p>\n<\/div><\/div><\/div><div class=\"fusion-panel panel-default panel-cc179ce688537cb2e fusion-toggle-has-divider\" style=\"--awb-title-color:var(--awb-color5);--awb-content-color:var(--awb-color6);\"><div class=\"panel-heading\"><h4 class=\"panel-title toggle\" id=\"toggle_cc179ce688537cb2e\"><a aria-expanded=\"false\" aria-controls=\"cc179ce688537cb2e\" role=\"button\" data-toggle=\"collapse\" data-parent=\"#accordion-175-2\" data-target=\"#cc179ce688537cb2e\" href=\"#cc179ce688537cb2e\"><span class=\"fusion-toggle-icon-wrapper\" aria-hidden=\"true\"><i class=\"fa-fusion-box active-icon awb-icon-minus\" aria-hidden=\"true\"><\/i><i class=\"fa-fusion-box inactive-icon awb-icon-plus\" aria-hidden=\"true\"><\/i><\/span><span class=\"fusion-toggle-heading\">Ventilacija<\/span><\/a><\/h4><\/div><div id=\"cc179ce688537cb2e\" class=\"panel-collapse collapse \" aria-labelledby=\"toggle_cc179ce688537cb2e\"><div class=\"panel-body toggle-content fusion-clearfix\">\n<p>Umjetna ventilacija je osigurana be\u0161umnim ventilatorima u svim sanitarnim prostorijama, a ventilacija kuhinja osigurana je zasebnim cijevima za odvod napa.<\/p>\n<p>Unutar gara\u017ee osigurana je prirodna i mehani\u010dka ventilacija kao i ventilacija svakog spremi\u0161ta pojedina\u010dno.<\/p>\n<\/div><\/div><\/div><div class=\"fusion-panel panel-default panel-cf14841ff9d098b48 fusion-toggle-has-divider\" style=\"--awb-title-color:var(--awb-color5);--awb-content-color:var(--awb-color6);\"><div class=\"panel-heading\"><h4 class=\"panel-title toggle\" id=\"toggle_cf14841ff9d098b48\"><a aria-expanded=\"false\" aria-controls=\"cf14841ff9d098b48\" role=\"button\" data-toggle=\"collapse\" data-parent=\"#accordion-175-2\" data-target=\"#cf14841ff9d098b48\" href=\"#cf14841ff9d098b48\"><span class=\"fusion-toggle-icon-wrapper\" aria-hidden=\"true\"><i class=\"fa-fusion-box active-icon awb-icon-minus\" aria-hidden=\"true\"><\/i><i class=\"fa-fusion-box inactive-icon awb-icon-plus\" aria-hidden=\"true\"><\/i><\/span><span class=\"fusion-toggle-heading\">Energetski razred<\/span><\/a><\/h4><\/div><div id=\"cf14841ff9d098b48\" class=\"panel-collapse collapse \" aria-labelledby=\"toggle_cf14841ff9d098b48\"><div class=\"panel-body toggle-content fusion-clearfix\">\n<p>Isho\u0111en je energetski certifikat razreda A+.<\/p>\n<\/div><\/div><\/div><div class=\"fusion-panel panel-default panel-c3bfff0d3758b3bba fusion-toggle-has-divider\" style=\"--awb-title-color:var(--awb-color5);--awb-content-color:var(--awb-color6);\"><div class=\"panel-heading\"><h4 class=\"panel-title toggle\" id=\"toggle_c3bfff0d3758b3bba\"><a aria-expanded=\"false\" aria-controls=\"c3bfff0d3758b3bba\" role=\"button\" data-toggle=\"collapse\" data-parent=\"#accordion-175-2\" data-target=\"#c3bfff0d3758b3bba\" href=\"#c3bfff0d3758b3bba\"><span class=\"fusion-toggle-icon-wrapper\" aria-hidden=\"true\"><i class=\"fa-fusion-box active-icon awb-icon-minus\" aria-hidden=\"true\"><\/i><i class=\"fa-fusion-box inactive-icon awb-icon-plus\" aria-hidden=\"true\"><\/i><\/span><span class=\"fusion-toggle-heading\">Uvjeti odr\u017eavanja gra\u0111evine<\/span><\/a><\/h4><\/div><div id=\"c3bfff0d3758b3bba\" class=\"panel-collapse collapse \" aria-labelledby=\"toggle_c3bfff0d3758b3bba\"><div class=\"panel-body toggle-content fusion-clearfix\">\n<p>Kupac \u0107e prilikom preuzimanja stana dobiti knji\u017eicu s uputama za kori\u0161tenje i odr\u017eavanje ugra\u0111ene opreme.<\/p>\n<\/div><\/div><\/div><div class=\"fusion-panel panel-default panel-f3e77a22bf9d8089d fusion-toggle-has-divider\" style=\"--awb-title-color:var(--awb-color5);--awb-content-color:var(--awb-color6);\"><div class=\"panel-heading\"><h4 class=\"panel-title toggle\" id=\"toggle_f3e77a22bf9d8089d\"><a aria-expanded=\"false\" aria-controls=\"f3e77a22bf9d8089d\" role=\"button\" data-toggle=\"collapse\" data-parent=\"#accordion-175-2\" data-target=\"#f3e77a22bf9d8089d\" href=\"#f3e77a22bf9d8089d\"><span class=\"fusion-toggle-icon-wrapper\" aria-hidden=\"true\"><i class=\"fa-fusion-box active-icon awb-icon-minus\" aria-hidden=\"true\"><\/i><i class=\"fa-fusion-box inactive-icon awb-icon-plus\" aria-hidden=\"true\"><\/i><\/span><span class=\"fusion-toggle-heading\">Ure\u0111enje okoli\u0161a<\/span><\/a><\/h4><\/div><div id=\"f3e77a22bf9d8089d\" class=\"panel-collapse collapse \" aria-labelledby=\"toggle_f3e77a22bf9d8089d\"><div class=\"panel-body toggle-content fusion-clearfix\">\n<p>Okoli\u0161 je ure\u0111en kolnim i pje\u0161a\u010dkim povr\u0161inama i hortikulturno ure\u0111enim vrtovima.<\/p>\n<\/div><\/div><\/div><div class=\"fusion-panel panel-default panel-00033f91c5887f86a fusion-toggle-has-divider\" style=\"--awb-title-color:var(--awb-color5);--awb-content-color:var(--awb-color6);\"><div class=\"panel-heading\"><h4 class=\"panel-title toggle\" id=\"toggle_00033f91c5887f86a\"><a aria-expanded=\"false\" aria-controls=\"00033f91c5887f86a\" role=\"button\" data-toggle=\"collapse\" data-parent=\"#accordion-175-2\" data-target=\"#00033f91c5887f86a\" href=\"#00033f91c5887f86a\"><span class=\"fusion-toggle-icon-wrapper\" aria-hidden=\"true\"><i class=\"fa-fusion-box active-icon awb-icon-minus\" aria-hidden=\"true\"><\/i><i class=\"fa-fusion-box inactive-icon awb-icon-plus\" aria-hidden=\"true\"><\/i><\/span><span class=\"fusion-toggle-heading\">Garancija<\/span><\/a><\/h4><\/div><div id=\"00033f91c5887f86a\" class=\"panel-collapse collapse \" aria-labelledby=\"toggle_00033f91c5887f86a\"><div class=\"panel-body toggle-content fusion-clearfix\">\n<p>Garantni rok za kvalitetu izvedbe gra\u0111evinskih i gra\u0111evinsko-obrtni\u010dkih radova odre\u0111en je u skladu sa zakonom i posebnim propisima i to 2 godine za obrtni\u010dke radove, a 10 godina za konstrukciju gra\u0111evine i krov.<\/p>\n<p>Uvjeti i rokovi garancije za ugra\u0111enu opremu vrijede prema specifikacijama proizvo\u0111a\u010da.<\/p>\n<\/div><\/div><\/div><\/div><\/div><div class=\"fusion-separator fusion-full-width-sep\" style=\"align-self: center;margin-left: auto;margin-right: auto;margin-bottom:40px;width:100%;\"><\/div><div style=\"text-align:center;\"><a class=\"fusion-button button-flat fusion-button-default-size button-custom fusion-button-default button-2 fusion-button-default-span fusion-button-default-type\" style=\"--button_accent_color:#ffffff;--button_accent_hover_color:#ffffff;--button_border_hover_color:hsla(var(--awb-color1-h),var(--awb-color1-s),var(--awb-color1-l),calc( var(--awb-color1-a) - 10% ));--button_gradient_top_color:#000000;--button_gradient_bottom_color:#000000;--button_gradient_top_color_hover:#001f63;--button_gradient_bottom_color_hover:#001f63;\" target=\"_self\" href=\"https:\/\/kastela-garden-residence.hr\/stan-s2\"><span class=\"fusion-button-text awb-button__text awb-button__text--default\">SAZNAJ VI\u0160E<\/span><\/a><\/div><\/div><\/div><\/div><\/div><div class=\"fusion-fullwidth fullwidth-box fusion-builder-row-3 fusion-flex-container has-pattern-background has-mask-background hundred-percent-fullwidth non-hundred-percent-height-scrolling\" style=\"--awb-border-radius-top-left:0px;--awb-border-radius-top-right:0px;--awb-border-radius-bottom-right:0px;--awb-border-radius-bottom-left:0px;--awb-padding-bottom:30px;--awb-flex-wrap:wrap;\" ><div class=\"fusion-builder-row fusion-row fusion-flex-align-items-flex-start fusion-flex-content-wrap\" style=\"width:104% !important;max-width:104% !important;margin-left: calc(-4% \/ 2 );margin-right: calc(-4% \/ 2 );\"><div class=\"fusion-layout-column fusion_builder_column fusion-builder-column-4 fusion_builder_column_1_2 1_2 fusion-flex-column\" style=\"--awb-bg-size:cover;--awb-width-large:50%;--awb-margin-top-large:0px;--awb-spacing-right-large:3.84%;--awb-margin-bottom-large:20px;--awb-spacing-left-large:3.84%;--awb-width-medium:100%;--awb-order-medium:0;--awb-spacing-right-medium:1.92%;--awb-spacing-left-medium:1.92%;--awb-width-small:100%;--awb-order-small:0;--awb-spacing-right-small:1.92%;--awb-spacing-left-small:1.92%;\"><div class=\"fusion-column-wrapper fusion-column-has-shadow fusion-flex-justify-content-flex-start fusion-content-layout-column\"><div class=\"fusion-title title fusion-title-3 fusion-sep-none fusion-title-center fusion-title-highlight fusion-animate-once fusion-highlight-underline fusion-title-size-one\" style=\"--awb-margin-top-small:0px;--awb-margin-right-small:0px;--awb-margin-bottom-small:20px;--awb-margin-left-small:0px;--awb-font-size:40px;\" data-highlight=\"underline\"><h1 class=\"fusion-title-heading title-heading-center fusion-responsive-typography-calculated\" style=\"margin:0;text-transform:capitalize;font-size:1em;--fontSize:40;line-height:var(--awb-typography1-line-height);\"><span class=\"fusion-highlighted-text-prefix\"><\/span> <span class=\"fusion-highlighted-text-wrapper\"><span class=\"fusion-highlighted-text\">Stan S3<\/span><svg xmlns=\"http:\/\/www.w3.org\/2000\/svg\" viewBox=\"0 0 500 150\" preserveAspectRatio=\"none\"><path d=\"M8.1,146.2c0,0,240.6-55.6,479-13.8\"><\/path><\/svg><\/span> <span class=\"fusion-highlighted-text-postfix\"><\/span><\/h1><\/div>\n<style>\n\t#hotspot-1891 .hotspots-image-container,\n\t#hotspot-1891 .leaflet-container {\n\t\tbackground: #efefef\t}\n\n\t#hotspot-1891 .hotspots-placeholder,\n\t.featherlight .featherlight-content.lightbox-1891 {\n\t\tbackground: #ffffff;\n\t\tborder: 0 #ffffff solid;\n\t\tcolor: #000000;\n\t}\n\n\t#hotspot-1891 .hotspot-title,\n\t#hotspot-1891 .bc-product__title a,\n\t.featherlight .featherlight-content.lightbox-1891 .hotspot-title,\n\t.featherlight .featherlight-content.lightbox-1891 .bc-product__title a {\n\t\tcolor: #000000;\n\t}\n\n\t\t\t#hotspot-1891 .hotspot-style-1 {\n\t\t\tstroke-width: 1;\n\t\t\tfill: #eded6a;\n\t\t\tfill-opacity: 0.81;\n\t\t\tstroke: #ffffff;\n\t\t\tstroke-opacity: 0.81;\n\t\t}\n\t\t#hotspot-1891 .hotspot-style-1:hover,\n\t\t#hotspot-1891 .hotspot-style-1:focus-visible,\n\t\t#hotspot-1891 .hotspot-style-1.hotspot-active {\n\t\t\tfill: #37a031;\n\t\t\tfill-opacity: 0.81;\n\t\t\toutline: none;\n\t\t\tstroke: #ffffff;\n\t\t\tstroke-opacity: 0.81;\n\t\t}\n\t\t\t#hotspot-1891 .hotspot-default {\n\t\t\tstroke-width: 1;\n\t\t\tfill: #ffffff;\n\t\t\tfill-opacity: 0.81;\n\t\t\tstroke: #ffffff;\n\t\t\tstroke-opacity: 0.81;\n\t\t}\n\t\t#hotspot-1891 .hotspot-default:hover,\n\t\t#hotspot-1891 .hotspot-default:focus-visible,\n\t\t#hotspot-1891 .hotspot-default.hotspot-active {\n\t\t\tfill: #ffffff;\n\t\t\tfill-opacity: 0.81;\n\t\t\toutline: none;\n\t\t\tstroke: #ffffff;\n\t\t\tstroke-opacity: 0.81;\n\t\t}\n\t\t#hotspot-1891 .leaflet-tooltip,\n\t#hotspot-1891 .leaflet-rrose-content-wrapper {\n\t\tbackground: #ffffff;\n\t\tborder-color: #ffffff;\n\t\tcolor: #000000;\n\t}\n\n\t#hotspot-1891 a.leaflet-rrose-close-button {\n\t\tcolor: #000000;\n\t}\n\n\t#hotspot-1891 .leaflet-rrose-tip {\n\t\tbackground: #ffffff;\n\t}\n\n\t#hotspot-1891 .leaflet-popup-scrolled {\n\t\tborder-bottom-color: #000000;\n\t\tborder-top-color: #000000;\n\t}\n\n\t#hotspot-1891 .leaflet-tooltip-top:before {\n\t\tborder-top-color: #ffffff;\n\t}\n\n\t#hotspot-1891 .leaflet-tooltip-bottom:before {\n\t\tborder-bottom-color: #ffffff;\n\t}\n\t#hotspot-1891 .leaflet-tooltip-left:before {\n\t\tborder-left-color: #ffffff;\n\t}\n\t#hotspot-1891 .leaflet-tooltip-right:before {\n\t\tborder-right-color: #ffffff;\n\t}\n<\/style>\n\n\n\t<div class=\"hotspots-container links-only layout-left event-click\" id=\"hotspot-1891\" data-layout=\"left\" data-trigger=\"click\">\n\t\t<div class=\"hotspots-interaction\">\n\t\t\t<div class=\"hotspots-image-container\">\n\t<img\n\t\twidth=\"1920\"\n\t\theight=\"1477\"\n\t\tsrc=\"https:\/\/kastela-garden-residence.hr\/wp-content\/uploads\/2025\/02\/Kastela-Garden-Residence_tlocrt_Mirta_Lavanda.jpg\"\n\t\talt=\"Stan S3\"\n\t\tclass=\"hotspots-image skip-lazy\"\n\t\tusemap=\"#hotspots-image-1891\"\n\t\tdata-image-title=\"Stan S3\"\n\t\tdata-image-description=\"\"\n\t\tdata-event-trigger=\"click\"\n\t\tdata-always-visible=\"on\"\n\t\tdata-id=\"1891\"\n\t\tdata-no-lazy=\"1\"\n\t\tdata-lazy-src=\"\"\n\t\tdata-lazy=\"false\"\n\t\tloading=\"eager\"\n\t\tdata-skip-lazy=\"1\"\n\t\t>\n<\/div>\t\t<\/div>\n\t\t<map name=\"hotspots-image-1891\" class=\"hotspots-map\">\n\t\t\t\t\t\t\t\t\t\t\t<area\n\t\t\t\t\tshape=\"polygon\"\n\t\t\t\t\tcoords=\"935,792,969,907,983,900,1005,988,990,994,1000,1010,954,1026,949,1011,867,1038,848,993,824,1004,812,956,837,940,828,914,826,871,813,829\"\n\t\t\t\t\thref=\"https:\/\/kastela-garden-residence.hr\/wp-content\/uploads\/2025\/02\/z1-s3-prodano-1.jpg\"\n\t\t\t\t\trel=\"\"\n\t\t\t\t\ttitle=\"Stan S3 - PRODANO\"\n\t\t\t\t\talt=\"Stan S3 - PRODANO\"\n\t\t\t\t\tdata-action=\"url\"\n\t\t\t\t\tdata-color-scheme=\"style-1\"\n\t\t\t\t\tdata-id=\"area-hotspot-1891-0\"\n\t\t\t\t\ttarget=\"_new\"\n\t\t\t\t\tclass=\"url-area\"\n\t\t\t\t\t>\n\t\t\t\t\t<\/map>\n\n\t\t\n\t\t\t\t\t\t<\/div>\n\n<\/div><\/div><div class=\"fusion-layout-column fusion_builder_column fusion-builder-column-5 fusion_builder_column_1_2 1_2 fusion-flex-column\" style=\"--awb-bg-size:cover;--awb-width-large:50%;--awb-margin-top-large:0px;--awb-spacing-right-large:3.84%;--awb-margin-bottom-large:20px;--awb-spacing-left-large:3.84%;--awb-width-medium:100%;--awb-order-medium:0;--awb-spacing-right-medium:1.92%;--awb-spacing-left-medium:1.92%;--awb-width-small:100%;--awb-order-small:0;--awb-spacing-right-small:1.92%;--awb-spacing-left-small:1.92%;\"><div class=\"fusion-column-wrapper fusion-column-has-shadow fusion-flex-justify-content-flex-start fusion-content-layout-column\"><div class=\"accordian fusion-accordian\" style=\"--awb-border-size:1px;--awb-icon-size:16px;--awb-content-font-size:15px;--awb-icon-alignment:left;--awb-hover-color:var(--awb-color2);--awb-border-color:hsla(var(--awb-color7-h),var(--awb-color7-s),calc( var(--awb-color7-l) + 69% ),var(--awb-color7-a));--awb-background-color:var(--awb-color1);--awb-divider-color:var(--awb-color4);--awb-divider-hover-color:var(--awb-color4);--awb-icon-color:var(--awb-color1);--awb-title-color:var(--awb-color5);--awb-content-color:var(--awb-color6);--awb-icon-box-color:var(--awb-color8);--awb-toggle-hover-accent-color:var(--awb-color5);--awb-title-font-family:&quot;Raleway&quot;;--awb-title-font-weight:500;--awb-title-font-style:normal;--awb-content-font-family:&quot;Open Sans&quot;;--awb-content-font-style:normal;--awb-content-font-weight:400;\"><div class=\"panel-group fusion-toggle-icon-boxed\" id=\"accordion-175-3\"><div class=\"fusion-panel panel-default panel-59f14358f569c9379 fusion-toggle-has-divider\" style=\"--awb-title-color:var(--awb-color5);--awb-content-color:var(--awb-color6);\"><div class=\"panel-heading\"><h4 class=\"panel-title toggle\" id=\"toggle_59f14358f569c9379\"><a aria-expanded=\"false\" aria-controls=\"59f14358f569c9379\" role=\"button\" data-toggle=\"collapse\" data-parent=\"#accordion-175-3\" data-target=\"#59f14358f569c9379\" href=\"#59f14358f569c9379\"><span class=\"fusion-toggle-icon-wrapper\" aria-hidden=\"true\"><i class=\"fa-fusion-box active-icon awb-icon-minus\" aria-hidden=\"true\"><\/i><i class=\"fa-fusion-box inactive-icon awb-icon-plus\" aria-hidden=\"true\"><\/i><\/span><span class=\"fusion-toggle-heading\">Lokacija<\/span><\/a><\/h4><\/div><div id=\"59f14358f569c9379\" class=\"panel-collapse collapse \" aria-labelledby=\"toggle_59f14358f569c9379\"><div class=\"panel-body toggle-content fusion-clearfix\">\n<p>Stambeni kompleks novoizgra\u0111enih i planiranih stambenih i stambeno-poslovnih zgrada smje\u0161ten je izme\u0111u Ul. Marina Studina i Ul. Ivana Pavla II. Navedene ulice su povezane novom dvosmjernom cestom koja omogu\u0107ava dobru povezanost kompleksa sa \u0161irom lokacijom. Uz samu ulicu je smje\u0161ten vanjski parking dok prostrani mediteranski vrtovi kao glavni motiv cijelog kompleksa omogu\u0107uju privatnost i mirno okru\u017eenje osobito stanovima u prizemlju.<\/p>\n<\/div><\/div><\/div><div class=\"fusion-panel panel-default panel-54f6415d01af456ba fusion-toggle-has-divider\" style=\"--awb-title-color:var(--awb-color5);--awb-content-color:var(--awb-color6);\"><div class=\"panel-heading\"><h4 class=\"panel-title toggle\" id=\"toggle_54f6415d01af456ba\"><a aria-expanded=\"false\" aria-controls=\"54f6415d01af456ba\" role=\"button\" data-toggle=\"collapse\" data-parent=\"#accordion-175-3\" data-target=\"#54f6415d01af456ba\" href=\"#54f6415d01af456ba\"><span class=\"fusion-toggle-icon-wrapper\" aria-hidden=\"true\"><i class=\"fa-fusion-box active-icon awb-icon-minus\" aria-hidden=\"true\"><\/i><i class=\"fa-fusion-box inactive-icon awb-icon-plus\" aria-hidden=\"true\"><\/i><\/span><span class=\"fusion-toggle-heading\">Katnost i sadr\u017eaj gra\u0111evine<\/span><\/a><\/h4><\/div><div id=\"54f6415d01af456ba\" class=\"panel-collapse collapse \" aria-labelledby=\"toggle_54f6415d01af456ba\"><div class=\"panel-body toggle-content fusion-clearfix\">\n<p>Kompleks \u010dine dvije vi\u0161estambene gra\u0111evine sa zajedni\u010dkim podrumom. Pristup u gara\u017eu je zajedni\u010dki dok je ulaz u gra\u0111evine zaseban iz podruma vertikalnim komunikacijama (stubi\u0161te i lift) odnosno preko ure\u0111enog terena za svaku gra\u0111evinu zasebno. Zajedni\u010dka podrumska eta\u017ea sadr\u017ei 28 parkirali\u0161nih mjesta i 14 spremi\u0161ta te druge servisne prostorije. Svaka gra\u0111evina ima po 7 stanova, po dva stana na eta\u017ei prizemlja, 1. i 2. kata i jedan stan na nadgra\u0111u. Prostrane terase stanova su tlocrtno smje\u0161tena na suprotne strane gra\u0111evine i omogu\u0107uju privatnost stanarima.<\/p>\n<\/div><\/div><\/div><div class=\"fusion-panel panel-default panel-feb51d329389ca204 fusion-toggle-has-divider\" style=\"--awb-title-color:var(--awb-color5);--awb-content-color:var(--awb-color6);\"><div class=\"panel-heading\"><h4 class=\"panel-title toggle\" id=\"toggle_feb51d329389ca204\"><a aria-expanded=\"false\" aria-controls=\"feb51d329389ca204\" role=\"button\" data-toggle=\"collapse\" data-parent=\"#accordion-175-3\" data-target=\"#feb51d329389ca204\" href=\"#feb51d329389ca204\"><span class=\"fusion-toggle-icon-wrapper\" aria-hidden=\"true\"><i class=\"fa-fusion-box active-icon awb-icon-minus\" aria-hidden=\"true\"><\/i><i class=\"fa-fusion-box inactive-icon awb-icon-plus\" aria-hidden=\"true\"><\/i><\/span><span class=\"fusion-toggle-heading\">Konstrukcija<\/span><\/a><\/h4><\/div><div id=\"feb51d329389ca204\" class=\"panel-collapse collapse \" aria-labelledby=\"toggle_feb51d329389ca204\"><div class=\"panel-body toggle-content fusion-clearfix\">\n<p>Konstrukcija zgrade je armiranobetonska (sustav armiranobetonskih: nosivih zidova, nosivih horizontalnih i vertikalnih elemenata, monolitnih me\u0111ukatnih plo\u010da i ravnog krova). Armirano betonski zidovi su debljine 20 cm kao i me\u0111ukatne plo\u010de. Vanjski zidovi dijelom su zidani Porotherm blok opekom debljine 20 cm. Pregradni zidovi su tako\u0111er zidani Porotherm blok opekom debljine 11,5 cm. Okno dizala i stubi\u0161na jezgra su izvedeni od armiranobetonskih zidova debljine 20 cm, toplinski i zvu\u010dno izolirani prema stanovima. Svijetla visina u stanovima (visina od gotovog poda do stropa) iznosi 257 \u2013 272 cm.<\/p>\n<\/div><\/div><\/div><div class=\"fusion-panel panel-default panel-1bf40502f9f8478a8 fusion-toggle-has-divider\" style=\"--awb-title-color:var(--awb-color5);--awb-content-color:var(--awb-color6);\"><div class=\"panel-heading\"><h4 class=\"panel-title toggle\" id=\"toggle_1bf40502f9f8478a8\"><a aria-expanded=\"false\" aria-controls=\"1bf40502f9f8478a8\" role=\"button\" data-toggle=\"collapse\" data-parent=\"#accordion-175-3\" data-target=\"#1bf40502f9f8478a8\" href=\"#1bf40502f9f8478a8\"><span class=\"fusion-toggle-icon-wrapper\" aria-hidden=\"true\"><i class=\"fa-fusion-box active-icon awb-icon-minus\" aria-hidden=\"true\"><\/i><i class=\"fa-fusion-box inactive-icon awb-icon-plus\" aria-hidden=\"true\"><\/i><\/span><span class=\"fusion-toggle-heading\">Fasada<\/span><\/a><\/h4><\/div><div id=\"1bf40502f9f8478a8\" class=\"panel-collapse collapse \" aria-labelledby=\"toggle_1bf40502f9f8478a8\"><div class=\"panel-body toggle-content fusion-clearfix\">\n<p>Fasada je izvedena kao ETICS sustav s 10 cm kamene vune sa zavr\u0161nim slojem od silikatne \u017ebuke.<\/p>\n<\/div><\/div><\/div><div class=\"fusion-panel panel-default panel-4a88b7cf1444c891f fusion-toggle-has-divider\" style=\"--awb-title-color:var(--awb-color5);--awb-content-color:var(--awb-color6);\"><div class=\"panel-heading\"><h4 class=\"panel-title toggle\" id=\"toggle_4a88b7cf1444c891f\"><a aria-expanded=\"false\" aria-controls=\"4a88b7cf1444c891f\" role=\"button\" data-toggle=\"collapse\" data-parent=\"#accordion-175-3\" data-target=\"#4a88b7cf1444c891f\" href=\"#4a88b7cf1444c891f\"><span class=\"fusion-toggle-icon-wrapper\" aria-hidden=\"true\"><i class=\"fa-fusion-box active-icon awb-icon-minus\" aria-hidden=\"true\"><\/i><i class=\"fa-fusion-box inactive-icon awb-icon-plus\" aria-hidden=\"true\"><\/i><\/span><span class=\"fusion-toggle-heading\">Krov<\/span><\/a><\/h4><\/div><div id=\"4a88b7cf1444c891f\" class=\"panel-collapse collapse \" aria-labelledby=\"toggle_4a88b7cf1444c891f\"><div class=\"panel-body toggle-content fusion-clearfix\">\n<p>Krov je ravni neprohodni izveden od monolitne armiranobetonske plo\u010de u nagibu, minimalne debljine 20 cm, s parnom branom, toplinskom izolacijom (EPS) debljine 20 cm, zavr\u0161no prekriven hidroizolacijskom TPO folijom otpornom na UV zrake i za\u0161ti\u0107en oblutkom.<\/p>\n<\/div><\/div><\/div><div class=\"fusion-panel panel-default panel-192eecad842ca2b59 fusion-toggle-has-divider\" style=\"--awb-title-color:var(--awb-color5);--awb-content-color:var(--awb-color6);\"><div class=\"panel-heading\"><h4 class=\"panel-title toggle\" id=\"toggle_192eecad842ca2b59\"><a aria-expanded=\"false\" aria-controls=\"192eecad842ca2b59\" role=\"button\" data-toggle=\"collapse\" data-parent=\"#accordion-175-3\" data-target=\"#192eecad842ca2b59\" href=\"#192eecad842ca2b59\"><span class=\"fusion-toggle-icon-wrapper\" aria-hidden=\"true\"><i class=\"fa-fusion-box active-icon awb-icon-minus\" aria-hidden=\"true\"><\/i><i class=\"fa-fusion-box inactive-icon awb-icon-plus\" aria-hidden=\"true\"><\/i><\/span><span class=\"fusion-toggle-heading\">Vanjska stolarija<\/span><\/a><\/h4><\/div><div id=\"192eecad842ca2b59\" class=\"panel-collapse collapse \" aria-labelledby=\"toggle_192eecad842ca2b59\"><div class=\"panel-body toggle-content fusion-clearfix\">\n<p>Stolarija je izvedena od kvalitetnih PVC profila s aluminijskom oblogom izvana (izvana u sivo srebrnoj boji, unutra u bijeloj) s trostrukoizoliraju\u0107im staklom. Svi vanjski zatvori imaju aluminijske rolete u sivoj boji i komarnike (klizne ili rolo). Otvori su otklopno \u2013 zaokretni, klizni i podizno \u2013 klizni, a sve rolete (osim u kupaonicama) imaju elektronsko upravljanje &#8211; pogon na elektromotor.<\/p>\n<\/div><\/div><\/div><div class=\"fusion-panel panel-default panel-abc5bb4c0d050c1d1 fusion-toggle-has-divider\" style=\"--awb-title-color:var(--awb-color5);--awb-content-color:var(--awb-color6);\"><div class=\"panel-heading\"><h4 class=\"panel-title toggle\" id=\"toggle_abc5bb4c0d050c1d1\"><a aria-expanded=\"false\" aria-controls=\"abc5bb4c0d050c1d1\" role=\"button\" data-toggle=\"collapse\" data-parent=\"#accordion-175-3\" data-target=\"#abc5bb4c0d050c1d1\" href=\"#abc5bb4c0d050c1d1\"><span class=\"fusion-toggle-icon-wrapper\" aria-hidden=\"true\"><i class=\"fa-fusion-box active-icon awb-icon-minus\" aria-hidden=\"true\"><\/i><i class=\"fa-fusion-box inactive-icon awb-icon-plus\" aria-hidden=\"true\"><\/i><\/span><span class=\"fusion-toggle-heading\">Zajedni\u010dki prostori i spremi\u0161ta<\/span><\/a><\/h4><\/div><div id=\"abc5bb4c0d050c1d1\" class=\"panel-collapse collapse \" aria-labelledby=\"toggle_abc5bb4c0d050c1d1\"><div class=\"panel-body toggle-content fusion-clearfix\">\n<p>Ulazni prostor, stubi\u0161ta i hodnici su poplo\u010dani kamenim plo\u010dama debljine 3 cm. Ograde i rukohvati u stubi\u0161tima izvedeni su kao bravarska ograda visine do 110 cm. Dizala su be\u0161umna kroz sve eta\u017ee. U natkrivenom ulazu su smje\u0161teni po\u0161tanski sandu\u010di\u0107i, paneli za obavijest te parlafon s video kontrolom.<\/p>\n<p>Podovi u podrumskim spremi\u0161tima zavr\u0161no su premazani epoksidnim premazom.<\/p>\n<\/div><\/div><\/div><div class=\"fusion-panel panel-default panel-a1ef34447569e7c67 fusion-toggle-has-divider\" style=\"--awb-title-color:var(--awb-color5);--awb-content-color:var(--awb-color6);\"><div class=\"panel-heading\"><h4 class=\"panel-title toggle\" id=\"toggle_a1ef34447569e7c67\"><a aria-expanded=\"false\" aria-controls=\"a1ef34447569e7c67\" role=\"button\" data-toggle=\"collapse\" data-parent=\"#accordion-175-3\" data-target=\"#a1ef34447569e7c67\" href=\"#a1ef34447569e7c67\"><span class=\"fusion-toggle-icon-wrapper\" aria-hidden=\"true\"><i class=\"fa-fusion-box active-icon awb-icon-minus\" aria-hidden=\"true\"><\/i><i class=\"fa-fusion-box inactive-icon awb-icon-plus\" aria-hidden=\"true\"><\/i><\/span><span class=\"fusion-toggle-heading\">Gara\u017ee i parkirna mjesta<\/span><\/a><\/h4><\/div><div id=\"a1ef34447569e7c67\" class=\"panel-collapse collapse \" aria-labelledby=\"toggle_a1ef34447569e7c67\"><div class=\"panel-body toggle-content fusion-clearfix\">\n<p>Gara\u017ee su smje\u0161tene u podrumskoj eta\u017ei, sa zajedni\u010dkom ulaznom rampom s rolo vratima na daljinsko upravljanje. Kolna komunikacija je zajedni\u010dka i kru\u017ena, a parkirna mjesta su otvorena. Svaki stan u gara\u017ei ima osigurana dva parkirna mjesta te pripadaju\u0107e spremi\u0161te. Gara\u017ea ima prirodnu i mehani\u010dku ventilaciju.<\/p>\n<\/div><\/div><\/div><div class=\"fusion-panel panel-default panel-d15237b605a4b2203 fusion-toggle-has-divider\" style=\"--awb-title-color:var(--awb-color5);--awb-content-color:var(--awb-color6);\"><div class=\"panel-heading\"><h4 class=\"panel-title toggle\" id=\"toggle_d15237b605a4b2203\"><a aria-expanded=\"false\" aria-controls=\"d15237b605a4b2203\" role=\"button\" data-toggle=\"collapse\" data-parent=\"#accordion-175-3\" data-target=\"#d15237b605a4b2203\" href=\"#d15237b605a4b2203\"><span class=\"fusion-toggle-icon-wrapper\" aria-hidden=\"true\"><i class=\"fa-fusion-box active-icon awb-icon-minus\" aria-hidden=\"true\"><\/i><i class=\"fa-fusion-box inactive-icon awb-icon-plus\" aria-hidden=\"true\"><\/i><\/span><span class=\"fusion-toggle-heading\">Stolarija<\/span><\/a><\/h4><\/div><div id=\"d15237b605a4b2203\" class=\"panel-collapse collapse \" aria-labelledby=\"toggle_d15237b605a4b2203\"><div class=\"panel-body toggle-content fusion-clearfix\">\n<p>Ulazna vrata u stan su protuprovalna i protupo\u017earna s dodatnom zvu\u010dnom izolacijom. Unutarnja stolarija izvedena od punih, glatkih vrata s dovratnikom u bijeloj boji visine 210 cm.<\/p>\n<\/div><\/div><\/div><div class=\"fusion-panel panel-default panel-429c96e411174ea3e fusion-toggle-has-divider\" style=\"--awb-title-color:var(--awb-color5);--awb-content-color:var(--awb-color6);\"><div class=\"panel-heading\"><h4 class=\"panel-title toggle\" id=\"toggle_429c96e411174ea3e\"><a aria-expanded=\"false\" aria-controls=\"429c96e411174ea3e\" role=\"button\" data-toggle=\"collapse\" data-parent=\"#accordion-175-3\" data-target=\"#429c96e411174ea3e\" href=\"#429c96e411174ea3e\"><span class=\"fusion-toggle-icon-wrapper\" aria-hidden=\"true\"><i class=\"fa-fusion-box active-icon awb-icon-minus\" aria-hidden=\"true\"><\/i><i class=\"fa-fusion-box inactive-icon awb-icon-plus\" aria-hidden=\"true\"><\/i><\/span><span class=\"fusion-toggle-heading\">Zidovi i stropovi<\/span><\/a><\/h4><\/div><div id=\"429c96e411174ea3e\" class=\"panel-collapse collapse \" aria-labelledby=\"toggle_429c96e411174ea3e\"><div class=\"panel-body toggle-content fusion-clearfix\">\n<p>Nosivi zidovi su armirano betonski zidovi debljine 20 cm, a dijelom su zidani Porotherm blok opekom debljine 20 cm. Pregradni zidovi su zidani Porotherm blok opekom debljine 11,5 cm. Unutarnje povr\u0161ine zidova i stropova su o\u017ebukane i oli\u010dene poludisperzivnom bijelom bojom.<\/p>\n<p>Kao zidne obloge kupaonice ugra\u0111ene su visokokvalitetne kerami\u010dke plo\u010dice I klase.<\/p>\n<\/div><\/div><\/div><div class=\"fusion-panel panel-default panel-d6c9acdc5e1156015 fusion-toggle-has-divider\" style=\"--awb-title-color:var(--awb-color5);--awb-content-color:var(--awb-color6);\"><div class=\"panel-heading\"><h4 class=\"panel-title toggle\" id=\"toggle_d6c9acdc5e1156015\"><a aria-expanded=\"false\" aria-controls=\"d6c9acdc5e1156015\" role=\"button\" data-toggle=\"collapse\" data-parent=\"#accordion-175-3\" data-target=\"#d6c9acdc5e1156015\" href=\"#d6c9acdc5e1156015\"><span class=\"fusion-toggle-icon-wrapper\" aria-hidden=\"true\"><i class=\"fa-fusion-box active-icon awb-icon-minus\" aria-hidden=\"true\"><\/i><i class=\"fa-fusion-box inactive-icon awb-icon-plus\" aria-hidden=\"true\"><\/i><\/span><span class=\"fusion-toggle-heading\">Podovi<\/span><\/a><\/h4><\/div><div id=\"d6c9acdc5e1156015\" class=\"panel-collapse collapse \" aria-labelledby=\"toggle_d6c9acdc5e1156015\"><div class=\"panel-body toggle-content fusion-clearfix\">\n<p>Podovi spava\u0107ih soba su oblo\u017eeni hrastovim parketom I klase, zavr\u0161no lakiranim, modernog izgleda u natur boji, s letvicama u bijeloj boji. Podovi ostalih prostorija su oblo\u017eeni kerami\u010dkim plo\u010dicama, a loggie vanjskim protukliznim kerami\u010dkim plo\u010dicama sve I klase. Na povr\u0161inama s plo\u010dicama izveden je kerami\u010dki sokl.<\/p>\n<p>Zidovi gra\u0111evine s termi\u010dki obra\u0111enim pro\u010deljima, s o\u017ebukanim unutarnjim povr\u0161inama zidova i stropova, podovi s podnim slojevima toplinske i zvu\u010dne za\u0161tite, \u010dine ugra\u0111eni materijali koji pojedina\u010dno i u kompletu imaju sposobnost izdr\u017eati sva mehani\u010dka i druga predvi\u0111ena djelovanja pri normalnoj upotrebi.<\/p>\n<\/div><\/div><\/div><div class=\"fusion-panel panel-default panel-4a4e8e3271d905335 fusion-toggle-has-divider\" style=\"--awb-title-color:var(--awb-color5);--awb-content-color:var(--awb-color6);\"><div class=\"panel-heading\"><h4 class=\"panel-title toggle\" id=\"toggle_4a4e8e3271d905335\"><a aria-expanded=\"false\" aria-controls=\"4a4e8e3271d905335\" role=\"button\" data-toggle=\"collapse\" data-parent=\"#accordion-175-3\" data-target=\"#4a4e8e3271d905335\" href=\"#4a4e8e3271d905335\"><span class=\"fusion-toggle-icon-wrapper\" aria-hidden=\"true\"><i class=\"fa-fusion-box active-icon awb-icon-minus\" aria-hidden=\"true\"><\/i><i class=\"fa-fusion-box inactive-icon awb-icon-plus\" aria-hidden=\"true\"><\/i><\/span><span class=\"fusion-toggle-heading\">Kupaonice i WC<\/span><\/a><\/h4><\/div><div id=\"4a4e8e3271d905335\" class=\"panel-collapse collapse \" aria-labelledby=\"toggle_4a4e8e3271d905335\"><div class=\"panel-body toggle-content fusion-clearfix\">\n<p>Sva sanitarna oprema je visoke kvalitete poznatih proizvo\u0111a\u010da. Opremu \u010dine: konzolni umivaonici s pripadaju\u0107im mije\u0161alicama, konzolna WC \u0161koljka s poklopcem i s nisko\u0161umnim ugradbenim vodokotli\u0107em, tu\u0161 \u2013 kada s tu\u0161 setom. Priklju\u010dak za perilicu rublja s odvodnjom.<\/p>\n<p>Zidovi su oblo\u017eeni kerami\u010dkim plo\u010dicama I klase od poda do pune visine prostorije.<\/p>\n<p>Bojleri PTV su smje\u0161teni u podrumu u zajedni\u010dkom prostoru.<\/p>\n<\/div><\/div><\/div><div class=\"fusion-panel panel-default panel-347ed1b413f49cacf fusion-toggle-has-divider\" style=\"--awb-title-color:var(--awb-color5);--awb-content-color:var(--awb-color6);\"><div class=\"panel-heading\"><h4 class=\"panel-title toggle\" id=\"toggle_347ed1b413f49cacf\"><a aria-expanded=\"false\" aria-controls=\"347ed1b413f49cacf\" role=\"button\" data-toggle=\"collapse\" data-parent=\"#accordion-175-3\" data-target=\"#347ed1b413f49cacf\" href=\"#347ed1b413f49cacf\"><span class=\"fusion-toggle-icon-wrapper\" aria-hidden=\"true\"><i class=\"fa-fusion-box active-icon awb-icon-minus\" aria-hidden=\"true\"><\/i><i class=\"fa-fusion-box inactive-icon awb-icon-plus\" aria-hidden=\"true\"><\/i><\/span><span class=\"fusion-toggle-heading\">Elektroinstalacije<\/span><\/a><\/h4><\/div><div id=\"347ed1b413f49cacf\" class=\"panel-collapse collapse \" aria-labelledby=\"toggle_347ed1b413f49cacf\"><div class=\"panel-body toggle-content fusion-clearfix\">\n<p>Elektrobrojila su smje\u0161tena u vanjskom ure\u0111enom terenu (uz zapadnu granicu). Elektro oprema je visoke kvalitete poznatih proizvo\u0111a\u010da.<\/p>\n<p>U stanovima su predvi\u0111ene telefonske i TV uti\u010dnice, stropna i zidna rasvjeta te termostat u dnevnom boravku i spava\u0107im sobama. Elektrooprema kuhinje sastoji se od izvoda za \u0161tednjak, uti\u010dnice za hladnjak, uti\u010dnice za perilicu, uti\u010dnice u pojasu iznad radne plohe, izvod za napu i uti\u010dnice na kuhinjskom otoku. Elektrooprema kupaonice sadr\u017ei priklju\u010dnicu za perilicu rublja, nadsvjetlo iznad umivaonika, uti\u010dnice na zidu te izvod za ventilator. Elektrooprema u hodniku su rasvjetna tijela, strujni razdjelnik stana, ormari\u0107 slabe struje, uti\u010dnica, centralno sklop struje cijelog stana.<\/p>\n<p>Osigurana je mogu\u0107nost spajanja na kabelsku TV preko instalacija zajedni\u010dkog antenskog satelita.<\/p>\n<p>Spremi\u0161ta, u kojima je izvedena stropna rasvjeta su povezana s brojilom pripadaju\u0107eg stana, a lift, hodnici i gara\u017ea vezani su na zasebno brojilo zajedni\u010dke potro\u0161nje.<\/p>\n<\/div><\/div><\/div><div class=\"fusion-panel panel-default panel-941fc8868132f25c8 fusion-toggle-has-divider\" style=\"--awb-title-color:var(--awb-color5);--awb-content-color:var(--awb-color6);\"><div class=\"panel-heading\"><h4 class=\"panel-title toggle\" id=\"toggle_941fc8868132f25c8\"><a aria-expanded=\"false\" aria-controls=\"941fc8868132f25c8\" role=\"button\" data-toggle=\"collapse\" data-parent=\"#accordion-175-3\" data-target=\"#941fc8868132f25c8\" href=\"#941fc8868132f25c8\"><span class=\"fusion-toggle-icon-wrapper\" aria-hidden=\"true\"><i class=\"fa-fusion-box active-icon awb-icon-minus\" aria-hidden=\"true\"><\/i><i class=\"fa-fusion-box inactive-icon awb-icon-plus\" aria-hidden=\"true\"><\/i><\/span><span class=\"fusion-toggle-heading\">Instalacije vodovoda i odvodnje<\/span><\/a><\/h4><\/div><div id=\"941fc8868132f25c8\" class=\"panel-collapse collapse \" aria-labelledby=\"toggle_941fc8868132f25c8\"><div class=\"panel-body toggle-content fusion-clearfix\">\n<p>Opskrba vodom je priklju\u010dkom na javnu gradsku vodovodnu mre\u017eu. Na priklju\u010dnom cjevovodu je okno s ugra\u0111enim vodomjerima za svaki stan zasebno. Razvod vode se vr\u0161i PPR toplinski izoliranim cijevima.<\/p>\n<p>Odvodnja otpadnih voda je priklju\u010dkom na kanalizacijski sustav naselja. Za odvodnju su kori\u0161tene nisko\u0161umne cijevi.<\/p>\n<p>Priprema potro\u0161ne tople vode je preko bojlera \u2013 dizalica topline smje\u0161tenih u podrumskoj eta\u017ei, za svaki stan zasebno.<\/p>\n<p>Glavni ventil za vodu nalazi se na svakom od stubi\u0161ta.<\/p>\n<\/div><\/div><\/div><div class=\"fusion-panel panel-default panel-31cda0603e1416c53 fusion-toggle-has-divider\" style=\"--awb-title-color:var(--awb-color5);--awb-content-color:var(--awb-color6);\"><div class=\"panel-heading\"><h4 class=\"panel-title toggle\" id=\"toggle_31cda0603e1416c53\"><a aria-expanded=\"false\" aria-controls=\"31cda0603e1416c53\" role=\"button\" data-toggle=\"collapse\" data-parent=\"#accordion-175-3\" data-target=\"#31cda0603e1416c53\" href=\"#31cda0603e1416c53\"><span class=\"fusion-toggle-icon-wrapper\" aria-hidden=\"true\"><i class=\"fa-fusion-box active-icon awb-icon-minus\" aria-hidden=\"true\"><\/i><i class=\"fa-fusion-box inactive-icon awb-icon-plus\" aria-hidden=\"true\"><\/i><\/span><span class=\"fusion-toggle-heading\">Grijanje i hla\u0111enje<\/span><\/a><\/h4><\/div><div id=\"31cda0603e1416c53\" class=\"panel-collapse collapse \" aria-labelledby=\"toggle_31cda0603e1416c53\"><div class=\"panel-body toggle-content fusion-clearfix\">\n<p>Za sve stanove kori\u0161teni su ure\u0111aji proizvo\u0111a\u010da.<\/p>\n<p>Kao vanjska jedinica ugra\u0111en je inverter sustav multi split snage 9,3\/8,3 Kw.<\/p>\n<p>Stanovi su opremljeni kanalskim razvodom unutarnjih klima jedinica, u dnevnom boravku snage 4,0\/3,5 Kw, a u sobama jedinice snage 2,5\/2,0 Kw, s daljinskim i Wifi upravljanjem.<\/p>\n<p>U dnevnom dijelu stana i kupaonicama je izvedeno podno grijanje sustavom elektri\u010dne mre\u017eice, komplet s termostatom i senzorima za temperaturu.<\/p>\n<\/div><\/div><\/div><div class=\"fusion-panel panel-default panel-f50fece82c42a4457 fusion-toggle-has-divider\" style=\"--awb-title-color:var(--awb-color5);--awb-content-color:var(--awb-color6);\"><div class=\"panel-heading\"><h4 class=\"panel-title toggle\" id=\"toggle_f50fece82c42a4457\"><a aria-expanded=\"false\" aria-controls=\"f50fece82c42a4457\" role=\"button\" data-toggle=\"collapse\" data-parent=\"#accordion-175-3\" data-target=\"#f50fece82c42a4457\" href=\"#f50fece82c42a4457\"><span class=\"fusion-toggle-icon-wrapper\" aria-hidden=\"true\"><i class=\"fa-fusion-box active-icon awb-icon-minus\" aria-hidden=\"true\"><\/i><i class=\"fa-fusion-box inactive-icon awb-icon-plus\" aria-hidden=\"true\"><\/i><\/span><span class=\"fusion-toggle-heading\">Ventilacija<\/span><\/a><\/h4><\/div><div id=\"f50fece82c42a4457\" class=\"panel-collapse collapse \" aria-labelledby=\"toggle_f50fece82c42a4457\"><div class=\"panel-body toggle-content fusion-clearfix\">\n<p>Umjetna ventilacija je osigurana be\u0161umnim ventilatorima u svim sanitarnim prostorijama, a ventilacija kuhinja osigurana je zasebnim cijevima za odvod napa.<\/p>\n<p>Unutar gara\u017ee osigurana je prirodna i mehani\u010dka ventilacija kao i ventilacija svakog spremi\u0161ta pojedina\u010dno.<\/p>\n<\/div><\/div><\/div><div class=\"fusion-panel panel-default panel-5aeb8669cdc84942d fusion-toggle-has-divider\" style=\"--awb-title-color:var(--awb-color5);--awb-content-color:var(--awb-color6);\"><div class=\"panel-heading\"><h4 class=\"panel-title toggle\" id=\"toggle_5aeb8669cdc84942d\"><a aria-expanded=\"false\" aria-controls=\"5aeb8669cdc84942d\" role=\"button\" data-toggle=\"collapse\" data-parent=\"#accordion-175-3\" data-target=\"#5aeb8669cdc84942d\" href=\"#5aeb8669cdc84942d\"><span class=\"fusion-toggle-icon-wrapper\" aria-hidden=\"true\"><i class=\"fa-fusion-box active-icon awb-icon-minus\" aria-hidden=\"true\"><\/i><i class=\"fa-fusion-box inactive-icon awb-icon-plus\" aria-hidden=\"true\"><\/i><\/span><span class=\"fusion-toggle-heading\">Energetski razred<\/span><\/a><\/h4><\/div><div id=\"5aeb8669cdc84942d\" class=\"panel-collapse collapse \" aria-labelledby=\"toggle_5aeb8669cdc84942d\"><div class=\"panel-body toggle-content fusion-clearfix\">\n<p>Isho\u0111en je energetski certifikat razreda A+.<\/p>\n<\/div><\/div><\/div><div class=\"fusion-panel panel-default panel-ce7d182210028c648 fusion-toggle-has-divider\" style=\"--awb-title-color:var(--awb-color5);--awb-content-color:var(--awb-color6);\"><div class=\"panel-heading\"><h4 class=\"panel-title toggle\" id=\"toggle_ce7d182210028c648\"><a aria-expanded=\"false\" aria-controls=\"ce7d182210028c648\" role=\"button\" data-toggle=\"collapse\" data-parent=\"#accordion-175-3\" data-target=\"#ce7d182210028c648\" href=\"#ce7d182210028c648\"><span class=\"fusion-toggle-icon-wrapper\" aria-hidden=\"true\"><i class=\"fa-fusion-box active-icon awb-icon-minus\" aria-hidden=\"true\"><\/i><i class=\"fa-fusion-box inactive-icon awb-icon-plus\" aria-hidden=\"true\"><\/i><\/span><span class=\"fusion-toggle-heading\">Uvjeti odr\u017eavanja gra\u0111evine<\/span><\/a><\/h4><\/div><div id=\"ce7d182210028c648\" class=\"panel-collapse collapse \" aria-labelledby=\"toggle_ce7d182210028c648\"><div class=\"panel-body toggle-content fusion-clearfix\">\n<p>Kupac \u0107e prilikom preuzimanja stana dobiti knji\u017eicu s uputama za kori\u0161tenje i odr\u017eavanje ugra\u0111ene opreme.<\/p>\n<\/div><\/div><\/div><div class=\"fusion-panel panel-default panel-ba8d24c5874240611 fusion-toggle-has-divider\" style=\"--awb-title-color:var(--awb-color5);--awb-content-color:var(--awb-color6);\"><div class=\"panel-heading\"><h4 class=\"panel-title toggle\" id=\"toggle_ba8d24c5874240611\"><a aria-expanded=\"false\" aria-controls=\"ba8d24c5874240611\" role=\"button\" data-toggle=\"collapse\" data-parent=\"#accordion-175-3\" data-target=\"#ba8d24c5874240611\" href=\"#ba8d24c5874240611\"><span class=\"fusion-toggle-icon-wrapper\" aria-hidden=\"true\"><i class=\"fa-fusion-box active-icon awb-icon-minus\" aria-hidden=\"true\"><\/i><i class=\"fa-fusion-box inactive-icon awb-icon-plus\" aria-hidden=\"true\"><\/i><\/span><span class=\"fusion-toggle-heading\">Ure\u0111enje okoli\u0161a<\/span><\/a><\/h4><\/div><div id=\"ba8d24c5874240611\" class=\"panel-collapse collapse \" aria-labelledby=\"toggle_ba8d24c5874240611\"><div class=\"panel-body toggle-content fusion-clearfix\">\n<p>Okoli\u0161 je ure\u0111en kolnim i pje\u0161a\u010dkim povr\u0161inama i hortikulturno ure\u0111enim vrtovima.<\/p>\n<\/div><\/div><\/div><div class=\"fusion-panel panel-default panel-6d8bc34d277baff16 fusion-toggle-has-divider\" style=\"--awb-title-color:var(--awb-color5);--awb-content-color:var(--awb-color6);\"><div class=\"panel-heading\"><h4 class=\"panel-title toggle\" id=\"toggle_6d8bc34d277baff16\"><a aria-expanded=\"false\" aria-controls=\"6d8bc34d277baff16\" role=\"button\" data-toggle=\"collapse\" data-parent=\"#accordion-175-3\" data-target=\"#6d8bc34d277baff16\" href=\"#6d8bc34d277baff16\"><span class=\"fusion-toggle-icon-wrapper\" aria-hidden=\"true\"><i class=\"fa-fusion-box active-icon awb-icon-minus\" aria-hidden=\"true\"><\/i><i class=\"fa-fusion-box inactive-icon awb-icon-plus\" aria-hidden=\"true\"><\/i><\/span><span class=\"fusion-toggle-heading\">Garancija<\/span><\/a><\/h4><\/div><div id=\"6d8bc34d277baff16\" class=\"panel-collapse collapse \" aria-labelledby=\"toggle_6d8bc34d277baff16\"><div class=\"panel-body toggle-content fusion-clearfix\">\n<p>Garantni rok za kvalitetu izvedbe gra\u0111evinskih i gra\u0111evinsko-obrtni\u010dkih radova odre\u0111en je u skladu sa zakonom i posebnim propisima i to 2 godine za obrtni\u010dke radove, a 10 godina za konstrukciju gra\u0111evine i krov.<\/p>\n<p>Uvjeti i rokovi garancije za ugra\u0111enu opremu vrijede prema specifikacijama proizvo\u0111a\u010da.<\/p>\n<\/div><\/div><\/div><\/div><\/div><div class=\"fusion-separator fusion-full-width-sep\" style=\"align-self: center;margin-left: auto;margin-right: auto;margin-bottom:40px;width:100%;\"><\/div><div style=\"text-align:center;\"><a class=\"fusion-button button-flat fusion-button-default-size button-custom fusion-button-default button-3 fusion-button-default-span fusion-button-default-type\" style=\"--button_accent_color:#ffffff;--button_accent_hover_color:#ffffff;--button_border_hover_color:hsla(var(--awb-color1-h),var(--awb-color1-s),var(--awb-color1-l),calc( var(--awb-color1-a) - 10% ));--button_gradient_top_color:#000000;--button_gradient_bottom_color:#000000;--button_gradient_top_color_hover:#001f63;--button_gradient_bottom_color_hover:#001f63;\" target=\"_self\" href=\"https:\/\/kastela-garden-residence.hr\/zgrada-1-stan-s3\/\"><span class=\"fusion-button-text awb-button__text awb-button__text--default\">SAZNAJ VI\u0160E<\/span><\/a><\/div><\/div><\/div><\/div><\/div><div class=\"fusion-fullwidth fullwidth-box fusion-builder-row-4 fusion-flex-container has-pattern-background has-mask-background hundred-percent-fullwidth non-hundred-percent-height-scrolling\" style=\"--awb-border-radius-top-left:0px;--awb-border-radius-top-right:0px;--awb-border-radius-bottom-right:0px;--awb-border-radius-bottom-left:0px;--awb-padding-bottom:30px;--awb-flex-wrap:wrap;\" ><div class=\"fusion-builder-row fusion-row fusion-flex-align-items-flex-start fusion-flex-content-wrap\" style=\"width:104% !important;max-width:104% !important;margin-left: calc(-4% \/ 2 );margin-right: calc(-4% \/ 2 );\"><div class=\"fusion-layout-column fusion_builder_column fusion-builder-column-6 fusion_builder_column_1_2 1_2 fusion-flex-column\" style=\"--awb-bg-size:cover;--awb-width-large:50%;--awb-margin-top-large:0px;--awb-spacing-right-large:3.84%;--awb-margin-bottom-large:20px;--awb-spacing-left-large:3.84%;--awb-width-medium:100%;--awb-order-medium:0;--awb-spacing-right-medium:1.92%;--awb-spacing-left-medium:1.92%;--awb-width-small:100%;--awb-order-small:0;--awb-spacing-right-small:1.92%;--awb-spacing-left-small:1.92%;\"><div class=\"fusion-column-wrapper fusion-column-has-shadow fusion-flex-justify-content-flex-start fusion-content-layout-column\"><div class=\"fusion-title title fusion-title-4 fusion-sep-none fusion-title-center fusion-title-highlight fusion-animate-once fusion-highlight-underline fusion-title-size-one\" style=\"--awb-margin-top-small:0px;--awb-margin-right-small:0px;--awb-margin-bottom-small:20px;--awb-margin-left-small:0px;--awb-font-size:40px;\" data-highlight=\"underline\"><h1 class=\"fusion-title-heading title-heading-center fusion-responsive-typography-calculated\" style=\"margin:0;text-transform:capitalize;font-size:1em;--fontSize:40;line-height:var(--awb-typography1-line-height);\"><span class=\"fusion-highlighted-text-prefix\"><\/span> <span class=\"fusion-highlighted-text-wrapper\"><span class=\"fusion-highlighted-text\">Stan S4<\/span><svg xmlns=\"http:\/\/www.w3.org\/2000\/svg\" viewBox=\"0 0 500 150\" preserveAspectRatio=\"none\"><path d=\"M8.1,146.2c0,0,240.6-55.6,479-13.8\"><\/path><\/svg><\/span> <span class=\"fusion-highlighted-text-postfix\"><\/span><\/h1><\/div>\n<style>\n\t#hotspot-1895 .hotspots-image-container,\n\t#hotspot-1895 .leaflet-container {\n\t\tbackground: #efefef\t}\n\n\t#hotspot-1895 .hotspots-placeholder,\n\t.featherlight .featherlight-content.lightbox-1895 {\n\t\tbackground: #ffffff;\n\t\tborder: 0 #ffffff solid;\n\t\tcolor: #000000;\n\t}\n\n\t#hotspot-1895 .hotspot-title,\n\t#hotspot-1895 .bc-product__title a,\n\t.featherlight .featherlight-content.lightbox-1895 .hotspot-title,\n\t.featherlight .featherlight-content.lightbox-1895 .bc-product__title a {\n\t\tcolor: #000000;\n\t}\n\n\t\t\t#hotspot-1895 .hotspot-style-1 {\n\t\t\tstroke-width: 1;\n\t\t\tfill: #eded6a;\n\t\t\tfill-opacity: 0.81;\n\t\t\tstroke: #ffffff;\n\t\t\tstroke-opacity: 0.81;\n\t\t}\n\t\t#hotspot-1895 .hotspot-style-1:hover,\n\t\t#hotspot-1895 .hotspot-style-1:focus-visible,\n\t\t#hotspot-1895 .hotspot-style-1.hotspot-active {\n\t\t\tfill: #37a031;\n\t\t\tfill-opacity: 0.81;\n\t\t\toutline: none;\n\t\t\tstroke: #ffffff;\n\t\t\tstroke-opacity: 0.81;\n\t\t}\n\t\t\t#hotspot-1895 .hotspot-default {\n\t\t\tstroke-width: 1;\n\t\t\tfill: #ffffff;\n\t\t\tfill-opacity: 0.81;\n\t\t\tstroke: #ffffff;\n\t\t\tstroke-opacity: 0.81;\n\t\t}\n\t\t#hotspot-1895 .hotspot-default:hover,\n\t\t#hotspot-1895 .hotspot-default:focus-visible,\n\t\t#hotspot-1895 .hotspot-default.hotspot-active {\n\t\t\tfill: #ffffff;\n\t\t\tfill-opacity: 0.81;\n\t\t\toutline: none;\n\t\t\tstroke: #ffffff;\n\t\t\tstroke-opacity: 0.81;\n\t\t}\n\t\t#hotspot-1895 .leaflet-tooltip,\n\t#hotspot-1895 .leaflet-rrose-content-wrapper {\n\t\tbackground: #ffffff;\n\t\tborder-color: #ffffff;\n\t\tcolor: #000000;\n\t}\n\n\t#hotspot-1895 a.leaflet-rrose-close-button {\n\t\tcolor: #000000;\n\t}\n\n\t#hotspot-1895 .leaflet-rrose-tip {\n\t\tbackground: #ffffff;\n\t}\n\n\t#hotspot-1895 .leaflet-popup-scrolled {\n\t\tborder-bottom-color: #000000;\n\t\tborder-top-color: #000000;\n\t}\n\n\t#hotspot-1895 .leaflet-tooltip-top:before {\n\t\tborder-top-color: #ffffff;\n\t}\n\n\t#hotspot-1895 .leaflet-tooltip-bottom:before {\n\t\tborder-bottom-color: #ffffff;\n\t}\n\t#hotspot-1895 .leaflet-tooltip-left:before {\n\t\tborder-left-color: #ffffff;\n\t}\n\t#hotspot-1895 .leaflet-tooltip-right:before {\n\t\tborder-right-color: #ffffff;\n\t}\n<\/style>\n\n\n\t<div class=\"hotspots-container links-only layout-left event-click\" id=\"hotspot-1895\" data-layout=\"left\" data-trigger=\"click\">\n\t\t<div class=\"hotspots-interaction\">\n\t\t\t<div class=\"hotspots-image-container\">\n\t<img\n\t\twidth=\"1920\"\n\t\theight=\"1477\"\n\t\tsrc=\"https:\/\/kastela-garden-residence.hr\/wp-content\/uploads\/2025\/02\/Kastela-Garden-Residence_tlocrt_Mirta_Lavanda.jpg\"\n\t\talt=\"Stan S4\"\n\t\tclass=\"hotspots-image skip-lazy\"\n\t\tusemap=\"#hotspots-image-1895\"\n\t\tdata-image-title=\"Stan S4\"\n\t\tdata-image-description=\"\"\n\t\tdata-event-trigger=\"click\"\n\t\tdata-always-visible=\"on\"\n\t\tdata-id=\"1895\"\n\t\tdata-no-lazy=\"1\"\n\t\tdata-lazy-src=\"\"\n\t\tdata-lazy=\"false\"\n\t\tloading=\"eager\"\n\t\tdata-skip-lazy=\"1\"\n\t\t>\n<\/div>\t\t<\/div>\n\t\t<map name=\"hotspots-image-1895\" class=\"hotspots-map\">\n\t\t\t\t\t\t\t\t\t\t\t<area\n\t\t\t\t\tshape=\"polygon\"\n\t\t\t\t\tcoords=\"769,839,793,926,807,922,824,998,851,992,865,1051,776,1077,770,1062,706,1083,645,874\"\n\t\t\t\t\thref=\"https:\/\/kastela-garden-residence.hr\/wp-content\/uploads\/2026\/02\/z1-s4.jpg\"\n\t\t\t\t\trel=\"\"\n\t\t\t\t\ttitle=\"Stan S4\"\n\t\t\t\t\talt=\"Stan S4\"\n\t\t\t\t\tdata-action=\"url\"\n\t\t\t\t\tdata-color-scheme=\"style-1\"\n\t\t\t\t\tdata-id=\"area-hotspot-1895-0\"\n\t\t\t\t\ttarget=\"_new\"\n\t\t\t\t\tclass=\"url-area\"\n\t\t\t\t\t>\n\t\t\t\t\t<\/map>\n\n\t\t\n\t\t\t\t\t\t<\/div>\n\n<\/div><\/div><div class=\"fusion-layout-column fusion_builder_column fusion-builder-column-7 fusion_builder_column_1_2 1_2 fusion-flex-column\" style=\"--awb-bg-size:cover;--awb-width-large:50%;--awb-margin-top-large:0px;--awb-spacing-right-large:3.84%;--awb-margin-bottom-large:20px;--awb-spacing-left-large:3.84%;--awb-width-medium:100%;--awb-order-medium:0;--awb-spacing-right-medium:1.92%;--awb-spacing-left-medium:1.92%;--awb-width-small:100%;--awb-order-small:0;--awb-spacing-right-small:1.92%;--awb-spacing-left-small:1.92%;\"><div class=\"fusion-column-wrapper fusion-column-has-shadow fusion-flex-justify-content-flex-start fusion-content-layout-column\"><div class=\"accordian fusion-accordian\" style=\"--awb-border-size:1px;--awb-icon-size:16px;--awb-content-font-size:15px;--awb-icon-alignment:left;--awb-hover-color:var(--awb-color2);--awb-border-color:hsla(var(--awb-color7-h),var(--awb-color7-s),calc( var(--awb-color7-l) + 69% ),var(--awb-color7-a));--awb-background-color:var(--awb-color1);--awb-divider-color:var(--awb-color4);--awb-divider-hover-color:var(--awb-color4);--awb-icon-color:var(--awb-color1);--awb-title-color:var(--awb-color5);--awb-content-color:var(--awb-color6);--awb-icon-box-color:var(--awb-color8);--awb-toggle-hover-accent-color:var(--awb-color5);--awb-title-font-family:&quot;Raleway&quot;;--awb-title-font-weight:500;--awb-title-font-style:normal;--awb-content-font-family:&quot;Open Sans&quot;;--awb-content-font-style:normal;--awb-content-font-weight:400;\"><div class=\"panel-group fusion-toggle-icon-boxed\" id=\"accordion-175-4\"><div class=\"fusion-panel panel-default panel-7cef761b3c268c299 fusion-toggle-has-divider\" style=\"--awb-title-color:var(--awb-color5);--awb-content-color:var(--awb-color6);\"><div class=\"panel-heading\"><h4 class=\"panel-title toggle\" id=\"toggle_7cef761b3c268c299\"><a aria-expanded=\"false\" aria-controls=\"7cef761b3c268c299\" role=\"button\" data-toggle=\"collapse\" data-parent=\"#accordion-175-4\" data-target=\"#7cef761b3c268c299\" href=\"#7cef761b3c268c299\"><span class=\"fusion-toggle-icon-wrapper\" aria-hidden=\"true\"><i class=\"fa-fusion-box active-icon awb-icon-minus\" aria-hidden=\"true\"><\/i><i class=\"fa-fusion-box inactive-icon awb-icon-plus\" aria-hidden=\"true\"><\/i><\/span><span class=\"fusion-toggle-heading\">Lokacija<\/span><\/a><\/h4><\/div><div id=\"7cef761b3c268c299\" class=\"panel-collapse collapse \" aria-labelledby=\"toggle_7cef761b3c268c299\"><div class=\"panel-body toggle-content fusion-clearfix\">\n<p>Stambeni kompleks novoizgra\u0111enih i planiranih stambenih i stambeno-poslovnih zgrada smje\u0161ten je izme\u0111u Ul. Marina Studina i Ul. Ivana Pavla II. Navedene ulice su povezane novom dvosmjernom cestom koja omogu\u0107ava dobru povezanost kompleksa sa \u0161irom lokacijom. Uz samu ulicu je smje\u0161ten vanjski parking dok prostrani mediteranski vrtovi kao glavni motiv cijelog kompleksa omogu\u0107uju privatnost i mirno okru\u017eenje osobito stanovima u prizemlju.<\/p>\n<\/div><\/div><\/div><div class=\"fusion-panel panel-default panel-cc93ce1f4f180bdae fusion-toggle-has-divider\" style=\"--awb-title-color:var(--awb-color5);--awb-content-color:var(--awb-color6);\"><div class=\"panel-heading\"><h4 class=\"panel-title toggle\" id=\"toggle_cc93ce1f4f180bdae\"><a aria-expanded=\"false\" aria-controls=\"cc93ce1f4f180bdae\" role=\"button\" data-toggle=\"collapse\" data-parent=\"#accordion-175-4\" data-target=\"#cc93ce1f4f180bdae\" href=\"#cc93ce1f4f180bdae\"><span class=\"fusion-toggle-icon-wrapper\" aria-hidden=\"true\"><i class=\"fa-fusion-box active-icon awb-icon-minus\" aria-hidden=\"true\"><\/i><i class=\"fa-fusion-box inactive-icon awb-icon-plus\" aria-hidden=\"true\"><\/i><\/span><span class=\"fusion-toggle-heading\">Katnost i sadr\u017eaj gra\u0111evine<\/span><\/a><\/h4><\/div><div id=\"cc93ce1f4f180bdae\" class=\"panel-collapse collapse \" aria-labelledby=\"toggle_cc93ce1f4f180bdae\"><div class=\"panel-body toggle-content fusion-clearfix\">\n<p>Kompleks \u010dine dvije vi\u0161estambene gra\u0111evine sa zajedni\u010dkim podrumom. Pristup u gara\u017eu je zajedni\u010dki dok je ulaz u gra\u0111evine zaseban iz podruma vertikalnim komunikacijama (stubi\u0161te i lift) odnosno preko ure\u0111enog terena za svaku gra\u0111evinu zasebno. Zajedni\u010dka podrumska eta\u017ea sadr\u017ei 28 parkirali\u0161nih mjesta i 14 spremi\u0161ta te druge servisne prostorije. Svaka gra\u0111evina ima po 7 stanova, po dva stana na eta\u017ei prizemlja, 1. i 2. kata i jedan stan na nadgra\u0111u. Prostrane terase stanova su tlocrtno smje\u0161tena na suprotne strane gra\u0111evine i omogu\u0107uju privatnost stanarima.<\/p>\n<\/div><\/div><\/div><div class=\"fusion-panel panel-default panel-fbece5ad18d0a217d fusion-toggle-has-divider\" style=\"--awb-title-color:var(--awb-color5);--awb-content-color:var(--awb-color6);\"><div class=\"panel-heading\"><h4 class=\"panel-title toggle\" id=\"toggle_fbece5ad18d0a217d\"><a aria-expanded=\"false\" aria-controls=\"fbece5ad18d0a217d\" role=\"button\" data-toggle=\"collapse\" data-parent=\"#accordion-175-4\" data-target=\"#fbece5ad18d0a217d\" href=\"#fbece5ad18d0a217d\"><span class=\"fusion-toggle-icon-wrapper\" aria-hidden=\"true\"><i class=\"fa-fusion-box active-icon awb-icon-minus\" aria-hidden=\"true\"><\/i><i class=\"fa-fusion-box inactive-icon awb-icon-plus\" aria-hidden=\"true\"><\/i><\/span><span class=\"fusion-toggle-heading\">Konstrukcija<\/span><\/a><\/h4><\/div><div id=\"fbece5ad18d0a217d\" class=\"panel-collapse collapse \" aria-labelledby=\"toggle_fbece5ad18d0a217d\"><div class=\"panel-body toggle-content fusion-clearfix\">\n<p>Konstrukcija zgrade je armiranobetonska (sustav armiranobetonskih: nosivih zidova, nosivih horizontalnih i vertikalnih elemenata, monolitnih me\u0111ukatnih plo\u010da i ravnog krova). Armirano betonski zidovi su debljine 20 cm kao i me\u0111ukatne plo\u010de. Vanjski zidovi dijelom su zidani Porotherm blok opekom debljine 20 cm. Pregradni zidovi su tako\u0111er zidani Porotherm blok opekom debljine 11,5 cm. Okno dizala i stubi\u0161na jezgra su izvedeni od armiranobetonskih zidova debljine 20 cm, toplinski i zvu\u010dno izolirani prema stanovima. Svijetla visina u stanovima (visina od gotovog poda do stropa) iznosi 257 \u2013 272 cm.<\/p>\n<\/div><\/div><\/div><div class=\"fusion-panel panel-default panel-b58447af45f7a77ea fusion-toggle-has-divider\" style=\"--awb-title-color:var(--awb-color5);--awb-content-color:var(--awb-color6);\"><div class=\"panel-heading\"><h4 class=\"panel-title toggle\" id=\"toggle_b58447af45f7a77ea\"><a aria-expanded=\"false\" aria-controls=\"b58447af45f7a77ea\" role=\"button\" data-toggle=\"collapse\" data-parent=\"#accordion-175-4\" data-target=\"#b58447af45f7a77ea\" href=\"#b58447af45f7a77ea\"><span class=\"fusion-toggle-icon-wrapper\" aria-hidden=\"true\"><i class=\"fa-fusion-box active-icon awb-icon-minus\" aria-hidden=\"true\"><\/i><i class=\"fa-fusion-box inactive-icon awb-icon-plus\" aria-hidden=\"true\"><\/i><\/span><span class=\"fusion-toggle-heading\">Fasada<\/span><\/a><\/h4><\/div><div id=\"b58447af45f7a77ea\" class=\"panel-collapse collapse \" aria-labelledby=\"toggle_b58447af45f7a77ea\"><div class=\"panel-body toggle-content fusion-clearfix\">\n<p>Fasada je izvedena kao ETICS sustav s 10 cm kamene vune sa zavr\u0161nim slojem od silikatne \u017ebuke.<\/p>\n<\/div><\/div><\/div><div class=\"fusion-panel panel-default panel-ad5061efe49efc899 fusion-toggle-has-divider\" style=\"--awb-title-color:var(--awb-color5);--awb-content-color:var(--awb-color6);\"><div class=\"panel-heading\"><h4 class=\"panel-title toggle\" id=\"toggle_ad5061efe49efc899\"><a aria-expanded=\"false\" aria-controls=\"ad5061efe49efc899\" role=\"button\" data-toggle=\"collapse\" data-parent=\"#accordion-175-4\" data-target=\"#ad5061efe49efc899\" href=\"#ad5061efe49efc899\"><span class=\"fusion-toggle-icon-wrapper\" aria-hidden=\"true\"><i class=\"fa-fusion-box active-icon awb-icon-minus\" aria-hidden=\"true\"><\/i><i class=\"fa-fusion-box inactive-icon awb-icon-plus\" aria-hidden=\"true\"><\/i><\/span><span class=\"fusion-toggle-heading\">Krov<\/span><\/a><\/h4><\/div><div id=\"ad5061efe49efc899\" class=\"panel-collapse collapse \" aria-labelledby=\"toggle_ad5061efe49efc899\"><div class=\"panel-body toggle-content fusion-clearfix\">\n<p>Krov je ravni neprohodni izveden od monolitne armiranobetonske plo\u010de u nagibu, minimalne debljine 20 cm, s parnom branom, toplinskom izolacijom (EPS) debljine 20 cm, zavr\u0161no prekriven hidroizolacijskom TPO folijom otpornom na UV zrake i za\u0161ti\u0107en oblutkom.<\/p>\n<\/div><\/div><\/div><div class=\"fusion-panel panel-default panel-530c10cbe19718370 fusion-toggle-has-divider\" style=\"--awb-title-color:var(--awb-color5);--awb-content-color:var(--awb-color6);\"><div class=\"panel-heading\"><h4 class=\"panel-title toggle\" id=\"toggle_530c10cbe19718370\"><a aria-expanded=\"false\" aria-controls=\"530c10cbe19718370\" role=\"button\" data-toggle=\"collapse\" data-parent=\"#accordion-175-4\" data-target=\"#530c10cbe19718370\" href=\"#530c10cbe19718370\"><span class=\"fusion-toggle-icon-wrapper\" aria-hidden=\"true\"><i class=\"fa-fusion-box active-icon awb-icon-minus\" aria-hidden=\"true\"><\/i><i class=\"fa-fusion-box inactive-icon awb-icon-plus\" aria-hidden=\"true\"><\/i><\/span><span class=\"fusion-toggle-heading\">Vanjska stolarija<\/span><\/a><\/h4><\/div><div id=\"530c10cbe19718370\" class=\"panel-collapse collapse \" aria-labelledby=\"toggle_530c10cbe19718370\"><div class=\"panel-body toggle-content fusion-clearfix\">\n<p>Stolarija je izvedena od kvalitetnih PVC profila s aluminijskom oblogom izvana (izvana u sivo srebrnoj boji, unutra u bijeloj) s trostrukoizoliraju\u0107im staklom. Svi vanjski zatvori imaju aluminijske rolete u sivoj boji i komarnike (klizne ili rolo). Otvori su otklopno \u2013 zaokretni, klizni i podizno \u2013 klizni, a sve rolete (osim u kupaonicama) imaju elektronsko upravljanje &#8211; pogon na elektromotor.<\/p>\n<\/div><\/div><\/div><div class=\"fusion-panel panel-default panel-e6921bbe397ab7497 fusion-toggle-has-divider\" style=\"--awb-title-color:var(--awb-color5);--awb-content-color:var(--awb-color6);\"><div class=\"panel-heading\"><h4 class=\"panel-title toggle\" id=\"toggle_e6921bbe397ab7497\"><a aria-expanded=\"false\" aria-controls=\"e6921bbe397ab7497\" role=\"button\" data-toggle=\"collapse\" data-parent=\"#accordion-175-4\" data-target=\"#e6921bbe397ab7497\" href=\"#e6921bbe397ab7497\"><span class=\"fusion-toggle-icon-wrapper\" aria-hidden=\"true\"><i class=\"fa-fusion-box active-icon awb-icon-minus\" aria-hidden=\"true\"><\/i><i class=\"fa-fusion-box inactive-icon awb-icon-plus\" aria-hidden=\"true\"><\/i><\/span><span class=\"fusion-toggle-heading\">Zajedni\u010dki prostori i spremi\u0161ta<\/span><\/a><\/h4><\/div><div id=\"e6921bbe397ab7497\" class=\"panel-collapse collapse \" aria-labelledby=\"toggle_e6921bbe397ab7497\"><div class=\"panel-body toggle-content fusion-clearfix\">\n<p>Ulazni prostor, stubi\u0161ta i hodnici su poplo\u010dani kamenim plo\u010dama debljine 3 cm. Ograde i rukohvati u stubi\u0161tima izvedeni su kao bravarska ograda visine do 110 cm. Dizala su be\u0161umna kroz sve eta\u017ee. U natkrivenom ulazu su smje\u0161teni po\u0161tanski sandu\u010di\u0107i, paneli za obavijest te parlafon s video kontrolom.<\/p>\n<p>Podovi u podrumskim spremi\u0161tima zavr\u0161no su premazani epoksidnim premazom.<\/p>\n<\/div><\/div><\/div><div class=\"fusion-panel panel-default panel-6f74b140e9ef39ef2 fusion-toggle-has-divider\" style=\"--awb-title-color:var(--awb-color5);--awb-content-color:var(--awb-color6);\"><div class=\"panel-heading\"><h4 class=\"panel-title toggle\" id=\"toggle_6f74b140e9ef39ef2\"><a aria-expanded=\"false\" aria-controls=\"6f74b140e9ef39ef2\" role=\"button\" data-toggle=\"collapse\" data-parent=\"#accordion-175-4\" data-target=\"#6f74b140e9ef39ef2\" href=\"#6f74b140e9ef39ef2\"><span class=\"fusion-toggle-icon-wrapper\" aria-hidden=\"true\"><i class=\"fa-fusion-box active-icon awb-icon-minus\" aria-hidden=\"true\"><\/i><i class=\"fa-fusion-box inactive-icon awb-icon-plus\" aria-hidden=\"true\"><\/i><\/span><span class=\"fusion-toggle-heading\">Gara\u017ee i parkirna mjesta<\/span><\/a><\/h4><\/div><div id=\"6f74b140e9ef39ef2\" class=\"panel-collapse collapse \" aria-labelledby=\"toggle_6f74b140e9ef39ef2\"><div class=\"panel-body toggle-content fusion-clearfix\">\n<p>Gara\u017ee su smje\u0161tene u podrumskoj eta\u017ei, sa zajedni\u010dkom ulaznom rampom s rolo vratima na daljinsko upravljanje. Kolna komunikacija je zajedni\u010dka i kru\u017ena, a parkirna mjesta su otvorena. Svaki stan u gara\u017ei ima osigurana dva parkirna mjesta te pripadaju\u0107e spremi\u0161te. Gara\u017ea ima prirodnu i mehani\u010dku ventilaciju.<\/p>\n<\/div><\/div><\/div><div class=\"fusion-panel panel-default panel-2113c4234ddc09a55 fusion-toggle-has-divider\" style=\"--awb-title-color:var(--awb-color5);--awb-content-color:var(--awb-color6);\"><div class=\"panel-heading\"><h4 class=\"panel-title toggle\" id=\"toggle_2113c4234ddc09a55\"><a aria-expanded=\"false\" aria-controls=\"2113c4234ddc09a55\" role=\"button\" data-toggle=\"collapse\" data-parent=\"#accordion-175-4\" data-target=\"#2113c4234ddc09a55\" href=\"#2113c4234ddc09a55\"><span class=\"fusion-toggle-icon-wrapper\" aria-hidden=\"true\"><i class=\"fa-fusion-box active-icon awb-icon-minus\" aria-hidden=\"true\"><\/i><i class=\"fa-fusion-box inactive-icon awb-icon-plus\" aria-hidden=\"true\"><\/i><\/span><span class=\"fusion-toggle-heading\">Stolarija<\/span><\/a><\/h4><\/div><div id=\"2113c4234ddc09a55\" class=\"panel-collapse collapse \" aria-labelledby=\"toggle_2113c4234ddc09a55\"><div class=\"panel-body toggle-content fusion-clearfix\">\n<p>Ulazna vrata u stan su protuprovalna i protupo\u017earna s dodatnom zvu\u010dnom izolacijom. Unutarnja stolarija izvedena od punih, glatkih vrata s dovratnikom u bijeloj boji visine 210 cm.<\/p>\n<\/div><\/div><\/div><div class=\"fusion-panel panel-default panel-e193cfb39183209e2 fusion-toggle-has-divider\" style=\"--awb-title-color:var(--awb-color5);--awb-content-color:var(--awb-color6);\"><div class=\"panel-heading\"><h4 class=\"panel-title toggle\" id=\"toggle_e193cfb39183209e2\"><a aria-expanded=\"false\" aria-controls=\"e193cfb39183209e2\" role=\"button\" data-toggle=\"collapse\" data-parent=\"#accordion-175-4\" data-target=\"#e193cfb39183209e2\" href=\"#e193cfb39183209e2\"><span class=\"fusion-toggle-icon-wrapper\" aria-hidden=\"true\"><i class=\"fa-fusion-box active-icon awb-icon-minus\" aria-hidden=\"true\"><\/i><i class=\"fa-fusion-box inactive-icon awb-icon-plus\" aria-hidden=\"true\"><\/i><\/span><span class=\"fusion-toggle-heading\">Zidovi i stropovi<\/span><\/a><\/h4><\/div><div id=\"e193cfb39183209e2\" class=\"panel-collapse collapse \" aria-labelledby=\"toggle_e193cfb39183209e2\"><div class=\"panel-body toggle-content fusion-clearfix\">\n<p>Nosivi zidovi su armirano betonski zidovi debljine 20 cm, a dijelom su zidani Porotherm blok opekom debljine 20 cm. Pregradni zidovi su zidani Porotherm blok opekom debljine 11,5 cm. Unutarnje povr\u0161ine zidova i stropova su o\u017ebukane i oli\u010dene poludisperzivnom bijelom bojom.<\/p>\n<p>Kao zidne obloge kupaonice ugra\u0111ene su visokokvalitetne kerami\u010dke plo\u010dice I klase.<\/p>\n<\/div><\/div><\/div><div class=\"fusion-panel panel-default panel-654e7cb85f2091a1a fusion-toggle-has-divider\" style=\"--awb-title-color:var(--awb-color5);--awb-content-color:var(--awb-color6);\"><div class=\"panel-heading\"><h4 class=\"panel-title toggle\" id=\"toggle_654e7cb85f2091a1a\"><a aria-expanded=\"false\" aria-controls=\"654e7cb85f2091a1a\" role=\"button\" data-toggle=\"collapse\" data-parent=\"#accordion-175-4\" data-target=\"#654e7cb85f2091a1a\" href=\"#654e7cb85f2091a1a\"><span class=\"fusion-toggle-icon-wrapper\" aria-hidden=\"true\"><i class=\"fa-fusion-box active-icon awb-icon-minus\" aria-hidden=\"true\"><\/i><i class=\"fa-fusion-box inactive-icon awb-icon-plus\" aria-hidden=\"true\"><\/i><\/span><span class=\"fusion-toggle-heading\">Podovi<\/span><\/a><\/h4><\/div><div id=\"654e7cb85f2091a1a\" class=\"panel-collapse collapse \" aria-labelledby=\"toggle_654e7cb85f2091a1a\"><div class=\"panel-body toggle-content fusion-clearfix\">\n<p>Podovi spava\u0107ih soba su oblo\u017eeni hrastovim parketom I klase, zavr\u0161no lakiranim, modernog izgleda u natur boji, s letvicama u bijeloj boji. Podovi ostalih prostorija su oblo\u017eeni kerami\u010dkim plo\u010dicama, a loggie vanjskim protukliznim kerami\u010dkim plo\u010dicama sve I klase. Na povr\u0161inama s plo\u010dicama izveden je kerami\u010dki sokl.<\/p>\n<p>Zidovi gra\u0111evine s termi\u010dki obra\u0111enim pro\u010deljima, s o\u017ebukanim unutarnjim povr\u0161inama zidova i stropova, podovi s podnim slojevima toplinske i zvu\u010dne za\u0161tite, \u010dine ugra\u0111eni materijali koji pojedina\u010dno i u kompletu imaju sposobnost izdr\u017eati sva mehani\u010dka i druga predvi\u0111ena djelovanja pri normalnoj upotrebi.<\/p>\n<\/div><\/div><\/div><div class=\"fusion-panel panel-default panel-f59fc56a3b4e7fabf fusion-toggle-has-divider\" style=\"--awb-title-color:var(--awb-color5);--awb-content-color:var(--awb-color6);\"><div class=\"panel-heading\"><h4 class=\"panel-title toggle\" id=\"toggle_f59fc56a3b4e7fabf\"><a aria-expanded=\"false\" aria-controls=\"f59fc56a3b4e7fabf\" role=\"button\" data-toggle=\"collapse\" data-parent=\"#accordion-175-4\" data-target=\"#f59fc56a3b4e7fabf\" href=\"#f59fc56a3b4e7fabf\"><span class=\"fusion-toggle-icon-wrapper\" aria-hidden=\"true\"><i class=\"fa-fusion-box active-icon awb-icon-minus\" aria-hidden=\"true\"><\/i><i class=\"fa-fusion-box inactive-icon awb-icon-plus\" aria-hidden=\"true\"><\/i><\/span><span class=\"fusion-toggle-heading\">Kupaonice i WC<\/span><\/a><\/h4><\/div><div id=\"f59fc56a3b4e7fabf\" class=\"panel-collapse collapse \" aria-labelledby=\"toggle_f59fc56a3b4e7fabf\"><div class=\"panel-body toggle-content fusion-clearfix\">\n<p>Sva sanitarna oprema je visoke kvalitete poznatih proizvo\u0111a\u010da. Opremu \u010dine: konzolni umivaonici s pripadaju\u0107im mije\u0161alicama, konzolna WC \u0161koljka s poklopcem i s nisko\u0161umnim ugradbenim vodokotli\u0107em, tu\u0161 \u2013 kada s tu\u0161 setom. Priklju\u010dak za perilicu rublja s odvodnjom.<\/p>\n<p>Zidovi su oblo\u017eeni kerami\u010dkim plo\u010dicama I klase od poda do pune visine prostorije.<\/p>\n<p>Bojleri PTV su smje\u0161teni u podrumu u zajedni\u010dkom prostoru.<\/p>\n<\/div><\/div><\/div><div class=\"fusion-panel panel-default panel-2e4ef49b0f59d27fa fusion-toggle-has-divider\" style=\"--awb-title-color:var(--awb-color5);--awb-content-color:var(--awb-color6);\"><div class=\"panel-heading\"><h4 class=\"panel-title toggle\" id=\"toggle_2e4ef49b0f59d27fa\"><a aria-expanded=\"false\" aria-controls=\"2e4ef49b0f59d27fa\" role=\"button\" data-toggle=\"collapse\" data-parent=\"#accordion-175-4\" data-target=\"#2e4ef49b0f59d27fa\" href=\"#2e4ef49b0f59d27fa\"><span class=\"fusion-toggle-icon-wrapper\" aria-hidden=\"true\"><i class=\"fa-fusion-box active-icon awb-icon-minus\" aria-hidden=\"true\"><\/i><i class=\"fa-fusion-box inactive-icon awb-icon-plus\" aria-hidden=\"true\"><\/i><\/span><span class=\"fusion-toggle-heading\">Elektroinstalacije<\/span><\/a><\/h4><\/div><div id=\"2e4ef49b0f59d27fa\" class=\"panel-collapse collapse \" aria-labelledby=\"toggle_2e4ef49b0f59d27fa\"><div class=\"panel-body toggle-content fusion-clearfix\">\n<p>Elektrobrojila su smje\u0161tena u vanjskom ure\u0111enom terenu (uz zapadnu granicu). Elektro oprema je visoke kvalitete poznatih proizvo\u0111a\u010da.<\/p>\n<p>U stanovima su predvi\u0111ene telefonske i TV uti\u010dnice, stropna i zidna rasvjeta te termostat u dnevnom boravku i spava\u0107im sobama. Elektrooprema kuhinje sastoji se od izvoda za \u0161tednjak, uti\u010dnice za hladnjak, uti\u010dnice za perilicu, uti\u010dnice u pojasu iznad radne plohe, izvod za napu i uti\u010dnice na kuhinjskom otoku. Elektrooprema kupaonice sadr\u017ei priklju\u010dnicu za perilicu rublja, nadsvjetlo iznad umivaonika, uti\u010dnice na zidu te izvod za ventilator. Elektrooprema u hodniku su rasvjetna tijela, strujni razdjelnik stana, ormari\u0107 slabe struje, uti\u010dnica, centralno sklop struje cijelog stana.<\/p>\n<p>Osigurana je mogu\u0107nost spajanja na kabelsku TV preko instalacija zajedni\u010dkog antenskog satelita.<\/p>\n<p>Spremi\u0161ta, u kojima je izvedena stropna rasvjeta su povezana s brojilom pripadaju\u0107eg stana, a lift, hodnici i gara\u017ea vezani su na zasebno brojilo zajedni\u010dke potro\u0161nje.<\/p>\n<\/div><\/div><\/div><div class=\"fusion-panel panel-default panel-aa8fcd71f73b78118 fusion-toggle-has-divider\" style=\"--awb-title-color:var(--awb-color5);--awb-content-color:var(--awb-color6);\"><div class=\"panel-heading\"><h4 class=\"panel-title toggle\" id=\"toggle_aa8fcd71f73b78118\"><a aria-expanded=\"false\" aria-controls=\"aa8fcd71f73b78118\" role=\"button\" data-toggle=\"collapse\" data-parent=\"#accordion-175-4\" data-target=\"#aa8fcd71f73b78118\" href=\"#aa8fcd71f73b78118\"><span class=\"fusion-toggle-icon-wrapper\" aria-hidden=\"true\"><i class=\"fa-fusion-box active-icon awb-icon-minus\" aria-hidden=\"true\"><\/i><i class=\"fa-fusion-box inactive-icon awb-icon-plus\" aria-hidden=\"true\"><\/i><\/span><span class=\"fusion-toggle-heading\">Instalacije vodovoda i odvodnje<\/span><\/a><\/h4><\/div><div id=\"aa8fcd71f73b78118\" class=\"panel-collapse collapse \" aria-labelledby=\"toggle_aa8fcd71f73b78118\"><div class=\"panel-body toggle-content fusion-clearfix\">\n<p>Opskrba vodom je priklju\u010dkom na javnu gradsku vodovodnu mre\u017eu. Na priklju\u010dnom cjevovodu je okno s ugra\u0111enim vodomjerima za svaki stan zasebno. Razvod vode se vr\u0161i PPR toplinski izoliranim cijevima.<\/p>\n<p>Odvodnja otpadnih voda je priklju\u010dkom na kanalizacijski sustav naselja. Za odvodnju su kori\u0161tene nisko\u0161umne cijevi.<\/p>\n<p>Priprema potro\u0161ne tople vode je preko bojlera \u2013 dizalica topline smje\u0161tenih u podrumskoj eta\u017ei, za svaki stan zasebno.<\/p>\n<p>Glavni ventil za vodu nalazi se na svakom od stubi\u0161ta.<\/p>\n<\/div><\/div><\/div><div class=\"fusion-panel panel-default panel-de3e64a2e362bee29 fusion-toggle-has-divider\" style=\"--awb-title-color:var(--awb-color5);--awb-content-color:var(--awb-color6);\"><div class=\"panel-heading\"><h4 class=\"panel-title toggle\" id=\"toggle_de3e64a2e362bee29\"><a aria-expanded=\"false\" aria-controls=\"de3e64a2e362bee29\" role=\"button\" data-toggle=\"collapse\" data-parent=\"#accordion-175-4\" data-target=\"#de3e64a2e362bee29\" href=\"#de3e64a2e362bee29\"><span class=\"fusion-toggle-icon-wrapper\" aria-hidden=\"true\"><i class=\"fa-fusion-box active-icon awb-icon-minus\" aria-hidden=\"true\"><\/i><i class=\"fa-fusion-box inactive-icon awb-icon-plus\" aria-hidden=\"true\"><\/i><\/span><span class=\"fusion-toggle-heading\">Grijanje i hla\u0111enje<\/span><\/a><\/h4><\/div><div id=\"de3e64a2e362bee29\" class=\"panel-collapse collapse \" aria-labelledby=\"toggle_de3e64a2e362bee29\"><div class=\"panel-body toggle-content fusion-clearfix\">\n<p>Za sve stanove kori\u0161teni su ure\u0111aji proizvo\u0111a\u010da.<\/p>\n<p>Kao vanjska jedinica ugra\u0111en je inverter sustav multi split snage 9,3\/8,3 Kw.<\/p>\n<p>Stanovi su opremljeni kanalskim razvodom unutarnjih klima jedinica, u dnevnom boravku snage 4,0\/3,5 Kw, a u sobama jedinice snage 2,5\/2,0 Kw, s daljinskim i Wifi upravljanjem.<\/p>\n<p>U dnevnom dijelu stana i kupaonicama je izvedeno podno grijanje sustavom elektri\u010dne mre\u017eice, komplet s termostatom i senzorima za temperaturu.<\/p>\n<\/div><\/div><\/div><div class=\"fusion-panel panel-default panel-855fffa66bbf02037 fusion-toggle-has-divider\" style=\"--awb-title-color:var(--awb-color5);--awb-content-color:var(--awb-color6);\"><div class=\"panel-heading\"><h4 class=\"panel-title toggle\" id=\"toggle_855fffa66bbf02037\"><a aria-expanded=\"false\" aria-controls=\"855fffa66bbf02037\" role=\"button\" data-toggle=\"collapse\" data-parent=\"#accordion-175-4\" data-target=\"#855fffa66bbf02037\" href=\"#855fffa66bbf02037\"><span class=\"fusion-toggle-icon-wrapper\" aria-hidden=\"true\"><i class=\"fa-fusion-box active-icon awb-icon-minus\" aria-hidden=\"true\"><\/i><i class=\"fa-fusion-box inactive-icon awb-icon-plus\" aria-hidden=\"true\"><\/i><\/span><span class=\"fusion-toggle-heading\">Ventilacija<\/span><\/a><\/h4><\/div><div id=\"855fffa66bbf02037\" class=\"panel-collapse collapse \" aria-labelledby=\"toggle_855fffa66bbf02037\"><div class=\"panel-body toggle-content fusion-clearfix\">\n<p>Umjetna ventilacija je osigurana be\u0161umnim ventilatorima u svim sanitarnim prostorijama, a ventilacija kuhinja osigurana je zasebnim cijevima za odvod napa.<\/p>\n<p>Unutar gara\u017ee osigurana je prirodna i mehani\u010dka ventilacija kao i ventilacija svakog spremi\u0161ta pojedina\u010dno.<\/p>\n<\/div><\/div><\/div><div class=\"fusion-panel panel-default panel-de9cb18cb3f81e818 fusion-toggle-has-divider\" style=\"--awb-title-color:var(--awb-color5);--awb-content-color:var(--awb-color6);\"><div class=\"panel-heading\"><h4 class=\"panel-title toggle\" id=\"toggle_de9cb18cb3f81e818\"><a aria-expanded=\"false\" aria-controls=\"de9cb18cb3f81e818\" role=\"button\" data-toggle=\"collapse\" data-parent=\"#accordion-175-4\" data-target=\"#de9cb18cb3f81e818\" href=\"#de9cb18cb3f81e818\"><span class=\"fusion-toggle-icon-wrapper\" aria-hidden=\"true\"><i class=\"fa-fusion-box active-icon awb-icon-minus\" aria-hidden=\"true\"><\/i><i class=\"fa-fusion-box inactive-icon awb-icon-plus\" aria-hidden=\"true\"><\/i><\/span><span class=\"fusion-toggle-heading\">Energetski razred<\/span><\/a><\/h4><\/div><div id=\"de9cb18cb3f81e818\" class=\"panel-collapse collapse \" aria-labelledby=\"toggle_de9cb18cb3f81e818\"><div class=\"panel-body toggle-content fusion-clearfix\">\n<p>Isho\u0111en je energetski certifikat razreda A+.<\/p>\n<\/div><\/div><\/div><div class=\"fusion-panel panel-default panel-dd235363e02a7c67f fusion-toggle-has-divider\" style=\"--awb-title-color:var(--awb-color5);--awb-content-color:var(--awb-color6);\"><div class=\"panel-heading\"><h4 class=\"panel-title toggle\" id=\"toggle_dd235363e02a7c67f\"><a aria-expanded=\"false\" aria-controls=\"dd235363e02a7c67f\" role=\"button\" data-toggle=\"collapse\" data-parent=\"#accordion-175-4\" data-target=\"#dd235363e02a7c67f\" href=\"#dd235363e02a7c67f\"><span class=\"fusion-toggle-icon-wrapper\" aria-hidden=\"true\"><i class=\"fa-fusion-box active-icon awb-icon-minus\" aria-hidden=\"true\"><\/i><i class=\"fa-fusion-box inactive-icon awb-icon-plus\" aria-hidden=\"true\"><\/i><\/span><span class=\"fusion-toggle-heading\">Uvjeti odr\u017eavanja gra\u0111evine<\/span><\/a><\/h4><\/div><div id=\"dd235363e02a7c67f\" class=\"panel-collapse collapse \" aria-labelledby=\"toggle_dd235363e02a7c67f\"><div class=\"panel-body toggle-content fusion-clearfix\">\n<p>Kupac \u0107e prilikom preuzimanja stana dobiti knji\u017eicu s uputama za kori\u0161tenje i odr\u017eavanje ugra\u0111ene opreme.<\/p>\n<\/div><\/div><\/div><div class=\"fusion-panel panel-default panel-1b48c83453b922c39 fusion-toggle-has-divider\" style=\"--awb-title-color:var(--awb-color5);--awb-content-color:var(--awb-color6);\"><div class=\"panel-heading\"><h4 class=\"panel-title toggle\" id=\"toggle_1b48c83453b922c39\"><a aria-expanded=\"false\" aria-controls=\"1b48c83453b922c39\" role=\"button\" data-toggle=\"collapse\" data-parent=\"#accordion-175-4\" data-target=\"#1b48c83453b922c39\" href=\"#1b48c83453b922c39\"><span class=\"fusion-toggle-icon-wrapper\" aria-hidden=\"true\"><i class=\"fa-fusion-box active-icon awb-icon-minus\" aria-hidden=\"true\"><\/i><i class=\"fa-fusion-box inactive-icon awb-icon-plus\" aria-hidden=\"true\"><\/i><\/span><span class=\"fusion-toggle-heading\">Ure\u0111enje okoli\u0161a<\/span><\/a><\/h4><\/div><div id=\"1b48c83453b922c39\" class=\"panel-collapse collapse \" aria-labelledby=\"toggle_1b48c83453b922c39\"><div class=\"panel-body toggle-content fusion-clearfix\">\n<p>Okoli\u0161 je ure\u0111en kolnim i pje\u0161a\u010dkim povr\u0161inama i hortikulturno ure\u0111enim vrtovima.<\/p>\n<\/div><\/div><\/div><div class=\"fusion-panel panel-default panel-c2b2d51d316a16070 fusion-toggle-has-divider\" style=\"--awb-title-color:var(--awb-color5);--awb-content-color:var(--awb-color6);\"><div class=\"panel-heading\"><h4 class=\"panel-title toggle\" id=\"toggle_c2b2d51d316a16070\"><a aria-expanded=\"false\" aria-controls=\"c2b2d51d316a16070\" role=\"button\" data-toggle=\"collapse\" data-parent=\"#accordion-175-4\" data-target=\"#c2b2d51d316a16070\" href=\"#c2b2d51d316a16070\"><span class=\"fusion-toggle-icon-wrapper\" aria-hidden=\"true\"><i class=\"fa-fusion-box active-icon awb-icon-minus\" aria-hidden=\"true\"><\/i><i class=\"fa-fusion-box inactive-icon awb-icon-plus\" aria-hidden=\"true\"><\/i><\/span><span class=\"fusion-toggle-heading\">Garancija<\/span><\/a><\/h4><\/div><div id=\"c2b2d51d316a16070\" class=\"panel-collapse collapse \" aria-labelledby=\"toggle_c2b2d51d316a16070\"><div class=\"panel-body toggle-content fusion-clearfix\">\n<p>Garantni rok za kvalitetu izvedbe gra\u0111evinskih i gra\u0111evinsko-obrtni\u010dkih radova odre\u0111en je u skladu sa zakonom i posebnim propisima i to 2 godine za obrtni\u010dke radove, a 10 godina za konstrukciju gra\u0111evine i krov.<\/p>\n<p>Uvjeti i rokovi garancije za ugra\u0111enu opremu vrijede prema specifikacijama proizvo\u0111a\u010da.<\/p>\n<\/div><\/div><\/div><\/div><\/div><div class=\"fusion-separator fusion-full-width-sep\" style=\"align-self: center;margin-left: auto;margin-right: auto;margin-bottom:40px;width:100%;\"><\/div><div style=\"text-align:center;\"><a class=\"fusion-button button-flat fusion-button-default-size button-custom fusion-button-default button-4 fusion-button-default-span fusion-button-default-type\" style=\"--button_accent_color:#ffffff;--button_accent_hover_color:#ffffff;--button_border_hover_color:hsla(var(--awb-color1-h),var(--awb-color1-s),var(--awb-color1-l),calc( var(--awb-color1-a) - 10% ));--button_gradient_top_color:#000000;--button_gradient_bottom_color:#000000;--button_gradient_top_color_hover:#001f63;--button_gradient_bottom_color_hover:#001f63;\" target=\"_self\" href=\"https:\/\/kastela-garden-residence.hr\/zgrada-1-stan-s4\/\"><span class=\"fusion-button-text awb-button__text awb-button__text--default\">SAZNAJ VI\u0160E<\/span><\/a><\/div><\/div><\/div><\/div><\/div><div class=\"fusion-fullwidth fullwidth-box fusion-builder-row-5 fusion-flex-container has-pattern-background has-mask-background hundred-percent-fullwidth non-hundred-percent-height-scrolling\" style=\"--awb-border-radius-top-left:0px;--awb-border-radius-top-right:0px;--awb-border-radius-bottom-right:0px;--awb-border-radius-bottom-left:0px;--awb-padding-bottom:30px;--awb-flex-wrap:wrap;\" ><div class=\"fusion-builder-row fusion-row fusion-flex-align-items-flex-start fusion-flex-content-wrap\" style=\"width:104% !important;max-width:104% !important;margin-left: calc(-4% \/ 2 );margin-right: calc(-4% \/ 2 );\"><div class=\"fusion-layout-column fusion_builder_column fusion-builder-column-8 fusion_builder_column_1_2 1_2 fusion-flex-column\" style=\"--awb-bg-size:cover;--awb-width-large:50%;--awb-margin-top-large:0px;--awb-spacing-right-large:3.84%;--awb-margin-bottom-large:20px;--awb-spacing-left-large:3.84%;--awb-width-medium:100%;--awb-order-medium:0;--awb-spacing-right-medium:1.92%;--awb-spacing-left-medium:1.92%;--awb-width-small:100%;--awb-order-small:0;--awb-spacing-right-small:1.92%;--awb-spacing-left-small:1.92%;\"><div class=\"fusion-column-wrapper fusion-column-has-shadow fusion-flex-justify-content-flex-start fusion-content-layout-column\"><div class=\"fusion-title title fusion-title-5 fusion-sep-none fusion-title-center fusion-title-highlight fusion-animate-once fusion-highlight-underline fusion-title-size-one\" style=\"--awb-margin-top-small:0px;--awb-margin-right-small:0px;--awb-margin-bottom-small:20px;--awb-margin-left-small:0px;--awb-font-size:40px;\" data-highlight=\"underline\"><h1 class=\"fusion-title-heading title-heading-center fusion-responsive-typography-calculated\" style=\"margin:0;text-transform:capitalize;font-size:1em;--fontSize:40;line-height:var(--awb-typography1-line-height);\"><span class=\"fusion-highlighted-text-prefix\"><\/span> <span class=\"fusion-highlighted-text-wrapper\"><span class=\"fusion-highlighted-text\">Stan S5<\/span><svg xmlns=\"http:\/\/www.w3.org\/2000\/svg\" viewBox=\"0 0 500 150\" preserveAspectRatio=\"none\"><path d=\"M8.1,146.2c0,0,240.6-55.6,479-13.8\"><\/path><\/svg><\/span> <span class=\"fusion-highlighted-text-postfix\"><\/span><\/h1><\/div>\n<style>\n\t#hotspot-1899 .hotspots-image-container,\n\t#hotspot-1899 .leaflet-container {\n\t\tbackground: #efefef\t}\n\n\t#hotspot-1899 .hotspots-placeholder,\n\t.featherlight .featherlight-content.lightbox-1899 {\n\t\tbackground: #ffffff;\n\t\tborder: 0 #ffffff solid;\n\t\tcolor: #000000;\n\t}\n\n\t#hotspot-1899 .hotspot-title,\n\t#hotspot-1899 .bc-product__title a,\n\t.featherlight .featherlight-content.lightbox-1899 .hotspot-title,\n\t.featherlight .featherlight-content.lightbox-1899 .bc-product__title a {\n\t\tcolor: #000000;\n\t}\n\n\t\t\t#hotspot-1899 .hotspot-style-1 {\n\t\t\tstroke-width: 1;\n\t\t\tfill: #eded6a;\n\t\t\tfill-opacity: 0.81;\n\t\t\tstroke: #ffffff;\n\t\t\tstroke-opacity: 0.81;\n\t\t}\n\t\t#hotspot-1899 .hotspot-style-1:hover,\n\t\t#hotspot-1899 .hotspot-style-1:focus-visible,\n\t\t#hotspot-1899 .hotspot-style-1.hotspot-active {\n\t\t\tfill: #37a031;\n\t\t\tfill-opacity: 0.81;\n\t\t\toutline: none;\n\t\t\tstroke: #ffffff;\n\t\t\tstroke-opacity: 0.81;\n\t\t}\n\t\t\t#hotspot-1899 .hotspot-default {\n\t\t\tstroke-width: 1;\n\t\t\tfill: #ffffff;\n\t\t\tfill-opacity: 0.81;\n\t\t\tstroke: #ffffff;\n\t\t\tstroke-opacity: 0.81;\n\t\t}\n\t\t#hotspot-1899 .hotspot-default:hover,\n\t\t#hotspot-1899 .hotspot-default:focus-visible,\n\t\t#hotspot-1899 .hotspot-default.hotspot-active {\n\t\t\tfill: #ffffff;\n\t\t\tfill-opacity: 0.81;\n\t\t\toutline: none;\n\t\t\tstroke: #ffffff;\n\t\t\tstroke-opacity: 0.81;\n\t\t}\n\t\t#hotspot-1899 .leaflet-tooltip,\n\t#hotspot-1899 .leaflet-rrose-content-wrapper {\n\t\tbackground: #ffffff;\n\t\tborder-color: #ffffff;\n\t\tcolor: #000000;\n\t}\n\n\t#hotspot-1899 a.leaflet-rrose-close-button {\n\t\tcolor: #000000;\n\t}\n\n\t#hotspot-1899 .leaflet-rrose-tip {\n\t\tbackground: #ffffff;\n\t}\n\n\t#hotspot-1899 .leaflet-popup-scrolled {\n\t\tborder-bottom-color: #000000;\n\t\tborder-top-color: #000000;\n\t}\n\n\t#hotspot-1899 .leaflet-tooltip-top:before {\n\t\tborder-top-color: #ffffff;\n\t}\n\n\t#hotspot-1899 .leaflet-tooltip-bottom:before {\n\t\tborder-bottom-color: #ffffff;\n\t}\n\t#hotspot-1899 .leaflet-tooltip-left:before {\n\t\tborder-left-color: #ffffff;\n\t}\n\t#hotspot-1899 .leaflet-tooltip-right:before {\n\t\tborder-right-color: #ffffff;\n\t}\n<\/style>\n\n\n\t<div class=\"hotspots-container links-only layout-left event-click\" id=\"hotspot-1899\" data-layout=\"left\" data-trigger=\"click\">\n\t\t<div class=\"hotspots-interaction\">\n\t\t\t<div class=\"hotspots-image-container\">\n\t<img\n\t\twidth=\"1920\"\n\t\theight=\"1477\"\n\t\tsrc=\"https:\/\/kastela-garden-residence.hr\/wp-content\/uploads\/2025\/02\/Kastela-Garden-Residence_tlocrt_Mirta_Lavanda.jpg\"\n\t\talt=\"Stan S5\"\n\t\tclass=\"hotspots-image skip-lazy\"\n\t\tusemap=\"#hotspots-image-1899\"\n\t\tdata-image-title=\"Stan S5\"\n\t\tdata-image-description=\"\"\n\t\tdata-event-trigger=\"click\"\n\t\tdata-always-visible=\"on\"\n\t\tdata-id=\"1899\"\n\t\tdata-no-lazy=\"1\"\n\t\tdata-lazy-src=\"\"\n\t\tdata-lazy=\"false\"\n\t\tloading=\"eager\"\n\t\tdata-skip-lazy=\"1\"\n\t\t>\n<\/div>\t\t<\/div>\n\t\t<map name=\"hotspots-image-1899\" class=\"hotspots-map\">\n\t\t\t\t\t\t\t\t\t\t\t<area\n\t\t\t\t\tshape=\"polygon\"\n\t\t\t\t\tcoords=\"814,830,935,791,966,911,981,906,1002,988,989,989,999,1009,952,1023,947,1010,862,1037,851,995,826,1000,812,956,836,948,827,913,841,908\"\n\t\t\t\t\thref=\"https:\/\/kastela-garden-residence.hr\/wp-content\/uploads\/2025\/09\/z1s5-hrdeen.jpg\"\n\t\t\t\t\trel=\"\"\n\t\t\t\t\ttitle=\"Stan S5 - PRODANO\"\n\t\t\t\t\talt=\"Stan S5 - PRODANO\"\n\t\t\t\t\tdata-action=\"url\"\n\t\t\t\t\tdata-color-scheme=\"style-1\"\n\t\t\t\t\tdata-id=\"area-hotspot-1899-0\"\n\t\t\t\t\ttarget=\"_new\"\n\t\t\t\t\tclass=\"url-area\"\n\t\t\t\t\t>\n\t\t\t\t\t<\/map>\n\n\t\t\n\t\t\t\t\t\t<\/div>\n\n<\/div><\/div><div class=\"fusion-layout-column fusion_builder_column fusion-builder-column-9 fusion_builder_column_1_2 1_2 fusion-flex-column\" style=\"--awb-bg-size:cover;--awb-width-large:50%;--awb-margin-top-large:0px;--awb-spacing-right-large:3.84%;--awb-margin-bottom-large:20px;--awb-spacing-left-large:3.84%;--awb-width-medium:100%;--awb-order-medium:0;--awb-spacing-right-medium:1.92%;--awb-spacing-left-medium:1.92%;--awb-width-small:100%;--awb-order-small:0;--awb-spacing-right-small:1.92%;--awb-spacing-left-small:1.92%;\"><div class=\"fusion-column-wrapper fusion-column-has-shadow fusion-flex-justify-content-flex-start fusion-content-layout-column\"><div class=\"accordian fusion-accordian\" style=\"--awb-border-size:1px;--awb-icon-size:16px;--awb-content-font-size:15px;--awb-icon-alignment:left;--awb-hover-color:var(--awb-color2);--awb-border-color:hsla(var(--awb-color7-h),var(--awb-color7-s),calc( var(--awb-color7-l) + 69% ),var(--awb-color7-a));--awb-background-color:var(--awb-color1);--awb-divider-color:var(--awb-color4);--awb-divider-hover-color:var(--awb-color4);--awb-icon-color:var(--awb-color1);--awb-title-color:var(--awb-color5);--awb-content-color:var(--awb-color6);--awb-icon-box-color:var(--awb-color8);--awb-toggle-hover-accent-color:var(--awb-color5);--awb-title-font-family:&quot;Raleway&quot;;--awb-title-font-weight:500;--awb-title-font-style:normal;--awb-content-font-family:&quot;Open Sans&quot;;--awb-content-font-style:normal;--awb-content-font-weight:400;\"><div class=\"panel-group fusion-toggle-icon-boxed\" id=\"accordion-175-5\"><div class=\"fusion-panel panel-default panel-d40f409e078fe2bf2 fusion-toggle-has-divider\" style=\"--awb-title-color:var(--awb-color5);--awb-content-color:var(--awb-color6);\"><div class=\"panel-heading\"><h4 class=\"panel-title toggle\" id=\"toggle_d40f409e078fe2bf2\"><a aria-expanded=\"false\" aria-controls=\"d40f409e078fe2bf2\" role=\"button\" data-toggle=\"collapse\" data-parent=\"#accordion-175-5\" data-target=\"#d40f409e078fe2bf2\" href=\"#d40f409e078fe2bf2\"><span class=\"fusion-toggle-icon-wrapper\" aria-hidden=\"true\"><i class=\"fa-fusion-box active-icon awb-icon-minus\" aria-hidden=\"true\"><\/i><i class=\"fa-fusion-box inactive-icon awb-icon-plus\" aria-hidden=\"true\"><\/i><\/span><span class=\"fusion-toggle-heading\">Lokacija<\/span><\/a><\/h4><\/div><div id=\"d40f409e078fe2bf2\" class=\"panel-collapse collapse \" aria-labelledby=\"toggle_d40f409e078fe2bf2\"><div class=\"panel-body toggle-content fusion-clearfix\">\n<p>Stambeni kompleks novoizgra\u0111enih i planiranih stambenih i stambeno-poslovnih zgrada smje\u0161ten je izme\u0111u Ul. Marina Studina i Ul. Ivana Pavla II. Navedene ulice su povezane novom dvosmjernom cestom koja omogu\u0107ava dobru povezanost kompleksa sa \u0161irom lokacijom. Uz samu ulicu je smje\u0161ten vanjski parking dok prostrani mediteranski vrtovi kao glavni motiv cijelog kompleksa omogu\u0107uju privatnost i mirno okru\u017eenje osobito stanovima u prizemlju.<\/p>\n<\/div><\/div><\/div><div class=\"fusion-panel panel-default panel-86a556fcd8d93085f fusion-toggle-has-divider\" style=\"--awb-title-color:var(--awb-color5);--awb-content-color:var(--awb-color6);\"><div class=\"panel-heading\"><h4 class=\"panel-title toggle\" id=\"toggle_86a556fcd8d93085f\"><a aria-expanded=\"false\" aria-controls=\"86a556fcd8d93085f\" role=\"button\" data-toggle=\"collapse\" data-parent=\"#accordion-175-5\" data-target=\"#86a556fcd8d93085f\" href=\"#86a556fcd8d93085f\"><span class=\"fusion-toggle-icon-wrapper\" aria-hidden=\"true\"><i class=\"fa-fusion-box active-icon awb-icon-minus\" aria-hidden=\"true\"><\/i><i class=\"fa-fusion-box inactive-icon awb-icon-plus\" aria-hidden=\"true\"><\/i><\/span><span class=\"fusion-toggle-heading\">Katnost i sadr\u017eaj gra\u0111evine<\/span><\/a><\/h4><\/div><div id=\"86a556fcd8d93085f\" class=\"panel-collapse collapse \" aria-labelledby=\"toggle_86a556fcd8d93085f\"><div class=\"panel-body toggle-content fusion-clearfix\">\n<p>Kompleks \u010dine dvije vi\u0161estambene gra\u0111evine sa zajedni\u010dkim podrumom. Pristup u gara\u017eu je zajedni\u010dki dok je ulaz u gra\u0111evine zaseban iz podruma vertikalnim komunikacijama (stubi\u0161te i lift) odnosno preko ure\u0111enog terena za svaku gra\u0111evinu zasebno. Zajedni\u010dka podrumska eta\u017ea sadr\u017ei 28 parkirali\u0161nih mjesta i 14 spremi\u0161ta te druge servisne prostorije. Svaka gra\u0111evina ima po 7 stanova, po dva stana na eta\u017ei prizemlja, 1. i 2. kata i jedan stan na nadgra\u0111u. Prostrane terase stanova su tlocrtno smje\u0161tena na suprotne strane gra\u0111evine i omogu\u0107uju privatnost stanarima.<\/p>\n<\/div><\/div><\/div><div class=\"fusion-panel panel-default panel-1a8615db4cff1f669 fusion-toggle-has-divider\" style=\"--awb-title-color:var(--awb-color5);--awb-content-color:var(--awb-color6);\"><div class=\"panel-heading\"><h4 class=\"panel-title toggle\" id=\"toggle_1a8615db4cff1f669\"><a aria-expanded=\"false\" aria-controls=\"1a8615db4cff1f669\" role=\"button\" data-toggle=\"collapse\" data-parent=\"#accordion-175-5\" data-target=\"#1a8615db4cff1f669\" href=\"#1a8615db4cff1f669\"><span class=\"fusion-toggle-icon-wrapper\" aria-hidden=\"true\"><i class=\"fa-fusion-box active-icon awb-icon-minus\" aria-hidden=\"true\"><\/i><i class=\"fa-fusion-box inactive-icon awb-icon-plus\" aria-hidden=\"true\"><\/i><\/span><span class=\"fusion-toggle-heading\">Konstrukcija<\/span><\/a><\/h4><\/div><div id=\"1a8615db4cff1f669\" class=\"panel-collapse collapse \" aria-labelledby=\"toggle_1a8615db4cff1f669\"><div class=\"panel-body toggle-content fusion-clearfix\">\n<p>Konstrukcija zgrade je armiranobetonska (sustav armiranobetonskih: nosivih zidova, nosivih horizontalnih i vertikalnih elemenata, monolitnih me\u0111ukatnih plo\u010da i ravnog krova). Armirano betonski zidovi su debljine 20 cm kao i me\u0111ukatne plo\u010de. Vanjski zidovi dijelom su zidani Porotherm blok opekom debljine 20 cm. Pregradni zidovi su tako\u0111er zidani Porotherm blok opekom debljine 11,5 cm. Okno dizala i stubi\u0161na jezgra su izvedeni od armiranobetonskih zidova debljine 20 cm, toplinski i zvu\u010dno izolirani prema stanovima. Svijetla visina u stanovima (visina od gotovog poda do stropa) iznosi 257 \u2013 272 cm.<\/p>\n<\/div><\/div><\/div><div class=\"fusion-panel panel-default panel-786ec55d24e39f75f fusion-toggle-has-divider\" style=\"--awb-title-color:var(--awb-color5);--awb-content-color:var(--awb-color6);\"><div class=\"panel-heading\"><h4 class=\"panel-title toggle\" id=\"toggle_786ec55d24e39f75f\"><a aria-expanded=\"false\" aria-controls=\"786ec55d24e39f75f\" role=\"button\" data-toggle=\"collapse\" data-parent=\"#accordion-175-5\" data-target=\"#786ec55d24e39f75f\" href=\"#786ec55d24e39f75f\"><span class=\"fusion-toggle-icon-wrapper\" aria-hidden=\"true\"><i class=\"fa-fusion-box active-icon awb-icon-minus\" aria-hidden=\"true\"><\/i><i class=\"fa-fusion-box inactive-icon awb-icon-plus\" aria-hidden=\"true\"><\/i><\/span><span class=\"fusion-toggle-heading\">Fasada<\/span><\/a><\/h4><\/div><div id=\"786ec55d24e39f75f\" class=\"panel-collapse collapse \" aria-labelledby=\"toggle_786ec55d24e39f75f\"><div class=\"panel-body toggle-content fusion-clearfix\">\n<p>Fasada je izvedena kao ETICS sustav s 10 cm kamene vune sa zavr\u0161nim slojem od silikatne \u017ebuke.<\/p>\n<\/div><\/div><\/div><div class=\"fusion-panel panel-default panel-f8e6f3a01c55ef9e1 fusion-toggle-has-divider\" style=\"--awb-title-color:var(--awb-color5);--awb-content-color:var(--awb-color6);\"><div class=\"panel-heading\"><h4 class=\"panel-title toggle\" id=\"toggle_f8e6f3a01c55ef9e1\"><a aria-expanded=\"false\" aria-controls=\"f8e6f3a01c55ef9e1\" role=\"button\" data-toggle=\"collapse\" data-parent=\"#accordion-175-5\" data-target=\"#f8e6f3a01c55ef9e1\" href=\"#f8e6f3a01c55ef9e1\"><span class=\"fusion-toggle-icon-wrapper\" aria-hidden=\"true\"><i class=\"fa-fusion-box active-icon awb-icon-minus\" aria-hidden=\"true\"><\/i><i class=\"fa-fusion-box inactive-icon awb-icon-plus\" aria-hidden=\"true\"><\/i><\/span><span class=\"fusion-toggle-heading\">Krov<\/span><\/a><\/h4><\/div><div id=\"f8e6f3a01c55ef9e1\" class=\"panel-collapse collapse \" aria-labelledby=\"toggle_f8e6f3a01c55ef9e1\"><div class=\"panel-body toggle-content fusion-clearfix\">\n<p>Krov je ravni neprohodni izveden od monolitne armiranobetonske plo\u010de u nagibu, minimalne debljine 20 cm, s parnom branom, toplinskom izolacijom (EPS) debljine 20 cm, zavr\u0161no prekriven hidroizolacijskom TPO folijom otpornom na UV zrake i za\u0161ti\u0107en oblutkom.<\/p>\n<\/div><\/div><\/div><div class=\"fusion-panel panel-default panel-f65f95fac8b807fd1 fusion-toggle-has-divider\" style=\"--awb-title-color:var(--awb-color5);--awb-content-color:var(--awb-color6);\"><div class=\"panel-heading\"><h4 class=\"panel-title toggle\" id=\"toggle_f65f95fac8b807fd1\"><a aria-expanded=\"false\" aria-controls=\"f65f95fac8b807fd1\" role=\"button\" data-toggle=\"collapse\" data-parent=\"#accordion-175-5\" data-target=\"#f65f95fac8b807fd1\" href=\"#f65f95fac8b807fd1\"><span class=\"fusion-toggle-icon-wrapper\" aria-hidden=\"true\"><i class=\"fa-fusion-box active-icon awb-icon-minus\" aria-hidden=\"true\"><\/i><i class=\"fa-fusion-box inactive-icon awb-icon-plus\" aria-hidden=\"true\"><\/i><\/span><span class=\"fusion-toggle-heading\">Vanjska stolarija<\/span><\/a><\/h4><\/div><div id=\"f65f95fac8b807fd1\" class=\"panel-collapse collapse \" aria-labelledby=\"toggle_f65f95fac8b807fd1\"><div class=\"panel-body toggle-content fusion-clearfix\">\n<p>Stolarija je izvedena od kvalitetnih PVC profila s aluminijskom oblogom izvana (izvana u sivo srebrnoj boji, unutra u bijeloj) s trostrukoizoliraju\u0107im staklom. Svi vanjski zatvori imaju aluminijske rolete u sivoj boji i komarnike (klizne ili rolo). Otvori su otklopno \u2013 zaokretni, klizni i podizno \u2013 klizni, a sve rolete (osim u kupaonicama) imaju elektronsko upravljanje &#8211; pogon na elektromotor.<\/p>\n<\/div><\/div><\/div><div class=\"fusion-panel panel-default panel-95074eb89efd9b246 fusion-toggle-has-divider\" style=\"--awb-title-color:var(--awb-color5);--awb-content-color:var(--awb-color6);\"><div class=\"panel-heading\"><h4 class=\"panel-title toggle\" id=\"toggle_95074eb89efd9b246\"><a aria-expanded=\"false\" aria-controls=\"95074eb89efd9b246\" role=\"button\" data-toggle=\"collapse\" data-parent=\"#accordion-175-5\" data-target=\"#95074eb89efd9b246\" href=\"#95074eb89efd9b246\"><span class=\"fusion-toggle-icon-wrapper\" aria-hidden=\"true\"><i class=\"fa-fusion-box active-icon awb-icon-minus\" aria-hidden=\"true\"><\/i><i class=\"fa-fusion-box inactive-icon awb-icon-plus\" aria-hidden=\"true\"><\/i><\/span><span class=\"fusion-toggle-heading\">Zajedni\u010dki prostori i spremi\u0161ta<\/span><\/a><\/h4><\/div><div id=\"95074eb89efd9b246\" class=\"panel-collapse collapse \" aria-labelledby=\"toggle_95074eb89efd9b246\"><div class=\"panel-body toggle-content fusion-clearfix\">\n<p>Ulazni prostor, stubi\u0161ta i hodnici su poplo\u010dani kamenim plo\u010dama debljine 3 cm. Ograde i rukohvati u stubi\u0161tima izvedeni su kao bravarska ograda visine do 110 cm. Dizala su be\u0161umna kroz sve eta\u017ee. U natkrivenom ulazu su smje\u0161teni po\u0161tanski sandu\u010di\u0107i, paneli za obavijest te parlafon s video kontrolom.<\/p>\n<p>Podovi u podrumskim spremi\u0161tima zavr\u0161no su premazani epoksidnim premazom.<\/p>\n<\/div><\/div><\/div><div class=\"fusion-panel panel-default panel-b94f0dc28478d2cf0 fusion-toggle-has-divider\" style=\"--awb-title-color:var(--awb-color5);--awb-content-color:var(--awb-color6);\"><div class=\"panel-heading\"><h4 class=\"panel-title toggle\" id=\"toggle_b94f0dc28478d2cf0\"><a aria-expanded=\"false\" aria-controls=\"b94f0dc28478d2cf0\" role=\"button\" data-toggle=\"collapse\" data-parent=\"#accordion-175-5\" data-target=\"#b94f0dc28478d2cf0\" href=\"#b94f0dc28478d2cf0\"><span class=\"fusion-toggle-icon-wrapper\" aria-hidden=\"true\"><i class=\"fa-fusion-box active-icon awb-icon-minus\" aria-hidden=\"true\"><\/i><i class=\"fa-fusion-box inactive-icon awb-icon-plus\" aria-hidden=\"true\"><\/i><\/span><span class=\"fusion-toggle-heading\">Gara\u017ee i parkirna mjesta<\/span><\/a><\/h4><\/div><div id=\"b94f0dc28478d2cf0\" class=\"panel-collapse collapse \" aria-labelledby=\"toggle_b94f0dc28478d2cf0\"><div class=\"panel-body toggle-content fusion-clearfix\">\n<p>Gara\u017ee su smje\u0161tene u podrumskoj eta\u017ei, sa zajedni\u010dkom ulaznom rampom s rolo vratima na daljinsko upravljanje. Kolna komunikacija je zajedni\u010dka i kru\u017ena, a parkirna mjesta su otvorena. Svaki stan u gara\u017ei ima osigurana dva parkirna mjesta te pripadaju\u0107e spremi\u0161te. Gara\u017ea ima prirodnu i mehani\u010dku ventilaciju.<\/p>\n<\/div><\/div><\/div><div class=\"fusion-panel panel-default panel-2e1830f22e629da4e fusion-toggle-has-divider\" style=\"--awb-title-color:var(--awb-color5);--awb-content-color:var(--awb-color6);\"><div class=\"panel-heading\"><h4 class=\"panel-title toggle\" id=\"toggle_2e1830f22e629da4e\"><a aria-expanded=\"false\" aria-controls=\"2e1830f22e629da4e\" role=\"button\" data-toggle=\"collapse\" data-parent=\"#accordion-175-5\" data-target=\"#2e1830f22e629da4e\" href=\"#2e1830f22e629da4e\"><span class=\"fusion-toggle-icon-wrapper\" aria-hidden=\"true\"><i class=\"fa-fusion-box active-icon awb-icon-minus\" aria-hidden=\"true\"><\/i><i class=\"fa-fusion-box inactive-icon awb-icon-plus\" aria-hidden=\"true\"><\/i><\/span><span class=\"fusion-toggle-heading\">Stolarija<\/span><\/a><\/h4><\/div><div id=\"2e1830f22e629da4e\" class=\"panel-collapse collapse \" aria-labelledby=\"toggle_2e1830f22e629da4e\"><div class=\"panel-body toggle-content fusion-clearfix\">\n<p>Ulazna vrata u stan su protuprovalna i protupo\u017earna s dodatnom zvu\u010dnom izolacijom. Unutarnja stolarija izvedena od punih, glatkih vrata s dovratnikom u bijeloj boji visine 210 cm.<\/p>\n<\/div><\/div><\/div><div class=\"fusion-panel panel-default panel-d715c8f1fae60e65b fusion-toggle-has-divider\" style=\"--awb-title-color:var(--awb-color5);--awb-content-color:var(--awb-color6);\"><div class=\"panel-heading\"><h4 class=\"panel-title toggle\" id=\"toggle_d715c8f1fae60e65b\"><a aria-expanded=\"false\" aria-controls=\"d715c8f1fae60e65b\" role=\"button\" data-toggle=\"collapse\" data-parent=\"#accordion-175-5\" data-target=\"#d715c8f1fae60e65b\" href=\"#d715c8f1fae60e65b\"><span class=\"fusion-toggle-icon-wrapper\" aria-hidden=\"true\"><i class=\"fa-fusion-box active-icon awb-icon-minus\" aria-hidden=\"true\"><\/i><i class=\"fa-fusion-box inactive-icon awb-icon-plus\" aria-hidden=\"true\"><\/i><\/span><span class=\"fusion-toggle-heading\">Zidovi i stropovi<\/span><\/a><\/h4><\/div><div id=\"d715c8f1fae60e65b\" class=\"panel-collapse collapse \" aria-labelledby=\"toggle_d715c8f1fae60e65b\"><div class=\"panel-body toggle-content fusion-clearfix\">\n<p>Nosivi zidovi su armirano betonski zidovi debljine 20 cm, a dijelom su zidani Porotherm blok opekom debljine 20 cm. Pregradni zidovi su zidani Porotherm blok opekom debljine 11,5 cm. Unutarnje povr\u0161ine zidova i stropova su o\u017ebukane i oli\u010dene poludisperzivnom bijelom bojom.<\/p>\n<p>Kao zidne obloge kupaonice ugra\u0111ene su visokokvalitetne kerami\u010dke plo\u010dice I klase.<\/p>\n<\/div><\/div><\/div><div class=\"fusion-panel panel-default panel-18d9cb2573bec6f2e fusion-toggle-has-divider\" style=\"--awb-title-color:var(--awb-color5);--awb-content-color:var(--awb-color6);\"><div class=\"panel-heading\"><h4 class=\"panel-title toggle\" id=\"toggle_18d9cb2573bec6f2e\"><a aria-expanded=\"false\" aria-controls=\"18d9cb2573bec6f2e\" role=\"button\" data-toggle=\"collapse\" data-parent=\"#accordion-175-5\" data-target=\"#18d9cb2573bec6f2e\" href=\"#18d9cb2573bec6f2e\"><span class=\"fusion-toggle-icon-wrapper\" aria-hidden=\"true\"><i class=\"fa-fusion-box active-icon awb-icon-minus\" aria-hidden=\"true\"><\/i><i class=\"fa-fusion-box inactive-icon awb-icon-plus\" aria-hidden=\"true\"><\/i><\/span><span class=\"fusion-toggle-heading\">Podovi<\/span><\/a><\/h4><\/div><div id=\"18d9cb2573bec6f2e\" class=\"panel-collapse collapse \" aria-labelledby=\"toggle_18d9cb2573bec6f2e\"><div class=\"panel-body toggle-content fusion-clearfix\">\n<p>Podovi spava\u0107ih soba su oblo\u017eeni hrastovim parketom I klase, zavr\u0161no lakiranim, modernog izgleda u natur boji, s letvicama u bijeloj boji. Podovi ostalih prostorija su oblo\u017eeni kerami\u010dkim plo\u010dicama, a loggie vanjskim protukliznim kerami\u010dkim plo\u010dicama sve I klase. Na povr\u0161inama s plo\u010dicama izveden je kerami\u010dki sokl.<\/p>\n<p>Zidovi gra\u0111evine s termi\u010dki obra\u0111enim pro\u010deljima, s o\u017ebukanim unutarnjim povr\u0161inama zidova i stropova, podovi s podnim slojevima toplinske i zvu\u010dne za\u0161tite, \u010dine ugra\u0111eni materijali koji pojedina\u010dno i u kompletu imaju sposobnost izdr\u017eati sva mehani\u010dka i druga predvi\u0111ena djelovanja pri normalnoj upotrebi.<\/p>\n<\/div><\/div><\/div><div class=\"fusion-panel panel-default panel-fea9fbf560d36122b fusion-toggle-has-divider\" style=\"--awb-title-color:var(--awb-color5);--awb-content-color:var(--awb-color6);\"><div class=\"panel-heading\"><h4 class=\"panel-title toggle\" id=\"toggle_fea9fbf560d36122b\"><a aria-expanded=\"false\" aria-controls=\"fea9fbf560d36122b\" role=\"button\" data-toggle=\"collapse\" data-parent=\"#accordion-175-5\" data-target=\"#fea9fbf560d36122b\" href=\"#fea9fbf560d36122b\"><span class=\"fusion-toggle-icon-wrapper\" aria-hidden=\"true\"><i class=\"fa-fusion-box active-icon awb-icon-minus\" aria-hidden=\"true\"><\/i><i class=\"fa-fusion-box inactive-icon awb-icon-plus\" aria-hidden=\"true\"><\/i><\/span><span class=\"fusion-toggle-heading\">Kupaonice i WC<\/span><\/a><\/h4><\/div><div id=\"fea9fbf560d36122b\" class=\"panel-collapse collapse \" aria-labelledby=\"toggle_fea9fbf560d36122b\"><div class=\"panel-body toggle-content fusion-clearfix\">\n<p>Sva sanitarna oprema je visoke kvalitete poznatih proizvo\u0111a\u010da. Opremu \u010dine: konzolni umivaonici s pripadaju\u0107im mije\u0161alicama, konzolna WC \u0161koljka s poklopcem i s nisko\u0161umnim ugradbenim vodokotli\u0107em, tu\u0161 \u2013 kada s tu\u0161 setom. Priklju\u010dak za perilicu rublja s odvodnjom.<\/p>\n<p>Zidovi su oblo\u017eeni kerami\u010dkim plo\u010dicama I klase od poda do pune visine prostorije.<\/p>\n<p>Bojleri PTV su smje\u0161teni u podrumu u zajedni\u010dkom prostoru.<\/p>\n<\/div><\/div><\/div><div class=\"fusion-panel panel-default panel-a8e9bf1309870be8f fusion-toggle-has-divider\" style=\"--awb-title-color:var(--awb-color5);--awb-content-color:var(--awb-color6);\"><div class=\"panel-heading\"><h4 class=\"panel-title toggle\" id=\"toggle_a8e9bf1309870be8f\"><a aria-expanded=\"false\" aria-controls=\"a8e9bf1309870be8f\" role=\"button\" data-toggle=\"collapse\" data-parent=\"#accordion-175-5\" data-target=\"#a8e9bf1309870be8f\" href=\"#a8e9bf1309870be8f\"><span class=\"fusion-toggle-icon-wrapper\" aria-hidden=\"true\"><i class=\"fa-fusion-box active-icon awb-icon-minus\" aria-hidden=\"true\"><\/i><i class=\"fa-fusion-box inactive-icon awb-icon-plus\" aria-hidden=\"true\"><\/i><\/span><span class=\"fusion-toggle-heading\">Elektroinstalacije<\/span><\/a><\/h4><\/div><div id=\"a8e9bf1309870be8f\" class=\"panel-collapse collapse \" aria-labelledby=\"toggle_a8e9bf1309870be8f\"><div class=\"panel-body toggle-content fusion-clearfix\">\n<p>Elektrobrojila su smje\u0161tena u vanjskom ure\u0111enom terenu (uz zapadnu granicu). Elektro oprema je visoke kvalitete poznatih proizvo\u0111a\u010da.<\/p>\n<p>U stanovima su predvi\u0111ene telefonske i TV uti\u010dnice, stropna i zidna rasvjeta te termostat u dnevnom boravku i spava\u0107im sobama. Elektrooprema kuhinje sastoji se od izvoda za \u0161tednjak, uti\u010dnice za hladnjak, uti\u010dnice za perilicu, uti\u010dnice u pojasu iznad radne plohe, izvod za napu i uti\u010dnice na kuhinjskom otoku. Elektrooprema kupaonice sadr\u017ei priklju\u010dnicu za perilicu rublja, nadsvjetlo iznad umivaonika, uti\u010dnice na zidu te izvod za ventilator. Elektrooprema u hodniku su rasvjetna tijela, strujni razdjelnik stana, ormari\u0107 slabe struje, uti\u010dnica, centralno sklop struje cijelog stana.<\/p>\n<p>Osigurana je mogu\u0107nost spajanja na kabelsku TV preko instalacija zajedni\u010dkog antenskog satelita.<\/p>\n<p>Spremi\u0161ta, u kojima je izvedena stropna rasvjeta su povezana s brojilom pripadaju\u0107eg stana, a lift, hodnici i gara\u017ea vezani su na zasebno brojilo zajedni\u010dke potro\u0161nje.<\/p>\n<\/div><\/div><\/div><div class=\"fusion-panel panel-default panel-38d62587c0c6c1db1 fusion-toggle-has-divider\" style=\"--awb-title-color:var(--awb-color5);--awb-content-color:var(--awb-color6);\"><div class=\"panel-heading\"><h4 class=\"panel-title toggle\" id=\"toggle_38d62587c0c6c1db1\"><a aria-expanded=\"false\" aria-controls=\"38d62587c0c6c1db1\" role=\"button\" data-toggle=\"collapse\" data-parent=\"#accordion-175-5\" data-target=\"#38d62587c0c6c1db1\" href=\"#38d62587c0c6c1db1\"><span class=\"fusion-toggle-icon-wrapper\" aria-hidden=\"true\"><i class=\"fa-fusion-box active-icon awb-icon-minus\" aria-hidden=\"true\"><\/i><i class=\"fa-fusion-box inactive-icon awb-icon-plus\" aria-hidden=\"true\"><\/i><\/span><span class=\"fusion-toggle-heading\">Instalacije vodovoda i odvodnje<\/span><\/a><\/h4><\/div><div id=\"38d62587c0c6c1db1\" class=\"panel-collapse collapse \" aria-labelledby=\"toggle_38d62587c0c6c1db1\"><div class=\"panel-body toggle-content fusion-clearfix\">\n<p>Opskrba vodom je priklju\u010dkom na javnu gradsku vodovodnu mre\u017eu. Na priklju\u010dnom cjevovodu je okno s ugra\u0111enim vodomjerima za svaki stan zasebno. Razvod vode se vr\u0161i PPR toplinski izoliranim cijevima.<\/p>\n<p>Odvodnja otpadnih voda je priklju\u010dkom na kanalizacijski sustav naselja. Za odvodnju su kori\u0161tene nisko\u0161umne cijevi.<\/p>\n<p>Priprema potro\u0161ne tople vode je preko bojlera \u2013 dizalica topline smje\u0161tenih u podrumskoj eta\u017ei, za svaki stan zasebno.<\/p>\n<p>Glavni ventil za vodu nalazi se na svakom od stubi\u0161ta.<\/p>\n<\/div><\/div><\/div><div class=\"fusion-panel panel-default panel-15ca1800ebf8bd71f fusion-toggle-has-divider\" style=\"--awb-title-color:var(--awb-color5);--awb-content-color:var(--awb-color6);\"><div class=\"panel-heading\"><h4 class=\"panel-title toggle\" id=\"toggle_15ca1800ebf8bd71f\"><a aria-expanded=\"false\" aria-controls=\"15ca1800ebf8bd71f\" role=\"button\" data-toggle=\"collapse\" data-parent=\"#accordion-175-5\" data-target=\"#15ca1800ebf8bd71f\" href=\"#15ca1800ebf8bd71f\"><span class=\"fusion-toggle-icon-wrapper\" aria-hidden=\"true\"><i class=\"fa-fusion-box active-icon awb-icon-minus\" aria-hidden=\"true\"><\/i><i class=\"fa-fusion-box inactive-icon awb-icon-plus\" aria-hidden=\"true\"><\/i><\/span><span class=\"fusion-toggle-heading\">Grijanje i hla\u0111enje<\/span><\/a><\/h4><\/div><div id=\"15ca1800ebf8bd71f\" class=\"panel-collapse collapse \" aria-labelledby=\"toggle_15ca1800ebf8bd71f\"><div class=\"panel-body toggle-content fusion-clearfix\">\n<p>Za sve stanove kori\u0161teni su ure\u0111aji proizvo\u0111a\u010da.<\/p>\n<p>Kao vanjska jedinica ugra\u0111en je inverter sustav multi split snage 9,3\/8,3 Kw.<\/p>\n<p>Stanovi su opremljeni kanalskim razvodom unutarnjih klima jedinica, u dnevnom boravku snage 4,0\/3,5 Kw, a u sobama jedinice snage 2,5\/2,0 Kw, s daljinskim i Wifi upravljanjem.<\/p>\n<p>U dnevnom dijelu stana i kupaonicama je izvedeno podno grijanje sustavom elektri\u010dne mre\u017eice, komplet s termostatom i senzorima za temperaturu.<\/p>\n<\/div><\/div><\/div><div class=\"fusion-panel panel-default panel-3248e821d38561cbf fusion-toggle-has-divider\" style=\"--awb-title-color:var(--awb-color5);--awb-content-color:var(--awb-color6);\"><div class=\"panel-heading\"><h4 class=\"panel-title toggle\" id=\"toggle_3248e821d38561cbf\"><a aria-expanded=\"false\" aria-controls=\"3248e821d38561cbf\" role=\"button\" data-toggle=\"collapse\" data-parent=\"#accordion-175-5\" data-target=\"#3248e821d38561cbf\" href=\"#3248e821d38561cbf\"><span class=\"fusion-toggle-icon-wrapper\" aria-hidden=\"true\"><i class=\"fa-fusion-box active-icon awb-icon-minus\" aria-hidden=\"true\"><\/i><i class=\"fa-fusion-box inactive-icon awb-icon-plus\" aria-hidden=\"true\"><\/i><\/span><span class=\"fusion-toggle-heading\">Ventilacija<\/span><\/a><\/h4><\/div><div id=\"3248e821d38561cbf\" class=\"panel-collapse collapse \" aria-labelledby=\"toggle_3248e821d38561cbf\"><div class=\"panel-body toggle-content fusion-clearfix\">\n<p>Umjetna ventilacija je osigurana be\u0161umnim ventilatorima u svim sanitarnim prostorijama, a ventilacija kuhinja osigurana je zasebnim cijevima za odvod napa.<\/p>\n<p>Unutar gara\u017ee osigurana je prirodna i mehani\u010dka ventilacija kao i ventilacija svakog spremi\u0161ta pojedina\u010dno.<\/p>\n<\/div><\/div><\/div><div class=\"fusion-panel panel-default panel-815a810e7f0d2775a fusion-toggle-has-divider\" style=\"--awb-title-color:var(--awb-color5);--awb-content-color:var(--awb-color6);\"><div class=\"panel-heading\"><h4 class=\"panel-title toggle\" id=\"toggle_815a810e7f0d2775a\"><a aria-expanded=\"false\" aria-controls=\"815a810e7f0d2775a\" role=\"button\" data-toggle=\"collapse\" data-parent=\"#accordion-175-5\" data-target=\"#815a810e7f0d2775a\" href=\"#815a810e7f0d2775a\"><span class=\"fusion-toggle-icon-wrapper\" aria-hidden=\"true\"><i class=\"fa-fusion-box active-icon awb-icon-minus\" aria-hidden=\"true\"><\/i><i class=\"fa-fusion-box inactive-icon awb-icon-plus\" aria-hidden=\"true\"><\/i><\/span><span class=\"fusion-toggle-heading\">Energetski razred<\/span><\/a><\/h4><\/div><div id=\"815a810e7f0d2775a\" class=\"panel-collapse collapse \" aria-labelledby=\"toggle_815a810e7f0d2775a\"><div class=\"panel-body toggle-content fusion-clearfix\">\n<p>Isho\u0111en je energetski certifikat razreda A+.<\/p>\n<\/div><\/div><\/div><div class=\"fusion-panel panel-default panel-44c8f5a3d905c06af fusion-toggle-has-divider\" style=\"--awb-title-color:var(--awb-color5);--awb-content-color:var(--awb-color6);\"><div class=\"panel-heading\"><h4 class=\"panel-title toggle\" id=\"toggle_44c8f5a3d905c06af\"><a aria-expanded=\"false\" aria-controls=\"44c8f5a3d905c06af\" role=\"button\" data-toggle=\"collapse\" data-parent=\"#accordion-175-5\" data-target=\"#44c8f5a3d905c06af\" href=\"#44c8f5a3d905c06af\"><span class=\"fusion-toggle-icon-wrapper\" aria-hidden=\"true\"><i class=\"fa-fusion-box active-icon awb-icon-minus\" aria-hidden=\"true\"><\/i><i class=\"fa-fusion-box inactive-icon awb-icon-plus\" aria-hidden=\"true\"><\/i><\/span><span class=\"fusion-toggle-heading\">Uvjeti odr\u017eavanja gra\u0111evine<\/span><\/a><\/h4><\/div><div id=\"44c8f5a3d905c06af\" class=\"panel-collapse collapse \" aria-labelledby=\"toggle_44c8f5a3d905c06af\"><div class=\"panel-body toggle-content fusion-clearfix\">\n<p>Kupac \u0107e prilikom preuzimanja stana dobiti knji\u017eicu s uputama za kori\u0161tenje i odr\u017eavanje ugra\u0111ene opreme.<\/p>\n<\/div><\/div><\/div><div class=\"fusion-panel panel-default panel-3c50b341b5ea2b43b fusion-toggle-has-divider\" style=\"--awb-title-color:var(--awb-color5);--awb-content-color:var(--awb-color6);\"><div class=\"panel-heading\"><h4 class=\"panel-title toggle\" id=\"toggle_3c50b341b5ea2b43b\"><a aria-expanded=\"false\" aria-controls=\"3c50b341b5ea2b43b\" role=\"button\" data-toggle=\"collapse\" data-parent=\"#accordion-175-5\" data-target=\"#3c50b341b5ea2b43b\" href=\"#3c50b341b5ea2b43b\"><span class=\"fusion-toggle-icon-wrapper\" aria-hidden=\"true\"><i class=\"fa-fusion-box active-icon awb-icon-minus\" aria-hidden=\"true\"><\/i><i class=\"fa-fusion-box inactive-icon awb-icon-plus\" aria-hidden=\"true\"><\/i><\/span><span class=\"fusion-toggle-heading\">Ure\u0111enje okoli\u0161a<\/span><\/a><\/h4><\/div><div id=\"3c50b341b5ea2b43b\" class=\"panel-collapse collapse \" aria-labelledby=\"toggle_3c50b341b5ea2b43b\"><div class=\"panel-body toggle-content fusion-clearfix\">\n<p>Okoli\u0161 je ure\u0111en kolnim i pje\u0161a\u010dkim povr\u0161inama i hortikulturno ure\u0111enim vrtovima.<\/p>\n<\/div><\/div><\/div><div class=\"fusion-panel panel-default panel-421f4f3d7e88a37f7 fusion-toggle-has-divider\" style=\"--awb-title-color:var(--awb-color5);--awb-content-color:var(--awb-color6);\"><div class=\"panel-heading\"><h4 class=\"panel-title toggle\" id=\"toggle_421f4f3d7e88a37f7\"><a aria-expanded=\"false\" aria-controls=\"421f4f3d7e88a37f7\" role=\"button\" data-toggle=\"collapse\" data-parent=\"#accordion-175-5\" data-target=\"#421f4f3d7e88a37f7\" href=\"#421f4f3d7e88a37f7\"><span class=\"fusion-toggle-icon-wrapper\" aria-hidden=\"true\"><i class=\"fa-fusion-box active-icon awb-icon-minus\" aria-hidden=\"true\"><\/i><i class=\"fa-fusion-box inactive-icon awb-icon-plus\" aria-hidden=\"true\"><\/i><\/span><span class=\"fusion-toggle-heading\">Garancija<\/span><\/a><\/h4><\/div><div id=\"421f4f3d7e88a37f7\" class=\"panel-collapse collapse \" aria-labelledby=\"toggle_421f4f3d7e88a37f7\"><div class=\"panel-body toggle-content fusion-clearfix\">\n<p>Garantni rok za kvalitetu izvedbe gra\u0111evinskih i gra\u0111evinsko-obrtni\u010dkih radova odre\u0111en je u skladu sa zakonom i posebnim propisima i to 2 godine za obrtni\u010dke radove, a 10 godina za konstrukciju gra\u0111evine i krov.<\/p>\n<p>Uvjeti i rokovi garancije za ugra\u0111enu opremu vrijede prema specifikacijama proizvo\u0111a\u010da.<\/p>\n<\/div><\/div><\/div><\/div><\/div><div class=\"fusion-separator fusion-full-width-sep\" style=\"align-self: center;margin-left: auto;margin-right: auto;margin-bottom:40px;width:100%;\"><\/div><div style=\"text-align:center;\"><a class=\"fusion-button button-flat fusion-button-default-size button-custom fusion-button-default button-5 fusion-button-default-span fusion-button-default-type\" style=\"--button_accent_color:#ffffff;--button_accent_hover_color:#ffffff;--button_border_hover_color:hsla(var(--awb-color1-h),var(--awb-color1-s),var(--awb-color1-l),calc( var(--awb-color1-a) - 10% ));--button_gradient_top_color:#000000;--button_gradient_bottom_color:#000000;--button_gradient_top_color_hover:#001f63;--button_gradient_bottom_color_hover:#001f63;\" target=\"_self\" href=\"https:\/\/kastela-garden-residence.hr\/zgrada-1-stan-s5\/\"><span class=\"fusion-button-text awb-button__text awb-button__text--default\">SAZNAJ VI\u0160E<\/span><\/a><\/div><\/div><\/div><\/div><\/div><div class=\"fusion-fullwidth fullwidth-box fusion-builder-row-6 fusion-flex-container has-pattern-background has-mask-background hundred-percent-fullwidth non-hundred-percent-height-scrolling\" style=\"--awb-border-radius-top-left:0px;--awb-border-radius-top-right:0px;--awb-border-radius-bottom-right:0px;--awb-border-radius-bottom-left:0px;--awb-padding-bottom:30px;--awb-flex-wrap:wrap;\" ><div class=\"fusion-builder-row fusion-row fusion-flex-align-items-flex-start fusion-flex-content-wrap\" style=\"width:104% !important;max-width:104% !important;margin-left: calc(-4% \/ 2 );margin-right: calc(-4% \/ 2 );\"><div class=\"fusion-layout-column fusion_builder_column fusion-builder-column-10 fusion_builder_column_1_2 1_2 fusion-flex-column\" style=\"--awb-bg-size:cover;--awb-width-large:50%;--awb-margin-top-large:0px;--awb-spacing-right-large:3.84%;--awb-margin-bottom-large:20px;--awb-spacing-left-large:3.84%;--awb-width-medium:100%;--awb-order-medium:0;--awb-spacing-right-medium:1.92%;--awb-spacing-left-medium:1.92%;--awb-width-small:100%;--awb-order-small:0;--awb-spacing-right-small:1.92%;--awb-spacing-left-small:1.92%;\"><div class=\"fusion-column-wrapper fusion-column-has-shadow fusion-flex-justify-content-flex-start fusion-content-layout-column\"><div class=\"fusion-title title fusion-title-6 fusion-sep-none fusion-title-center fusion-title-highlight fusion-animate-once fusion-highlight-underline fusion-title-size-one\" style=\"--awb-margin-top-small:0px;--awb-margin-right-small:0px;--awb-margin-bottom-small:20px;--awb-margin-left-small:0px;--awb-font-size:40px;\" data-highlight=\"underline\"><h1 class=\"fusion-title-heading title-heading-center fusion-responsive-typography-calculated\" style=\"margin:0;text-transform:capitalize;font-size:1em;--fontSize:40;line-height:var(--awb-typography1-line-height);\"><span class=\"fusion-highlighted-text-prefix\"><\/span> <span class=\"fusion-highlighted-text-wrapper\"><span class=\"fusion-highlighted-text\">Stan S6<\/span><svg xmlns=\"http:\/\/www.w3.org\/2000\/svg\" viewBox=\"0 0 500 150\" preserveAspectRatio=\"none\"><path d=\"M8.1,146.2c0,0,240.6-55.6,479-13.8\"><\/path><\/svg><\/span> <span class=\"fusion-highlighted-text-postfix\"><\/span><\/h1><\/div>\n<style>\n\t#hotspot-1902 .hotspots-image-container,\n\t#hotspot-1902 .leaflet-container {\n\t\tbackground: #efefef\t}\n\n\t#hotspot-1902 .hotspots-placeholder,\n\t.featherlight .featherlight-content.lightbox-1902 {\n\t\tbackground: #ffffff;\n\t\tborder: 0 #ffffff solid;\n\t\tcolor: #000000;\n\t}\n\n\t#hotspot-1902 .hotspot-title,\n\t#hotspot-1902 .bc-product__title a,\n\t.featherlight .featherlight-content.lightbox-1902 .hotspot-title,\n\t.featherlight .featherlight-content.lightbox-1902 .bc-product__title a {\n\t\tcolor: #000000;\n\t}\n\n\t\t\t#hotspot-1902 .hotspot-style-1 {\n\t\t\tstroke-width: 1;\n\t\t\tfill: #eded6a;\n\t\t\tfill-opacity: 0.81;\n\t\t\tstroke: #ffffff;\n\t\t\tstroke-opacity: 0.81;\n\t\t}\n\t\t#hotspot-1902 .hotspot-style-1:hover,\n\t\t#hotspot-1902 .hotspot-style-1:focus-visible,\n\t\t#hotspot-1902 .hotspot-style-1.hotspot-active {\n\t\t\tfill: #37a031;\n\t\t\tfill-opacity: 0.81;\n\t\t\toutline: none;\n\t\t\tstroke: #ffffff;\n\t\t\tstroke-opacity: 0.81;\n\t\t}\n\t\t\t#hotspot-1902 .hotspot-default {\n\t\t\tstroke-width: 1;\n\t\t\tfill: #ffffff;\n\t\t\tfill-opacity: 0.81;\n\t\t\tstroke: #ffffff;\n\t\t\tstroke-opacity: 0.81;\n\t\t}\n\t\t#hotspot-1902 .hotspot-default:hover,\n\t\t#hotspot-1902 .hotspot-default:focus-visible,\n\t\t#hotspot-1902 .hotspot-default.hotspot-active {\n\t\t\tfill: #ffffff;\n\t\t\tfill-opacity: 0.81;\n\t\t\toutline: none;\n\t\t\tstroke: #ffffff;\n\t\t\tstroke-opacity: 0.81;\n\t\t}\n\t\t#hotspot-1902 .leaflet-tooltip,\n\t#hotspot-1902 .leaflet-rrose-content-wrapper {\n\t\tbackground: #ffffff;\n\t\tborder-color: #ffffff;\n\t\tcolor: #000000;\n\t}\n\n\t#hotspot-1902 a.leaflet-rrose-close-button {\n\t\tcolor: #000000;\n\t}\n\n\t#hotspot-1902 .leaflet-rrose-tip {\n\t\tbackground: #ffffff;\n\t}\n\n\t#hotspot-1902 .leaflet-popup-scrolled {\n\t\tborder-bottom-color: #000000;\n\t\tborder-top-color: #000000;\n\t}\n\n\t#hotspot-1902 .leaflet-tooltip-top:before {\n\t\tborder-top-color: #ffffff;\n\t}\n\n\t#hotspot-1902 .leaflet-tooltip-bottom:before {\n\t\tborder-bottom-color: #ffffff;\n\t}\n\t#hotspot-1902 .leaflet-tooltip-left:before {\n\t\tborder-left-color: #ffffff;\n\t}\n\t#hotspot-1902 .leaflet-tooltip-right:before {\n\t\tborder-right-color: #ffffff;\n\t}\n<\/style>\n\n\n\t<div class=\"hotspots-container links-only layout-left event-click\" id=\"hotspot-1902\" data-layout=\"left\" data-trigger=\"click\">\n\t\t<div class=\"hotspots-interaction\">\n\t\t\t<div class=\"hotspots-image-container\">\n\t<img\n\t\twidth=\"1920\"\n\t\theight=\"1477\"\n\t\tsrc=\"https:\/\/kastela-garden-residence.hr\/wp-content\/uploads\/2025\/02\/Kastela-Garden-Residence_tlocrt_Mirta_Lavanda.jpg\"\n\t\talt=\"Stan S6\"\n\t\tclass=\"hotspots-image skip-lazy\"\n\t\tusemap=\"#hotspots-image-1902\"\n\t\tdata-image-title=\"Stan S6\"\n\t\tdata-image-description=\"\"\n\t\tdata-event-trigger=\"click\"\n\t\tdata-always-visible=\"on\"\n\t\tdata-id=\"1902\"\n\t\tdata-no-lazy=\"1\"\n\t\tdata-lazy-src=\"\"\n\t\tdata-lazy=\"false\"\n\t\tloading=\"eager\"\n\t\tdata-skip-lazy=\"1\"\n\t\t>\n<\/div>\t\t<\/div>\n\t\t<map name=\"hotspots-image-1902\" class=\"hotspots-map\">\n\t\t\t\t\t\t\t\t\t\t\t<area\n\t\t\t\t\tshape=\"polygon\"\n\t\t\t\t\tcoords=\"868,1049,850,994,824,1002,805,922,790,924,770,840,645,875,706,1083,773,1063,778,1079\"\n\t\t\t\t\thref=\"https:\/\/kastela-garden-residence.hr\/wp-content\/uploads\/2026\/02\/Z1-S6-prodano.jpg\"\n\t\t\t\t\trel=\"\"\n\t\t\t\t\ttitle=\"Stan S6 - PRODANO\"\n\t\t\t\t\talt=\"Stan S6 - PRODANO\"\n\t\t\t\t\tdata-action=\"url\"\n\t\t\t\t\tdata-color-scheme=\"style-1\"\n\t\t\t\t\tdata-id=\"area-hotspot-1902-0\"\n\t\t\t\t\ttarget=\"_new\"\n\t\t\t\t\tclass=\"url-area\"\n\t\t\t\t\t>\n\t\t\t\t\t<\/map>\n\n\t\t\n\t\t\t\t\t\t<\/div>\n\n<\/div><\/div><div class=\"fusion-layout-column fusion_builder_column fusion-builder-column-11 fusion_builder_column_1_2 1_2 fusion-flex-column\" style=\"--awb-bg-size:cover;--awb-width-large:50%;--awb-margin-top-large:0px;--awb-spacing-right-large:3.84%;--awb-margin-bottom-large:20px;--awb-spacing-left-large:3.84%;--awb-width-medium:100%;--awb-order-medium:0;--awb-spacing-right-medium:1.92%;--awb-spacing-left-medium:1.92%;--awb-width-small:100%;--awb-order-small:0;--awb-spacing-right-small:1.92%;--awb-spacing-left-small:1.92%;\"><div class=\"fusion-column-wrapper fusion-column-has-shadow fusion-flex-justify-content-flex-start fusion-content-layout-column\"><div class=\"accordian fusion-accordian\" style=\"--awb-border-size:1px;--awb-icon-size:16px;--awb-content-font-size:15px;--awb-icon-alignment:left;--awb-hover-color:var(--awb-color2);--awb-border-color:hsla(var(--awb-color7-h),var(--awb-color7-s),calc( var(--awb-color7-l) + 69% ),var(--awb-color7-a));--awb-background-color:var(--awb-color1);--awb-divider-color:var(--awb-color4);--awb-divider-hover-color:var(--awb-color4);--awb-icon-color:var(--awb-color1);--awb-title-color:var(--awb-color5);--awb-content-color:var(--awb-color6);--awb-icon-box-color:var(--awb-color8);--awb-toggle-hover-accent-color:var(--awb-color5);--awb-title-font-family:&quot;Raleway&quot;;--awb-title-font-weight:500;--awb-title-font-style:normal;--awb-content-font-family:&quot;Open Sans&quot;;--awb-content-font-style:normal;--awb-content-font-weight:400;\"><div class=\"panel-group fusion-toggle-icon-boxed\" id=\"accordion-175-6\"><div class=\"fusion-panel panel-default panel-ec311d784e958dbe4 fusion-toggle-has-divider\" style=\"--awb-title-color:var(--awb-color5);--awb-content-color:var(--awb-color6);\"><div class=\"panel-heading\"><h4 class=\"panel-title toggle\" id=\"toggle_ec311d784e958dbe4\"><a aria-expanded=\"false\" aria-controls=\"ec311d784e958dbe4\" role=\"button\" data-toggle=\"collapse\" data-parent=\"#accordion-175-6\" data-target=\"#ec311d784e958dbe4\" href=\"#ec311d784e958dbe4\"><span class=\"fusion-toggle-icon-wrapper\" aria-hidden=\"true\"><i class=\"fa-fusion-box active-icon awb-icon-minus\" aria-hidden=\"true\"><\/i><i class=\"fa-fusion-box inactive-icon awb-icon-plus\" aria-hidden=\"true\"><\/i><\/span><span class=\"fusion-toggle-heading\">Lokacija<\/span><\/a><\/h4><\/div><div id=\"ec311d784e958dbe4\" class=\"panel-collapse collapse \" aria-labelledby=\"toggle_ec311d784e958dbe4\"><div class=\"panel-body toggle-content fusion-clearfix\">\n<p>Stambeni kompleks novoizgra\u0111enih i planiranih stambenih i stambeno-poslovnih zgrada smje\u0161ten je izme\u0111u Ul. Marina Studina i Ul. Ivana Pavla II. Navedene ulice su povezane novom dvosmjernom cestom koja omogu\u0107ava dobru povezanost kompleksa sa \u0161irom lokacijom. Uz samu ulicu je smje\u0161ten vanjski parking dok prostrani mediteranski vrtovi kao glavni motiv cijelog kompleksa omogu\u0107uju privatnost i mirno okru\u017eenje osobito stanovima u prizemlju.<\/p>\n<\/div><\/div><\/div><div class=\"fusion-panel panel-default panel-a6b2f6ca94a613404 fusion-toggle-has-divider\" style=\"--awb-title-color:var(--awb-color5);--awb-content-color:var(--awb-color6);\"><div class=\"panel-heading\"><h4 class=\"panel-title toggle\" id=\"toggle_a6b2f6ca94a613404\"><a aria-expanded=\"false\" aria-controls=\"a6b2f6ca94a613404\" role=\"button\" data-toggle=\"collapse\" data-parent=\"#accordion-175-6\" data-target=\"#a6b2f6ca94a613404\" href=\"#a6b2f6ca94a613404\"><span class=\"fusion-toggle-icon-wrapper\" aria-hidden=\"true\"><i class=\"fa-fusion-box active-icon awb-icon-minus\" aria-hidden=\"true\"><\/i><i class=\"fa-fusion-box inactive-icon awb-icon-plus\" aria-hidden=\"true\"><\/i><\/span><span class=\"fusion-toggle-heading\">Katnost i sadr\u017eaj gra\u0111evine<\/span><\/a><\/h4><\/div><div id=\"a6b2f6ca94a613404\" class=\"panel-collapse collapse \" aria-labelledby=\"toggle_a6b2f6ca94a613404\"><div class=\"panel-body toggle-content fusion-clearfix\">\n<p>Kompleks \u010dine dvije vi\u0161estambene gra\u0111evine sa zajedni\u010dkim podrumom. Pristup u gara\u017eu je zajedni\u010dki dok je ulaz u gra\u0111evine zaseban iz podruma vertikalnim komunikacijama (stubi\u0161te i lift) odnosno preko ure\u0111enog terena za svaku gra\u0111evinu zasebno. Zajedni\u010dka podrumska eta\u017ea sadr\u017ei 28 parkirali\u0161nih mjesta i 14 spremi\u0161ta te druge servisne prostorije. Svaka gra\u0111evina ima po 7 stanova, po dva stana na eta\u017ei prizemlja, 1. i 2. kata i jedan stan na nadgra\u0111u. Prostrane terase stanova su tlocrtno smje\u0161tena na suprotne strane gra\u0111evine i omogu\u0107uju privatnost stanarima.<\/p>\n<\/div><\/div><\/div><div class=\"fusion-panel panel-default panel-4ea16b155b3a6e293 fusion-toggle-has-divider\" style=\"--awb-title-color:var(--awb-color5);--awb-content-color:var(--awb-color6);\"><div class=\"panel-heading\"><h4 class=\"panel-title toggle\" id=\"toggle_4ea16b155b3a6e293\"><a aria-expanded=\"false\" aria-controls=\"4ea16b155b3a6e293\" role=\"button\" data-toggle=\"collapse\" data-parent=\"#accordion-175-6\" data-target=\"#4ea16b155b3a6e293\" href=\"#4ea16b155b3a6e293\"><span class=\"fusion-toggle-icon-wrapper\" aria-hidden=\"true\"><i class=\"fa-fusion-box active-icon awb-icon-minus\" aria-hidden=\"true\"><\/i><i class=\"fa-fusion-box inactive-icon awb-icon-plus\" aria-hidden=\"true\"><\/i><\/span><span class=\"fusion-toggle-heading\">Konstrukcija<\/span><\/a><\/h4><\/div><div id=\"4ea16b155b3a6e293\" class=\"panel-collapse collapse \" aria-labelledby=\"toggle_4ea16b155b3a6e293\"><div class=\"panel-body toggle-content fusion-clearfix\">\n<p>Konstrukcija zgrade je armiranobetonska (sustav armiranobetonskih: nosivih zidova, nosivih horizontalnih i vertikalnih elemenata, monolitnih me\u0111ukatnih plo\u010da i ravnog krova). Armirano betonski zidovi su debljine 20 cm kao i me\u0111ukatne plo\u010de. Vanjski zidovi dijelom su zidani Porotherm blok opekom debljine 20 cm. Pregradni zidovi su tako\u0111er zidani Porotherm blok opekom debljine 11,5 cm. Okno dizala i stubi\u0161na jezgra su izvedeni od armiranobetonskih zidova debljine 20 cm, toplinski i zvu\u010dno izolirani prema stanovima. Svijetla visina u stanovima (visina od gotovog poda do stropa) iznosi 257 \u2013 272 cm.<\/p>\n<\/div><\/div><\/div><div class=\"fusion-panel panel-default panel-8a1f2c16ab363054a fusion-toggle-has-divider\" style=\"--awb-title-color:var(--awb-color5);--awb-content-color:var(--awb-color6);\"><div class=\"panel-heading\"><h4 class=\"panel-title toggle\" id=\"toggle_8a1f2c16ab363054a\"><a aria-expanded=\"false\" aria-controls=\"8a1f2c16ab363054a\" role=\"button\" data-toggle=\"collapse\" data-parent=\"#accordion-175-6\" data-target=\"#8a1f2c16ab363054a\" href=\"#8a1f2c16ab363054a\"><span class=\"fusion-toggle-icon-wrapper\" aria-hidden=\"true\"><i class=\"fa-fusion-box active-icon awb-icon-minus\" aria-hidden=\"true\"><\/i><i class=\"fa-fusion-box inactive-icon awb-icon-plus\" aria-hidden=\"true\"><\/i><\/span><span class=\"fusion-toggle-heading\">Fasada<\/span><\/a><\/h4><\/div><div id=\"8a1f2c16ab363054a\" class=\"panel-collapse collapse \" aria-labelledby=\"toggle_8a1f2c16ab363054a\"><div class=\"panel-body toggle-content fusion-clearfix\">\n<p>Fasada je izvedena kao ETICS sustav s 10 cm kamene vune sa zavr\u0161nim slojem od silikatne \u017ebuke.<\/p>\n<\/div><\/div><\/div><div class=\"fusion-panel panel-default panel-27cc8fef2fe5645af fusion-toggle-has-divider\" style=\"--awb-title-color:var(--awb-color5);--awb-content-color:var(--awb-color6);\"><div class=\"panel-heading\"><h4 class=\"panel-title toggle\" id=\"toggle_27cc8fef2fe5645af\"><a aria-expanded=\"false\" aria-controls=\"27cc8fef2fe5645af\" role=\"button\" data-toggle=\"collapse\" data-parent=\"#accordion-175-6\" data-target=\"#27cc8fef2fe5645af\" href=\"#27cc8fef2fe5645af\"><span class=\"fusion-toggle-icon-wrapper\" aria-hidden=\"true\"><i class=\"fa-fusion-box active-icon awb-icon-minus\" aria-hidden=\"true\"><\/i><i class=\"fa-fusion-box inactive-icon awb-icon-plus\" aria-hidden=\"true\"><\/i><\/span><span class=\"fusion-toggle-heading\">Krov<\/span><\/a><\/h4><\/div><div id=\"27cc8fef2fe5645af\" class=\"panel-collapse collapse \" aria-labelledby=\"toggle_27cc8fef2fe5645af\"><div class=\"panel-body toggle-content fusion-clearfix\">\n<p>Krov je ravni neprohodni izveden od monolitne armiranobetonske plo\u010de u nagibu, minimalne debljine 20 cm, s parnom branom, toplinskom izolacijom (EPS) debljine 20 cm, zavr\u0161no prekriven hidroizolacijskom TPO folijom otpornom na UV zrake i za\u0161ti\u0107en oblutkom.<\/p>\n<\/div><\/div><\/div><div class=\"fusion-panel panel-default panel-8115e4c57f2384c3a fusion-toggle-has-divider\" style=\"--awb-title-color:var(--awb-color5);--awb-content-color:var(--awb-color6);\"><div class=\"panel-heading\"><h4 class=\"panel-title toggle\" id=\"toggle_8115e4c57f2384c3a\"><a aria-expanded=\"false\" aria-controls=\"8115e4c57f2384c3a\" role=\"button\" data-toggle=\"collapse\" data-parent=\"#accordion-175-6\" data-target=\"#8115e4c57f2384c3a\" href=\"#8115e4c57f2384c3a\"><span class=\"fusion-toggle-icon-wrapper\" aria-hidden=\"true\"><i class=\"fa-fusion-box active-icon awb-icon-minus\" aria-hidden=\"true\"><\/i><i class=\"fa-fusion-box inactive-icon awb-icon-plus\" aria-hidden=\"true\"><\/i><\/span><span class=\"fusion-toggle-heading\">Vanjska stolarija<\/span><\/a><\/h4><\/div><div id=\"8115e4c57f2384c3a\" class=\"panel-collapse collapse \" aria-labelledby=\"toggle_8115e4c57f2384c3a\"><div class=\"panel-body toggle-content fusion-clearfix\">\n<p>Stolarija je izvedena od kvalitetnih PVC profila s aluminijskom oblogom izvana (izvana u sivo srebrnoj boji, unutra u bijeloj) s trostrukoizoliraju\u0107im staklom. Svi vanjski zatvori imaju aluminijske rolete u sivoj boji i komarnike (klizne ili rolo). Otvori su otklopno \u2013 zaokretni, klizni i podizno \u2013 klizni, a sve rolete (osim u kupaonicama) imaju elektronsko upravljanje &#8211; pogon na elektromotor.<\/p>\n<\/div><\/div><\/div><div class=\"fusion-panel panel-default panel-cb041899997818033 fusion-toggle-has-divider\" style=\"--awb-title-color:var(--awb-color5);--awb-content-color:var(--awb-color6);\"><div class=\"panel-heading\"><h4 class=\"panel-title toggle\" id=\"toggle_cb041899997818033\"><a aria-expanded=\"false\" aria-controls=\"cb041899997818033\" role=\"button\" data-toggle=\"collapse\" data-parent=\"#accordion-175-6\" data-target=\"#cb041899997818033\" href=\"#cb041899997818033\"><span class=\"fusion-toggle-icon-wrapper\" aria-hidden=\"true\"><i class=\"fa-fusion-box active-icon awb-icon-minus\" aria-hidden=\"true\"><\/i><i class=\"fa-fusion-box inactive-icon awb-icon-plus\" aria-hidden=\"true\"><\/i><\/span><span class=\"fusion-toggle-heading\">Zajedni\u010dki prostori i spremi\u0161ta<\/span><\/a><\/h4><\/div><div id=\"cb041899997818033\" class=\"panel-collapse collapse \" aria-labelledby=\"toggle_cb041899997818033\"><div class=\"panel-body toggle-content fusion-clearfix\">\n<p>Ulazni prostor, stubi\u0161ta i hodnici su poplo\u010dani kamenim plo\u010dama debljine 3 cm. Ograde i rukohvati u stubi\u0161tima izvedeni su kao bravarska ograda visine do 110 cm. Dizala su be\u0161umna kroz sve eta\u017ee. U natkrivenom ulazu su smje\u0161teni po\u0161tanski sandu\u010di\u0107i, paneli za obavijest te parlafon s video kontrolom.<\/p>\n<p>Podovi u podrumskim spremi\u0161tima zavr\u0161no su premazani epoksidnim premazom.<\/p>\n<\/div><\/div><\/div><div class=\"fusion-panel panel-default panel-5cd1892b31839d0bf fusion-toggle-has-divider\" style=\"--awb-title-color:var(--awb-color5);--awb-content-color:var(--awb-color6);\"><div class=\"panel-heading\"><h4 class=\"panel-title toggle\" id=\"toggle_5cd1892b31839d0bf\"><a aria-expanded=\"false\" aria-controls=\"5cd1892b31839d0bf\" role=\"button\" data-toggle=\"collapse\" data-parent=\"#accordion-175-6\" data-target=\"#5cd1892b31839d0bf\" href=\"#5cd1892b31839d0bf\"><span class=\"fusion-toggle-icon-wrapper\" aria-hidden=\"true\"><i class=\"fa-fusion-box active-icon awb-icon-minus\" aria-hidden=\"true\"><\/i><i class=\"fa-fusion-box inactive-icon awb-icon-plus\" aria-hidden=\"true\"><\/i><\/span><span class=\"fusion-toggle-heading\">Gara\u017ee i parkirna mjesta<\/span><\/a><\/h4><\/div><div id=\"5cd1892b31839d0bf\" class=\"panel-collapse collapse \" aria-labelledby=\"toggle_5cd1892b31839d0bf\"><div class=\"panel-body toggle-content fusion-clearfix\">\n<p>Gara\u017ee su smje\u0161tene u podrumskoj eta\u017ei, sa zajedni\u010dkom ulaznom rampom s rolo vratima na daljinsko upravljanje. Kolna komunikacija je zajedni\u010dka i kru\u017ena, a parkirna mjesta su otvorena. Svaki stan u gara\u017ei ima osigurana dva parkirna mjesta te pripadaju\u0107e spremi\u0161te. Gara\u017ea ima prirodnu i mehani\u010dku ventilaciju.<\/p>\n<\/div><\/div><\/div><div class=\"fusion-panel panel-default panel-a43f8dd579775c1c9 fusion-toggle-has-divider\" style=\"--awb-title-color:var(--awb-color5);--awb-content-color:var(--awb-color6);\"><div class=\"panel-heading\"><h4 class=\"panel-title toggle\" id=\"toggle_a43f8dd579775c1c9\"><a aria-expanded=\"false\" aria-controls=\"a43f8dd579775c1c9\" role=\"button\" data-toggle=\"collapse\" data-parent=\"#accordion-175-6\" data-target=\"#a43f8dd579775c1c9\" href=\"#a43f8dd579775c1c9\"><span class=\"fusion-toggle-icon-wrapper\" aria-hidden=\"true\"><i class=\"fa-fusion-box active-icon awb-icon-minus\" aria-hidden=\"true\"><\/i><i class=\"fa-fusion-box inactive-icon awb-icon-plus\" aria-hidden=\"true\"><\/i><\/span><span class=\"fusion-toggle-heading\">Stolarija<\/span><\/a><\/h4><\/div><div id=\"a43f8dd579775c1c9\" class=\"panel-collapse collapse \" aria-labelledby=\"toggle_a43f8dd579775c1c9\"><div class=\"panel-body toggle-content fusion-clearfix\">\n<p>Ulazna vrata u stan su protuprovalna i protupo\u017earna s dodatnom zvu\u010dnom izolacijom. Unutarnja stolarija izvedena od punih, glatkih vrata s dovratnikom u bijeloj boji visine 210 cm.<\/p>\n<\/div><\/div><\/div><div class=\"fusion-panel panel-default panel-f987af48cda6d9055 fusion-toggle-has-divider\" style=\"--awb-title-color:var(--awb-color5);--awb-content-color:var(--awb-color6);\"><div class=\"panel-heading\"><h4 class=\"panel-title toggle\" id=\"toggle_f987af48cda6d9055\"><a aria-expanded=\"false\" aria-controls=\"f987af48cda6d9055\" role=\"button\" data-toggle=\"collapse\" data-parent=\"#accordion-175-6\" data-target=\"#f987af48cda6d9055\" href=\"#f987af48cda6d9055\"><span class=\"fusion-toggle-icon-wrapper\" aria-hidden=\"true\"><i class=\"fa-fusion-box active-icon awb-icon-minus\" aria-hidden=\"true\"><\/i><i class=\"fa-fusion-box inactive-icon awb-icon-plus\" aria-hidden=\"true\"><\/i><\/span><span class=\"fusion-toggle-heading\">Zidovi i stropovi<\/span><\/a><\/h4><\/div><div id=\"f987af48cda6d9055\" class=\"panel-collapse collapse \" aria-labelledby=\"toggle_f987af48cda6d9055\"><div class=\"panel-body toggle-content fusion-clearfix\">\n<p>Nosivi zidovi su armirano betonski zidovi debljine 20 cm, a dijelom su zidani Porotherm blok opekom debljine 20 cm. Pregradni zidovi su zidani Porotherm blok opekom debljine 11,5 cm. Unutarnje povr\u0161ine zidova i stropova su o\u017ebukane i oli\u010dene poludisperzivnom bijelom bojom.<\/p>\n<p>Kao zidne obloge kupaonice ugra\u0111ene su visokokvalitetne kerami\u010dke plo\u010dice I klase.<\/p>\n<\/div><\/div><\/div><div class=\"fusion-panel panel-default panel-f35441804c1a05a42 fusion-toggle-has-divider\" style=\"--awb-title-color:var(--awb-color5);--awb-content-color:var(--awb-color6);\"><div class=\"panel-heading\"><h4 class=\"panel-title toggle\" id=\"toggle_f35441804c1a05a42\"><a aria-expanded=\"false\" aria-controls=\"f35441804c1a05a42\" role=\"button\" data-toggle=\"collapse\" data-parent=\"#accordion-175-6\" data-target=\"#f35441804c1a05a42\" href=\"#f35441804c1a05a42\"><span class=\"fusion-toggle-icon-wrapper\" aria-hidden=\"true\"><i class=\"fa-fusion-box active-icon awb-icon-minus\" aria-hidden=\"true\"><\/i><i class=\"fa-fusion-box inactive-icon awb-icon-plus\" aria-hidden=\"true\"><\/i><\/span><span class=\"fusion-toggle-heading\">Podovi<\/span><\/a><\/h4><\/div><div id=\"f35441804c1a05a42\" class=\"panel-collapse collapse \" aria-labelledby=\"toggle_f35441804c1a05a42\"><div class=\"panel-body toggle-content fusion-clearfix\">\n<p>Podovi spava\u0107ih soba su oblo\u017eeni hrastovim parketom I klase, zavr\u0161no lakiranim, modernog izgleda u natur boji, s letvicama u bijeloj boji. Podovi ostalih prostorija su oblo\u017eeni kerami\u010dkim plo\u010dicama, a loggie vanjskim protukliznim kerami\u010dkim plo\u010dicama sve I klase. Na povr\u0161inama s plo\u010dicama izveden je kerami\u010dki sokl.<\/p>\n<p>Zidovi gra\u0111evine s termi\u010dki obra\u0111enim pro\u010deljima, s o\u017ebukanim unutarnjim povr\u0161inama zidova i stropova, podovi s podnim slojevima toplinske i zvu\u010dne za\u0161tite, \u010dine ugra\u0111eni materijali koji pojedina\u010dno i u kompletu imaju sposobnost izdr\u017eati sva mehani\u010dka i druga predvi\u0111ena djelovanja pri normalnoj upotrebi.<\/p>\n<\/div><\/div><\/div><div class=\"fusion-panel panel-default panel-a5dbd279c3f7bb5b4 fusion-toggle-has-divider\" style=\"--awb-title-color:var(--awb-color5);--awb-content-color:var(--awb-color6);\"><div class=\"panel-heading\"><h4 class=\"panel-title toggle\" id=\"toggle_a5dbd279c3f7bb5b4\"><a aria-expanded=\"false\" aria-controls=\"a5dbd279c3f7bb5b4\" role=\"button\" data-toggle=\"collapse\" data-parent=\"#accordion-175-6\" data-target=\"#a5dbd279c3f7bb5b4\" href=\"#a5dbd279c3f7bb5b4\"><span class=\"fusion-toggle-icon-wrapper\" aria-hidden=\"true\"><i class=\"fa-fusion-box active-icon awb-icon-minus\" aria-hidden=\"true\"><\/i><i class=\"fa-fusion-box inactive-icon awb-icon-plus\" aria-hidden=\"true\"><\/i><\/span><span class=\"fusion-toggle-heading\">Kupaonice i WC<\/span><\/a><\/h4><\/div><div id=\"a5dbd279c3f7bb5b4\" class=\"panel-collapse collapse \" aria-labelledby=\"toggle_a5dbd279c3f7bb5b4\"><div class=\"panel-body toggle-content fusion-clearfix\">\n<p>Sva sanitarna oprema je visoke kvalitete poznatih proizvo\u0111a\u010da. Opremu \u010dine: konzolni umivaonici s pripadaju\u0107im mije\u0161alicama, konzolna WC \u0161koljka s poklopcem i s nisko\u0161umnim ugradbenim vodokotli\u0107em, tu\u0161 \u2013 kada s tu\u0161 setom. Priklju\u010dak za perilicu rublja s odvodnjom.<\/p>\n<p>Zidovi su oblo\u017eeni kerami\u010dkim plo\u010dicama I klase od poda do pune visine prostorije.<\/p>\n<p>Bojleri PTV su smje\u0161teni u podrumu u zajedni\u010dkom prostoru.<\/p>\n<\/div><\/div><\/div><div class=\"fusion-panel panel-default panel-4b158f6817d4c82d1 fusion-toggle-has-divider\" style=\"--awb-title-color:var(--awb-color5);--awb-content-color:var(--awb-color6);\"><div class=\"panel-heading\"><h4 class=\"panel-title toggle\" id=\"toggle_4b158f6817d4c82d1\"><a aria-expanded=\"false\" aria-controls=\"4b158f6817d4c82d1\" role=\"button\" data-toggle=\"collapse\" data-parent=\"#accordion-175-6\" data-target=\"#4b158f6817d4c82d1\" href=\"#4b158f6817d4c82d1\"><span class=\"fusion-toggle-icon-wrapper\" aria-hidden=\"true\"><i class=\"fa-fusion-box active-icon awb-icon-minus\" aria-hidden=\"true\"><\/i><i class=\"fa-fusion-box inactive-icon awb-icon-plus\" aria-hidden=\"true\"><\/i><\/span><span class=\"fusion-toggle-heading\">Elektroinstalacije<\/span><\/a><\/h4><\/div><div id=\"4b158f6817d4c82d1\" class=\"panel-collapse collapse \" aria-labelledby=\"toggle_4b158f6817d4c82d1\"><div class=\"panel-body toggle-content fusion-clearfix\">\n<p>Elektrobrojila su smje\u0161tena u vanjskom ure\u0111enom terenu (uz zapadnu granicu). Elektro oprema je visoke kvalitete poznatih proizvo\u0111a\u010da.<\/p>\n<p>U stanovima su predvi\u0111ene telefonske i TV uti\u010dnice, stropna i zidna rasvjeta te termostat u dnevnom boravku i spava\u0107im sobama. Elektrooprema kuhinje sastoji se od izvoda za \u0161tednjak, uti\u010dnice za hladnjak, uti\u010dnice za perilicu, uti\u010dnice u pojasu iznad radne plohe, izvod za napu i uti\u010dnice na kuhinjskom otoku. Elektrooprema kupaonice sadr\u017ei priklju\u010dnicu za perilicu rublja, nadsvjetlo iznad umivaonika, uti\u010dnice na zidu te izvod za ventilator. Elektrooprema u hodniku su rasvjetna tijela, strujni razdjelnik stana, ormari\u0107 slabe struje, uti\u010dnica, centralno sklop struje cijelog stana.<\/p>\n<p>Osigurana je mogu\u0107nost spajanja na kabelsku TV preko instalacija zajedni\u010dkog antenskog satelita.<\/p>\n<p>Spremi\u0161ta, u kojima je izvedena stropna rasvjeta su povezana s brojilom pripadaju\u0107eg stana, a lift, hodnici i gara\u017ea vezani su na zasebno brojilo zajedni\u010dke potro\u0161nje.<\/p>\n<\/div><\/div><\/div><div class=\"fusion-panel panel-default panel-63470a2b54e4d9f73 fusion-toggle-has-divider\" style=\"--awb-title-color:var(--awb-color5);--awb-content-color:var(--awb-color6);\"><div class=\"panel-heading\"><h4 class=\"panel-title toggle\" id=\"toggle_63470a2b54e4d9f73\"><a aria-expanded=\"false\" aria-controls=\"63470a2b54e4d9f73\" role=\"button\" data-toggle=\"collapse\" data-parent=\"#accordion-175-6\" data-target=\"#63470a2b54e4d9f73\" href=\"#63470a2b54e4d9f73\"><span class=\"fusion-toggle-icon-wrapper\" aria-hidden=\"true\"><i class=\"fa-fusion-box active-icon awb-icon-minus\" aria-hidden=\"true\"><\/i><i class=\"fa-fusion-box inactive-icon awb-icon-plus\" aria-hidden=\"true\"><\/i><\/span><span class=\"fusion-toggle-heading\">Instalacije vodovoda i odvodnje<\/span><\/a><\/h4><\/div><div id=\"63470a2b54e4d9f73\" class=\"panel-collapse collapse \" aria-labelledby=\"toggle_63470a2b54e4d9f73\"><div class=\"panel-body toggle-content fusion-clearfix\">\n<p>Opskrba vodom je priklju\u010dkom na javnu gradsku vodovodnu mre\u017eu. Na priklju\u010dnom cjevovodu je okno s ugra\u0111enim vodomjerima za svaki stan zasebno. Razvod vode se vr\u0161i PPR toplinski izoliranim cijevima.<\/p>\n<p>Odvodnja otpadnih voda je priklju\u010dkom na kanalizacijski sustav naselja. Za odvodnju su kori\u0161tene nisko\u0161umne cijevi.<\/p>\n<p>Priprema potro\u0161ne tople vode je preko bojlera \u2013 dizalica topline smje\u0161tenih u podrumskoj eta\u017ei, za svaki stan zasebno.<\/p>\n<p>Glavni ventil za vodu nalazi se na svakom od stubi\u0161ta.<\/p>\n<\/div><\/div><\/div><div class=\"fusion-panel panel-default panel-0ca487ff6ad63a580 fusion-toggle-has-divider\" style=\"--awb-title-color:var(--awb-color5);--awb-content-color:var(--awb-color6);\"><div class=\"panel-heading\"><h4 class=\"panel-title toggle\" id=\"toggle_0ca487ff6ad63a580\"><a aria-expanded=\"false\" aria-controls=\"0ca487ff6ad63a580\" role=\"button\" data-toggle=\"collapse\" data-parent=\"#accordion-175-6\" data-target=\"#0ca487ff6ad63a580\" href=\"#0ca487ff6ad63a580\"><span class=\"fusion-toggle-icon-wrapper\" aria-hidden=\"true\"><i class=\"fa-fusion-box active-icon awb-icon-minus\" aria-hidden=\"true\"><\/i><i class=\"fa-fusion-box inactive-icon awb-icon-plus\" aria-hidden=\"true\"><\/i><\/span><span class=\"fusion-toggle-heading\">Grijanje i hla\u0111enje<\/span><\/a><\/h4><\/div><div id=\"0ca487ff6ad63a580\" class=\"panel-collapse collapse \" aria-labelledby=\"toggle_0ca487ff6ad63a580\"><div class=\"panel-body toggle-content fusion-clearfix\">\n<p>Za sve stanove kori\u0161teni su ure\u0111aji proizvo\u0111a\u010da.<\/p>\n<p>Kao vanjska jedinica ugra\u0111en je inverter sustav multi split snage 9,3\/8,3 Kw.<\/p>\n<p>Stanovi su opremljeni kanalskim razvodom unutarnjih klima jedinica, u dnevnom boravku snage 4,0\/3,5 Kw, a u sobama jedinice snage 2,5\/2,0 Kw, s daljinskim i Wifi upravljanjem.<\/p>\n<p>U dnevnom dijelu stana i kupaonicama je izvedeno podno grijanje sustavom elektri\u010dne mre\u017eice, komplet s termostatom i senzorima za temperaturu.<\/p>\n<\/div><\/div><\/div><div class=\"fusion-panel panel-default panel-e2223082aac3c74c3 fusion-toggle-has-divider\" style=\"--awb-title-color:var(--awb-color5);--awb-content-color:var(--awb-color6);\"><div class=\"panel-heading\"><h4 class=\"panel-title toggle\" id=\"toggle_e2223082aac3c74c3\"><a aria-expanded=\"false\" aria-controls=\"e2223082aac3c74c3\" role=\"button\" data-toggle=\"collapse\" data-parent=\"#accordion-175-6\" data-target=\"#e2223082aac3c74c3\" href=\"#e2223082aac3c74c3\"><span class=\"fusion-toggle-icon-wrapper\" aria-hidden=\"true\"><i class=\"fa-fusion-box active-icon awb-icon-minus\" aria-hidden=\"true\"><\/i><i class=\"fa-fusion-box inactive-icon awb-icon-plus\" aria-hidden=\"true\"><\/i><\/span><span class=\"fusion-toggle-heading\">Ventilacija<\/span><\/a><\/h4><\/div><div id=\"e2223082aac3c74c3\" class=\"panel-collapse collapse \" aria-labelledby=\"toggle_e2223082aac3c74c3\"><div class=\"panel-body toggle-content fusion-clearfix\">\n<p>Umjetna ventilacija je osigurana be\u0161umnim ventilatorima u svim sanitarnim prostorijama, a ventilacija kuhinja osigurana je zasebnim cijevima za odvod napa.<\/p>\n<p>Unutar gara\u017ee osigurana je prirodna i mehani\u010dka ventilacija kao i ventilacija svakog spremi\u0161ta pojedina\u010dno.<\/p>\n<\/div><\/div><\/div><div class=\"fusion-panel panel-default panel-a1ec5ebb55c9bffdd fusion-toggle-has-divider\" style=\"--awb-title-color:var(--awb-color5);--awb-content-color:var(--awb-color6);\"><div class=\"panel-heading\"><h4 class=\"panel-title toggle\" id=\"toggle_a1ec5ebb55c9bffdd\"><a aria-expanded=\"false\" aria-controls=\"a1ec5ebb55c9bffdd\" role=\"button\" data-toggle=\"collapse\" data-parent=\"#accordion-175-6\" data-target=\"#a1ec5ebb55c9bffdd\" href=\"#a1ec5ebb55c9bffdd\"><span class=\"fusion-toggle-icon-wrapper\" aria-hidden=\"true\"><i class=\"fa-fusion-box active-icon awb-icon-minus\" aria-hidden=\"true\"><\/i><i class=\"fa-fusion-box inactive-icon awb-icon-plus\" aria-hidden=\"true\"><\/i><\/span><span class=\"fusion-toggle-heading\">Energetski razred<\/span><\/a><\/h4><\/div><div id=\"a1ec5ebb55c9bffdd\" class=\"panel-collapse collapse \" aria-labelledby=\"toggle_a1ec5ebb55c9bffdd\"><div class=\"panel-body toggle-content fusion-clearfix\">\n<p>Isho\u0111en je energetski certifikat razreda A+.<\/p>\n<\/div><\/div><\/div><div class=\"fusion-panel panel-default panel-974b11f049f92fa52 fusion-toggle-has-divider\" style=\"--awb-title-color:var(--awb-color5);--awb-content-color:var(--awb-color6);\"><div class=\"panel-heading\"><h4 class=\"panel-title toggle\" id=\"toggle_974b11f049f92fa52\"><a aria-expanded=\"false\" aria-controls=\"974b11f049f92fa52\" role=\"button\" data-toggle=\"collapse\" data-parent=\"#accordion-175-6\" data-target=\"#974b11f049f92fa52\" href=\"#974b11f049f92fa52\"><span class=\"fusion-toggle-icon-wrapper\" aria-hidden=\"true\"><i class=\"fa-fusion-box active-icon awb-icon-minus\" aria-hidden=\"true\"><\/i><i class=\"fa-fusion-box inactive-icon awb-icon-plus\" aria-hidden=\"true\"><\/i><\/span><span class=\"fusion-toggle-heading\">Uvjeti odr\u017eavanja gra\u0111evine<\/span><\/a><\/h4><\/div><div id=\"974b11f049f92fa52\" class=\"panel-collapse collapse \" aria-labelledby=\"toggle_974b11f049f92fa52\"><div class=\"panel-body toggle-content fusion-clearfix\">\n<p>Kupac \u0107e prilikom preuzimanja stana dobiti knji\u017eicu s uputama za kori\u0161tenje i odr\u017eavanje ugra\u0111ene opreme.<\/p>\n<\/div><\/div><\/div><div class=\"fusion-panel panel-default panel-59945f73cc39f7ecb fusion-toggle-has-divider\" style=\"--awb-title-color:var(--awb-color5);--awb-content-color:var(--awb-color6);\"><div class=\"panel-heading\"><h4 class=\"panel-title toggle\" id=\"toggle_59945f73cc39f7ecb\"><a aria-expanded=\"false\" aria-controls=\"59945f73cc39f7ecb\" role=\"button\" data-toggle=\"collapse\" data-parent=\"#accordion-175-6\" data-target=\"#59945f73cc39f7ecb\" href=\"#59945f73cc39f7ecb\"><span class=\"fusion-toggle-icon-wrapper\" aria-hidden=\"true\"><i class=\"fa-fusion-box active-icon awb-icon-minus\" aria-hidden=\"true\"><\/i><i class=\"fa-fusion-box inactive-icon awb-icon-plus\" aria-hidden=\"true\"><\/i><\/span><span class=\"fusion-toggle-heading\">Ure\u0111enje okoli\u0161a<\/span><\/a><\/h4><\/div><div id=\"59945f73cc39f7ecb\" class=\"panel-collapse collapse \" aria-labelledby=\"toggle_59945f73cc39f7ecb\"><div class=\"panel-body toggle-content fusion-clearfix\">\n<p>Okoli\u0161 je ure\u0111en kolnim i pje\u0161a\u010dkim povr\u0161inama i hortikulturno ure\u0111enim vrtovima.<\/p>\n<\/div><\/div><\/div><div class=\"fusion-panel panel-default panel-b0cb2e977ba7c43ca fusion-toggle-has-divider\" style=\"--awb-title-color:var(--awb-color5);--awb-content-color:var(--awb-color6);\"><div class=\"panel-heading\"><h4 class=\"panel-title toggle\" id=\"toggle_b0cb2e977ba7c43ca\"><a aria-expanded=\"false\" aria-controls=\"b0cb2e977ba7c43ca\" role=\"button\" data-toggle=\"collapse\" data-parent=\"#accordion-175-6\" data-target=\"#b0cb2e977ba7c43ca\" href=\"#b0cb2e977ba7c43ca\"><span class=\"fusion-toggle-icon-wrapper\" aria-hidden=\"true\"><i class=\"fa-fusion-box active-icon awb-icon-minus\" aria-hidden=\"true\"><\/i><i class=\"fa-fusion-box inactive-icon awb-icon-plus\" aria-hidden=\"true\"><\/i><\/span><span class=\"fusion-toggle-heading\">Garancija<\/span><\/a><\/h4><\/div><div id=\"b0cb2e977ba7c43ca\" class=\"panel-collapse collapse \" aria-labelledby=\"toggle_b0cb2e977ba7c43ca\"><div class=\"panel-body toggle-content fusion-clearfix\">\n<p>Garantni rok za kvalitetu izvedbe gra\u0111evinskih i gra\u0111evinsko-obrtni\u010dkih radova odre\u0111en je u skladu sa zakonom i posebnim propisima i to 2 godine za obrtni\u010dke radove, a 10 godina za konstrukciju gra\u0111evine i krov.<\/p>\n<p>Uvjeti i rokovi garancije za ugra\u0111enu opremu vrijede prema specifikacijama proizvo\u0111a\u010da.<\/p>\n<\/div><\/div><\/div><\/div><\/div><div class=\"fusion-separator fusion-full-width-sep\" style=\"align-self: center;margin-left: auto;margin-right: auto;margin-bottom:40px;width:100%;\"><\/div><div style=\"text-align:center;\"><a class=\"fusion-button button-flat fusion-button-default-size button-custom fusion-button-default button-6 fusion-button-default-span fusion-button-default-type\" style=\"--button_accent_color:#ffffff;--button_accent_hover_color:#ffffff;--button_border_hover_color:hsla(var(--awb-color1-h),var(--awb-color1-s),var(--awb-color1-l),calc( var(--awb-color1-a) - 10% ));--button_gradient_top_color:#000000;--button_gradient_bottom_color:#000000;--button_gradient_top_color_hover:#001f63;--button_gradient_bottom_color_hover:#001f63;\" target=\"_self\" href=\"https:\/\/kastela-garden-residence.hr\/zgrada-1-stan-s6\/\"><span class=\"fusion-button-text awb-button__text awb-button__text--default\">SAZNAJ VI\u0160E<\/span><\/a><\/div><\/div><\/div><\/div><\/div><div class=\"fusion-fullwidth fullwidth-box fusion-builder-row-7 fusion-flex-container has-pattern-background has-mask-background hundred-percent-fullwidth non-hundred-percent-height-scrolling\" style=\"--awb-border-radius-top-left:0px;--awb-border-radius-top-right:0px;--awb-border-radius-bottom-right:0px;--awb-border-radius-bottom-left:0px;--awb-padding-bottom:30px;--awb-flex-wrap:wrap;\" ><div class=\"fusion-builder-row fusion-row fusion-flex-align-items-flex-start fusion-flex-content-wrap\" style=\"width:104% !important;max-width:104% !important;margin-left: calc(-4% \/ 2 );margin-right: calc(-4% \/ 2 );\"><div class=\"fusion-layout-column fusion_builder_column fusion-builder-column-12 fusion_builder_column_1_2 1_2 fusion-flex-column\" style=\"--awb-bg-size:cover;--awb-width-large:50%;--awb-margin-top-large:0px;--awb-spacing-right-large:3.84%;--awb-margin-bottom-large:20px;--awb-spacing-left-large:3.84%;--awb-width-medium:100%;--awb-order-medium:0;--awb-spacing-right-medium:1.92%;--awb-spacing-left-medium:1.92%;--awb-width-small:100%;--awb-order-small:0;--awb-spacing-right-small:1.92%;--awb-spacing-left-small:1.92%;\"><div class=\"fusion-column-wrapper fusion-column-has-shadow fusion-flex-justify-content-flex-start fusion-content-layout-column\"><div class=\"fusion-title title fusion-title-7 fusion-sep-none fusion-title-center fusion-title-highlight fusion-animate-once fusion-highlight-underline fusion-title-size-one\" style=\"--awb-margin-top-small:0px;--awb-margin-right-small:0px;--awb-margin-bottom-small:20px;--awb-margin-left-small:0px;--awb-font-size:40px;\" data-highlight=\"underline\"><h1 class=\"fusion-title-heading title-heading-center fusion-responsive-typography-calculated\" style=\"margin:0;text-transform:capitalize;font-size:1em;--fontSize:40;line-height:var(--awb-typography1-line-height);\"><span class=\"fusion-highlighted-text-prefix\"><\/span> <span class=\"fusion-highlighted-text-wrapper\"><span class=\"fusion-highlighted-text\">Stan S7<\/span><svg xmlns=\"http:\/\/www.w3.org\/2000\/svg\" viewBox=\"0 0 500 150\" preserveAspectRatio=\"none\"><path d=\"M8.1,146.2c0,0,240.6-55.6,479-13.8\"><\/path><\/svg><\/span> <span class=\"fusion-highlighted-text-postfix\"><\/span><\/h1><\/div><div class=\"fusion-image-element \" style=\"--awb-liftup-border-radius:0px;--awb-caption-title-font-family:var(--h2_typography-font-family);--awb-caption-title-font-weight:var(--h2_typography-font-weight);--awb-caption-title-font-style:var(--h2_typography-font-style);--awb-caption-title-size:var(--h2_typography-font-size);--awb-caption-title-transform:var(--h2_typography-text-transform);--awb-caption-title-line-height:var(--h2_typography-line-height);--awb-caption-title-letter-spacing:var(--h2_typography-letter-spacing);\"><div class=\"awb-image-frame awb-image-frame-1 imageframe-liftup\"><span class=\" fusion-imageframe imageframe-none imageframe-1\"><a href=\"https:\/\/kastela-garden-residence.hr\/wp-content\/uploads\/2015\/02\/Z1-S7-PRODANO.jpg\" class=\"fusion-lightbox\" data-rel=\"iLightbox[9b1580fcef0874db860]\" data-title=\"Z1-S7 &#8211; PRODANO\" title=\"Z1-S7 &#8211; PRODANO\"><img decoding=\"async\" width=\"1920\" height=\"1392\" src=\"https:\/\/kastela-garden-residence.hr\/wp-content\/uploads\/2015\/02\/Z1-S7-PRODANO.jpg\" data-orig-src=\"https:\/\/kastela-garden-residence.hr\/wp-content\/uploads\/2015\/02\/Z1-S7-PRODANO.jpg\" alt class=\"lazyload img-responsive wp-image-2432\" srcset=\"data:image\/svg+xml,%3Csvg%20xmlns%3D%27http%3A%2F%2Fwww.w3.org%2F2000%2Fsvg%27%20width%3D%271920%27%20height%3D%271392%27%20viewBox%3D%270%200%201920%201392%27%3E%3Crect%20width%3D%271920%27%20height%3D%271392%27%20fill-opacity%3D%220%22%2F%3E%3C%2Fsvg%3E\" data-srcset=\"https:\/\/kastela-garden-residence.hr\/wp-content\/uploads\/2015\/02\/Z1-S7-PRODANO-200x145.jpg 200w, https:\/\/kastela-garden-residence.hr\/wp-content\/uploads\/2015\/02\/Z1-S7-PRODANO-400x290.jpg 400w, https:\/\/kastela-garden-residence.hr\/wp-content\/uploads\/2015\/02\/Z1-S7-PRODANO-600x435.jpg 600w, https:\/\/kastela-garden-residence.hr\/wp-content\/uploads\/2015\/02\/Z1-S7-PRODANO-800x580.jpg 800w, https:\/\/kastela-garden-residence.hr\/wp-content\/uploads\/2015\/02\/Z1-S7-PRODANO-1200x870.jpg 1200w, https:\/\/kastela-garden-residence.hr\/wp-content\/uploads\/2015\/02\/Z1-S7-PRODANO.jpg 1920w\" data-sizes=\"auto\" data-orig-sizes=\"(max-width: 800px) 100vw, (max-width: 640px) 100vw, 600px\" \/><\/a><\/span><\/div><\/div><\/div><\/div><div class=\"fusion-layout-column fusion_builder_column fusion-builder-column-13 fusion_builder_column_1_2 1_2 fusion-flex-column\" style=\"--awb-bg-size:cover;--awb-width-large:50%;--awb-margin-top-large:0px;--awb-spacing-right-large:3.84%;--awb-margin-bottom-large:20px;--awb-spacing-left-large:3.84%;--awb-width-medium:100%;--awb-order-medium:0;--awb-spacing-right-medium:1.92%;--awb-spacing-left-medium:1.92%;--awb-width-small:100%;--awb-order-small:0;--awb-spacing-right-small:1.92%;--awb-spacing-left-small:1.92%;\"><div class=\"fusion-column-wrapper fusion-column-has-shadow fusion-flex-justify-content-flex-start fusion-content-layout-column\"><div class=\"accordian fusion-accordian\" style=\"--awb-border-size:1px;--awb-icon-size:16px;--awb-content-font-size:15px;--awb-icon-alignment:left;--awb-hover-color:var(--awb-color2);--awb-border-color:hsla(var(--awb-color7-h),var(--awb-color7-s),calc( var(--awb-color7-l) + 69% ),var(--awb-color7-a));--awb-background-color:var(--awb-color1);--awb-divider-color:var(--awb-color4);--awb-divider-hover-color:var(--awb-color4);--awb-icon-color:var(--awb-color1);--awb-title-color:var(--awb-color5);--awb-content-color:var(--awb-color6);--awb-icon-box-color:var(--awb-color8);--awb-toggle-hover-accent-color:var(--awb-color5);--awb-title-font-family:&quot;Raleway&quot;;--awb-title-font-weight:500;--awb-title-font-style:normal;--awb-content-font-family:&quot;Open Sans&quot;;--awb-content-font-style:normal;--awb-content-font-weight:400;\"><div class=\"panel-group fusion-toggle-icon-boxed\" id=\"accordion-175-7\"><div class=\"fusion-panel panel-default panel-8cf62265c3825a190 fusion-toggle-has-divider\" style=\"--awb-title-color:var(--awb-color5);--awb-content-color:var(--awb-color6);\"><div class=\"panel-heading\"><h4 class=\"panel-title toggle\" id=\"toggle_8cf62265c3825a190\"><a aria-expanded=\"false\" aria-controls=\"8cf62265c3825a190\" role=\"button\" data-toggle=\"collapse\" data-parent=\"#accordion-175-7\" data-target=\"#8cf62265c3825a190\" href=\"#8cf62265c3825a190\"><span class=\"fusion-toggle-icon-wrapper\" aria-hidden=\"true\"><i class=\"fa-fusion-box active-icon awb-icon-minus\" aria-hidden=\"true\"><\/i><i class=\"fa-fusion-box inactive-icon awb-icon-plus\" aria-hidden=\"true\"><\/i><\/span><span class=\"fusion-toggle-heading\">Lokacija<\/span><\/a><\/h4><\/div><div id=\"8cf62265c3825a190\" class=\"panel-collapse collapse \" aria-labelledby=\"toggle_8cf62265c3825a190\"><div class=\"panel-body toggle-content fusion-clearfix\">\n<p>Stambeni kompleks novoizgra\u0111enih i planiranih stambenih i stambeno-poslovnih zgrada smje\u0161ten je izme\u0111u Ul. Marina Studina i Ul. Ivana Pavla II. Navedene ulice su povezane novom dvosmjernom cestom koja omogu\u0107ava dobru povezanost kompleksa sa \u0161irom lokacijom. Uz samu ulicu je smje\u0161ten vanjski parking dok prostrani mediteranski vrtovi kao glavni motiv cijelog kompleksa omogu\u0107uju privatnost i mirno okru\u017eenje osobito stanovima u prizemlju.<\/p>\n<\/div><\/div><\/div><div class=\"fusion-panel panel-default panel-1a77cb492869eb9ad fusion-toggle-has-divider\" style=\"--awb-title-color:var(--awb-color5);--awb-content-color:var(--awb-color6);\"><div class=\"panel-heading\"><h4 class=\"panel-title toggle\" id=\"toggle_1a77cb492869eb9ad\"><a aria-expanded=\"false\" aria-controls=\"1a77cb492869eb9ad\" role=\"button\" data-toggle=\"collapse\" data-parent=\"#accordion-175-7\" data-target=\"#1a77cb492869eb9ad\" href=\"#1a77cb492869eb9ad\"><span class=\"fusion-toggle-icon-wrapper\" aria-hidden=\"true\"><i class=\"fa-fusion-box active-icon awb-icon-minus\" aria-hidden=\"true\"><\/i><i class=\"fa-fusion-box inactive-icon awb-icon-plus\" aria-hidden=\"true\"><\/i><\/span><span class=\"fusion-toggle-heading\">Katnost i sadr\u017eaj gra\u0111evine<\/span><\/a><\/h4><\/div><div id=\"1a77cb492869eb9ad\" class=\"panel-collapse collapse \" aria-labelledby=\"toggle_1a77cb492869eb9ad\"><div class=\"panel-body toggle-content fusion-clearfix\">\n<p>Kompleks \u010dine dvije vi\u0161estambene gra\u0111evine sa zajedni\u010dkim podrumom. Pristup u gara\u017eu je zajedni\u010dki dok je ulaz u gra\u0111evine zaseban iz podruma vertikalnim komunikacijama (stubi\u0161te i lift) odnosno preko ure\u0111enog terena za svaku gra\u0111evinu zasebno. Zajedni\u010dka podrumska eta\u017ea sadr\u017ei 28 parkirali\u0161nih mjesta i 14 spremi\u0161ta te druge servisne prostorije. Svaka gra\u0111evina ima po 7 stanova, po dva stana na eta\u017ei prizemlja, 1. i 2. kata i jedan stan na nadgra\u0111u. Prostrane terase stanova su tlocrtno smje\u0161tena na suprotne strane gra\u0111evine i omogu\u0107uju privatnost stanarima.<\/p>\n<\/div><\/div><\/div><div class=\"fusion-panel panel-default panel-74a4ce739badd5131 fusion-toggle-has-divider\" style=\"--awb-title-color:var(--awb-color5);--awb-content-color:var(--awb-color6);\"><div class=\"panel-heading\"><h4 class=\"panel-title toggle\" id=\"toggle_74a4ce739badd5131\"><a aria-expanded=\"false\" aria-controls=\"74a4ce739badd5131\" role=\"button\" data-toggle=\"collapse\" data-parent=\"#accordion-175-7\" data-target=\"#74a4ce739badd5131\" href=\"#74a4ce739badd5131\"><span class=\"fusion-toggle-icon-wrapper\" aria-hidden=\"true\"><i class=\"fa-fusion-box active-icon awb-icon-minus\" aria-hidden=\"true\"><\/i><i class=\"fa-fusion-box inactive-icon awb-icon-plus\" aria-hidden=\"true\"><\/i><\/span><span class=\"fusion-toggle-heading\">Konstrukcija<\/span><\/a><\/h4><\/div><div id=\"74a4ce739badd5131\" class=\"panel-collapse collapse \" aria-labelledby=\"toggle_74a4ce739badd5131\"><div class=\"panel-body toggle-content fusion-clearfix\">\n<p>Konstrukcija zgrade je armiranobetonska (sustav armiranobetonskih: nosivih zidova, nosivih horizontalnih i vertikalnih elemenata, monolitnih me\u0111ukatnih plo\u010da i ravnog krova). Armirano betonski zidovi su debljine 20 cm kao i me\u0111ukatne plo\u010de. Vanjski zidovi dijelom su zidani Porotherm blok opekom debljine 20 cm. Pregradni zidovi su tako\u0111er zidani Porotherm blok opekom debljine 11,5 cm. Okno dizala i stubi\u0161na jezgra su izvedeni od armiranobetonskih zidova debljine 20 cm, toplinski i zvu\u010dno izolirani prema stanovima. Svijetla visina u stanovima (visina od gotovog poda do stropa) iznosi 257 \u2013 272 cm.<\/p>\n<\/div><\/div><\/div><div class=\"fusion-panel panel-default panel-5f7f09ebd1919b343 fusion-toggle-has-divider\" style=\"--awb-title-color:var(--awb-color5);--awb-content-color:var(--awb-color6);\"><div class=\"panel-heading\"><h4 class=\"panel-title toggle\" id=\"toggle_5f7f09ebd1919b343\"><a aria-expanded=\"false\" aria-controls=\"5f7f09ebd1919b343\" role=\"button\" data-toggle=\"collapse\" data-parent=\"#accordion-175-7\" data-target=\"#5f7f09ebd1919b343\" href=\"#5f7f09ebd1919b343\"><span class=\"fusion-toggle-icon-wrapper\" aria-hidden=\"true\"><i class=\"fa-fusion-box active-icon awb-icon-minus\" aria-hidden=\"true\"><\/i><i class=\"fa-fusion-box inactive-icon awb-icon-plus\" aria-hidden=\"true\"><\/i><\/span><span class=\"fusion-toggle-heading\">Fasada<\/span><\/a><\/h4><\/div><div id=\"5f7f09ebd1919b343\" class=\"panel-collapse collapse \" aria-labelledby=\"toggle_5f7f09ebd1919b343\"><div class=\"panel-body toggle-content fusion-clearfix\">\n<p>Fasada je izvedena kao ETICS sustav s 10 cm kamene vune sa zavr\u0161nim slojem od silikatne \u017ebuke.<\/p>\n<\/div><\/div><\/div><div class=\"fusion-panel panel-default panel-bc8c86b03936a8b3f fusion-toggle-has-divider\" style=\"--awb-title-color:var(--awb-color5);--awb-content-color:var(--awb-color6);\"><div class=\"panel-heading\"><h4 class=\"panel-title toggle\" id=\"toggle_bc8c86b03936a8b3f\"><a aria-expanded=\"false\" aria-controls=\"bc8c86b03936a8b3f\" role=\"button\" data-toggle=\"collapse\" data-parent=\"#accordion-175-7\" data-target=\"#bc8c86b03936a8b3f\" href=\"#bc8c86b03936a8b3f\"><span class=\"fusion-toggle-icon-wrapper\" aria-hidden=\"true\"><i class=\"fa-fusion-box active-icon awb-icon-minus\" aria-hidden=\"true\"><\/i><i class=\"fa-fusion-box inactive-icon awb-icon-plus\" aria-hidden=\"true\"><\/i><\/span><span class=\"fusion-toggle-heading\">Krov<\/span><\/a><\/h4><\/div><div id=\"bc8c86b03936a8b3f\" class=\"panel-collapse collapse \" aria-labelledby=\"toggle_bc8c86b03936a8b3f\"><div class=\"panel-body toggle-content fusion-clearfix\">\n<p>Krov je ravni neprohodni izveden od monolitne armiranobetonske plo\u010de u nagibu, minimalne debljine 20 cm, s parnom branom, toplinskom izolacijom (EPS) debljine 20 cm, zavr\u0161no prekriven hidroizolacijskom TPO folijom otpornom na UV zrake i za\u0161ti\u0107en oblutkom.<\/p>\n<\/div><\/div><\/div><div class=\"fusion-panel panel-default panel-1c136e754cd5da2c8 fusion-toggle-has-divider\" style=\"--awb-title-color:var(--awb-color5);--awb-content-color:var(--awb-color6);\"><div class=\"panel-heading\"><h4 class=\"panel-title toggle\" id=\"toggle_1c136e754cd5da2c8\"><a aria-expanded=\"false\" aria-controls=\"1c136e754cd5da2c8\" role=\"button\" data-toggle=\"collapse\" data-parent=\"#accordion-175-7\" data-target=\"#1c136e754cd5da2c8\" href=\"#1c136e754cd5da2c8\"><span class=\"fusion-toggle-icon-wrapper\" aria-hidden=\"true\"><i class=\"fa-fusion-box active-icon awb-icon-minus\" aria-hidden=\"true\"><\/i><i class=\"fa-fusion-box inactive-icon awb-icon-plus\" aria-hidden=\"true\"><\/i><\/span><span class=\"fusion-toggle-heading\">Vanjska stolarija<\/span><\/a><\/h4><\/div><div id=\"1c136e754cd5da2c8\" class=\"panel-collapse collapse \" aria-labelledby=\"toggle_1c136e754cd5da2c8\"><div class=\"panel-body toggle-content fusion-clearfix\">\n<p>Stolarija je izvedena od kvalitetnih PVC profila s aluminijskom oblogom izvana (izvana u sivo srebrnoj boji, unutra u bijeloj) s trostrukoizoliraju\u0107im staklom. Svi vanjski zatvori imaju aluminijske rolete u sivoj boji i komarnike (klizne ili rolo). Otvori su otklopno \u2013 zaokretni, klizni i podizno \u2013 klizni, a sve rolete (osim u kupaonicama) imaju elektronsko upravljanje &#8211; pogon na elektromotor.<\/p>\n<\/div><\/div><\/div><div class=\"fusion-panel panel-default panel-f67e71da64c58651f fusion-toggle-has-divider\" style=\"--awb-title-color:var(--awb-color5);--awb-content-color:var(--awb-color6);\"><div class=\"panel-heading\"><h4 class=\"panel-title toggle\" id=\"toggle_f67e71da64c58651f\"><a aria-expanded=\"false\" aria-controls=\"f67e71da64c58651f\" role=\"button\" data-toggle=\"collapse\" data-parent=\"#accordion-175-7\" data-target=\"#f67e71da64c58651f\" href=\"#f67e71da64c58651f\"><span class=\"fusion-toggle-icon-wrapper\" aria-hidden=\"true\"><i class=\"fa-fusion-box active-icon awb-icon-minus\" aria-hidden=\"true\"><\/i><i class=\"fa-fusion-box inactive-icon awb-icon-plus\" aria-hidden=\"true\"><\/i><\/span><span class=\"fusion-toggle-heading\">Zajedni\u010dki prostori i spremi\u0161ta<\/span><\/a><\/h4><\/div><div id=\"f67e71da64c58651f\" class=\"panel-collapse collapse \" aria-labelledby=\"toggle_f67e71da64c58651f\"><div class=\"panel-body toggle-content fusion-clearfix\">\n<p>Ulazni prostor, stubi\u0161ta i hodnici su poplo\u010dani kamenim plo\u010dama debljine 3 cm. Ograde i rukohvati u stubi\u0161tima izvedeni su kao bravarska ograda visine do 110 cm. Dizala su be\u0161umna kroz sve eta\u017ee. U natkrivenom ulazu su smje\u0161teni po\u0161tanski sandu\u010di\u0107i, paneli za obavijest te parlafon s video kontrolom.<\/p>\n<p>Podovi u podrumskim spremi\u0161tima zavr\u0161no su premazani epoksidnim premazom.<\/p>\n<\/div><\/div><\/div><div class=\"fusion-panel panel-default panel-abd46091270417dbf fusion-toggle-has-divider\" style=\"--awb-title-color:var(--awb-color5);--awb-content-color:var(--awb-color6);\"><div class=\"panel-heading\"><h4 class=\"panel-title toggle\" id=\"toggle_abd46091270417dbf\"><a aria-expanded=\"false\" aria-controls=\"abd46091270417dbf\" role=\"button\" data-toggle=\"collapse\" data-parent=\"#accordion-175-7\" data-target=\"#abd46091270417dbf\" href=\"#abd46091270417dbf\"><span class=\"fusion-toggle-icon-wrapper\" aria-hidden=\"true\"><i class=\"fa-fusion-box active-icon awb-icon-minus\" aria-hidden=\"true\"><\/i><i class=\"fa-fusion-box inactive-icon awb-icon-plus\" aria-hidden=\"true\"><\/i><\/span><span class=\"fusion-toggle-heading\">Gara\u017ee i parkirna mjesta<\/span><\/a><\/h4><\/div><div id=\"abd46091270417dbf\" class=\"panel-collapse collapse \" aria-labelledby=\"toggle_abd46091270417dbf\"><div class=\"panel-body toggle-content fusion-clearfix\">\n<p>Gara\u017ee su smje\u0161tene u podrumskoj eta\u017ei, sa zajedni\u010dkom ulaznom rampom s rolo vratima na daljinsko upravljanje. Kolna komunikacija je zajedni\u010dka i kru\u017ena, a parkirna mjesta su otvorena. Svaki stan u gara\u017ei ima osigurana dva parkirna mjesta te pripadaju\u0107e spremi\u0161te. Gara\u017ea ima prirodnu i mehani\u010dku ventilaciju.<\/p>\n<\/div><\/div><\/div><div class=\"fusion-panel panel-default panel-b554dda9070691082 fusion-toggle-has-divider\" style=\"--awb-title-color:var(--awb-color5);--awb-content-color:var(--awb-color6);\"><div class=\"panel-heading\"><h4 class=\"panel-title toggle\" id=\"toggle_b554dda9070691082\"><a aria-expanded=\"false\" aria-controls=\"b554dda9070691082\" role=\"button\" data-toggle=\"collapse\" data-parent=\"#accordion-175-7\" data-target=\"#b554dda9070691082\" href=\"#b554dda9070691082\"><span class=\"fusion-toggle-icon-wrapper\" aria-hidden=\"true\"><i class=\"fa-fusion-box active-icon awb-icon-minus\" aria-hidden=\"true\"><\/i><i class=\"fa-fusion-box inactive-icon awb-icon-plus\" aria-hidden=\"true\"><\/i><\/span><span class=\"fusion-toggle-heading\">Stolarija<\/span><\/a><\/h4><\/div><div id=\"b554dda9070691082\" class=\"panel-collapse collapse \" aria-labelledby=\"toggle_b554dda9070691082\"><div class=\"panel-body toggle-content fusion-clearfix\">\n<p>Ulazna vrata u stan su protuprovalna i protupo\u017earna s dodatnom zvu\u010dnom izolacijom. Unutarnja stolarija izvedena od punih, glatkih vrata s dovratnikom u bijeloj boji visine 210 cm.<\/p>\n<\/div><\/div><\/div><div class=\"fusion-panel panel-default panel-59c290fd0375ec545 fusion-toggle-has-divider\" style=\"--awb-title-color:var(--awb-color5);--awb-content-color:var(--awb-color6);\"><div class=\"panel-heading\"><h4 class=\"panel-title toggle\" id=\"toggle_59c290fd0375ec545\"><a aria-expanded=\"false\" aria-controls=\"59c290fd0375ec545\" role=\"button\" data-toggle=\"collapse\" data-parent=\"#accordion-175-7\" data-target=\"#59c290fd0375ec545\" href=\"#59c290fd0375ec545\"><span class=\"fusion-toggle-icon-wrapper\" aria-hidden=\"true\"><i class=\"fa-fusion-box active-icon awb-icon-minus\" aria-hidden=\"true\"><\/i><i class=\"fa-fusion-box inactive-icon awb-icon-plus\" aria-hidden=\"true\"><\/i><\/span><span class=\"fusion-toggle-heading\">Zidovi i stropovi<\/span><\/a><\/h4><\/div><div id=\"59c290fd0375ec545\" class=\"panel-collapse collapse \" aria-labelledby=\"toggle_59c290fd0375ec545\"><div class=\"panel-body toggle-content fusion-clearfix\">\n<p>Nosivi zidovi su armirano betonski zidovi debljine 20 cm, a dijelom su zidani Porotherm blok opekom debljine 20 cm. Pregradni zidovi su zidani Porotherm blok opekom debljine 11,5 cm. Unutarnje povr\u0161ine zidova i stropova su o\u017ebukane i oli\u010dene poludisperzivnom bijelom bojom.<\/p>\n<p>Kao zidne obloge kupaonice ugra\u0111ene su visokokvalitetne kerami\u010dke plo\u010dice I klase.<\/p>\n<\/div><\/div><\/div><div class=\"fusion-panel panel-default panel-f64074d8323441871 fusion-toggle-has-divider\" style=\"--awb-title-color:var(--awb-color5);--awb-content-color:var(--awb-color6);\"><div class=\"panel-heading\"><h4 class=\"panel-title toggle\" id=\"toggle_f64074d8323441871\"><a aria-expanded=\"false\" aria-controls=\"f64074d8323441871\" role=\"button\" data-toggle=\"collapse\" data-parent=\"#accordion-175-7\" data-target=\"#f64074d8323441871\" href=\"#f64074d8323441871\"><span class=\"fusion-toggle-icon-wrapper\" aria-hidden=\"true\"><i class=\"fa-fusion-box active-icon awb-icon-minus\" aria-hidden=\"true\"><\/i><i class=\"fa-fusion-box inactive-icon awb-icon-plus\" aria-hidden=\"true\"><\/i><\/span><span class=\"fusion-toggle-heading\">Podovi<\/span><\/a><\/h4><\/div><div id=\"f64074d8323441871\" class=\"panel-collapse collapse \" aria-labelledby=\"toggle_f64074d8323441871\"><div class=\"panel-body toggle-content fusion-clearfix\">\n<p>Podovi spava\u0107ih soba su oblo\u017eeni hrastovim parketom I klase, zavr\u0161no lakiranim, modernog izgleda u natur boji, s letvicama u bijeloj boji. Podovi ostalih prostorija su oblo\u017eeni kerami\u010dkim plo\u010dicama, a loggie vanjskim protukliznim kerami\u010dkim plo\u010dicama sve I klase. Na povr\u0161inama s plo\u010dicama izveden je kerami\u010dki sokl.<\/p>\n<p>Zidovi gra\u0111evine s termi\u010dki obra\u0111enim pro\u010deljima, s o\u017ebukanim unutarnjim povr\u0161inama zidova i stropova, podovi s podnim slojevima toplinske i zvu\u010dne za\u0161tite, \u010dine ugra\u0111eni materijali koji pojedina\u010dno i u kompletu imaju sposobnost izdr\u017eati sva mehani\u010dka i druga predvi\u0111ena djelovanja pri normalnoj upotrebi.<\/p>\n<\/div><\/div><\/div><div class=\"fusion-panel panel-default panel-2783788fb373df951 fusion-toggle-has-divider\" style=\"--awb-title-color:var(--awb-color5);--awb-content-color:var(--awb-color6);\"><div class=\"panel-heading\"><h4 class=\"panel-title toggle\" id=\"toggle_2783788fb373df951\"><a aria-expanded=\"false\" aria-controls=\"2783788fb373df951\" role=\"button\" data-toggle=\"collapse\" data-parent=\"#accordion-175-7\" data-target=\"#2783788fb373df951\" href=\"#2783788fb373df951\"><span class=\"fusion-toggle-icon-wrapper\" aria-hidden=\"true\"><i class=\"fa-fusion-box active-icon awb-icon-minus\" aria-hidden=\"true\"><\/i><i class=\"fa-fusion-box inactive-icon awb-icon-plus\" aria-hidden=\"true\"><\/i><\/span><span class=\"fusion-toggle-heading\">Kupaonice i WC<\/span><\/a><\/h4><\/div><div id=\"2783788fb373df951\" class=\"panel-collapse collapse \" aria-labelledby=\"toggle_2783788fb373df951\"><div class=\"panel-body toggle-content fusion-clearfix\">\n<p>Sva sanitarna oprema je visoke kvalitete poznatih proizvo\u0111a\u010da. Opremu \u010dine: konzolni umivaonici s pripadaju\u0107im mije\u0161alicama, konzolna WC \u0161koljka s poklopcem i s nisko\u0161umnim ugradbenim vodokotli\u0107em, tu\u0161 \u2013 kada s tu\u0161 setom. Priklju\u010dak za perilicu rublja s odvodnjom.<\/p>\n<p>Zidovi su oblo\u017eeni kerami\u010dkim plo\u010dicama I klase od poda do pune visine prostorije.<\/p>\n<p>Bojleri PTV su smje\u0161teni u podrumu u zajedni\u010dkom prostoru.<\/p>\n<\/div><\/div><\/div><div class=\"fusion-panel panel-default panel-90a3ccaec43ed6545 fusion-toggle-has-divider\" style=\"--awb-title-color:var(--awb-color5);--awb-content-color:var(--awb-color6);\"><div class=\"panel-heading\"><h4 class=\"panel-title toggle\" id=\"toggle_90a3ccaec43ed6545\"><a aria-expanded=\"false\" aria-controls=\"90a3ccaec43ed6545\" role=\"button\" data-toggle=\"collapse\" data-parent=\"#accordion-175-7\" data-target=\"#90a3ccaec43ed6545\" href=\"#90a3ccaec43ed6545\"><span class=\"fusion-toggle-icon-wrapper\" aria-hidden=\"true\"><i class=\"fa-fusion-box active-icon awb-icon-minus\" aria-hidden=\"true\"><\/i><i class=\"fa-fusion-box inactive-icon awb-icon-plus\" aria-hidden=\"true\"><\/i><\/span><span class=\"fusion-toggle-heading\">Elektroinstalacije<\/span><\/a><\/h4><\/div><div id=\"90a3ccaec43ed6545\" class=\"panel-collapse collapse \" aria-labelledby=\"toggle_90a3ccaec43ed6545\"><div class=\"panel-body toggle-content fusion-clearfix\">\n<p>Elektrobrojila su smje\u0161tena u vanjskom ure\u0111enom terenu (uz zapadnu granicu). Elektro oprema je visoke kvalitete poznatih proizvo\u0111a\u010da.<\/p>\n<p>U stanovima su predvi\u0111ene telefonske i TV uti\u010dnice, stropna i zidna rasvjeta te termostat u dnevnom boravku i spava\u0107im sobama. Elektrooprema kuhinje sastoji se od izvoda za \u0161tednjak, uti\u010dnice za hladnjak, uti\u010dnice za perilicu, uti\u010dnice u pojasu iznad radne plohe, izvod za napu i uti\u010dnice na kuhinjskom otoku. Elektrooprema kupaonice sadr\u017ei priklju\u010dnicu za perilicu rublja, nadsvjetlo iznad umivaonika, uti\u010dnice na zidu te izvod za ventilator. Elektrooprema u hodniku su rasvjetna tijela, strujni razdjelnik stana, ormari\u0107 slabe struje, uti\u010dnica, centralno sklop struje cijelog stana.<\/p>\n<p>Osigurana je mogu\u0107nost spajanja na kabelsku TV preko instalacija zajedni\u010dkog antenskog satelita.<\/p>\n<p>Spremi\u0161ta, u kojima je izvedena stropna rasvjeta su povezana s brojilom pripadaju\u0107eg stana, a lift, hodnici i gara\u017ea vezani su na zasebno brojilo zajedni\u010dke potro\u0161nje.<\/p>\n<\/div><\/div><\/div><div class=\"fusion-panel panel-default panel-046e5a1a7f3c0cf67 fusion-toggle-has-divider\" style=\"--awb-title-color:var(--awb-color5);--awb-content-color:var(--awb-color6);\"><div class=\"panel-heading\"><h4 class=\"panel-title toggle\" id=\"toggle_046e5a1a7f3c0cf67\"><a aria-expanded=\"false\" aria-controls=\"046e5a1a7f3c0cf67\" role=\"button\" data-toggle=\"collapse\" data-parent=\"#accordion-175-7\" data-target=\"#046e5a1a7f3c0cf67\" href=\"#046e5a1a7f3c0cf67\"><span class=\"fusion-toggle-icon-wrapper\" aria-hidden=\"true\"><i class=\"fa-fusion-box active-icon awb-icon-minus\" aria-hidden=\"true\"><\/i><i class=\"fa-fusion-box inactive-icon awb-icon-plus\" aria-hidden=\"true\"><\/i><\/span><span class=\"fusion-toggle-heading\">Instalacije vodovoda i odvodnje<\/span><\/a><\/h4><\/div><div id=\"046e5a1a7f3c0cf67\" class=\"panel-collapse collapse \" aria-labelledby=\"toggle_046e5a1a7f3c0cf67\"><div class=\"panel-body toggle-content fusion-clearfix\">\n<p>Opskrba vodom je priklju\u010dkom na javnu gradsku vodovodnu mre\u017eu. Na priklju\u010dnom cjevovodu je okno s ugra\u0111enim vodomjerima za svaki stan zasebno. Razvod vode se vr\u0161i PPR toplinski izoliranim cijevima.<\/p>\n<p>Odvodnja otpadnih voda je priklju\u010dkom na kanalizacijski sustav naselja. Za odvodnju su kori\u0161tene nisko\u0161umne cijevi.<\/p>\n<p>Priprema potro\u0161ne tople vode je preko bojlera \u2013 dizalica topline smje\u0161tenih u podrumskoj eta\u017ei, za svaki stan zasebno.<\/p>\n<p>Glavni ventil za vodu nalazi se na svakom od stubi\u0161ta.<\/p>\n<\/div><\/div><\/div><div class=\"fusion-panel panel-default panel-b4c57b401b94f6554 fusion-toggle-has-divider\" style=\"--awb-title-color:var(--awb-color5);--awb-content-color:var(--awb-color6);\"><div class=\"panel-heading\"><h4 class=\"panel-title toggle\" id=\"toggle_b4c57b401b94f6554\"><a aria-expanded=\"false\" aria-controls=\"b4c57b401b94f6554\" role=\"button\" data-toggle=\"collapse\" data-parent=\"#accordion-175-7\" data-target=\"#b4c57b401b94f6554\" href=\"#b4c57b401b94f6554\"><span class=\"fusion-toggle-icon-wrapper\" aria-hidden=\"true\"><i class=\"fa-fusion-box active-icon awb-icon-minus\" aria-hidden=\"true\"><\/i><i class=\"fa-fusion-box inactive-icon awb-icon-plus\" aria-hidden=\"true\"><\/i><\/span><span class=\"fusion-toggle-heading\">Grijanje i hla\u0111enje<\/span><\/a><\/h4><\/div><div id=\"b4c57b401b94f6554\" class=\"panel-collapse collapse \" aria-labelledby=\"toggle_b4c57b401b94f6554\"><div class=\"panel-body toggle-content fusion-clearfix\">\n<p>Za sve stanove kori\u0161teni su ure\u0111aji proizvo\u0111a\u010da.<\/p>\n<p>Kao vanjska jedinica ugra\u0111en je inverter sustav multi split snage 9,3\/8,3 Kw.<\/p>\n<p>Stanovi su opremljeni kanalskim razvodom unutarnjih klima jedinica, u dnevnom boravku snage 4,0\/3,5 Kw, a u sobama jedinice snage 2,5\/2,0 Kw, s daljinskim i Wifi upravljanjem.<\/p>\n<p>U dnevnom dijelu stana i kupaonicama je izvedeno podno grijanje sustavom elektri\u010dne mre\u017eice, komplet s termostatom i senzorima za temperaturu.<\/p>\n<\/div><\/div><\/div><div class=\"fusion-panel panel-default panel-4c996f1759c5784ba fusion-toggle-has-divider\" style=\"--awb-title-color:var(--awb-color5);--awb-content-color:var(--awb-color6);\"><div class=\"panel-heading\"><h4 class=\"panel-title toggle\" id=\"toggle_4c996f1759c5784ba\"><a aria-expanded=\"false\" aria-controls=\"4c996f1759c5784ba\" role=\"button\" data-toggle=\"collapse\" data-parent=\"#accordion-175-7\" data-target=\"#4c996f1759c5784ba\" href=\"#4c996f1759c5784ba\"><span class=\"fusion-toggle-icon-wrapper\" aria-hidden=\"true\"><i class=\"fa-fusion-box active-icon awb-icon-minus\" aria-hidden=\"true\"><\/i><i class=\"fa-fusion-box inactive-icon awb-icon-plus\" aria-hidden=\"true\"><\/i><\/span><span class=\"fusion-toggle-heading\">Ventilacija<\/span><\/a><\/h4><\/div><div id=\"4c996f1759c5784ba\" class=\"panel-collapse collapse \" aria-labelledby=\"toggle_4c996f1759c5784ba\"><div class=\"panel-body toggle-content fusion-clearfix\">\n<p>Umjetna ventilacija je osigurana be\u0161umnim ventilatorima u svim sanitarnim prostorijama, a ventilacija kuhinja osigurana je zasebnim cijevima za odvod napa.<\/p>\n<p>Unutar gara\u017ee osigurana je prirodna i mehani\u010dka ventilacija kao i ventilacija svakog spremi\u0161ta pojedina\u010dno.<\/p>\n<\/div><\/div><\/div><div class=\"fusion-panel panel-default panel-a0d8bcdce21035391 fusion-toggle-has-divider\" style=\"--awb-title-color:var(--awb-color5);--awb-content-color:var(--awb-color6);\"><div class=\"panel-heading\"><h4 class=\"panel-title toggle\" id=\"toggle_a0d8bcdce21035391\"><a aria-expanded=\"false\" aria-controls=\"a0d8bcdce21035391\" role=\"button\" data-toggle=\"collapse\" data-parent=\"#accordion-175-7\" data-target=\"#a0d8bcdce21035391\" href=\"#a0d8bcdce21035391\"><span class=\"fusion-toggle-icon-wrapper\" aria-hidden=\"true\"><i class=\"fa-fusion-box active-icon awb-icon-minus\" aria-hidden=\"true\"><\/i><i class=\"fa-fusion-box inactive-icon awb-icon-plus\" aria-hidden=\"true\"><\/i><\/span><span class=\"fusion-toggle-heading\">Energetski razred<\/span><\/a><\/h4><\/div><div id=\"a0d8bcdce21035391\" class=\"panel-collapse collapse \" aria-labelledby=\"toggle_a0d8bcdce21035391\"><div class=\"panel-body toggle-content fusion-clearfix\">\n<p>Isho\u0111en je energetski certifikat razreda A+.<\/p>\n<\/div><\/div><\/div><div class=\"fusion-panel panel-default panel-f15c80aec20f8a89b fusion-toggle-has-divider\" style=\"--awb-title-color:var(--awb-color5);--awb-content-color:var(--awb-color6);\"><div class=\"panel-heading\"><h4 class=\"panel-title toggle\" id=\"toggle_f15c80aec20f8a89b\"><a aria-expanded=\"false\" aria-controls=\"f15c80aec20f8a89b\" role=\"button\" data-toggle=\"collapse\" data-parent=\"#accordion-175-7\" data-target=\"#f15c80aec20f8a89b\" href=\"#f15c80aec20f8a89b\"><span class=\"fusion-toggle-icon-wrapper\" aria-hidden=\"true\"><i class=\"fa-fusion-box active-icon awb-icon-minus\" aria-hidden=\"true\"><\/i><i class=\"fa-fusion-box inactive-icon awb-icon-plus\" aria-hidden=\"true\"><\/i><\/span><span class=\"fusion-toggle-heading\">Uvjeti odr\u017eavanja gra\u0111evine<\/span><\/a><\/h4><\/div><div id=\"f15c80aec20f8a89b\" class=\"panel-collapse collapse \" aria-labelledby=\"toggle_f15c80aec20f8a89b\"><div class=\"panel-body toggle-content fusion-clearfix\">\n<p>Kupac \u0107e prilikom preuzimanja stana dobiti knji\u017eicu s uputama za kori\u0161tenje i odr\u017eavanje ugra\u0111ene opreme.<\/p>\n<\/div><\/div><\/div><div class=\"fusion-panel panel-default panel-ab48fe5fed281b546 fusion-toggle-has-divider\" style=\"--awb-title-color:var(--awb-color5);--awb-content-color:var(--awb-color6);\"><div class=\"panel-heading\"><h4 class=\"panel-title toggle\" id=\"toggle_ab48fe5fed281b546\"><a aria-expanded=\"false\" aria-controls=\"ab48fe5fed281b546\" role=\"button\" data-toggle=\"collapse\" data-parent=\"#accordion-175-7\" data-target=\"#ab48fe5fed281b546\" href=\"#ab48fe5fed281b546\"><span class=\"fusion-toggle-icon-wrapper\" aria-hidden=\"true\"><i class=\"fa-fusion-box active-icon awb-icon-minus\" aria-hidden=\"true\"><\/i><i class=\"fa-fusion-box inactive-icon awb-icon-plus\" aria-hidden=\"true\"><\/i><\/span><span class=\"fusion-toggle-heading\">Ure\u0111enje okoli\u0161a<\/span><\/a><\/h4><\/div><div id=\"ab48fe5fed281b546\" class=\"panel-collapse collapse \" aria-labelledby=\"toggle_ab48fe5fed281b546\"><div class=\"panel-body toggle-content fusion-clearfix\">\n<p>Okoli\u0161 je ure\u0111en kolnim i pje\u0161a\u010dkim povr\u0161inama i hortikulturno ure\u0111enim vrtovima.<\/p>\n<\/div><\/div><\/div><div class=\"fusion-panel panel-default panel-dc6169dd750686904 fusion-toggle-has-divider\" style=\"--awb-title-color:var(--awb-color5);--awb-content-color:var(--awb-color6);\"><div class=\"panel-heading\"><h4 class=\"panel-title toggle\" id=\"toggle_dc6169dd750686904\"><a aria-expanded=\"false\" aria-controls=\"dc6169dd750686904\" role=\"button\" data-toggle=\"collapse\" data-parent=\"#accordion-175-7\" data-target=\"#dc6169dd750686904\" href=\"#dc6169dd750686904\"><span class=\"fusion-toggle-icon-wrapper\" aria-hidden=\"true\"><i class=\"fa-fusion-box active-icon awb-icon-minus\" aria-hidden=\"true\"><\/i><i class=\"fa-fusion-box inactive-icon awb-icon-plus\" aria-hidden=\"true\"><\/i><\/span><span class=\"fusion-toggle-heading\">Garancija<\/span><\/a><\/h4><\/div><div id=\"dc6169dd750686904\" class=\"panel-collapse collapse \" aria-labelledby=\"toggle_dc6169dd750686904\"><div class=\"panel-body toggle-content fusion-clearfix\">\n<p>Garantni rok za kvalitetu izvedbe gra\u0111evinskih i gra\u0111evinsko-obrtni\u010dkih radova odre\u0111en je u skladu sa zakonom i posebnim propisima i to 2 godine za obrtni\u010dke radove, a 10 godina za konstrukciju gra\u0111evine i krov.<\/p>\n<p>Uvjeti i rokovi garancije za ugra\u0111enu opremu vrijede prema specifikacijama proizvo\u0111a\u010da.<\/p>\n<\/div><\/div><\/div><\/div><\/div><div class=\"fusion-separator fusion-full-width-sep\" style=\"align-self: center;margin-left: auto;margin-right: auto;margin-bottom:40px;width:100%;\"><\/div><div style=\"text-align:center;\"><a class=\"fusion-button button-flat fusion-button-default-size button-custom fusion-button-default button-7 fusion-button-default-span fusion-button-default-type\" style=\"--button_accent_color:#ffffff;--button_accent_hover_color:#ffffff;--button_border_hover_color:hsla(var(--awb-color1-h),var(--awb-color1-s),var(--awb-color1-l),calc( var(--awb-color1-a) - 10% ));--button_gradient_top_color:#000000;--button_gradient_bottom_color:#000000;--button_gradient_top_color_hover:#001f63;--button_gradient_bottom_color_hover:#001f63;\" target=\"_self\" href=\"https:\/\/kastela-garden-residence.hr\/zgrada-1-stan-s7\/\"><span class=\"fusion-button-text awb-button__text awb-button__text--default\">SAZNAJ VI\u0160E<\/span><\/a><\/div><\/div><\/div><\/div><\/div><\/p>\n","protected":false},"excerpt":{"rendered":"","protected":false},"author":1,"featured_media":1614,"menu_order":0,"comment_status":"closed","ping_status":"closed","template":"","format":"standard","meta":{"footnotes":""},"portfolio_category":[50],"portfolio_skills":[],"portfolio_tags":[],"class_list":["post-175","avada_portfolio","type-avada_portfolio","status-publish","format-standard","has-post-thumbnail","hentry","portfolio_category-lavanda"],"_links":{"self":[{"href":"https:\/\/kastela-garden-residence.hr\/en\/wp-json\/wp\/v2\/avada_portfolio\/175","targetHints":{"allow":["GET"]}}],"collection":[{"href":"https:\/\/kastela-garden-residence.hr\/en\/wp-json\/wp\/v2\/avada_portfolio"}],"about":[{"href":"https:\/\/kastela-garden-residence.hr\/en\/wp-json\/wp\/v2\/types\/avada_portfolio"}],"author":[{"embeddable":true,"href":"https:\/\/kastela-garden-residence.hr\/en\/wp-json\/wp\/v2\/users\/1"}],"replies":[{"embeddable":true,"href":"https:\/\/kastela-garden-residence.hr\/en\/wp-json\/wp\/v2\/comments?post=175"}],"version-history":[{"count":29,"href":"https:\/\/kastela-garden-residence.hr\/en\/wp-json\/wp\/v2\/avada_portfolio\/175\/revisions"}],"predecessor-version":[{"id":2433,"href":"https:\/\/kastela-garden-residence.hr\/en\/wp-json\/wp\/v2\/avada_portfolio\/175\/revisions\/2433"}],"wp:featuredmedia":[{"embeddable":true,"href":"https:\/\/kastela-garden-residence.hr\/en\/wp-json\/wp\/v2\/media\/1614"}],"wp:attachment":[{"href":"https:\/\/kastela-garden-residence.hr\/en\/wp-json\/wp\/v2\/media?parent=175"}],"wp:term":[{"taxonomy":"portfolio_category","embeddable":true,"href":"https:\/\/kastela-garden-residence.hr\/en\/wp-json\/wp\/v2\/portfolio_category?post=175"},{"taxonomy":"portfolio_skills","embeddable":true,"href":"https:\/\/kastela-garden-residence.hr\/en\/wp-json\/wp\/v2\/portfolio_skills?post=175"},{"taxonomy":"portfolio_tags","embeddable":true,"href":"https:\/\/kastela-garden-residence.hr\/en\/wp-json\/wp\/v2\/portfolio_tags?post=175"}],"curies":[{"name":"wp","href":"https:\/\/api.w.org\/{rel}","templated":true}]}}