{"id":1886,"date":"2024-09-07T19:14:41","date_gmt":"2024-09-07T17:14:41","guid":{"rendered":"https:\/\/kastela-garden-residence.hr\/?page_id=1886"},"modified":"2026-02-06T17:22:04","modified_gmt":"2026-02-06T16:22:04","slug":"zgrada-1-stan-s7","status":"publish","type":"page","link":"https:\/\/kastela-garden-residence.hr\/de\/zgrada-1-stan-s7\/","title":{"rendered":"Zgrada 1 &#8211; Stan S7"},"content":{"rendered":"<p><div class=\"fusion-bg-parallax\" data-bg-align=\"left top\" data-direction=\"up\" data-mute=\"false\" data-opacity=\"100\" data-velocity=\"-0.3\" data-mobile-enabled=\"false\" data-break_parents=\"0\" data-bg-image=\"https:\/\/kastela-garden-residence.hr\/wp-content\/uploads\/2024\/09\/Kastela-naslovna.jpg\" data-bg-repeat=\"false\" ><\/div><div class=\"fusion-fullwidth fullwidth-box fusion-builder-row-1 fusion-flex-container has-pattern-background has-mask-background fusion-parallax-up nonhundred-percent-fullwidth non-hundred-percent-height-scrolling lazyload\" style=\"--awb-background-position:left top;--awb-border-sizes-top:0px;--awb-border-sizes-bottom:0px;--awb-border-sizes-left:0px;--awb-border-sizes-right:0px;--awb-border-radius-top-left:0px;--awb-border-radius-top-right:0px;--awb-border-radius-bottom-right:0px;--awb-border-radius-bottom-left:0px;--awb-padding-top:130px;--awb-padding-bottom:120px;--awb-background-size:cover;--awb-flex-wrap:wrap;\" data-bg=\"https:\/\/kastela-garden-residence.hr\/wp-content\/uploads\/2024\/09\/Kastela-naslovna.jpg\" ><div class=\"fusion-builder-row fusion-row fusion-flex-align-items-flex-start fusion-flex-content-wrap\" style=\"max-width:1216.8px;margin-left: calc(-4% \/ 2 );margin-right: calc(-4% \/ 2 );\"><div class=\"fusion-layout-column fusion_builder_column fusion-builder-column-0 fusion_builder_column_1_2 1_2 fusion-flex-column\" style=\"--awb-bg-blend:overlay;--awb-bg-size:cover;--awb-width-large:50%;--awb-margin-top-large:0px;--awb-spacing-right-large:3.84%;--awb-margin-bottom-large:20px;--awb-spacing-left-large:3.84%;--awb-width-medium:100%;--awb-spacing-right-medium:1.92%;--awb-spacing-left-medium:1.92%;--awb-width-small:100%;--awb-spacing-right-small:1.92%;--awb-spacing-left-small:1.92%;\"><div class=\"fusion-column-wrapper fusion-flex-justify-content-flex-start fusion-content-layout-column\"><div class=\"fusion-title title fusion-title-1 fusion-sep-none fusion-title-text fusion-title-size-two\" style=\"--awb-text-color:var(--awb-color1);--awb-margin-top-small:0px;--awb-margin-right-small:0px;--awb-margin-bottom-small:20px;--awb-margin-left-small:0px;\"><h2 class=\"fusion-title-heading title-heading-left fusion-responsive-typography-calculated\" style=\"margin:0;text-transform:capitalize;--fontSize:48;line-height:var(--awb-typography1-line-height);\">ZGRADA 1 &#8211; STAN S7<\/h2><\/div><div class=\"fusion-text fusion-text-1\"><p><span style=\"color: var(--awb-color1);\">\u017divotni prostor novih vlasnika stana integrira najnovija hortikulturina dostignu\u0107a s jedne strane te tradiciju ka\u0161telanskih vrtova komponiranih od ljekovitog i mirisavog bilja, sorti maslina, ukrasnog biljka, agruma i dr. Stanovi su projektirani s namjerom da novim vlasnicima, \u00a0poslovnim ljudima i njihovim obiteljima pru\u017ee svakodnevni odmor od urbane sredine te sigurno i mirno uto\u010di\u0161te za opu\u0161tanje.<br \/>\n<\/span><\/p>\n<\/div><div class=\"fusion-separator fusion-full-width-sep\" style=\"align-self: center;margin-left: auto;margin-right: auto;margin-top:20px;width:100%;\"><\/div><div ><a class=\"fusion-button button-flat button-xlarge button-default fusion-button-default button-1 fusion-button-default-span fusion-button-default-type\" target=\"_self\" href=\"https:\/\/kastela-garden-residence.hr\/kontakt\"><span class=\"fusion-button-text awb-button__text awb-button__text--default\">KONTAKT<\/span><\/a><\/div><\/div><\/div><\/div><\/div><div class=\"fusion-fullwidth fullwidth-box fusion-builder-row-2 fusion-flex-container has-pattern-background has-mask-background hundred-percent-fullwidth non-hundred-percent-height-scrolling\" style=\"--awb-background-position:left top;--awb-border-sizes-top:0px;--awb-border-sizes-bottom:0px;--awb-border-sizes-left:0px;--awb-border-sizes-right:0px;--awb-border-radius-top-left:0px;--awb-border-radius-top-right:0px;--awb-border-radius-bottom-right:0px;--awb-border-radius-bottom-left:0px;--awb-padding-top:50px;--awb-padding-bottom:50px;--awb-flex-wrap:wrap;\" ><div class=\"fusion-builder-row fusion-row fusion-flex-align-items-flex-start fusion-flex-content-wrap\" style=\"width:104% !important;max-width:104% !important;margin-left: calc(-4% \/ 2 );margin-right: calc(-4% \/ 2 );\"><div class=\"fusion-layout-column fusion_builder_column fusion-builder-column-1 fusion_builder_column_1_1 1_1 fusion-flex-column\" style=\"--awb-bg-size:cover;--awb-width-large:100%;--awb-margin-top-large:0px;--awb-spacing-right-large:1.92%;--awb-margin-bottom-large:20px;--awb-spacing-left-large:1.92%;--awb-width-medium:100%;--awb-order-medium:0;--awb-spacing-right-medium:1.92%;--awb-spacing-left-medium:1.92%;--awb-width-small:100%;--awb-order-small:0;--awb-spacing-right-small:1.92%;--awb-spacing-left-small:1.92%;\"><div class=\"fusion-column-wrapper fusion-column-has-shadow fusion-flex-justify-content-flex-start fusion-content-layout-column\"><div class=\"fusion-separator fusion-full-width-sep\" style=\"align-self: center;margin-left: auto;margin-right: auto;margin-bottom:30px;width:100%;\"><\/div><div class=\"fusion-image-element \" style=\"text-align:center;--awb-liftup-border-radius:0px;--awb-caption-title-font-family:var(--h2_typography-font-family);--awb-caption-title-font-weight:var(--h2_typography-font-weight);--awb-caption-title-font-style:var(--h2_typography-font-style);--awb-caption-title-size:var(--h2_typography-font-size);--awb-caption-title-transform:var(--h2_typography-text-transform);--awb-caption-title-line-height:var(--h2_typography-line-height);--awb-caption-title-letter-spacing:var(--h2_typography-letter-spacing);\"><div class=\"awb-image-frame awb-image-frame-1 imageframe-liftup\"><span class=\" fusion-imageframe imageframe-none imageframe-1\"><a href=\"https:\/\/kastela-garden-residence.hr\/wp-content\/uploads\/2026\/02\/Z1-S7-C.jpg\" class=\"fusion-lightbox\" data-rel=\"iLightbox[13ad9eae0f0f60fd9dd]\" data-title=\"Z1-S7 &#8211; C\" title=\"Z1-S7 &#8211; C\"><img decoding=\"async\" width=\"1920\" height=\"1392\" src=\"https:\/\/kastela-garden-residence.hr\/wp-content\/uploads\/2026\/02\/Z1-S7-C.jpg\" data-orig-src=\"https:\/\/kastela-garden-residence.hr\/wp-content\/uploads\/2026\/02\/Z1-S7-C.jpg\" alt class=\"lazyload img-responsive wp-image-2428\" srcset=\"data:image\/svg+xml,%3Csvg%20xmlns%3D%27http%3A%2F%2Fwww.w3.org%2F2000%2Fsvg%27%20width%3D%271920%27%20height%3D%271392%27%20viewBox%3D%270%200%201920%201392%27%3E%3Crect%20width%3D%271920%27%20height%3D%271392%27%20fill-opacity%3D%220%22%2F%3E%3C%2Fsvg%3E\" data-srcset=\"https:\/\/kastela-garden-residence.hr\/wp-content\/uploads\/2026\/02\/Z1-S7-C-200x145.jpg 200w, https:\/\/kastela-garden-residence.hr\/wp-content\/uploads\/2026\/02\/Z1-S7-C-400x290.jpg 400w, https:\/\/kastela-garden-residence.hr\/wp-content\/uploads\/2026\/02\/Z1-S7-C-600x435.jpg 600w, https:\/\/kastela-garden-residence.hr\/wp-content\/uploads\/2026\/02\/Z1-S7-C-800x580.jpg 800w, https:\/\/kastela-garden-residence.hr\/wp-content\/uploads\/2026\/02\/Z1-S7-C-1200x870.jpg 1200w, https:\/\/kastela-garden-residence.hr\/wp-content\/uploads\/2026\/02\/Z1-S7-C.jpg 1920w\" data-sizes=\"auto\" data-orig-sizes=\"(max-width: 800px) 100vw, (max-width: 640px) 100vw, 1200px\" \/><\/a><\/span><\/div><\/div><\/div><\/div><\/div><\/div><div class=\"fusion-fullwidth fullwidth-box fusion-builder-row-3 fusion-flex-container has-pattern-background has-mask-background hundred-percent-fullwidth non-hundred-percent-height-scrolling\" style=\"--awb-border-radius-top-left:0px;--awb-border-radius-top-right:0px;--awb-border-radius-bottom-right:0px;--awb-border-radius-bottom-left:0px;--awb-padding-bottom:120px;--awb-flex-wrap:wrap;\" ><div class=\"fusion-builder-row fusion-row fusion-flex-align-items-flex-start fusion-flex-content-wrap\" style=\"width:104% !important;max-width:104% !important;margin-left: calc(-4% \/ 2 );margin-right: calc(-4% \/ 2 );\"><div class=\"fusion-layout-column fusion_builder_column fusion-builder-column-2 fusion_builder_column_1_2 1_2 fusion-flex-column\" style=\"--awb-bg-size:cover;--awb-width-large:50%;--awb-margin-top-large:0px;--awb-spacing-right-large:3.84%;--awb-margin-bottom-large:20px;--awb-spacing-left-large:3.84%;--awb-width-medium:100%;--awb-order-medium:0;--awb-spacing-right-medium:1.92%;--awb-spacing-left-medium:1.92%;--awb-width-small:100%;--awb-order-small:0;--awb-spacing-right-small:1.92%;--awb-spacing-left-small:1.92%;\"><div class=\"fusion-column-wrapper fusion-column-has-shadow fusion-flex-justify-content-flex-start fusion-content-layout-column\"><div class=\"fusion-video fusion-selfhosted-video\" style=\"max-width:100%;\"><div class=\"video-wrapper\"><video playsinline=\"true\" width=\"100%\" style=\"object-fit: cover;\" autoplay=\"true\" muted=\"true\" loop=\"true\" preload=\"auto\" controls=\"1\"><source src=\"https:\/\/kastela-garden-residence.hr\/wp-content\/uploads\/2024\/08\/Lucius_1_video.mp4\" type=\"video\/mp4\">Sorry, your browser doesn&#039;t support embedded videos.<\/video><\/div><\/div><div class=\"fusion-separator fusion-full-width-sep\" style=\"align-self: center;margin-left: auto;margin-right: auto;margin-top:50px;margin-bottom:50px;width:100%;\"><\/div><div style=\"text-align:center;\"><a class=\"fusion-button button-flat button-xlarge button-custom fusion-button-default button-2 fusion-button-default-span fusion-button-default-type\" style=\"--button_accent_color:#ffffff;--button_accent_hover_color:#ffffff;--button_border_hover_color:hsla(var(--awb-color1-h),var(--awb-color1-s),var(--awb-color1-l),calc( var(--awb-color1-a) - 10% ));--button_gradient_top_color:#a8954c;--button_gradient_bottom_color:#a8954c;--button_gradient_top_color_hover:#001f63;--button_gradient_bottom_color_hover:#001f63;\" target=\"_blank\" rel=\"noopener noreferrer\" href=\"https:\/\/view.publitas.com\/ds-design\/kastela-garden-residence-k8o4vy7rgxgg\"><span class=\"fusion-button-icon-divider button-icon-divider-left\"><i class=\"fa-book-open fas awb-button__icon awb-button__icon--default\" aria-hidden=\"true\"><\/i><\/span><span class=\"fusion-button-text awb-button__text awb-button__text--default fusion-button-text-left\">Katalog<\/span><\/a><\/div><\/div><\/div><div class=\"fusion-layout-column fusion_builder_column fusion-builder-column-3 fusion_builder_column_1_2 1_2 fusion-flex-column\" style=\"--awb-bg-size:cover;--awb-width-large:50%;--awb-margin-top-large:0px;--awb-spacing-right-large:3.84%;--awb-margin-bottom-large:20px;--awb-spacing-left-large:3.84%;--awb-width-medium:100%;--awb-order-medium:0;--awb-spacing-right-medium:1.92%;--awb-spacing-left-medium:1.92%;--awb-width-small:100%;--awb-order-small:0;--awb-spacing-right-small:1.92%;--awb-spacing-left-small:1.92%;\"><div class=\"fusion-column-wrapper fusion-column-has-shadow fusion-flex-justify-content-flex-start fusion-content-layout-column\"><div class=\"accordian fusion-accordian\" style=\"--awb-border-size:1px;--awb-icon-size:16px;--awb-content-font-size:15px;--awb-icon-alignment:left;--awb-hover-color:var(--awb-color2);--awb-border-color:hsla(var(--awb-color7-h),var(--awb-color7-s),calc( var(--awb-color7-l) + 69% ),var(--awb-color7-a));--awb-background-color:var(--awb-color1);--awb-divider-color:var(--awb-color4);--awb-divider-hover-color:var(--awb-color4);--awb-icon-color:var(--awb-color1);--awb-title-color:var(--awb-color5);--awb-content-color:var(--awb-color6);--awb-icon-box-color:var(--awb-color8);--awb-toggle-hover-accent-color:var(--awb-color5);--awb-title-font-family:&quot;Raleway&quot;;--awb-title-font-weight:500;--awb-title-font-style:normal;--awb-content-font-family:&quot;Open Sans&quot;;--awb-content-font-style:normal;--awb-content-font-weight:400;\"><div class=\"panel-group fusion-toggle-icon-boxed\" id=\"accordion-1886-1\"><div class=\"fusion-panel panel-default panel-00275b570fc859db0 fusion-toggle-has-divider\" style=\"--awb-title-color:var(--awb-color5);--awb-content-color:var(--awb-color6);\"><div class=\"panel-heading\"><h4 class=\"panel-title toggle\" id=\"toggle_00275b570fc859db0\"><a aria-expanded=\"false\" aria-controls=\"00275b570fc859db0\" role=\"button\" data-toggle=\"collapse\" data-parent=\"#accordion-1886-1\" data-target=\"#00275b570fc859db0\" href=\"#00275b570fc859db0\"><span class=\"fusion-toggle-icon-wrapper\" aria-hidden=\"true\"><i class=\"fa-fusion-box active-icon awb-icon-minus\" aria-hidden=\"true\"><\/i><i class=\"fa-fusion-box inactive-icon awb-icon-plus\" aria-hidden=\"true\"><\/i><\/span><span class=\"fusion-toggle-heading\">Lokacija<\/span><\/a><\/h4><\/div><div id=\"00275b570fc859db0\" class=\"panel-collapse collapse \" aria-labelledby=\"toggle_00275b570fc859db0\"><div class=\"panel-body toggle-content fusion-clearfix\">\n<p>Stambeni kompleks novoizgra\u0111enih i planiranih stambenih i stambeno-poslovnih zgrada smje\u0161ten je izme\u0111u Ul. Marina Studina i Ul. Ivana Pavla II. Navedene ulice su povezane novom dvosmjernom cestom koja omogu\u0107ava dobru povezanost kompleksa sa \u0161irom lokacijom. Uz samu ulicu je smje\u0161ten vanjski parking dok prostrani mediteranski vrtovi kao glavni motiv cijelog kompleksa omogu\u0107uju privatnost i mirno okru\u017eenje osobito stanovima u prizemlju.<\/p>\n<\/div><\/div><\/div><div class=\"fusion-panel panel-default panel-e82946b07ae63bb52 fusion-toggle-has-divider\" style=\"--awb-title-color:var(--awb-color5);--awb-content-color:var(--awb-color6);\"><div class=\"panel-heading\"><h4 class=\"panel-title toggle\" id=\"toggle_e82946b07ae63bb52\"><a aria-expanded=\"false\" aria-controls=\"e82946b07ae63bb52\" role=\"button\" data-toggle=\"collapse\" data-parent=\"#accordion-1886-1\" data-target=\"#e82946b07ae63bb52\" href=\"#e82946b07ae63bb52\"><span class=\"fusion-toggle-icon-wrapper\" aria-hidden=\"true\"><i class=\"fa-fusion-box active-icon awb-icon-minus\" aria-hidden=\"true\"><\/i><i class=\"fa-fusion-box inactive-icon awb-icon-plus\" aria-hidden=\"true\"><\/i><\/span><span class=\"fusion-toggle-heading\">Katnost i sadr\u017eaj gra\u0111evine<\/span><\/a><\/h4><\/div><div id=\"e82946b07ae63bb52\" class=\"panel-collapse collapse \" aria-labelledby=\"toggle_e82946b07ae63bb52\"><div class=\"panel-body toggle-content fusion-clearfix\">\n<p>Kompleks \u010dine dvije vi\u0161estambene gra\u0111evine sa zajedni\u010dkim podrumom. Pristup u gara\u017eu je zajedni\u010dki dok je ulaz u gra\u0111evine zaseban iz podruma vertikalnim komunikacijama (stubi\u0161te i lift) odnosno preko ure\u0111enog terena za svaku gra\u0111evinu zasebno. Zajedni\u010dka podrumska eta\u017ea sadr\u017ei 28 parkirali\u0161nih mjesta i 14 spremi\u0161ta te druge servisne prostorije. Svaka gra\u0111evina ima po 7 stanova, po dva stana na eta\u017ei prizemlja, 1. i 2. kata i jedan stan na nadgra\u0111u. Prostrane terase stanova su tlocrtno smje\u0161tena na suprotne strane gra\u0111evine i omogu\u0107uju privatnost stanarima.<\/p>\n<\/div><\/div><\/div><div class=\"fusion-panel panel-default panel-53fe53af30fa9386c fusion-toggle-has-divider\" style=\"--awb-title-color:var(--awb-color5);--awb-content-color:var(--awb-color6);\"><div class=\"panel-heading\"><h4 class=\"panel-title toggle\" id=\"toggle_53fe53af30fa9386c\"><a aria-expanded=\"false\" aria-controls=\"53fe53af30fa9386c\" role=\"button\" data-toggle=\"collapse\" data-parent=\"#accordion-1886-1\" data-target=\"#53fe53af30fa9386c\" href=\"#53fe53af30fa9386c\"><span class=\"fusion-toggle-icon-wrapper\" aria-hidden=\"true\"><i class=\"fa-fusion-box active-icon awb-icon-minus\" aria-hidden=\"true\"><\/i><i class=\"fa-fusion-box inactive-icon awb-icon-plus\" aria-hidden=\"true\"><\/i><\/span><span class=\"fusion-toggle-heading\">Konstrukcija<\/span><\/a><\/h4><\/div><div id=\"53fe53af30fa9386c\" class=\"panel-collapse collapse \" aria-labelledby=\"toggle_53fe53af30fa9386c\"><div class=\"panel-body toggle-content fusion-clearfix\">\n<p>Konstrukcija zgrade je armiranobetonska (sustav armiranobetonskih: nosivih zidova, nosivih horizontalnih i vertikalnih elemenata, monolitnih me\u0111ukatnih plo\u010da i ravnog krova). Armirano betonski zidovi su debljine 20 cm kao i me\u0111ukatne plo\u010de. Vanjski zidovi dijelom su zidani Porotherm blok opekom debljine 20 cm. Pregradni zidovi su tako\u0111er zidani Porotherm blok opekom debljine 11,5 cm. Okno dizala i stubi\u0161na jezgra su izvedeni od armiranobetonskih zidova debljine 20 cm, toplinski i zvu\u010dno izolirani prema stanovima. Svijetla visina u stanovima (visina od gotovog poda do stropa) iznosi 257 \u2013 272 cm.<\/p>\n<\/div><\/div><\/div><div class=\"fusion-panel panel-default panel-89def15856a64b3af fusion-toggle-has-divider\" style=\"--awb-title-color:var(--awb-color5);--awb-content-color:var(--awb-color6);\"><div class=\"panel-heading\"><h4 class=\"panel-title toggle\" id=\"toggle_89def15856a64b3af\"><a aria-expanded=\"false\" aria-controls=\"89def15856a64b3af\" role=\"button\" data-toggle=\"collapse\" data-parent=\"#accordion-1886-1\" data-target=\"#89def15856a64b3af\" href=\"#89def15856a64b3af\"><span class=\"fusion-toggle-icon-wrapper\" aria-hidden=\"true\"><i class=\"fa-fusion-box active-icon awb-icon-minus\" aria-hidden=\"true\"><\/i><i class=\"fa-fusion-box inactive-icon awb-icon-plus\" aria-hidden=\"true\"><\/i><\/span><span class=\"fusion-toggle-heading\">Fasada<\/span><\/a><\/h4><\/div><div id=\"89def15856a64b3af\" class=\"panel-collapse collapse \" aria-labelledby=\"toggle_89def15856a64b3af\"><div class=\"panel-body toggle-content fusion-clearfix\">\n<p>Fasada je izvedena kao ETICS sustav s 10 cm kamene vune sa zavr\u0161nim slojem od silikatne \u017ebuke.<\/p>\n<\/div><\/div><\/div><div class=\"fusion-panel panel-default panel-63f5f8c891cfb1a48 fusion-toggle-has-divider\" style=\"--awb-title-color:var(--awb-color5);--awb-content-color:var(--awb-color6);\"><div class=\"panel-heading\"><h4 class=\"panel-title toggle\" id=\"toggle_63f5f8c891cfb1a48\"><a aria-expanded=\"false\" aria-controls=\"63f5f8c891cfb1a48\" role=\"button\" data-toggle=\"collapse\" data-parent=\"#accordion-1886-1\" data-target=\"#63f5f8c891cfb1a48\" href=\"#63f5f8c891cfb1a48\"><span class=\"fusion-toggle-icon-wrapper\" aria-hidden=\"true\"><i class=\"fa-fusion-box active-icon awb-icon-minus\" aria-hidden=\"true\"><\/i><i class=\"fa-fusion-box inactive-icon awb-icon-plus\" aria-hidden=\"true\"><\/i><\/span><span class=\"fusion-toggle-heading\">Krov<\/span><\/a><\/h4><\/div><div id=\"63f5f8c891cfb1a48\" class=\"panel-collapse collapse \" aria-labelledby=\"toggle_63f5f8c891cfb1a48\"><div class=\"panel-body toggle-content fusion-clearfix\">\n<p>Krov je ravni neprohodni izveden od monolitne armiranobetonske plo\u010de u nagibu, minimalne debljine 20 cm, s parnom branom, toplinskom izolacijom (EPS) debljine 20 cm, zavr\u0161no prekriven hidroizolacijskom TPO folijom otpornom na UV zrake i za\u0161ti\u0107en oblutkom.<\/p>\n<\/div><\/div><\/div><div class=\"fusion-panel panel-default panel-eedb3a0c979e695c1 fusion-toggle-has-divider\" style=\"--awb-title-color:var(--awb-color5);--awb-content-color:var(--awb-color6);\"><div class=\"panel-heading\"><h4 class=\"panel-title toggle\" id=\"toggle_eedb3a0c979e695c1\"><a aria-expanded=\"false\" aria-controls=\"eedb3a0c979e695c1\" role=\"button\" data-toggle=\"collapse\" data-parent=\"#accordion-1886-1\" data-target=\"#eedb3a0c979e695c1\" href=\"#eedb3a0c979e695c1\"><span class=\"fusion-toggle-icon-wrapper\" aria-hidden=\"true\"><i class=\"fa-fusion-box active-icon awb-icon-minus\" aria-hidden=\"true\"><\/i><i class=\"fa-fusion-box inactive-icon awb-icon-plus\" aria-hidden=\"true\"><\/i><\/span><span class=\"fusion-toggle-heading\">Vanjska stolarija<\/span><\/a><\/h4><\/div><div id=\"eedb3a0c979e695c1\" class=\"panel-collapse collapse \" aria-labelledby=\"toggle_eedb3a0c979e695c1\"><div class=\"panel-body toggle-content fusion-clearfix\">\n<p>Stolarija je izvedena od kvalitetnih PVC profila s aluminijskom oblogom izvana (izvana u sivo srebrnoj boji, unutra u bijeloj) s trostrukoizoliraju\u0107im staklom. Svi vanjski zatvori imaju aluminijske rolete u sivoj boji i komarnike (klizne ili rolo). Otvori su otklopno \u2013 zaokretni, klizni i podizno \u2013 klizni, a sve rolete (osim u kupaonicama) imaju elektronsko upravljanje &#8211; pogon na elektromotor.<\/p>\n<\/div><\/div><\/div><div class=\"fusion-panel panel-default panel-5454d9b5629fe2d45 fusion-toggle-has-divider\" style=\"--awb-title-color:var(--awb-color5);--awb-content-color:var(--awb-color6);\"><div class=\"panel-heading\"><h4 class=\"panel-title toggle\" id=\"toggle_5454d9b5629fe2d45\"><a aria-expanded=\"false\" aria-controls=\"5454d9b5629fe2d45\" role=\"button\" data-toggle=\"collapse\" data-parent=\"#accordion-1886-1\" data-target=\"#5454d9b5629fe2d45\" href=\"#5454d9b5629fe2d45\"><span class=\"fusion-toggle-icon-wrapper\" aria-hidden=\"true\"><i class=\"fa-fusion-box active-icon awb-icon-minus\" aria-hidden=\"true\"><\/i><i class=\"fa-fusion-box inactive-icon awb-icon-plus\" aria-hidden=\"true\"><\/i><\/span><span class=\"fusion-toggle-heading\">Zajedni\u010dki prostori i spremi\u0161ta<\/span><\/a><\/h4><\/div><div id=\"5454d9b5629fe2d45\" class=\"panel-collapse collapse \" aria-labelledby=\"toggle_5454d9b5629fe2d45\"><div class=\"panel-body toggle-content fusion-clearfix\">\n<p>Ulazni prostor, stubi\u0161ta i hodnici su poplo\u010dani kamenim plo\u010dama debljine 3 cm. Ograde i rukohvati u stubi\u0161tima izvedeni su kao bravarska ograda visine do 110 cm. Dizala su be\u0161umna kroz sve eta\u017ee. U natkrivenom ulazu su smje\u0161teni po\u0161tanski sandu\u010di\u0107i, paneli za obavijest te parlafon s video kontrolom.<\/p>\n<p>Podovi u podrumskim spremi\u0161tima zavr\u0161no su premazani epoksidnim premazom.<\/p>\n<\/div><\/div><\/div><div class=\"fusion-panel panel-default panel-df5ddfa1a98ddbafb fusion-toggle-has-divider\" style=\"--awb-title-color:var(--awb-color5);--awb-content-color:var(--awb-color6);\"><div class=\"panel-heading\"><h4 class=\"panel-title toggle\" id=\"toggle_df5ddfa1a98ddbafb\"><a aria-expanded=\"false\" aria-controls=\"df5ddfa1a98ddbafb\" role=\"button\" data-toggle=\"collapse\" data-parent=\"#accordion-1886-1\" data-target=\"#df5ddfa1a98ddbafb\" href=\"#df5ddfa1a98ddbafb\"><span class=\"fusion-toggle-icon-wrapper\" aria-hidden=\"true\"><i class=\"fa-fusion-box active-icon awb-icon-minus\" aria-hidden=\"true\"><\/i><i class=\"fa-fusion-box inactive-icon awb-icon-plus\" aria-hidden=\"true\"><\/i><\/span><span class=\"fusion-toggle-heading\">Gara\u017ee i parkirna mjesta<\/span><\/a><\/h4><\/div><div id=\"df5ddfa1a98ddbafb\" class=\"panel-collapse collapse \" aria-labelledby=\"toggle_df5ddfa1a98ddbafb\"><div class=\"panel-body toggle-content fusion-clearfix\">\n<p>Gara\u017ee su smje\u0161tene u podrumskoj eta\u017ei, sa zajedni\u010dkom ulaznom rampom s rolo vratima na daljinsko upravljanje. Kolna komunikacija je zajedni\u010dka i kru\u017ena, a parkirna mjesta su otvorena. Svaki stan u gara\u017ei ima osigurana dva parkirna mjesta te pripadaju\u0107e spremi\u0161te. Gara\u017ea ima prirodnu i mehani\u010dku ventilaciju.<\/p>\n<\/div><\/div><\/div><div class=\"fusion-panel panel-default panel-fac1cb5865c68e346 fusion-toggle-has-divider\" style=\"--awb-title-color:var(--awb-color5);--awb-content-color:var(--awb-color6);\"><div class=\"panel-heading\"><h4 class=\"panel-title toggle\" id=\"toggle_fac1cb5865c68e346\"><a aria-expanded=\"false\" aria-controls=\"fac1cb5865c68e346\" role=\"button\" data-toggle=\"collapse\" data-parent=\"#accordion-1886-1\" data-target=\"#fac1cb5865c68e346\" href=\"#fac1cb5865c68e346\"><span class=\"fusion-toggle-icon-wrapper\" aria-hidden=\"true\"><i class=\"fa-fusion-box active-icon awb-icon-minus\" aria-hidden=\"true\"><\/i><i class=\"fa-fusion-box inactive-icon awb-icon-plus\" aria-hidden=\"true\"><\/i><\/span><span class=\"fusion-toggle-heading\">Stolarija<\/span><\/a><\/h4><\/div><div id=\"fac1cb5865c68e346\" class=\"panel-collapse collapse \" aria-labelledby=\"toggle_fac1cb5865c68e346\"><div class=\"panel-body toggle-content fusion-clearfix\">\n<p>Ulazna vrata u stan su protuprovalna i protupo\u017earna s dodatnom zvu\u010dnom izolacijom. Unutarnja stolarija izvedena od punih, glatkih vrata s dovratnikom u bijeloj boji visine 210 cm.<\/p>\n<\/div><\/div><\/div><div class=\"fusion-panel panel-default panel-0cd152f93f73b0f9b fusion-toggle-has-divider\" style=\"--awb-title-color:var(--awb-color5);--awb-content-color:var(--awb-color6);\"><div class=\"panel-heading\"><h4 class=\"panel-title toggle\" id=\"toggle_0cd152f93f73b0f9b\"><a aria-expanded=\"false\" aria-controls=\"0cd152f93f73b0f9b\" role=\"button\" data-toggle=\"collapse\" data-parent=\"#accordion-1886-1\" data-target=\"#0cd152f93f73b0f9b\" href=\"#0cd152f93f73b0f9b\"><span class=\"fusion-toggle-icon-wrapper\" aria-hidden=\"true\"><i class=\"fa-fusion-box active-icon awb-icon-minus\" aria-hidden=\"true\"><\/i><i class=\"fa-fusion-box inactive-icon awb-icon-plus\" aria-hidden=\"true\"><\/i><\/span><span class=\"fusion-toggle-heading\">Zidovi i stropovi<\/span><\/a><\/h4><\/div><div id=\"0cd152f93f73b0f9b\" class=\"panel-collapse collapse \" aria-labelledby=\"toggle_0cd152f93f73b0f9b\"><div class=\"panel-body toggle-content fusion-clearfix\">\n<p>Nosivi zidovi su armirano betonski zidovi debljine 20 cm, a dijelom su zidani Porotherm blok opekom debljine 20 cm. Pregradni zidovi su zidani Porotherm blok opekom debljine 11,5 cm. Unutarnje povr\u0161ine zidova i stropova su o\u017ebukane i oli\u010dene poludisperzivnom bijelom bojom.<\/p>\n<p>Kao zidne obloge kupaonice ugra\u0111ene su visokokvalitetne kerami\u010dke plo\u010dice I klase.<\/p>\n<\/div><\/div><\/div><div class=\"fusion-panel panel-default panel-221a016fd51817a20 fusion-toggle-has-divider\" style=\"--awb-title-color:var(--awb-color5);--awb-content-color:var(--awb-color6);\"><div class=\"panel-heading\"><h4 class=\"panel-title toggle\" id=\"toggle_221a016fd51817a20\"><a aria-expanded=\"false\" aria-controls=\"221a016fd51817a20\" role=\"button\" data-toggle=\"collapse\" data-parent=\"#accordion-1886-1\" data-target=\"#221a016fd51817a20\" href=\"#221a016fd51817a20\"><span class=\"fusion-toggle-icon-wrapper\" aria-hidden=\"true\"><i class=\"fa-fusion-box active-icon awb-icon-minus\" aria-hidden=\"true\"><\/i><i class=\"fa-fusion-box inactive-icon awb-icon-plus\" aria-hidden=\"true\"><\/i><\/span><span class=\"fusion-toggle-heading\">Podovi<\/span><\/a><\/h4><\/div><div id=\"221a016fd51817a20\" class=\"panel-collapse collapse \" aria-labelledby=\"toggle_221a016fd51817a20\"><div class=\"panel-body toggle-content fusion-clearfix\">\n<p>Podovi spava\u0107ih soba su oblo\u017eeni hrastovim parketom I klase, zavr\u0161no lakiranim, modernog izgleda u natur boji, s letvicama u bijeloj boji. Podovi ostalih prostorija su oblo\u017eeni kerami\u010dkim plo\u010dicama, a loggie vanjskim protukliznim kerami\u010dkim plo\u010dicama sve I klase. Na povr\u0161inama s plo\u010dicama izveden je kerami\u010dki sokl.<\/p>\n<p>Zidovi gra\u0111evine s termi\u010dki obra\u0111enim pro\u010deljima, s o\u017ebukanim unutarnjim povr\u0161inama zidova i stropova, podovi s podnim slojevima toplinske i zvu\u010dne za\u0161tite, \u010dine ugra\u0111eni materijali koji pojedina\u010dno i u kompletu imaju sposobnost izdr\u017eati sva mehani\u010dka i druga predvi\u0111ena djelovanja pri normalnoj upotrebi.<\/p>\n<\/div><\/div><\/div><div class=\"fusion-panel panel-default panel-2552fbd958f8eb6e7 fusion-toggle-has-divider\" style=\"--awb-title-color:var(--awb-color5);--awb-content-color:var(--awb-color6);\"><div class=\"panel-heading\"><h4 class=\"panel-title toggle\" id=\"toggle_2552fbd958f8eb6e7\"><a aria-expanded=\"false\" aria-controls=\"2552fbd958f8eb6e7\" role=\"button\" data-toggle=\"collapse\" data-parent=\"#accordion-1886-1\" data-target=\"#2552fbd958f8eb6e7\" href=\"#2552fbd958f8eb6e7\"><span class=\"fusion-toggle-icon-wrapper\" aria-hidden=\"true\"><i class=\"fa-fusion-box active-icon awb-icon-minus\" aria-hidden=\"true\"><\/i><i class=\"fa-fusion-box inactive-icon awb-icon-plus\" aria-hidden=\"true\"><\/i><\/span><span class=\"fusion-toggle-heading\">Kupaonice i WC<\/span><\/a><\/h4><\/div><div id=\"2552fbd958f8eb6e7\" class=\"panel-collapse collapse \" aria-labelledby=\"toggle_2552fbd958f8eb6e7\"><div class=\"panel-body toggle-content fusion-clearfix\">\n<p>Sva sanitarna oprema je visoke kvalitete poznatih proizvo\u0111a\u010da. Opremu \u010dine: konzolni umivaonici s pripadaju\u0107im mije\u0161alicama, konzolna WC \u0161koljka s poklopcem i s nisko\u0161umnim ugradbenim vodokotli\u0107em, tu\u0161 \u2013 kada s tu\u0161 setom. Priklju\u010dak za perilicu rublja s odvodnjom.<\/p>\n<p>Zidovi su oblo\u017eeni kerami\u010dkim plo\u010dicama I klase od poda do pune visine prostorije.<\/p>\n<p>Bojleri PTV su smje\u0161teni u podrumu u zajedni\u010dkom prostoru.<\/p>\n<\/div><\/div><\/div><div class=\"fusion-panel panel-default panel-bf30927c33a21f497 fusion-toggle-has-divider\" style=\"--awb-title-color:var(--awb-color5);--awb-content-color:var(--awb-color6);\"><div class=\"panel-heading\"><h4 class=\"panel-title toggle\" id=\"toggle_bf30927c33a21f497\"><a aria-expanded=\"false\" aria-controls=\"bf30927c33a21f497\" role=\"button\" data-toggle=\"collapse\" data-parent=\"#accordion-1886-1\" data-target=\"#bf30927c33a21f497\" href=\"#bf30927c33a21f497\"><span class=\"fusion-toggle-icon-wrapper\" aria-hidden=\"true\"><i class=\"fa-fusion-box active-icon awb-icon-minus\" aria-hidden=\"true\"><\/i><i class=\"fa-fusion-box inactive-icon awb-icon-plus\" aria-hidden=\"true\"><\/i><\/span><span class=\"fusion-toggle-heading\">Elektroinstalacije<\/span><\/a><\/h4><\/div><div id=\"bf30927c33a21f497\" class=\"panel-collapse collapse \" aria-labelledby=\"toggle_bf30927c33a21f497\"><div class=\"panel-body toggle-content fusion-clearfix\">\n<p>Elektrobrojila su smje\u0161tena u vanjskom ure\u0111enom terenu (uz zapadnu granicu). Elektro oprema je visoke kvalitete poznatih proizvo\u0111a\u010da.<\/p>\n<p>U stanovima su predvi\u0111ene telefonske i TV uti\u010dnice, stropna i zidna rasvjeta te termostat u dnevnom boravku i spava\u0107im sobama. Elektrooprema kuhinje sastoji se od izvoda za \u0161tednjak, uti\u010dnice za hladnjak, uti\u010dnice za perilicu, uti\u010dnice u pojasu iznad radne plohe, izvod za napu i uti\u010dnice na kuhinjskom otoku. Elektrooprema kupaonice sadr\u017ei priklju\u010dnicu za perilicu rublja, nadsvjetlo iznad umivaonika, uti\u010dnice na zidu te izvod za ventilator. Elektrooprema u hodniku su rasvjetna tijela, strujni razdjelnik stana, ormari\u0107 slabe struje, uti\u010dnica, centralno sklop struje cijelog stana.<\/p>\n<p>Osigurana je mogu\u0107nost spajanja na kabelsku TV preko instalacija zajedni\u010dkog antenskog satelita.<\/p>\n<p>Spremi\u0161ta, u kojima je izvedena stropna rasvjeta su povezana s brojilom pripadaju\u0107eg stana, a lift, hodnici i gara\u017ea vezani su na zasebno brojilo zajedni\u010dke potro\u0161nje.<\/p>\n<\/div><\/div><\/div><div class=\"fusion-panel panel-default panel-df17cde46d9c72cf0 fusion-toggle-has-divider\" style=\"--awb-title-color:var(--awb-color5);--awb-content-color:var(--awb-color6);\"><div class=\"panel-heading\"><h4 class=\"panel-title toggle\" id=\"toggle_df17cde46d9c72cf0\"><a aria-expanded=\"false\" aria-controls=\"df17cde46d9c72cf0\" role=\"button\" data-toggle=\"collapse\" data-parent=\"#accordion-1886-1\" data-target=\"#df17cde46d9c72cf0\" href=\"#df17cde46d9c72cf0\"><span class=\"fusion-toggle-icon-wrapper\" aria-hidden=\"true\"><i class=\"fa-fusion-box active-icon awb-icon-minus\" aria-hidden=\"true\"><\/i><i class=\"fa-fusion-box inactive-icon awb-icon-plus\" aria-hidden=\"true\"><\/i><\/span><span class=\"fusion-toggle-heading\">Instalacije vodovoda i odvodnje<\/span><\/a><\/h4><\/div><div id=\"df17cde46d9c72cf0\" class=\"panel-collapse collapse \" aria-labelledby=\"toggle_df17cde46d9c72cf0\"><div class=\"panel-body toggle-content fusion-clearfix\">\n<p>Opskrba vodom je priklju\u010dkom na javnu gradsku vodovodnu mre\u017eu. Na priklju\u010dnom cjevovodu je okno s ugra\u0111enim vodomjerima za svaki stan zasebno. Razvod vode se vr\u0161i PPR toplinski izoliranim cijevima.<\/p>\n<p>Odvodnja otpadnih voda je priklju\u010dkom na kanalizacijski sustav naselja. Za odvodnju su kori\u0161tene nisko\u0161umne cijevi.<\/p>\n<p>Priprema potro\u0161ne tople vode je preko bojlera \u2013 dizalica topline smje\u0161tenih u podrumskoj eta\u017ei, za svaki stan zasebno.<\/p>\n<p>Glavni ventil za vodu nalazi se na svakom od stubi\u0161ta.<\/p>\n<\/div><\/div><\/div><div class=\"fusion-panel panel-default panel-bd2856c2c3d8529b6 fusion-toggle-has-divider\" style=\"--awb-title-color:var(--awb-color5);--awb-content-color:var(--awb-color6);\"><div class=\"panel-heading\"><h4 class=\"panel-title toggle\" id=\"toggle_bd2856c2c3d8529b6\"><a aria-expanded=\"false\" aria-controls=\"bd2856c2c3d8529b6\" role=\"button\" data-toggle=\"collapse\" data-parent=\"#accordion-1886-1\" data-target=\"#bd2856c2c3d8529b6\" href=\"#bd2856c2c3d8529b6\"><span class=\"fusion-toggle-icon-wrapper\" aria-hidden=\"true\"><i class=\"fa-fusion-box active-icon awb-icon-minus\" aria-hidden=\"true\"><\/i><i class=\"fa-fusion-box inactive-icon awb-icon-plus\" aria-hidden=\"true\"><\/i><\/span><span class=\"fusion-toggle-heading\">Grijanje i hla\u0111enje<\/span><\/a><\/h4><\/div><div id=\"bd2856c2c3d8529b6\" class=\"panel-collapse collapse \" aria-labelledby=\"toggle_bd2856c2c3d8529b6\"><div class=\"panel-body toggle-content fusion-clearfix\">\n<p>Za sve stanove kori\u0161teni su ure\u0111aji proizvo\u0111a\u010da.<\/p>\n<p>Kao vanjska jedinica ugra\u0111en je inverter sustav multi split snage 9,3\/8,3 Kw.<\/p>\n<p>Stanovi su opremljeni kanalskim razvodom unutarnjih klima jedinica, u dnevnom boravku snage 4,0\/3,5 Kw, a u sobama jedinice snage 2,5\/2,0 Kw, s daljinskim i Wifi upravljanjem.<\/p>\n<p>U dnevnom dijelu stana i kupaonicama je izvedeno podno grijanje sustavom elektri\u010dne mre\u017eice, komplet s termostatom i senzorima za temperaturu.<\/p>\n<\/div><\/div><\/div><div class=\"fusion-panel panel-default panel-71a8b69f8c2da07e8 fusion-toggle-has-divider\" style=\"--awb-title-color:var(--awb-color5);--awb-content-color:var(--awb-color6);\"><div class=\"panel-heading\"><h4 class=\"panel-title toggle\" id=\"toggle_71a8b69f8c2da07e8\"><a aria-expanded=\"false\" aria-controls=\"71a8b69f8c2da07e8\" role=\"button\" data-toggle=\"collapse\" data-parent=\"#accordion-1886-1\" data-target=\"#71a8b69f8c2da07e8\" href=\"#71a8b69f8c2da07e8\"><span class=\"fusion-toggle-icon-wrapper\" aria-hidden=\"true\"><i class=\"fa-fusion-box active-icon awb-icon-minus\" aria-hidden=\"true\"><\/i><i class=\"fa-fusion-box inactive-icon awb-icon-plus\" aria-hidden=\"true\"><\/i><\/span><span class=\"fusion-toggle-heading\">Ventilacija<\/span><\/a><\/h4><\/div><div id=\"71a8b69f8c2da07e8\" class=\"panel-collapse collapse \" aria-labelledby=\"toggle_71a8b69f8c2da07e8\"><div class=\"panel-body toggle-content fusion-clearfix\">\n<p>Umjetna ventilacija je osigurana be\u0161umnim ventilatorima u svim sanitarnim prostorijama, a ventilacija kuhinja osigurana je zasebnim cijevima za odvod napa.<\/p>\n<p>Unutar gara\u017ee osigurana je prirodna i mehani\u010dka ventilacija kao i ventilacija svakog spremi\u0161ta pojedina\u010dno.<\/p>\n<\/div><\/div><\/div><div class=\"fusion-panel panel-default panel-5cba54f670fce25e0 fusion-toggle-has-divider\" style=\"--awb-title-color:var(--awb-color5);--awb-content-color:var(--awb-color6);\"><div class=\"panel-heading\"><h4 class=\"panel-title toggle\" id=\"toggle_5cba54f670fce25e0\"><a aria-expanded=\"false\" aria-controls=\"5cba54f670fce25e0\" role=\"button\" data-toggle=\"collapse\" data-parent=\"#accordion-1886-1\" data-target=\"#5cba54f670fce25e0\" href=\"#5cba54f670fce25e0\"><span class=\"fusion-toggle-icon-wrapper\" aria-hidden=\"true\"><i class=\"fa-fusion-box active-icon awb-icon-minus\" aria-hidden=\"true\"><\/i><i class=\"fa-fusion-box inactive-icon awb-icon-plus\" aria-hidden=\"true\"><\/i><\/span><span class=\"fusion-toggle-heading\">Energetski razred<\/span><\/a><\/h4><\/div><div id=\"5cba54f670fce25e0\" class=\"panel-collapse collapse \" aria-labelledby=\"toggle_5cba54f670fce25e0\"><div class=\"panel-body toggle-content fusion-clearfix\">\n<p>Isho\u0111en je energetski certifikat razreda A+.<\/p>\n<\/div><\/div><\/div><div class=\"fusion-panel panel-default panel-76980ace2875c5c33 fusion-toggle-has-divider\" style=\"--awb-title-color:var(--awb-color5);--awb-content-color:var(--awb-color6);\"><div class=\"panel-heading\"><h4 class=\"panel-title toggle\" id=\"toggle_76980ace2875c5c33\"><a aria-expanded=\"false\" aria-controls=\"76980ace2875c5c33\" role=\"button\" data-toggle=\"collapse\" data-parent=\"#accordion-1886-1\" data-target=\"#76980ace2875c5c33\" href=\"#76980ace2875c5c33\"><span class=\"fusion-toggle-icon-wrapper\" aria-hidden=\"true\"><i class=\"fa-fusion-box active-icon awb-icon-minus\" aria-hidden=\"true\"><\/i><i class=\"fa-fusion-box inactive-icon awb-icon-plus\" aria-hidden=\"true\"><\/i><\/span><span class=\"fusion-toggle-heading\">Uvjeti odr\u017eavanja gra\u0111evine<\/span><\/a><\/h4><\/div><div id=\"76980ace2875c5c33\" class=\"panel-collapse collapse \" aria-labelledby=\"toggle_76980ace2875c5c33\"><div class=\"panel-body toggle-content fusion-clearfix\">\n<p>Kupac \u0107e prilikom preuzimanja stana dobiti knji\u017eicu s uputama za kori\u0161tenje i odr\u017eavanje ugra\u0111ene opreme.<\/p>\n<\/div><\/div><\/div><div class=\"fusion-panel panel-default panel-78723f6a0f098ae6a fusion-toggle-has-divider\" style=\"--awb-title-color:var(--awb-color5);--awb-content-color:var(--awb-color6);\"><div class=\"panel-heading\"><h4 class=\"panel-title toggle\" id=\"toggle_78723f6a0f098ae6a\"><a aria-expanded=\"false\" aria-controls=\"78723f6a0f098ae6a\" role=\"button\" data-toggle=\"collapse\" data-parent=\"#accordion-1886-1\" data-target=\"#78723f6a0f098ae6a\" href=\"#78723f6a0f098ae6a\"><span class=\"fusion-toggle-icon-wrapper\" aria-hidden=\"true\"><i class=\"fa-fusion-box active-icon awb-icon-minus\" aria-hidden=\"true\"><\/i><i class=\"fa-fusion-box inactive-icon awb-icon-plus\" aria-hidden=\"true\"><\/i><\/span><span class=\"fusion-toggle-heading\">Ure\u0111enje okoli\u0161a<\/span><\/a><\/h4><\/div><div id=\"78723f6a0f098ae6a\" class=\"panel-collapse collapse \" aria-labelledby=\"toggle_78723f6a0f098ae6a\"><div class=\"panel-body toggle-content fusion-clearfix\">\n<p>Okoli\u0161 je ure\u0111en kolnim i pje\u0161a\u010dkim povr\u0161inama i hortikulturno ure\u0111enim vrtovima.<\/p>\n<\/div><\/div><\/div><div class=\"fusion-panel panel-default panel-ddc8b32b86d562733 fusion-toggle-has-divider\" style=\"--awb-title-color:var(--awb-color5);--awb-content-color:var(--awb-color6);\"><div class=\"panel-heading\"><h4 class=\"panel-title toggle\" id=\"toggle_ddc8b32b86d562733\"><a aria-expanded=\"false\" aria-controls=\"ddc8b32b86d562733\" role=\"button\" data-toggle=\"collapse\" data-parent=\"#accordion-1886-1\" data-target=\"#ddc8b32b86d562733\" href=\"#ddc8b32b86d562733\"><span class=\"fusion-toggle-icon-wrapper\" aria-hidden=\"true\"><i class=\"fa-fusion-box active-icon awb-icon-minus\" aria-hidden=\"true\"><\/i><i class=\"fa-fusion-box inactive-icon awb-icon-plus\" aria-hidden=\"true\"><\/i><\/span><span class=\"fusion-toggle-heading\">Garancija<\/span><\/a><\/h4><\/div><div id=\"ddc8b32b86d562733\" class=\"panel-collapse collapse \" aria-labelledby=\"toggle_ddc8b32b86d562733\"><div class=\"panel-body toggle-content fusion-clearfix\">\n<p>Garantni rok za kvalitetu izvedbe gra\u0111evinskih i gra\u0111evinsko-obrtni\u010dkih radova odre\u0111en je u skladu sa zakonom i posebnim propisima i to 2 godine za obrtni\u010dke radove, a 10 godina za konstrukciju gra\u0111evine i krov.<\/p>\n<p>Uvjeti i rokovi garancije za ugra\u0111enu opremu vrijede prema specifikacijama proizvo\u0111a\u010da.<\/p>\n<\/div><\/div><\/div><\/div><\/div><\/div><\/div><\/div><\/div><div class=\"fusion-fullwidth fullwidth-box fusion-builder-row-4 fusion-flex-container has-pattern-background has-mask-background fusion-parallax-none nonhundred-percent-fullwidth non-hundred-percent-height-scrolling lazyload\" style=\"--awb-border-sizes-top:0px;--awb-border-sizes-bottom:0px;--awb-border-sizes-left:0px;--awb-border-sizes-right:0px;--awb-border-radius-top-left:0px;--awb-border-radius-top-right:0px;--awb-border-radius-bottom-right:0px;--awb-border-radius-bottom-left:0px;--awb-padding-top:110px;--awb-padding-bottom:100px;--awb-padding-bottom-medium:72px;--awb-background-size:cover;--awb-flex-wrap:wrap;\" data-bg=\"https:\/\/kastela-garden-residence.hr\/wp-content\/uploads\/2024\/09\/s1-back.jpg\" ><div class=\"fusion-builder-row fusion-row fusion-flex-align-items-flex-start fusion-flex-content-wrap\" style=\"max-width:1216.8px;margin-left: calc(-4% \/ 2 );margin-right: calc(-4% \/ 2 );\"><div class=\"fusion-layout-column fusion_builder_column fusion-builder-column-4 fusion_builder_column_1_3 1_3 fusion-flex-column\" style=\"--awb-bg-position:right center;--awb-bg-blend:overlay;--awb-bg-size:cover;--awb-border-color:var(--awb-color4);--awb-border-right:3px;--awb-border-style:solid;--awb-width-large:33.333333333333%;--awb-margin-top-large:0px;--awb-spacing-right-large:3.84%;--awb-margin-bottom-large:0px;--awb-spacing-left-large:5.76%;--awb-width-medium:100%;--awb-spacing-right-medium:1.92%;--awb-spacing-left-medium:1.92%;--awb-width-small:100%;--awb-spacing-right-small:1.92%;--awb-spacing-left-small:1.92%;\"><div class=\"fusion-column-wrapper fusion-flex-justify-content-flex-start fusion-content-layout-column\"><div class=\"fusion-title title fusion-title-2 fusion-sep-none fusion-title-text fusion-title-size-two\" style=\"--awb-text-color:#ffffff;--awb-margin-bottom:20px;--awb-margin-top-small:0px;--awb-margin-right-small:0px;--awb-margin-bottom-small:0px;--awb-margin-left-small:0px;--awb-margin-bottom-medium:0px;\"><h2 class=\"fusion-title-heading title-heading-left fusion-responsive-typography-calculated\" style=\"margin:0;text-transform:capitalize;--fontSize:48;line-height:var(--awb-typography1-line-height);\">MOGU\u0106I IZGLED<\/h2><\/div><\/div><\/div><div class=\"fusion-layout-column fusion_builder_column fusion-builder-column-5 fusion_builder_column_2_3 2_3 fusion-flex-column\" style=\"--awb-bg-blend:overlay;--awb-bg-size:cover;--awb-width-large:66.666666666667%;--awb-margin-top-large:20px;--awb-spacing-right-large:2.88%;--awb-margin-bottom-large:20px;--awb-spacing-left-large:3.84%;--awb-width-medium:100%;--awb-spacing-right-medium:1.92%;--awb-spacing-left-medium:1.92%;--awb-width-small:100%;--awb-spacing-right-small:1.92%;--awb-spacing-left-small:1.92%;\"><div class=\"fusion-column-wrapper fusion-flex-justify-content-flex-start fusion-content-layout-column\"><div class=\"fusion-image-carousel fusion-image-carousel-fixed fusion-image-carousel-1 lightbox-enabled fusion-carousel-border\"><div class=\"awb-carousel awb-swiper awb-swiper-carousel awb-carousel--carousel awb-swiper-dots-position-bottom\" data-layout=\"carousel\" data-autoplay=\"yes\" data-autoplayspeed=\"2500\" data-autoplaypause=\"no\" data-columns=\"5\" data-columnsmedium=\"1\" data-columnssmall=\"1\" data-itemmargin=\"13\" data-itemwidth=\"180\" data-touchscroll=\"no\" data-freemode=\"no\" data-imagesize=\"fixed\" data-scrollitems=\"0\" data-centeredslides=\"no\" data-rotationangle=\"50\" data-depth=\"100\" data-speed=\"500\" data-shadow=\"no\" data-pagination=\"bullets\" style=\"--awb-border-width:1px;--awb-border-color:#e9eaee;\"><div class=\"swiper-wrapper awb-image-carousel-wrapper fusion-flex-align-items-center\"><div class=\"swiper-slide\"><div class=\"fusion-carousel-item-wrapper\"><div class=\"fusion-image-wrapper hover-type-liftup\"><a data-rel=\"iLightbox[image_carousel_1]\" data-title=\"S1_DNEVNI_1(1)\" aria-label=\"S1_DNEVNI_1(1)\" href=\"https:\/\/kastela-garden-residence.hr\/wp-content\/uploads\/2024\/09\/S1_DNEVNI_11.jpg\" target=\"_self\"><img decoding=\"async\" width=\"320\" height=\"202\" src=\"data:image\/svg+xml,%3Csvg%20xmlns%3D%27http%3A%2F%2Fwww.w3.org%2F2000%2Fsvg%27%20width%3D%271920%27%20height%3D%271080%27%20viewBox%3D%270%200%201920%201080%27%3E%3Crect%20width%3D%271920%27%20height%3D%271080%27%20fill-opacity%3D%220%22%2F%3E%3C%2Fsvg%3E\" class=\"attachment-blog-medium size-blog-medium lazyload\" alt=\"\" data-orig-src=\"https:\/\/kastela-garden-residence.hr\/wp-content\/uploads\/2024\/09\/S1_DNEVNI_11-320x202.jpg\" \/><\/a><\/div><\/div><\/div><div class=\"swiper-slide\"><div class=\"fusion-carousel-item-wrapper\"><div class=\"fusion-image-wrapper hover-type-liftup\"><a data-rel=\"iLightbox[image_carousel_1]\" data-title=\"PENTHOUSE_5\" aria-label=\"PENTHOUSE_5\" href=\"https:\/\/kastela-garden-residence.hr\/wp-content\/uploads\/2024\/09\/PENTHOUSE_5.jpg\" target=\"_self\"><img decoding=\"async\" width=\"320\" height=\"202\" src=\"data:image\/svg+xml,%3Csvg%20xmlns%3D%27http%3A%2F%2Fwww.w3.org%2F2000%2Fsvg%27%20width%3D%271920%27%20height%3D%271080%27%20viewBox%3D%270%200%201920%201080%27%3E%3Crect%20width%3D%271920%27%20height%3D%271080%27%20fill-opacity%3D%220%22%2F%3E%3C%2Fsvg%3E\" class=\"attachment-blog-medium size-blog-medium lazyload\" alt=\"\" data-orig-src=\"https:\/\/kastela-garden-residence.hr\/wp-content\/uploads\/2024\/09\/PENTHOUSE_5-320x202.jpg\" \/><\/a><\/div><\/div><\/div><div class=\"swiper-slide\"><div class=\"fusion-carousel-item-wrapper\"><div class=\"fusion-image-wrapper hover-type-liftup\"><a data-rel=\"iLightbox[image_carousel_1]\" data-title=\"PENTHOUSE_4\" aria-label=\"PENTHOUSE_4\" href=\"https:\/\/kastela-garden-residence.hr\/wp-content\/uploads\/2024\/09\/PENTHOUSE_4.jpg\" target=\"_self\"><img decoding=\"async\" width=\"320\" height=\"202\" src=\"data:image\/svg+xml,%3Csvg%20xmlns%3D%27http%3A%2F%2Fwww.w3.org%2F2000%2Fsvg%27%20width%3D%271920%27%20height%3D%271080%27%20viewBox%3D%270%200%201920%201080%27%3E%3Crect%20width%3D%271920%27%20height%3D%271080%27%20fill-opacity%3D%220%22%2F%3E%3C%2Fsvg%3E\" class=\"attachment-blog-medium size-blog-medium lazyload\" alt=\"\" data-orig-src=\"https:\/\/kastela-garden-residence.hr\/wp-content\/uploads\/2024\/09\/PENTHOUSE_4-320x202.jpg\" \/><\/a><\/div><\/div><\/div><div class=\"swiper-slide\"><div class=\"fusion-carousel-item-wrapper\"><div class=\"fusion-image-wrapper hover-type-liftup\"><a data-rel=\"iLightbox[image_carousel_1]\" data-title=\"PENTHOUSE_3\" aria-label=\"PENTHOUSE_3\" href=\"https:\/\/kastela-garden-residence.hr\/wp-content\/uploads\/2024\/09\/PENTHOUSE_3.jpg\" target=\"_self\"><img decoding=\"async\" width=\"320\" height=\"202\" src=\"data:image\/svg+xml,%3Csvg%20xmlns%3D%27http%3A%2F%2Fwww.w3.org%2F2000%2Fsvg%27%20width%3D%271920%27%20height%3D%271080%27%20viewBox%3D%270%200%201920%201080%27%3E%3Crect%20width%3D%271920%27%20height%3D%271080%27%20fill-opacity%3D%220%22%2F%3E%3C%2Fsvg%3E\" class=\"attachment-blog-medium size-blog-medium lazyload\" alt=\"\" data-orig-src=\"https:\/\/kastela-garden-residence.hr\/wp-content\/uploads\/2024\/09\/PENTHOUSE_3-320x202.jpg\" \/><\/a><\/div><\/div><\/div><div class=\"swiper-slide\"><div class=\"fusion-carousel-item-wrapper\"><div class=\"fusion-image-wrapper hover-type-liftup\"><a data-rel=\"iLightbox[image_carousel_1]\" data-title=\"PENTHOUSE_2\" aria-label=\"PENTHOUSE_2\" href=\"https:\/\/kastela-garden-residence.hr\/wp-content\/uploads\/2024\/09\/PENTHOUSE_2.jpg\" target=\"_self\"><img decoding=\"async\" width=\"320\" height=\"202\" src=\"data:image\/svg+xml,%3Csvg%20xmlns%3D%27http%3A%2F%2Fwww.w3.org%2F2000%2Fsvg%27%20width%3D%271920%27%20height%3D%271080%27%20viewBox%3D%270%200%201920%201080%27%3E%3Crect%20width%3D%271920%27%20height%3D%271080%27%20fill-opacity%3D%220%22%2F%3E%3C%2Fsvg%3E\" class=\"attachment-blog-medium size-blog-medium lazyload\" alt=\"\" data-orig-src=\"https:\/\/kastela-garden-residence.hr\/wp-content\/uploads\/2024\/09\/PENTHOUSE_2-320x202.jpg\" \/><\/a><\/div><\/div><\/div><div class=\"swiper-slide\"><div class=\"fusion-carousel-item-wrapper\"><div class=\"fusion-image-wrapper hover-type-liftup\"><a data-rel=\"iLightbox[image_carousel_1]\" data-title=\"PENTHOUSE_1\" aria-label=\"PENTHOUSE_1\" href=\"https:\/\/kastela-garden-residence.hr\/wp-content\/uploads\/2024\/09\/PENTHOUSE_1.jpg\" target=\"_self\"><img decoding=\"async\" width=\"320\" height=\"202\" src=\"data:image\/svg+xml,%3Csvg%20xmlns%3D%27http%3A%2F%2Fwww.w3.org%2F2000%2Fsvg%27%20width%3D%271920%27%20height%3D%271080%27%20viewBox%3D%270%200%201920%201080%27%3E%3Crect%20width%3D%271920%27%20height%3D%271080%27%20fill-opacity%3D%220%22%2F%3E%3C%2Fsvg%3E\" class=\"attachment-blog-medium size-blog-medium lazyload\" alt=\"\" data-orig-src=\"https:\/\/kastela-garden-residence.hr\/wp-content\/uploads\/2024\/09\/PENTHOUSE_1-320x202.jpg\" \/><\/a><\/div><\/div><\/div><div class=\"swiper-slide\"><div class=\"fusion-carousel-item-wrapper\"><div class=\"fusion-image-wrapper hover-type-liftup\"><a data-rel=\"iLightbox[image_carousel_1]\" data-title=\"S2_SOBA_2\" aria-label=\"S2_SOBA_2\" href=\"https:\/\/kastela-garden-residence.hr\/wp-content\/uploads\/2024\/09\/S2_SOBA_2.jpg\" target=\"_self\"><img decoding=\"async\" width=\"320\" height=\"202\" src=\"data:image\/svg+xml,%3Csvg%20xmlns%3D%27http%3A%2F%2Fwww.w3.org%2F2000%2Fsvg%27%20width%3D%271920%27%20height%3D%271080%27%20viewBox%3D%270%200%201920%201080%27%3E%3Crect%20width%3D%271920%27%20height%3D%271080%27%20fill-opacity%3D%220%22%2F%3E%3C%2Fsvg%3E\" class=\"attachment-blog-medium size-blog-medium lazyload\" alt=\"\" data-orig-src=\"https:\/\/kastela-garden-residence.hr\/wp-content\/uploads\/2024\/09\/S2_SOBA_2-320x202.jpg\" \/><\/a><\/div><\/div><\/div><div class=\"swiper-slide\"><div class=\"fusion-carousel-item-wrapper\"><div class=\"fusion-image-wrapper hover-type-liftup\"><a data-rel=\"iLightbox[image_carousel_1]\" data-title=\"S2_SOBA_1\" aria-label=\"S2_SOBA_1\" href=\"https:\/\/kastela-garden-residence.hr\/wp-content\/uploads\/2024\/09\/S2_SOBA_1.jpg\" target=\"_self\"><img decoding=\"async\" width=\"320\" height=\"202\" src=\"data:image\/svg+xml,%3Csvg%20xmlns%3D%27http%3A%2F%2Fwww.w3.org%2F2000%2Fsvg%27%20width%3D%271920%27%20height%3D%271080%27%20viewBox%3D%270%200%201920%201080%27%3E%3Crect%20width%3D%271920%27%20height%3D%271080%27%20fill-opacity%3D%220%22%2F%3E%3C%2Fsvg%3E\" class=\"attachment-blog-medium size-blog-medium lazyload\" alt=\"\" data-orig-src=\"https:\/\/kastela-garden-residence.hr\/wp-content\/uploads\/2024\/09\/S2_SOBA_1-320x202.jpg\" \/><\/a><\/div><\/div><\/div><div class=\"swiper-slide\"><div class=\"fusion-carousel-item-wrapper\"><div class=\"fusion-image-wrapper hover-type-liftup\"><a data-rel=\"iLightbox[image_carousel_1]\" data-title=\"S2_kupaonica_2\" aria-label=\"S2_kupaonica_2\" href=\"https:\/\/kastela-garden-residence.hr\/wp-content\/uploads\/2024\/09\/S2_kupaonica_2.jpg\" target=\"_self\"><img decoding=\"async\" width=\"320\" height=\"202\" src=\"data:image\/svg+xml,%3Csvg%20xmlns%3D%27http%3A%2F%2Fwww.w3.org%2F2000%2Fsvg%27%20width%3D%271920%27%20height%3D%271080%27%20viewBox%3D%270%200%201920%201080%27%3E%3Crect%20width%3D%271920%27%20height%3D%271080%27%20fill-opacity%3D%220%22%2F%3E%3C%2Fsvg%3E\" class=\"attachment-blog-medium size-blog-medium lazyload\" alt=\"\" data-orig-src=\"https:\/\/kastela-garden-residence.hr\/wp-content\/uploads\/2024\/09\/S2_kupaonica_2-320x202.jpg\" \/><\/a><\/div><\/div><\/div><div class=\"swiper-slide\"><div class=\"fusion-carousel-item-wrapper\"><div class=\"fusion-image-wrapper hover-type-liftup\"><a data-rel=\"iLightbox[image_carousel_1]\" data-title=\"S2_DNEVNI_2\" aria-label=\"S2_DNEVNI_2\" href=\"https:\/\/kastela-garden-residence.hr\/wp-content\/uploads\/2024\/09\/S2_DNEVNI_2.jpg\" target=\"_self\"><img decoding=\"async\" width=\"320\" height=\"202\" src=\"data:image\/svg+xml,%3Csvg%20xmlns%3D%27http%3A%2F%2Fwww.w3.org%2F2000%2Fsvg%27%20width%3D%271920%27%20height%3D%271080%27%20viewBox%3D%270%200%201920%201080%27%3E%3Crect%20width%3D%271920%27%20height%3D%271080%27%20fill-opacity%3D%220%22%2F%3E%3C%2Fsvg%3E\" class=\"attachment-blog-medium size-blog-medium lazyload\" alt=\"\" data-orig-src=\"https:\/\/kastela-garden-residence.hr\/wp-content\/uploads\/2024\/09\/S2_DNEVNI_2-320x202.jpg\" \/><\/a><\/div><\/div><\/div><div class=\"swiper-slide\"><div class=\"fusion-carousel-item-wrapper\"><div class=\"fusion-image-wrapper hover-type-liftup\"><a data-rel=\"iLightbox[image_carousel_1]\" data-title=\"S2_DNEVNI_1\" aria-label=\"S2_DNEVNI_1\" href=\"https:\/\/kastela-garden-residence.hr\/wp-content\/uploads\/2024\/09\/S2_DNEVNI_1.jpg\" target=\"_self\"><img decoding=\"async\" width=\"320\" height=\"202\" src=\"data:image\/svg+xml,%3Csvg%20xmlns%3D%27http%3A%2F%2Fwww.w3.org%2F2000%2Fsvg%27%20width%3D%271920%27%20height%3D%271080%27%20viewBox%3D%270%200%201920%201080%27%3E%3Crect%20width%3D%271920%27%20height%3D%271080%27%20fill-opacity%3D%220%22%2F%3E%3C%2Fsvg%3E\" class=\"attachment-blog-medium size-blog-medium lazyload\" alt=\"\" data-orig-src=\"https:\/\/kastela-garden-residence.hr\/wp-content\/uploads\/2024\/09\/S2_DNEVNI_1-320x202.jpg\" \/><\/a><\/div><\/div><\/div><div class=\"swiper-slide\"><div class=\"fusion-carousel-item-wrapper\"><div class=\"fusion-image-wrapper hover-type-liftup\"><a data-rel=\"iLightbox[image_carousel_1]\" data-title=\"S1_SOBA_2\" aria-label=\"S1_SOBA_2\" href=\"https:\/\/kastela-garden-residence.hr\/wp-content\/uploads\/2024\/09\/S1_SOBA_2.jpg\" target=\"_self\"><img decoding=\"async\" width=\"320\" height=\"202\" src=\"data:image\/svg+xml,%3Csvg%20xmlns%3D%27http%3A%2F%2Fwww.w3.org%2F2000%2Fsvg%27%20width%3D%271920%27%20height%3D%271080%27%20viewBox%3D%270%200%201920%201080%27%3E%3Crect%20width%3D%271920%27%20height%3D%271080%27%20fill-opacity%3D%220%22%2F%3E%3C%2Fsvg%3E\" class=\"attachment-blog-medium size-blog-medium lazyload\" alt=\"\" data-orig-src=\"https:\/\/kastela-garden-residence.hr\/wp-content\/uploads\/2024\/09\/S1_SOBA_2-320x202.jpg\" \/><\/a><\/div><\/div><\/div><div class=\"swiper-slide\"><div class=\"fusion-carousel-item-wrapper\"><div class=\"fusion-image-wrapper hover-type-liftup\"><a data-rel=\"iLightbox[image_carousel_1]\" data-title=\"S1_SOBA_1\" aria-label=\"S1_SOBA_1\" href=\"https:\/\/kastela-garden-residence.hr\/wp-content\/uploads\/2024\/09\/S1_SOBA_1.jpg\" target=\"_self\"><img decoding=\"async\" width=\"320\" height=\"202\" src=\"data:image\/svg+xml,%3Csvg%20xmlns%3D%27http%3A%2F%2Fwww.w3.org%2F2000%2Fsvg%27%20width%3D%271920%27%20height%3D%271080%27%20viewBox%3D%270%200%201920%201080%27%3E%3Crect%20width%3D%271920%27%20height%3D%271080%27%20fill-opacity%3D%220%22%2F%3E%3C%2Fsvg%3E\" class=\"attachment-blog-medium size-blog-medium lazyload\" alt=\"\" data-orig-src=\"https:\/\/kastela-garden-residence.hr\/wp-content\/uploads\/2024\/09\/S1_SOBA_1-320x202.jpg\" \/><\/a><\/div><\/div><\/div><div class=\"swiper-slide\"><div class=\"fusion-carousel-item-wrapper\"><div class=\"fusion-image-wrapper hover-type-liftup\"><a data-rel=\"iLightbox[image_carousel_1]\" data-title=\"S1_kupaonica_4\" aria-label=\"S1_kupaonica_4\" href=\"https:\/\/kastela-garden-residence.hr\/wp-content\/uploads\/2024\/09\/S1_kupaonica_4.jpg\" target=\"_self\"><img decoding=\"async\" width=\"320\" height=\"202\" src=\"data:image\/svg+xml,%3Csvg%20xmlns%3D%27http%3A%2F%2Fwww.w3.org%2F2000%2Fsvg%27%20width%3D%271920%27%20height%3D%271080%27%20viewBox%3D%270%200%201920%201080%27%3E%3Crect%20width%3D%271920%27%20height%3D%271080%27%20fill-opacity%3D%220%22%2F%3E%3C%2Fsvg%3E\" class=\"attachment-blog-medium size-blog-medium lazyload\" alt=\"\" data-orig-src=\"https:\/\/kastela-garden-residence.hr\/wp-content\/uploads\/2024\/09\/S1_kupaonica_4-320x202.jpg\" \/><\/a><\/div><\/div><\/div><div class=\"swiper-slide\"><div class=\"fusion-carousel-item-wrapper\"><div class=\"fusion-image-wrapper hover-type-liftup\"><a data-rel=\"iLightbox[image_carousel_1]\" data-title=\"S1_kupaonica_3\" aria-label=\"S1_kupaonica_3\" href=\"https:\/\/kastela-garden-residence.hr\/wp-content\/uploads\/2024\/09\/S1_kupaonica_3.jpg\" target=\"_self\"><img decoding=\"async\" width=\"320\" height=\"202\" src=\"data:image\/svg+xml,%3Csvg%20xmlns%3D%27http%3A%2F%2Fwww.w3.org%2F2000%2Fsvg%27%20width%3D%271920%27%20height%3D%271080%27%20viewBox%3D%270%200%201920%201080%27%3E%3Crect%20width%3D%271920%27%20height%3D%271080%27%20fill-opacity%3D%220%22%2F%3E%3C%2Fsvg%3E\" class=\"attachment-blog-medium size-blog-medium lazyload\" alt=\"\" data-orig-src=\"https:\/\/kastela-garden-residence.hr\/wp-content\/uploads\/2024\/09\/S1_kupaonica_3-320x202.jpg\" \/><\/a><\/div><\/div><\/div><div class=\"swiper-slide\"><div class=\"fusion-carousel-item-wrapper\"><div class=\"fusion-image-wrapper hover-type-liftup\"><a data-rel=\"iLightbox[image_carousel_1]\" data-title=\"S1_kupaonica_1\" aria-label=\"S1_kupaonica_1\" href=\"https:\/\/kastela-garden-residence.hr\/wp-content\/uploads\/2024\/09\/S1_kupaonica_1.jpg\" target=\"_self\"><img decoding=\"async\" width=\"320\" height=\"202\" src=\"data:image\/svg+xml,%3Csvg%20xmlns%3D%27http%3A%2F%2Fwww.w3.org%2F2000%2Fsvg%27%20width%3D%271920%27%20height%3D%271080%27%20viewBox%3D%270%200%201920%201080%27%3E%3Crect%20width%3D%271920%27%20height%3D%271080%27%20fill-opacity%3D%220%22%2F%3E%3C%2Fsvg%3E\" class=\"attachment-blog-medium size-blog-medium lazyload\" alt=\"\" data-orig-src=\"https:\/\/kastela-garden-residence.hr\/wp-content\/uploads\/2024\/09\/S1_kupaonica_1-320x202.jpg\" \/><\/a><\/div><\/div><\/div><div class=\"swiper-slide\"><div class=\"fusion-carousel-item-wrapper\"><div class=\"fusion-image-wrapper hover-type-liftup\"><a data-rel=\"iLightbox[image_carousel_1]\" data-title=\"S1_DNEVNI_2_2\" aria-label=\"S1_DNEVNI_2_2\" href=\"https:\/\/kastela-garden-residence.hr\/wp-content\/uploads\/2024\/09\/S1_DNEVNI_2_2.jpg\" target=\"_self\"><img decoding=\"async\" width=\"320\" height=\"202\" src=\"data:image\/svg+xml,%3Csvg%20xmlns%3D%27http%3A%2F%2Fwww.w3.org%2F2000%2Fsvg%27%20width%3D%271920%27%20height%3D%271080%27%20viewBox%3D%270%200%201920%201080%27%3E%3Crect%20width%3D%271920%27%20height%3D%271080%27%20fill-opacity%3D%220%22%2F%3E%3C%2Fsvg%3E\" class=\"attachment-blog-medium size-blog-medium lazyload\" alt=\"\" data-orig-src=\"https:\/\/kastela-garden-residence.hr\/wp-content\/uploads\/2024\/09\/S1_DNEVNI_2_2-320x202.jpg\" \/><\/a><\/div><\/div><\/div><div class=\"swiper-slide\"><div class=\"fusion-carousel-item-wrapper\"><div class=\"fusion-image-wrapper hover-type-liftup\"><a data-rel=\"iLightbox[image_carousel_1]\" data-title=\"S1_DNEVNI_2\" aria-label=\"S1_DNEVNI_2\" href=\"https:\/\/kastela-garden-residence.hr\/wp-content\/uploads\/2024\/09\/S1_DNEVNI_2.jpg\" target=\"_self\"><img decoding=\"async\" width=\"320\" height=\"202\" src=\"data:image\/svg+xml,%3Csvg%20xmlns%3D%27http%3A%2F%2Fwww.w3.org%2F2000%2Fsvg%27%20width%3D%271920%27%20height%3D%271080%27%20viewBox%3D%270%200%201920%201080%27%3E%3Crect%20width%3D%271920%27%20height%3D%271080%27%20fill-opacity%3D%220%22%2F%3E%3C%2Fsvg%3E\" class=\"attachment-blog-medium size-blog-medium lazyload\" alt=\"\" data-orig-src=\"https:\/\/kastela-garden-residence.hr\/wp-content\/uploads\/2024\/09\/S1_DNEVNI_2-320x202.jpg\" \/><\/a><\/div><\/div><\/div><div class=\"swiper-slide\"><div class=\"fusion-carousel-item-wrapper\"><div class=\"fusion-image-wrapper hover-type-liftup\"><a data-rel=\"iLightbox[image_carousel_1]\" data-title=\"S1_DNEVNI_1_2\" aria-label=\"S1_DNEVNI_1_2\" href=\"https:\/\/kastela-garden-residence.hr\/wp-content\/uploads\/2024\/09\/S1_DNEVNI_1_2.jpg\" target=\"_self\"><img decoding=\"async\" width=\"320\" height=\"202\" src=\"data:image\/svg+xml,%3Csvg%20xmlns%3D%27http%3A%2F%2Fwww.w3.org%2F2000%2Fsvg%27%20width%3D%271920%27%20height%3D%271080%27%20viewBox%3D%270%200%201920%201080%27%3E%3Crect%20width%3D%271920%27%20height%3D%271080%27%20fill-opacity%3D%220%22%2F%3E%3C%2Fsvg%3E\" class=\"attachment-blog-medium size-blog-medium lazyload\" alt=\"\" data-orig-src=\"https:\/\/kastela-garden-residence.hr\/wp-content\/uploads\/2024\/09\/S1_DNEVNI_1_2-320x202.jpg\" \/><\/a><\/div><\/div><\/div><\/div><div class=\"awb-swiper-button awb-swiper-button-prev\"><i class=\"awb-icon-angle-left\" aria-hidden=\"true\"><\/i><\/div><div class=\"awb-swiper-button awb-swiper-button-next\"><i class=\"awb-icon-angle-right\" aria-hidden=\"true\"><\/i><\/div><\/div><\/div><\/div><\/div><\/div><\/div><\/p>\n","protected":false},"excerpt":{"rendered":"","protected":false},"author":1,"featured_media":0,"parent":0,"menu_order":0,"comment_status":"closed","ping_status":"closed","template":"100-width.php","meta":{"footnotes":""},"class_list":["post-1886","page","type-page","status-publish","hentry"],"_links":{"self":[{"href":"https:\/\/kastela-garden-residence.hr\/de\/wp-json\/wp\/v2\/pages\/1886","targetHints":{"allow":["GET"]}}],"collection":[{"href":"https:\/\/kastela-garden-residence.hr\/de\/wp-json\/wp\/v2\/pages"}],"about":[{"href":"https:\/\/kastela-garden-residence.hr\/de\/wp-json\/wp\/v2\/types\/page"}],"author":[{"embeddable":true,"href":"https:\/\/kastela-garden-residence.hr\/de\/wp-json\/wp\/v2\/users\/1"}],"replies":[{"embeddable":true,"href":"https:\/\/kastela-garden-residence.hr\/de\/wp-json\/wp\/v2\/comments?post=1886"}],"version-history":[{"count":17,"href":"https:\/\/kastela-garden-residence.hr\/de\/wp-json\/wp\/v2\/pages\/1886\/revisions"}],"predecessor-version":[{"id":2429,"href":"https:\/\/kastela-garden-residence.hr\/de\/wp-json\/wp\/v2\/pages\/1886\/revisions\/2429"}],"wp:attachment":[{"href":"https:\/\/kastela-garden-residence.hr\/de\/wp-json\/wp\/v2\/media?parent=1886"}],"curies":[{"name":"wp","href":"https:\/\/api.w.org\/{rel}","templated":true}]}}