{"id":2003,"date":"2024-09-12T09:19:17","date_gmt":"2024-09-12T07:19:17","guid":{"rendered":"https:\/\/kastela-garden-residence.hr\/?post_type=avada_portfolio&#038;p=2003"},"modified":"2025-02-19T22:05:01","modified_gmt":"2025-02-19T21:05:01","slug":"zgrada-2-mirta","status":"publish","type":"avada_portfolio","link":"https:\/\/kastela-garden-residence.hr\/de\/portfolio\/zgrada-2-mirta\/","title":{"rendered":"Geb\u00e4ude 2 - Mirta"},"content":{"rendered":"<p><div class=\"fusion-fullwidth fullwidth-box fusion-builder-row-1 fusion-flex-container has-pattern-background has-mask-background hundred-percent-fullwidth non-hundred-percent-height-scrolling\" style=\"--awb-border-radius-top-left:0px;--awb-border-radius-top-right:0px;--awb-border-radius-bottom-right:0px;--awb-border-radius-bottom-left:0px;--awb-padding-bottom:30px;--awb-flex-wrap:wrap;\" ><div class=\"fusion-builder-row fusion-row fusion-flex-align-items-flex-start fusion-flex-content-wrap\" style=\"width:104% !important;max-width:104% !important;margin-left: calc(-4% \/ 2 );margin-right: calc(-4% \/ 2 );\"><div class=\"fusion-layout-column fusion_builder_column fusion-builder-column-0 fusion_builder_column_1_2 1_2 fusion-flex-column\" style=\"--awb-bg-size:cover;--awb-width-large:50%;--awb-margin-top-large:0px;--awb-spacing-right-large:3.84%;--awb-margin-bottom-large:20px;--awb-spacing-left-large:3.84%;--awb-width-medium:100%;--awb-order-medium:0;--awb-spacing-right-medium:1.92%;--awb-spacing-left-medium:1.92%;--awb-width-small:100%;--awb-order-small:0;--awb-spacing-right-small:1.92%;--awb-spacing-left-small:1.92%;\"><div class=\"fusion-column-wrapper fusion-column-has-shadow fusion-flex-justify-content-flex-start fusion-content-layout-column\"><div class=\"fusion-title title fusion-title-1 fusion-sep-none fusion-title-center fusion-title-highlight fusion-animate-once fusion-highlight-underline fusion-title-size-one\" style=\"--awb-margin-top-small:0px;--awb-margin-right-small:0px;--awb-margin-bottom-small:20px;--awb-margin-left-small:0px;--awb-font-size:40px;\" data-highlight=\"underline\"><h1 class=\"fusion-title-heading title-heading-center fusion-responsive-typography-calculated\" style=\"margin:0;text-transform:capitalize;font-size:1em;--fontSize:40;line-height:var(--awb-typography1-line-height);\"><span class=\"fusion-highlighted-text-prefix\"><\/span> <span class=\"fusion-highlighted-text-wrapper\"><span class=\"fusion-highlighted-text\">Stan S1<\/span><svg xmlns=\"http:\/\/www.w3.org\/2000\/svg\" viewBox=\"0 0 500 150\" preserveAspectRatio=\"none\"><path d=\"M8.1,146.2c0,0,240.6-55.6,479-13.8\"><\/path><\/svg><\/span> <span class=\"fusion-highlighted-text-postfix\"><\/span><\/h1><\/div>\n<style>\n\t#hotspot-2067 .hotspots-image-container,\n\t#hotspot-2067 .leaflet-container {\n\t\tbackground: #efefef\t}\n\n\t#hotspot-2067 .hotspots-placeholder,\n\t.featherlight .featherlight-content.lightbox-2067 {\n\t\tbackground: #ffffff;\n\t\tborder: 0 #ffffff solid;\n\t\tcolor: #000000;\n\t}\n\n\t#hotspot-2067 .hotspot-title,\n\t#hotspot-2067 .bc-product__title a,\n\t.featherlight .featherlight-content.lightbox-2067 .hotspot-title,\n\t.featherlight .featherlight-content.lightbox-2067 .bc-product__title a {\n\t\tcolor: #000000;\n\t}\n\n\t\t\t#hotspot-2067 .hotspot-style-1 {\n\t\t\tstroke-width: 1;\n\t\t\tfill: #eded6a;\n\t\t\tfill-opacity: 0.81;\n\t\t\tstroke: #ffffff;\n\t\t\tstroke-opacity: 0.81;\n\t\t}\n\t\t#hotspot-2067 .hotspot-style-1:hover,\n\t\t#hotspot-2067 .hotspot-style-1:focus-visible,\n\t\t#hotspot-2067 .hotspot-style-1.hotspot-active {\n\t\t\tfill: #37a031;\n\t\t\tfill-opacity: 0.81;\n\t\t\toutline: none;\n\t\t\tstroke: #ffffff;\n\t\t\tstroke-opacity: 0.81;\n\t\t}\n\t\t\t#hotspot-2067 .hotspot-default {\n\t\t\tstroke-width: 1;\n\t\t\tfill: #ffffff;\n\t\t\tfill-opacity: 0.81;\n\t\t\tstroke: #ffffff;\n\t\t\tstroke-opacity: 0.81;\n\t\t}\n\t\t#hotspot-2067 .hotspot-default:hover,\n\t\t#hotspot-2067 .hotspot-default:focus-visible,\n\t\t#hotspot-2067 .hotspot-default.hotspot-active {\n\t\t\tfill: #ffffff;\n\t\t\tfill-opacity: 0.81;\n\t\t\toutline: none;\n\t\t\tstroke: #ffffff;\n\t\t\tstroke-opacity: 0.81;\n\t\t}\n\t\t#hotspot-2067 .leaflet-tooltip,\n\t#hotspot-2067 .leaflet-rrose-content-wrapper {\n\t\tbackground: #ffffff;\n\t\tborder-color: #ffffff;\n\t\tcolor: #000000;\n\t}\n\n\t#hotspot-2067 a.leaflet-rrose-close-button {\n\t\tcolor: #000000;\n\t}\n\n\t#hotspot-2067 .leaflet-rrose-tip {\n\t\tbackground: #ffffff;\n\t}\n\n\t#hotspot-2067 .leaflet-popup-scrolled {\n\t\tborder-bottom-color: #000000;\n\t\tborder-top-color: #000000;\n\t}\n\n\t#hotspot-2067 .leaflet-tooltip-top:before {\n\t\tborder-top-color: #ffffff;\n\t}\n\n\t#hotspot-2067 .leaflet-tooltip-bottom:before {\n\t\tborder-bottom-color: #ffffff;\n\t}\n\t#hotspot-2067 .leaflet-tooltip-left:before {\n\t\tborder-left-color: #ffffff;\n\t}\n\t#hotspot-2067 .leaflet-tooltip-right:before {\n\t\tborder-right-color: #ffffff;\n\t}\n<\/style>\n\n\n\t<div class=\"hotspots-container links-only layout-left event-click\" id=\"hotspot-2067\" data-layout=\"left\" data-trigger=\"click\">\n\t\t<div class=\"hotspots-interaction\">\n\t\t\t<div class=\"hotspots-image-container\">\n\t<img\n\t\twidth=\"1920\"\n\t\theight=\"1477\"\n\t\tsrc=\"https:\/\/kastela-garden-residence.hr\/wp-content\/uploads\/2025\/02\/Kastela-Garden-Residence_tlocrt_Mirta_Lavanda.jpg\"\n\t\talt=\"Zgrada 2 &#8211; Stan 1\"\n\t\tclass=\"hotspots-image skip-lazy\"\n\t\tusemap=\"#hotspots-image-2067\"\n\t\tdata-image-title=\"Zgrada 2 &#8211; Stan 1\"\n\t\tdata-image-description=\"\"\n\t\tdata-event-trigger=\"click\"\n\t\tdata-always-visible=\"on\"\n\t\tdata-id=\"2067\"\n\t\tdata-no-lazy=\"1\"\n\t\tdata-lazy-src=\"\"\n\t\tdata-lazy=\"false\"\n\t\tloading=\"eager\"\n\t\tdata-skip-lazy=\"1\"\n\t\t>\n<\/div>\t\t<\/div>\n\t\t<map name=\"hotspots-image-2067\" class=\"hotspots-map\">\n\t\t\t\t\t\t\t\t\t\t\t<area\n\t\t\t\t\tshape=\"polygon\"\n\t\t\t\t\tcoords=\"988,317,890,347,915,431,883,441,892,472,870,479,882,526,907,520,920,564,942,639,952,686,1093,644,1131,526,1128,320,1046,343,1034,305\"\n\t\t\t\t\thref=\"https:\/\/kastela-garden-residence.hr\/wp-content\/uploads\/2026\/02\/Z2-S1-prodano-ced.jpg\"\n\t\t\t\t\trel=\"\"\n\t\t\t\t\ttitle=\"Stan S1 - PRODANO\"\n\t\t\t\t\talt=\"Stan S1 - PRODANO\"\n\t\t\t\t\tdata-action=\"url\"\n\t\t\t\t\tdata-color-scheme=\"style-1\"\n\t\t\t\t\tdata-id=\"area-hotspot-2067-0\"\n\t\t\t\t\ttarget=\"_new\"\n\t\t\t\t\tclass=\"url-area\"\n\t\t\t\t\t>\n\t\t\t\t\t<\/map>\n\n\t\t\n\t\t\t\t\t\t<\/div>\n\n<\/div><\/div><div class=\"fusion-layout-column fusion_builder_column fusion-builder-column-1 fusion_builder_column_1_2 1_2 fusion-flex-column\" style=\"--awb-bg-size:cover;--awb-width-large:50%;--awb-margin-top-large:0px;--awb-spacing-right-large:3.84%;--awb-margin-bottom-large:20px;--awb-spacing-left-large:3.84%;--awb-width-medium:100%;--awb-order-medium:0;--awb-spacing-right-medium:1.92%;--awb-spacing-left-medium:1.92%;--awb-width-small:100%;--awb-order-small:0;--awb-spacing-right-small:1.92%;--awb-spacing-left-small:1.92%;\"><div class=\"fusion-column-wrapper fusion-column-has-shadow fusion-flex-justify-content-flex-start fusion-content-layout-column\"><div class=\"accordian fusion-accordian\" style=\"--awb-border-size:1px;--awb-icon-size:16px;--awb-content-font-size:15px;--awb-icon-alignment:left;--awb-hover-color:var(--awb-color2);--awb-border-color:hsla(var(--awb-color7-h),var(--awb-color7-s),calc( var(--awb-color7-l) + 69% ),var(--awb-color7-a));--awb-background-color:var(--awb-color1);--awb-divider-color:var(--awb-color4);--awb-divider-hover-color:var(--awb-color4);--awb-icon-color:var(--awb-color1);--awb-title-color:var(--awb-color5);--awb-content-color:var(--awb-color6);--awb-icon-box-color:var(--awb-color8);--awb-toggle-hover-accent-color:var(--awb-color5);--awb-title-font-family:&quot;Raleway&quot;;--awb-title-font-weight:500;--awb-title-font-style:normal;--awb-content-font-family:&quot;Open Sans&quot;;--awb-content-font-style:normal;--awb-content-font-weight:400;\"><div class=\"panel-group fusion-toggle-icon-boxed\" id=\"accordion-2003-1\"><div class=\"fusion-panel panel-default panel-80fd35b5ad0669ab5 fusion-toggle-has-divider\" style=\"--awb-title-color:var(--awb-color5);--awb-content-color:var(--awb-color6);\"><div class=\"panel-heading\"><h4 class=\"panel-title toggle\" id=\"toggle_80fd35b5ad0669ab5\"><a aria-expanded=\"false\" aria-controls=\"80fd35b5ad0669ab5\" role=\"button\" data-toggle=\"collapse\" data-parent=\"#accordion-2003-1\" data-target=\"#80fd35b5ad0669ab5\" href=\"#80fd35b5ad0669ab5\"><span class=\"fusion-toggle-icon-wrapper\" aria-hidden=\"true\"><i class=\"fa-fusion-box active-icon awb-icon-minus\" aria-hidden=\"true\"><\/i><i class=\"fa-fusion-box inactive-icon awb-icon-plus\" aria-hidden=\"true\"><\/i><\/span><span class=\"fusion-toggle-heading\">Lokacija<\/span><\/a><\/h4><\/div><div id=\"80fd35b5ad0669ab5\" class=\"panel-collapse collapse \" aria-labelledby=\"toggle_80fd35b5ad0669ab5\"><div class=\"panel-body toggle-content fusion-clearfix\">\n<p>Stambeni kompleks novoizgra\u0111enih i planiranih stambenih i stambeno-poslovnih zgrada smje\u0161ten je izme\u0111u Ul. Marina Studina i Ul. Ivana Pavla II. Navedene ulice su povezane novom dvosmjernom cestom koja omogu\u0107ava dobru povezanost kompleksa sa \u0161irom lokacijom. Uz samu ulicu je smje\u0161ten vanjski parking dok prostrani mediteranski vrtovi kao glavni motiv cijelog kompleksa omogu\u0107uju privatnost i mirno okru\u017eenje osobito stanovima u prizemlju.<\/p>\n<\/div><\/div><\/div><div class=\"fusion-panel panel-default panel-414466fdb4abecaea fusion-toggle-has-divider\" style=\"--awb-title-color:var(--awb-color5);--awb-content-color:var(--awb-color6);\"><div class=\"panel-heading\"><h4 class=\"panel-title toggle\" id=\"toggle_414466fdb4abecaea\"><a aria-expanded=\"false\" aria-controls=\"414466fdb4abecaea\" role=\"button\" data-toggle=\"collapse\" data-parent=\"#accordion-2003-1\" data-target=\"#414466fdb4abecaea\" href=\"#414466fdb4abecaea\"><span class=\"fusion-toggle-icon-wrapper\" aria-hidden=\"true\"><i class=\"fa-fusion-box active-icon awb-icon-minus\" aria-hidden=\"true\"><\/i><i class=\"fa-fusion-box inactive-icon awb-icon-plus\" aria-hidden=\"true\"><\/i><\/span><span class=\"fusion-toggle-heading\">Katnost i sadr\u017eaj gra\u0111evine<\/span><\/a><\/h4><\/div><div id=\"414466fdb4abecaea\" class=\"panel-collapse collapse \" aria-labelledby=\"toggle_414466fdb4abecaea\"><div class=\"panel-body toggle-content fusion-clearfix\">\n<p>Kompleks \u010dine dvije vi\u0161estambene gra\u0111evine sa zajedni\u010dkim podrumom. Pristup u gara\u017eu je zajedni\u010dki dok je ulaz u gra\u0111evine zaseban iz podruma vertikalnim komunikacijama (stubi\u0161te i lift) odnosno preko ure\u0111enog terena za svaku gra\u0111evinu zasebno. Zajedni\u010dka podrumska eta\u017ea sadr\u017ei 28 parkirali\u0161nih mjesta i 14 spremi\u0161ta te druge servisne prostorije. Svaka gra\u0111evina ima po 7 stanova, po dva stana na eta\u017ei prizemlja, 1. i 2. kata i jedan stan na nadgra\u0111u. Prostrane terase stanova su tlocrtno smje\u0161tena na suprotne strane gra\u0111evine i omogu\u0107uju privatnost stanarima.<\/p>\n<\/div><\/div><\/div><div class=\"fusion-panel panel-default panel-d96d4cfb5acc474d6 fusion-toggle-has-divider\" style=\"--awb-title-color:var(--awb-color5);--awb-content-color:var(--awb-color6);\"><div class=\"panel-heading\"><h4 class=\"panel-title toggle\" id=\"toggle_d96d4cfb5acc474d6\"><a aria-expanded=\"false\" aria-controls=\"d96d4cfb5acc474d6\" role=\"button\" data-toggle=\"collapse\" data-parent=\"#accordion-2003-1\" data-target=\"#d96d4cfb5acc474d6\" href=\"#d96d4cfb5acc474d6\"><span class=\"fusion-toggle-icon-wrapper\" aria-hidden=\"true\"><i class=\"fa-fusion-box active-icon awb-icon-minus\" aria-hidden=\"true\"><\/i><i class=\"fa-fusion-box inactive-icon awb-icon-plus\" aria-hidden=\"true\"><\/i><\/span><span class=\"fusion-toggle-heading\">Konstrukcija<\/span><\/a><\/h4><\/div><div id=\"d96d4cfb5acc474d6\" class=\"panel-collapse collapse \" aria-labelledby=\"toggle_d96d4cfb5acc474d6\"><div class=\"panel-body toggle-content fusion-clearfix\">\n<p>Konstrukcija zgrade je armiranobetonska (sustav armiranobetonskih: nosivih zidova, nosivih horizontalnih i vertikalnih elemenata, monolitnih me\u0111ukatnih plo\u010da i ravnog krova). Armirano betonski zidovi su debljine 20 cm kao i me\u0111ukatne plo\u010de. Vanjski zidovi dijelom su zidani Porotherm blok opekom debljine 20 cm. Pregradni zidovi su tako\u0111er zidani Porotherm blok opekom debljine 11,5 cm. Okno dizala i stubi\u0161na jezgra su izvedeni od armiranobetonskih zidova debljine 20 cm, toplinski i zvu\u010dno izolirani prema stanovima. Svijetla visina u stanovima (visina od gotovog poda do stropa) iznosi 257 \u2013 272 cm.<\/p>\n<\/div><\/div><\/div><div class=\"fusion-panel panel-default panel-8522a182bce15585c fusion-toggle-has-divider\" style=\"--awb-title-color:var(--awb-color5);--awb-content-color:var(--awb-color6);\"><div class=\"panel-heading\"><h4 class=\"panel-title toggle\" id=\"toggle_8522a182bce15585c\"><a aria-expanded=\"false\" aria-controls=\"8522a182bce15585c\" role=\"button\" data-toggle=\"collapse\" data-parent=\"#accordion-2003-1\" data-target=\"#8522a182bce15585c\" href=\"#8522a182bce15585c\"><span class=\"fusion-toggle-icon-wrapper\" aria-hidden=\"true\"><i class=\"fa-fusion-box active-icon awb-icon-minus\" aria-hidden=\"true\"><\/i><i class=\"fa-fusion-box inactive-icon awb-icon-plus\" aria-hidden=\"true\"><\/i><\/span><span class=\"fusion-toggle-heading\">Fasada<\/span><\/a><\/h4><\/div><div id=\"8522a182bce15585c\" class=\"panel-collapse collapse \" aria-labelledby=\"toggle_8522a182bce15585c\"><div class=\"panel-body toggle-content fusion-clearfix\">\n<p>Fasada je izvedena kao ETICS sustav s 10 cm kamene vune sa zavr\u0161nim slojem od silikatne \u017ebuke.<\/p>\n<\/div><\/div><\/div><div class=\"fusion-panel panel-default panel-1638223166884e780 fusion-toggle-has-divider\" style=\"--awb-title-color:var(--awb-color5);--awb-content-color:var(--awb-color6);\"><div class=\"panel-heading\"><h4 class=\"panel-title toggle\" id=\"toggle_1638223166884e780\"><a aria-expanded=\"false\" aria-controls=\"1638223166884e780\" role=\"button\" data-toggle=\"collapse\" data-parent=\"#accordion-2003-1\" data-target=\"#1638223166884e780\" href=\"#1638223166884e780\"><span class=\"fusion-toggle-icon-wrapper\" aria-hidden=\"true\"><i class=\"fa-fusion-box active-icon awb-icon-minus\" aria-hidden=\"true\"><\/i><i class=\"fa-fusion-box inactive-icon awb-icon-plus\" aria-hidden=\"true\"><\/i><\/span><span class=\"fusion-toggle-heading\">Krov<\/span><\/a><\/h4><\/div><div id=\"1638223166884e780\" class=\"panel-collapse collapse \" aria-labelledby=\"toggle_1638223166884e780\"><div class=\"panel-body toggle-content fusion-clearfix\">\n<p>Krov je ravni neprohodni izveden od monolitne armiranobetonske plo\u010de u nagibu, minimalne debljine 20 cm, s parnom branom, toplinskom izolacijom (EPS) debljine 20 cm, zavr\u0161no prekriven hidroizolacijskom TPO folijom otpornom na UV zrake i za\u0161ti\u0107en oblutkom.<\/p>\n<\/div><\/div><\/div><div class=\"fusion-panel panel-default panel-2ec678a23dffc75ed fusion-toggle-has-divider\" style=\"--awb-title-color:var(--awb-color5);--awb-content-color:var(--awb-color6);\"><div class=\"panel-heading\"><h4 class=\"panel-title toggle\" id=\"toggle_2ec678a23dffc75ed\"><a aria-expanded=\"false\" aria-controls=\"2ec678a23dffc75ed\" role=\"button\" data-toggle=\"collapse\" data-parent=\"#accordion-2003-1\" data-target=\"#2ec678a23dffc75ed\" href=\"#2ec678a23dffc75ed\"><span class=\"fusion-toggle-icon-wrapper\" aria-hidden=\"true\"><i class=\"fa-fusion-box active-icon awb-icon-minus\" aria-hidden=\"true\"><\/i><i class=\"fa-fusion-box inactive-icon awb-icon-plus\" aria-hidden=\"true\"><\/i><\/span><span class=\"fusion-toggle-heading\">Vanjska stolarija<\/span><\/a><\/h4><\/div><div id=\"2ec678a23dffc75ed\" class=\"panel-collapse collapse \" aria-labelledby=\"toggle_2ec678a23dffc75ed\"><div class=\"panel-body toggle-content fusion-clearfix\">\n<p>Stolarija je izvedena od kvalitetnih PVC profila s aluminijskom oblogom izvana (izvana u sivo srebrnoj boji, unutra u bijeloj) s trostrukoizoliraju\u0107im staklom. Svi vanjski zatvori imaju aluminijske rolete u sivoj boji i komarnike (klizne ili rolo). Otvori su otklopno \u2013 zaokretni, klizni i podizno \u2013 klizni, a sve rolete (osim u kupaonicama) imaju elektronsko upravljanje &#8211; pogon na elektromotor.<\/p>\n<\/div><\/div><\/div><div class=\"fusion-panel panel-default panel-3cebe3b590494a0f4 fusion-toggle-has-divider\" style=\"--awb-title-color:var(--awb-color5);--awb-content-color:var(--awb-color6);\"><div class=\"panel-heading\"><h4 class=\"panel-title toggle\" id=\"toggle_3cebe3b590494a0f4\"><a aria-expanded=\"false\" aria-controls=\"3cebe3b590494a0f4\" role=\"button\" data-toggle=\"collapse\" data-parent=\"#accordion-2003-1\" data-target=\"#3cebe3b590494a0f4\" href=\"#3cebe3b590494a0f4\"><span class=\"fusion-toggle-icon-wrapper\" aria-hidden=\"true\"><i class=\"fa-fusion-box active-icon awb-icon-minus\" aria-hidden=\"true\"><\/i><i class=\"fa-fusion-box inactive-icon awb-icon-plus\" aria-hidden=\"true\"><\/i><\/span><span class=\"fusion-toggle-heading\">Zajedni\u010dki prostori i spremi\u0161ta<\/span><\/a><\/h4><\/div><div id=\"3cebe3b590494a0f4\" class=\"panel-collapse collapse \" aria-labelledby=\"toggle_3cebe3b590494a0f4\"><div class=\"panel-body toggle-content fusion-clearfix\">\n<p>Ulazni prostor, stubi\u0161ta i hodnici su poplo\u010dani kamenim plo\u010dama debljine 3 cm. Ograde i rukohvati u stubi\u0161tima izvedeni su kao bravarska ograda visine do 110 cm. Dizala su be\u0161umna kroz sve eta\u017ee. U natkrivenom ulazu su smje\u0161teni po\u0161tanski sandu\u010di\u0107i, paneli za obavijest te parlafon s video kontrolom.<\/p>\n<p>Podovi u podrumskim spremi\u0161tima zavr\u0161no su premazani epoksidnim premazom.<\/p>\n<\/div><\/div><\/div><div class=\"fusion-panel panel-default panel-06663c334bff20d73 fusion-toggle-has-divider\" style=\"--awb-title-color:var(--awb-color5);--awb-content-color:var(--awb-color6);\"><div class=\"panel-heading\"><h4 class=\"panel-title toggle\" id=\"toggle_06663c334bff20d73\"><a aria-expanded=\"false\" aria-controls=\"06663c334bff20d73\" role=\"button\" data-toggle=\"collapse\" data-parent=\"#accordion-2003-1\" data-target=\"#06663c334bff20d73\" href=\"#06663c334bff20d73\"><span class=\"fusion-toggle-icon-wrapper\" aria-hidden=\"true\"><i class=\"fa-fusion-box active-icon awb-icon-minus\" aria-hidden=\"true\"><\/i><i class=\"fa-fusion-box inactive-icon awb-icon-plus\" aria-hidden=\"true\"><\/i><\/span><span class=\"fusion-toggle-heading\">Gara\u017ee i parkirna mjesta<\/span><\/a><\/h4><\/div><div id=\"06663c334bff20d73\" class=\"panel-collapse collapse \" aria-labelledby=\"toggle_06663c334bff20d73\"><div class=\"panel-body toggle-content fusion-clearfix\">\n<p>Gara\u017ee su smje\u0161tene u podrumskoj eta\u017ei, sa zajedni\u010dkom ulaznom rampom s rolo vratima na daljinsko upravljanje. Kolna komunikacija je zajedni\u010dka i kru\u017ena, a parkirna mjesta su otvorena. Svaki stan u gara\u017ei ima osigurana dva parkirna mjesta te pripadaju\u0107e spremi\u0161te. Gara\u017ea ima prirodnu i mehani\u010dku ventilaciju.<\/p>\n<\/div><\/div><\/div><div class=\"fusion-panel panel-default panel-7bd77ad9ac9256ab2 fusion-toggle-has-divider\" style=\"--awb-title-color:var(--awb-color5);--awb-content-color:var(--awb-color6);\"><div class=\"panel-heading\"><h4 class=\"panel-title toggle\" id=\"toggle_7bd77ad9ac9256ab2\"><a aria-expanded=\"false\" aria-controls=\"7bd77ad9ac9256ab2\" role=\"button\" data-toggle=\"collapse\" data-parent=\"#accordion-2003-1\" data-target=\"#7bd77ad9ac9256ab2\" href=\"#7bd77ad9ac9256ab2\"><span class=\"fusion-toggle-icon-wrapper\" aria-hidden=\"true\"><i class=\"fa-fusion-box active-icon awb-icon-minus\" aria-hidden=\"true\"><\/i><i class=\"fa-fusion-box inactive-icon awb-icon-plus\" aria-hidden=\"true\"><\/i><\/span><span class=\"fusion-toggle-heading\">Stolarija<\/span><\/a><\/h4><\/div><div id=\"7bd77ad9ac9256ab2\" class=\"panel-collapse collapse \" aria-labelledby=\"toggle_7bd77ad9ac9256ab2\"><div class=\"panel-body toggle-content fusion-clearfix\">\n<p>Ulazna vrata u stan su protuprovalna i protupo\u017earna s dodatnom zvu\u010dnom izolacijom. Unutarnja stolarija izvedena od punih, glatkih vrata s dovratnikom u bijeloj boji visine 210 cm.<\/p>\n<\/div><\/div><\/div><div class=\"fusion-panel panel-default panel-8fa98f0f8528c94fe fusion-toggle-has-divider\" style=\"--awb-title-color:var(--awb-color5);--awb-content-color:var(--awb-color6);\"><div class=\"panel-heading\"><h4 class=\"panel-title toggle\" id=\"toggle_8fa98f0f8528c94fe\"><a aria-expanded=\"false\" aria-controls=\"8fa98f0f8528c94fe\" role=\"button\" data-toggle=\"collapse\" data-parent=\"#accordion-2003-1\" data-target=\"#8fa98f0f8528c94fe\" href=\"#8fa98f0f8528c94fe\"><span class=\"fusion-toggle-icon-wrapper\" aria-hidden=\"true\"><i class=\"fa-fusion-box active-icon awb-icon-minus\" aria-hidden=\"true\"><\/i><i class=\"fa-fusion-box inactive-icon awb-icon-plus\" aria-hidden=\"true\"><\/i><\/span><span class=\"fusion-toggle-heading\">Zidovi i stropovi<\/span><\/a><\/h4><\/div><div id=\"8fa98f0f8528c94fe\" class=\"panel-collapse collapse \" aria-labelledby=\"toggle_8fa98f0f8528c94fe\"><div class=\"panel-body toggle-content fusion-clearfix\">\n<p>Nosivi zidovi su armirano betonski zidovi debljine 20 cm, a dijelom su zidani Porotherm blok opekom debljine 20 cm. Pregradni zidovi su zidani Porotherm blok opekom debljine 11,5 cm. Unutarnje povr\u0161ine zidova i stropova su o\u017ebukane i oli\u010dene poludisperzivnom bijelom bojom.<\/p>\n<p>Kao zidne obloge kupaonice ugra\u0111ene su visokokvalitetne kerami\u010dke plo\u010dice I klase.<\/p>\n<\/div><\/div><\/div><div class=\"fusion-panel panel-default panel-a349e0d58cf650d3b fusion-toggle-has-divider\" style=\"--awb-title-color:var(--awb-color5);--awb-content-color:var(--awb-color6);\"><div class=\"panel-heading\"><h4 class=\"panel-title toggle\" id=\"toggle_a349e0d58cf650d3b\"><a aria-expanded=\"false\" aria-controls=\"a349e0d58cf650d3b\" role=\"button\" data-toggle=\"collapse\" data-parent=\"#accordion-2003-1\" data-target=\"#a349e0d58cf650d3b\" href=\"#a349e0d58cf650d3b\"><span class=\"fusion-toggle-icon-wrapper\" aria-hidden=\"true\"><i class=\"fa-fusion-box active-icon awb-icon-minus\" aria-hidden=\"true\"><\/i><i class=\"fa-fusion-box inactive-icon awb-icon-plus\" aria-hidden=\"true\"><\/i><\/span><span class=\"fusion-toggle-heading\">Podovi<\/span><\/a><\/h4><\/div><div id=\"a349e0d58cf650d3b\" class=\"panel-collapse collapse \" aria-labelledby=\"toggle_a349e0d58cf650d3b\"><div class=\"panel-body toggle-content fusion-clearfix\">\n<p>Podovi spava\u0107ih soba su oblo\u017eeni hrastovim parketom I klase, zavr\u0161no lakiranim, modernog izgleda u natur boji, s letvicama u bijeloj boji. Podovi ostalih prostorija su oblo\u017eeni kerami\u010dkim plo\u010dicama, a loggie vanjskim protukliznim kerami\u010dkim plo\u010dicama sve I klase. Na povr\u0161inama s plo\u010dicama izveden je kerami\u010dki sokl.<\/p>\n<p>Zidovi gra\u0111evine s termi\u010dki obra\u0111enim pro\u010deljima, s o\u017ebukanim unutarnjim povr\u0161inama zidova i stropova, podovi s podnim slojevima toplinske i zvu\u010dne za\u0161tite, \u010dine ugra\u0111eni materijali koji pojedina\u010dno i u kompletu imaju sposobnost izdr\u017eati sva mehani\u010dka i druga predvi\u0111ena djelovanja pri normalnoj upotrebi.<\/p>\n<\/div><\/div><\/div><div class=\"fusion-panel panel-default panel-2b40e6aea46942b9c fusion-toggle-has-divider\" style=\"--awb-title-color:var(--awb-color5);--awb-content-color:var(--awb-color6);\"><div class=\"panel-heading\"><h4 class=\"panel-title toggle\" id=\"toggle_2b40e6aea46942b9c\"><a aria-expanded=\"false\" aria-controls=\"2b40e6aea46942b9c\" role=\"button\" data-toggle=\"collapse\" data-parent=\"#accordion-2003-1\" data-target=\"#2b40e6aea46942b9c\" href=\"#2b40e6aea46942b9c\"><span class=\"fusion-toggle-icon-wrapper\" aria-hidden=\"true\"><i class=\"fa-fusion-box active-icon awb-icon-minus\" aria-hidden=\"true\"><\/i><i class=\"fa-fusion-box inactive-icon awb-icon-plus\" aria-hidden=\"true\"><\/i><\/span><span class=\"fusion-toggle-heading\">Kupaonice i WC<\/span><\/a><\/h4><\/div><div id=\"2b40e6aea46942b9c\" class=\"panel-collapse collapse \" aria-labelledby=\"toggle_2b40e6aea46942b9c\"><div class=\"panel-body toggle-content fusion-clearfix\">\n<p>Sva sanitarna oprema je visoke kvalitete poznatih proizvo\u0111a\u010da. Opremu \u010dine: konzolni umivaonici s pripadaju\u0107im mije\u0161alicama, konzolna WC \u0161koljka s poklopcem i s nisko\u0161umnim ugradbenim vodokotli\u0107em, tu\u0161 \u2013 kada s tu\u0161 setom. Priklju\u010dak za perilicu rublja s odvodnjom.<\/p>\n<p>Zidovi su oblo\u017eeni kerami\u010dkim plo\u010dicama I klase od poda do pune visine prostorije.<\/p>\n<p>Bojleri PTV su smje\u0161teni u podrumu u zajedni\u010dkom prostoru.<\/p>\n<\/div><\/div><\/div><div class=\"fusion-panel panel-default panel-a6200b1c193bf38b9 fusion-toggle-has-divider\" style=\"--awb-title-color:var(--awb-color5);--awb-content-color:var(--awb-color6);\"><div class=\"panel-heading\"><h4 class=\"panel-title toggle\" id=\"toggle_a6200b1c193bf38b9\"><a aria-expanded=\"false\" aria-controls=\"a6200b1c193bf38b9\" role=\"button\" data-toggle=\"collapse\" data-parent=\"#accordion-2003-1\" data-target=\"#a6200b1c193bf38b9\" href=\"#a6200b1c193bf38b9\"><span class=\"fusion-toggle-icon-wrapper\" aria-hidden=\"true\"><i class=\"fa-fusion-box active-icon awb-icon-minus\" aria-hidden=\"true\"><\/i><i class=\"fa-fusion-box inactive-icon awb-icon-plus\" aria-hidden=\"true\"><\/i><\/span><span class=\"fusion-toggle-heading\">Elektroinstalacije<\/span><\/a><\/h4><\/div><div id=\"a6200b1c193bf38b9\" class=\"panel-collapse collapse \" aria-labelledby=\"toggle_a6200b1c193bf38b9\"><div class=\"panel-body toggle-content fusion-clearfix\">\n<p>Elektrobrojila su smje\u0161tena u vanjskom ure\u0111enom terenu (uz zapadnu granicu). Elektro oprema je visoke kvalitete poznatih proizvo\u0111a\u010da.<\/p>\n<p>U stanovima su predvi\u0111ene telefonske i TV uti\u010dnice, stropna i zidna rasvjeta te termostat u dnevnom boravku i spava\u0107im sobama. Elektrooprema kuhinje sastoji se od izvoda za \u0161tednjak, uti\u010dnice za hladnjak, uti\u010dnice za perilicu, uti\u010dnice u pojasu iznad radne plohe, izvod za napu i uti\u010dnice na kuhinjskom otoku. Elektrooprema kupaonice sadr\u017ei priklju\u010dnicu za perilicu rublja, nadsvjetlo iznad umivaonika, uti\u010dnice na zidu te izvod za ventilator. Elektrooprema u hodniku su rasvjetna tijela, strujni razdjelnik stana, ormari\u0107 slabe struje, uti\u010dnica, centralno sklop struje cijelog stana.<\/p>\n<p>Osigurana je mogu\u0107nost spajanja na kabelsku TV preko instalacija zajedni\u010dkog antenskog satelita.<\/p>\n<p>Spremi\u0161ta, u kojima je izvedena stropna rasvjeta su povezana s brojilom pripadaju\u0107eg stana, a lift, hodnici i gara\u017ea vezani su na zasebno brojilo zajedni\u010dke potro\u0161nje.<\/p>\n<\/div><\/div><\/div><div class=\"fusion-panel panel-default panel-ad15f8b2c305e85d2 fusion-toggle-has-divider\" style=\"--awb-title-color:var(--awb-color5);--awb-content-color:var(--awb-color6);\"><div class=\"panel-heading\"><h4 class=\"panel-title toggle\" id=\"toggle_ad15f8b2c305e85d2\"><a aria-expanded=\"false\" aria-controls=\"ad15f8b2c305e85d2\" role=\"button\" data-toggle=\"collapse\" data-parent=\"#accordion-2003-1\" data-target=\"#ad15f8b2c305e85d2\" href=\"#ad15f8b2c305e85d2\"><span class=\"fusion-toggle-icon-wrapper\" aria-hidden=\"true\"><i class=\"fa-fusion-box active-icon awb-icon-minus\" aria-hidden=\"true\"><\/i><i class=\"fa-fusion-box inactive-icon awb-icon-plus\" aria-hidden=\"true\"><\/i><\/span><span class=\"fusion-toggle-heading\">Instalacije vodovoda i odvodnje<\/span><\/a><\/h4><\/div><div id=\"ad15f8b2c305e85d2\" class=\"panel-collapse collapse \" aria-labelledby=\"toggle_ad15f8b2c305e85d2\"><div class=\"panel-body toggle-content fusion-clearfix\">\n<p>Opskrba vodom je priklju\u010dkom na javnu gradsku vodovodnu mre\u017eu. Na priklju\u010dnom cjevovodu je okno s ugra\u0111enim vodomjerima za svaki stan zasebno. Razvod vode se vr\u0161i PPR toplinski izoliranim cijevima.<\/p>\n<p>Odvodnja otpadnih voda je priklju\u010dkom na kanalizacijski sustav naselja. Za odvodnju su kori\u0161tene nisko\u0161umne cijevi.<\/p>\n<p>Priprema potro\u0161ne tople vode je preko bojlera \u2013 dizalica topline smje\u0161tenih u podrumskoj eta\u017ei, za svaki stan zasebno.<\/p>\n<p>Glavni ventil za vodu nalazi se na svakom od stubi\u0161ta.<\/p>\n<\/div><\/div><\/div><div class=\"fusion-panel panel-default panel-d2a3d0d11b63f912f fusion-toggle-has-divider\" style=\"--awb-title-color:var(--awb-color5);--awb-content-color:var(--awb-color6);\"><div class=\"panel-heading\"><h4 class=\"panel-title toggle\" id=\"toggle_d2a3d0d11b63f912f\"><a aria-expanded=\"false\" aria-controls=\"d2a3d0d11b63f912f\" role=\"button\" data-toggle=\"collapse\" data-parent=\"#accordion-2003-1\" data-target=\"#d2a3d0d11b63f912f\" href=\"#d2a3d0d11b63f912f\"><span class=\"fusion-toggle-icon-wrapper\" aria-hidden=\"true\"><i class=\"fa-fusion-box active-icon awb-icon-minus\" aria-hidden=\"true\"><\/i><i class=\"fa-fusion-box inactive-icon awb-icon-plus\" aria-hidden=\"true\"><\/i><\/span><span class=\"fusion-toggle-heading\">Grijanje i hla\u0111enje<\/span><\/a><\/h4><\/div><div id=\"d2a3d0d11b63f912f\" class=\"panel-collapse collapse \" aria-labelledby=\"toggle_d2a3d0d11b63f912f\"><div class=\"panel-body toggle-content fusion-clearfix\">\n<p>Za sve stanove kori\u0161teni su ure\u0111aji proizvo\u0111a\u010da.<\/p>\n<p>Kao vanjska jedinica ugra\u0111en je inverter sustav multi split snage 9,3\/8,3 Kw.<\/p>\n<p>Stanovi su opremljeni kanalskim razvodom unutarnjih klima jedinica, u dnevnom boravku snage 4,0\/3,5 Kw, a u sobama jedinice snage 2,5\/2,0 Kw, s daljinskim i Wifi upravljanjem.<\/p>\n<p>U dnevnom dijelu stana i kupaonicama je izvedeno podno grijanje sustavom elektri\u010dne mre\u017eice, komplet s termostatom i senzorima za temperaturu.<\/p>\n<\/div><\/div><\/div><div class=\"fusion-panel panel-default panel-63db64c4572dde259 fusion-toggle-has-divider\" style=\"--awb-title-color:var(--awb-color5);--awb-content-color:var(--awb-color6);\"><div class=\"panel-heading\"><h4 class=\"panel-title toggle\" id=\"toggle_63db64c4572dde259\"><a aria-expanded=\"false\" aria-controls=\"63db64c4572dde259\" role=\"button\" data-toggle=\"collapse\" data-parent=\"#accordion-2003-1\" data-target=\"#63db64c4572dde259\" href=\"#63db64c4572dde259\"><span class=\"fusion-toggle-icon-wrapper\" aria-hidden=\"true\"><i class=\"fa-fusion-box active-icon awb-icon-minus\" aria-hidden=\"true\"><\/i><i class=\"fa-fusion-box inactive-icon awb-icon-plus\" aria-hidden=\"true\"><\/i><\/span><span class=\"fusion-toggle-heading\">Ventilacija<\/span><\/a><\/h4><\/div><div id=\"63db64c4572dde259\" class=\"panel-collapse collapse \" aria-labelledby=\"toggle_63db64c4572dde259\"><div class=\"panel-body toggle-content fusion-clearfix\">\n<p>Umjetna ventilacija je osigurana be\u0161umnim ventilatorima u svim sanitarnim prostorijama, a ventilacija kuhinja osigurana je zasebnim cijevima za odvod napa.<\/p>\n<p>Unutar gara\u017ee osigurana je prirodna i mehani\u010dka ventilacija kao i ventilacija svakog spremi\u0161ta pojedina\u010dno.<\/p>\n<\/div><\/div><\/div><div class=\"fusion-panel panel-default panel-fd2bd1fb54ecc9284 fusion-toggle-has-divider\" style=\"--awb-title-color:var(--awb-color5);--awb-content-color:var(--awb-color6);\"><div class=\"panel-heading\"><h4 class=\"panel-title toggle\" id=\"toggle_fd2bd1fb54ecc9284\"><a aria-expanded=\"false\" aria-controls=\"fd2bd1fb54ecc9284\" role=\"button\" data-toggle=\"collapse\" data-parent=\"#accordion-2003-1\" data-target=\"#fd2bd1fb54ecc9284\" href=\"#fd2bd1fb54ecc9284\"><span class=\"fusion-toggle-icon-wrapper\" aria-hidden=\"true\"><i class=\"fa-fusion-box active-icon awb-icon-minus\" aria-hidden=\"true\"><\/i><i class=\"fa-fusion-box inactive-icon awb-icon-plus\" aria-hidden=\"true\"><\/i><\/span><span class=\"fusion-toggle-heading\">Energetski razred<\/span><\/a><\/h4><\/div><div id=\"fd2bd1fb54ecc9284\" class=\"panel-collapse collapse \" aria-labelledby=\"toggle_fd2bd1fb54ecc9284\"><div class=\"panel-body toggle-content fusion-clearfix\">\n<p>Isho\u0111en je energetski certifikat razreda A+.<\/p>\n<\/div><\/div><\/div><div class=\"fusion-panel panel-default panel-e4a36428510b4da5f fusion-toggle-has-divider\" style=\"--awb-title-color:var(--awb-color5);--awb-content-color:var(--awb-color6);\"><div class=\"panel-heading\"><h4 class=\"panel-title toggle\" id=\"toggle_e4a36428510b4da5f\"><a aria-expanded=\"false\" aria-controls=\"e4a36428510b4da5f\" role=\"button\" data-toggle=\"collapse\" data-parent=\"#accordion-2003-1\" data-target=\"#e4a36428510b4da5f\" href=\"#e4a36428510b4da5f\"><span class=\"fusion-toggle-icon-wrapper\" aria-hidden=\"true\"><i class=\"fa-fusion-box active-icon awb-icon-minus\" aria-hidden=\"true\"><\/i><i class=\"fa-fusion-box inactive-icon awb-icon-plus\" aria-hidden=\"true\"><\/i><\/span><span class=\"fusion-toggle-heading\">Uvjeti odr\u017eavanja gra\u0111evine<\/span><\/a><\/h4><\/div><div id=\"e4a36428510b4da5f\" class=\"panel-collapse collapse \" aria-labelledby=\"toggle_e4a36428510b4da5f\"><div class=\"panel-body toggle-content fusion-clearfix\">\n<p>Kupac \u0107e prilikom preuzimanja stana dobiti knji\u017eicu s uputama za kori\u0161tenje i odr\u017eavanje ugra\u0111ene opreme.<\/p>\n<\/div><\/div><\/div><div class=\"fusion-panel panel-default panel-d25f8d075dc8ad217 fusion-toggle-has-divider\" style=\"--awb-title-color:var(--awb-color5);--awb-content-color:var(--awb-color6);\"><div class=\"panel-heading\"><h4 class=\"panel-title toggle\" id=\"toggle_d25f8d075dc8ad217\"><a aria-expanded=\"false\" aria-controls=\"d25f8d075dc8ad217\" role=\"button\" data-toggle=\"collapse\" data-parent=\"#accordion-2003-1\" data-target=\"#d25f8d075dc8ad217\" href=\"#d25f8d075dc8ad217\"><span class=\"fusion-toggle-icon-wrapper\" aria-hidden=\"true\"><i class=\"fa-fusion-box active-icon awb-icon-minus\" aria-hidden=\"true\"><\/i><i class=\"fa-fusion-box inactive-icon awb-icon-plus\" aria-hidden=\"true\"><\/i><\/span><span class=\"fusion-toggle-heading\">Ure\u0111enje okoli\u0161a<\/span><\/a><\/h4><\/div><div id=\"d25f8d075dc8ad217\" class=\"panel-collapse collapse \" aria-labelledby=\"toggle_d25f8d075dc8ad217\"><div class=\"panel-body toggle-content fusion-clearfix\">\n<p>Okoli\u0161 je ure\u0111en kolnim i pje\u0161a\u010dkim povr\u0161inama i hortikulturno ure\u0111enim vrtovima.<\/p>\n<\/div><\/div><\/div><div class=\"fusion-panel panel-default panel-bfa720c98eeace034 fusion-toggle-has-divider\" style=\"--awb-title-color:var(--awb-color5);--awb-content-color:var(--awb-color6);\"><div class=\"panel-heading\"><h4 class=\"panel-title toggle\" id=\"toggle_bfa720c98eeace034\"><a aria-expanded=\"false\" aria-controls=\"bfa720c98eeace034\" role=\"button\" data-toggle=\"collapse\" data-parent=\"#accordion-2003-1\" data-target=\"#bfa720c98eeace034\" href=\"#bfa720c98eeace034\"><span class=\"fusion-toggle-icon-wrapper\" aria-hidden=\"true\"><i class=\"fa-fusion-box active-icon awb-icon-minus\" aria-hidden=\"true\"><\/i><i class=\"fa-fusion-box inactive-icon awb-icon-plus\" aria-hidden=\"true\"><\/i><\/span><span class=\"fusion-toggle-heading\">Garancija<\/span><\/a><\/h4><\/div><div id=\"bfa720c98eeace034\" class=\"panel-collapse collapse \" aria-labelledby=\"toggle_bfa720c98eeace034\"><div class=\"panel-body toggle-content fusion-clearfix\">\n<p>Garantni rok za kvalitetu izvedbe gra\u0111evinskih i gra\u0111evinsko-obrtni\u010dkih radova odre\u0111en je u skladu sa zakonom i posebnim propisima i to 2 godine za obrtni\u010dke radove, a 10 godina za konstrukciju gra\u0111evine i krov.<\/p>\n<p>Uvjeti i rokovi garancije za ugra\u0111enu opremu vrijede prema specifikacijama proizvo\u0111a\u010da.<\/p>\n<\/div><\/div><\/div><\/div><\/div><div class=\"fusion-separator fusion-full-width-sep\" style=\"align-self: center;margin-left: auto;margin-right: auto;margin-bottom:40px;width:100%;\"><\/div><div style=\"text-align:center;\"><a class=\"fusion-button button-flat fusion-button-default-size button-custom fusion-button-default button-1 fusion-button-default-span fusion-button-default-type\" style=\"--button_accent_color:#ffffff;--button_accent_hover_color:#ffffff;--button_border_hover_color:hsla(var(--awb-color1-h),var(--awb-color1-s),var(--awb-color1-l),calc( var(--awb-color1-a) - 10% ));--button_gradient_top_color:#000000;--button_gradient_bottom_color:#000000;--button_gradient_top_color_hover:#001f63;--button_gradient_bottom_color_hover:#001f63;\" target=\"_self\" href=\"https:\/\/kastela-garden-residence.hr\/zgrada-2-stan-s1\/\"><span class=\"fusion-button-text awb-button__text awb-button__text--default\">SAZNAJ VI\u0160E<\/span><\/a><\/div><\/div><\/div><\/div><\/div><div class=\"fusion-fullwidth fullwidth-box fusion-builder-row-2 fusion-flex-container has-pattern-background has-mask-background hundred-percent-fullwidth non-hundred-percent-height-scrolling\" style=\"--awb-border-radius-top-left:0px;--awb-border-radius-top-right:0px;--awb-border-radius-bottom-right:0px;--awb-border-radius-bottom-left:0px;--awb-padding-bottom:30px;--awb-flex-wrap:wrap;\" ><div class=\"fusion-builder-row fusion-row fusion-flex-align-items-flex-start fusion-flex-content-wrap\" style=\"width:104% !important;max-width:104% !important;margin-left: calc(-4% \/ 2 );margin-right: calc(-4% \/ 2 );\"><div class=\"fusion-layout-column fusion_builder_column fusion-builder-column-2 fusion_builder_column_1_2 1_2 fusion-flex-column\" style=\"--awb-bg-size:cover;--awb-width-large:50%;--awb-margin-top-large:0px;--awb-spacing-right-large:3.84%;--awb-margin-bottom-large:20px;--awb-spacing-left-large:3.84%;--awb-width-medium:100%;--awb-order-medium:0;--awb-spacing-right-medium:1.92%;--awb-spacing-left-medium:1.92%;--awb-width-small:100%;--awb-order-small:0;--awb-spacing-right-small:1.92%;--awb-spacing-left-small:1.92%;\"><div class=\"fusion-column-wrapper fusion-column-has-shadow fusion-flex-justify-content-flex-start fusion-content-layout-column\"><div class=\"fusion-title title fusion-title-2 fusion-sep-none fusion-title-center fusion-title-highlight fusion-animate-once fusion-highlight-underline fusion-title-size-one\" style=\"--awb-margin-top-small:0px;--awb-margin-right-small:0px;--awb-margin-bottom-small:20px;--awb-margin-left-small:0px;--awb-font-size:40px;\" data-highlight=\"underline\"><h1 class=\"fusion-title-heading title-heading-center fusion-responsive-typography-calculated\" style=\"margin:0;text-transform:capitalize;font-size:1em;--fontSize:40;line-height:var(--awb-typography1-line-height);\"><span class=\"fusion-highlighted-text-prefix\"><\/span> <span class=\"fusion-highlighted-text-wrapper\"><span class=\"fusion-highlighted-text\">Stan S2<\/span><svg xmlns=\"http:\/\/www.w3.org\/2000\/svg\" viewBox=\"0 0 500 150\" preserveAspectRatio=\"none\"><path d=\"M8.1,146.2c0,0,240.6-55.6,479-13.8\"><\/path><\/svg><\/span> <span class=\"fusion-highlighted-text-postfix\"><\/span><\/h1><\/div>\n<style>\n\t#hotspot-2071 .hotspots-image-container,\n\t#hotspot-2071 .leaflet-container {\n\t\tbackground: #efefef\t}\n\n\t#hotspot-2071 .hotspots-placeholder,\n\t.featherlight .featherlight-content.lightbox-2071 {\n\t\tbackground: #ffffff;\n\t\tborder: 0 #ffffff solid;\n\t\tcolor: #000000;\n\t}\n\n\t#hotspot-2071 .hotspot-title,\n\t#hotspot-2071 .bc-product__title a,\n\t.featherlight .featherlight-content.lightbox-2071 .hotspot-title,\n\t.featherlight .featherlight-content.lightbox-2071 .bc-product__title a {\n\t\tcolor: #000000;\n\t}\n\n\t\t\t#hotspot-2071 .hotspot-style-1 {\n\t\t\tstroke-width: 1;\n\t\t\tfill: #eded6a;\n\t\t\tfill-opacity: 0.81;\n\t\t\tstroke: #ffffff;\n\t\t\tstroke-opacity: 0.81;\n\t\t}\n\t\t#hotspot-2071 .hotspot-style-1:hover,\n\t\t#hotspot-2071 .hotspot-style-1:focus-visible,\n\t\t#hotspot-2071 .hotspot-style-1.hotspot-active {\n\t\t\tfill: #37a031;\n\t\t\tfill-opacity: 0.81;\n\t\t\toutline: none;\n\t\t\tstroke: #ffffff;\n\t\t\tstroke-opacity: 0.81;\n\t\t}\n\t\t\t#hotspot-2071 .hotspot-default {\n\t\t\tstroke-width: 1;\n\t\t\tfill: #ffffff;\n\t\t\tfill-opacity: 0.81;\n\t\t\tstroke: #ffffff;\n\t\t\tstroke-opacity: 0.81;\n\t\t}\n\t\t#hotspot-2071 .hotspot-default:hover,\n\t\t#hotspot-2071 .hotspot-default:focus-visible,\n\t\t#hotspot-2071 .hotspot-default.hotspot-active {\n\t\t\tfill: #ffffff;\n\t\t\tfill-opacity: 0.81;\n\t\t\toutline: none;\n\t\t\tstroke: #ffffff;\n\t\t\tstroke-opacity: 0.81;\n\t\t}\n\t\t#hotspot-2071 .leaflet-tooltip,\n\t#hotspot-2071 .leaflet-rrose-content-wrapper {\n\t\tbackground: #ffffff;\n\t\tborder-color: #ffffff;\n\t\tcolor: #000000;\n\t}\n\n\t#hotspot-2071 a.leaflet-rrose-close-button {\n\t\tcolor: #000000;\n\t}\n\n\t#hotspot-2071 .leaflet-rrose-tip {\n\t\tbackground: #ffffff;\n\t}\n\n\t#hotspot-2071 .leaflet-popup-scrolled {\n\t\tborder-bottom-color: #000000;\n\t\tborder-top-color: #000000;\n\t}\n\n\t#hotspot-2071 .leaflet-tooltip-top:before {\n\t\tborder-top-color: #ffffff;\n\t}\n\n\t#hotspot-2071 .leaflet-tooltip-bottom:before {\n\t\tborder-bottom-color: #ffffff;\n\t}\n\t#hotspot-2071 .leaflet-tooltip-left:before {\n\t\tborder-left-color: #ffffff;\n\t}\n\t#hotspot-2071 .leaflet-tooltip-right:before {\n\t\tborder-right-color: #ffffff;\n\t}\n<\/style>\n\n\n\t<div class=\"hotspots-container links-only layout-left event-click\" id=\"hotspot-2071\" data-layout=\"left\" data-trigger=\"click\">\n\t\t<div class=\"hotspots-interaction\">\n\t\t\t<div class=\"hotspots-image-container\">\n\t<img\n\t\twidth=\"1920\"\n\t\theight=\"1477\"\n\t\tsrc=\"https:\/\/kastela-garden-residence.hr\/wp-content\/uploads\/2025\/02\/Kastela-Garden-Residence_tlocrt_Mirta_Lavanda.jpg\"\n\t\talt=\"Zgrada 2 &#8211; Stan S2\"\n\t\tclass=\"hotspots-image skip-lazy\"\n\t\tusemap=\"#hotspots-image-2071\"\n\t\tdata-image-title=\"Zgrada 2 &#8211; Stan S2\"\n\t\tdata-image-description=\"\"\n\t\tdata-event-trigger=\"click\"\n\t\tdata-always-visible=\"on\"\n\t\tdata-id=\"2071\"\n\t\tdata-no-lazy=\"1\"\n\t\tdata-lazy-src=\"\"\n\t\tdata-lazy=\"false\"\n\t\tloading=\"eager\"\n\t\tdata-skip-lazy=\"1\"\n\t\t>\n<\/div>\t\t<\/div>\n\t\t<map name=\"hotspots-image-2071\" class=\"hotspots-map\">\n\t\t\t\t\t\t\t\t\t\t\t<area\n\t\t\t\t\tshape=\"polygon\"\n\t\t\t\t\tcoords=\"826,364,851,450,865,445,868,478,883,528,908,520,940,641,700,711,673,628,595,650,582,610,662,588,617,428\"\n\t\t\t\t\thref=\"https:\/\/kastela-garden-residence.hr\/wp-content\/uploads\/2026\/02\/Z2-S2-prodano-ced.jpg\"\n\t\t\t\t\trel=\"\"\n\t\t\t\t\ttitle=\"Stan S2 - PRODANO\"\n\t\t\t\t\talt=\"Stan S2 - PRODANO\"\n\t\t\t\t\tdata-action=\"url\"\n\t\t\t\t\tdata-color-scheme=\"style-1\"\n\t\t\t\t\tdata-id=\"area-hotspot-2071-0\"\n\t\t\t\t\ttarget=\"_new\"\n\t\t\t\t\tclass=\"url-area\"\n\t\t\t\t\t>\n\t\t\t\t\t<\/map>\n\n\t\t\n\t\t\t\t\t\t<\/div>\n\n<\/div><\/div><div class=\"fusion-layout-column fusion_builder_column fusion-builder-column-3 fusion_builder_column_1_2 1_2 fusion-flex-column\" style=\"--awb-bg-size:cover;--awb-width-large:50%;--awb-margin-top-large:0px;--awb-spacing-right-large:3.84%;--awb-margin-bottom-large:20px;--awb-spacing-left-large:3.84%;--awb-width-medium:100%;--awb-order-medium:0;--awb-spacing-right-medium:1.92%;--awb-spacing-left-medium:1.92%;--awb-width-small:100%;--awb-order-small:0;--awb-spacing-right-small:1.92%;--awb-spacing-left-small:1.92%;\"><div class=\"fusion-column-wrapper fusion-column-has-shadow fusion-flex-justify-content-flex-start fusion-content-layout-column\"><div class=\"accordian fusion-accordian\" style=\"--awb-border-size:1px;--awb-icon-size:16px;--awb-content-font-size:15px;--awb-icon-alignment:left;--awb-hover-color:var(--awb-color2);--awb-border-color:hsla(var(--awb-color7-h),var(--awb-color7-s),calc( var(--awb-color7-l) + 69% ),var(--awb-color7-a));--awb-background-color:var(--awb-color1);--awb-divider-color:var(--awb-color4);--awb-divider-hover-color:var(--awb-color4);--awb-icon-color:var(--awb-color1);--awb-title-color:var(--awb-color5);--awb-content-color:var(--awb-color6);--awb-icon-box-color:var(--awb-color8);--awb-toggle-hover-accent-color:var(--awb-color5);--awb-title-font-family:&quot;Raleway&quot;;--awb-title-font-weight:500;--awb-title-font-style:normal;--awb-content-font-family:&quot;Open Sans&quot;;--awb-content-font-style:normal;--awb-content-font-weight:400;\"><div class=\"panel-group fusion-toggle-icon-boxed\" id=\"accordion-2003-2\"><div class=\"fusion-panel panel-default panel-91ab467bf11df19ed fusion-toggle-has-divider\" style=\"--awb-title-color:var(--awb-color5);--awb-content-color:var(--awb-color6);\"><div class=\"panel-heading\"><h4 class=\"panel-title toggle\" id=\"toggle_91ab467bf11df19ed\"><a aria-expanded=\"false\" aria-controls=\"91ab467bf11df19ed\" role=\"button\" data-toggle=\"collapse\" data-parent=\"#accordion-2003-2\" data-target=\"#91ab467bf11df19ed\" href=\"#91ab467bf11df19ed\"><span class=\"fusion-toggle-icon-wrapper\" aria-hidden=\"true\"><i class=\"fa-fusion-box active-icon awb-icon-minus\" aria-hidden=\"true\"><\/i><i class=\"fa-fusion-box inactive-icon awb-icon-plus\" aria-hidden=\"true\"><\/i><\/span><span class=\"fusion-toggle-heading\">Lokacija<\/span><\/a><\/h4><\/div><div id=\"91ab467bf11df19ed\" class=\"panel-collapse collapse \" aria-labelledby=\"toggle_91ab467bf11df19ed\"><div class=\"panel-body toggle-content fusion-clearfix\">\n<p>Stambeni kompleks novoizgra\u0111enih i planiranih stambenih i stambeno-poslovnih zgrada smje\u0161ten je izme\u0111u Ul. Marina Studina i Ul. Ivana Pavla II. Navedene ulice su povezane novom dvosmjernom cestom koja omogu\u0107ava dobru povezanost kompleksa sa \u0161irom lokacijom. Uz samu ulicu je smje\u0161ten vanjski parking dok prostrani mediteranski vrtovi kao glavni motiv cijelog kompleksa omogu\u0107uju privatnost i mirno okru\u017eenje osobito stanovima u prizemlju.<\/p>\n<\/div><\/div><\/div><div class=\"fusion-panel panel-default panel-d188ef6b3e7d88210 fusion-toggle-has-divider\" style=\"--awb-title-color:var(--awb-color5);--awb-content-color:var(--awb-color6);\"><div class=\"panel-heading\"><h4 class=\"panel-title toggle\" id=\"toggle_d188ef6b3e7d88210\"><a aria-expanded=\"false\" aria-controls=\"d188ef6b3e7d88210\" role=\"button\" data-toggle=\"collapse\" data-parent=\"#accordion-2003-2\" data-target=\"#d188ef6b3e7d88210\" href=\"#d188ef6b3e7d88210\"><span class=\"fusion-toggle-icon-wrapper\" aria-hidden=\"true\"><i class=\"fa-fusion-box active-icon awb-icon-minus\" aria-hidden=\"true\"><\/i><i class=\"fa-fusion-box inactive-icon awb-icon-plus\" aria-hidden=\"true\"><\/i><\/span><span class=\"fusion-toggle-heading\">Katnost i sadr\u017eaj gra\u0111evine<\/span><\/a><\/h4><\/div><div id=\"d188ef6b3e7d88210\" class=\"panel-collapse collapse \" aria-labelledby=\"toggle_d188ef6b3e7d88210\"><div class=\"panel-body toggle-content fusion-clearfix\">\n<p>Kompleks \u010dine dvije vi\u0161estambene gra\u0111evine sa zajedni\u010dkim podrumom. Pristup u gara\u017eu je zajedni\u010dki dok je ulaz u gra\u0111evine zaseban iz podruma vertikalnim komunikacijama (stubi\u0161te i lift) odnosno preko ure\u0111enog terena za svaku gra\u0111evinu zasebno. Zajedni\u010dka podrumska eta\u017ea sadr\u017ei 28 parkirali\u0161nih mjesta i 14 spremi\u0161ta te druge servisne prostorije. Svaka gra\u0111evina ima po 7 stanova, po dva stana na eta\u017ei prizemlja, 1. i 2. kata i jedan stan na nadgra\u0111u. Prostrane terase stanova su tlocrtno smje\u0161tena na suprotne strane gra\u0111evine i omogu\u0107uju privatnost stanarima.<\/p>\n<\/div><\/div><\/div><div class=\"fusion-panel panel-default panel-009f3e08822bf1454 fusion-toggle-has-divider\" style=\"--awb-title-color:var(--awb-color5);--awb-content-color:var(--awb-color6);\"><div class=\"panel-heading\"><h4 class=\"panel-title toggle\" id=\"toggle_009f3e08822bf1454\"><a aria-expanded=\"false\" aria-controls=\"009f3e08822bf1454\" role=\"button\" data-toggle=\"collapse\" data-parent=\"#accordion-2003-2\" data-target=\"#009f3e08822bf1454\" href=\"#009f3e08822bf1454\"><span class=\"fusion-toggle-icon-wrapper\" aria-hidden=\"true\"><i class=\"fa-fusion-box active-icon awb-icon-minus\" aria-hidden=\"true\"><\/i><i class=\"fa-fusion-box inactive-icon awb-icon-plus\" aria-hidden=\"true\"><\/i><\/span><span class=\"fusion-toggle-heading\">Konstrukcija<\/span><\/a><\/h4><\/div><div id=\"009f3e08822bf1454\" class=\"panel-collapse collapse \" aria-labelledby=\"toggle_009f3e08822bf1454\"><div class=\"panel-body toggle-content fusion-clearfix\">\n<p>Konstrukcija zgrade je armiranobetonska (sustav armiranobetonskih: nosivih zidova, nosivih horizontalnih i vertikalnih elemenata, monolitnih me\u0111ukatnih plo\u010da i ravnog krova). Armirano betonski zidovi su debljine 20 cm kao i me\u0111ukatne plo\u010de. Vanjski zidovi dijelom su zidani Porotherm blok opekom debljine 20 cm. Pregradni zidovi su tako\u0111er zidani Porotherm blok opekom debljine 11,5 cm. Okno dizala i stubi\u0161na jezgra su izvedeni od armiranobetonskih zidova debljine 20 cm, toplinski i zvu\u010dno izolirani prema stanovima. Svijetla visina u stanovima (visina od gotovog poda do stropa) iznosi 257 \u2013 272 cm.<\/p>\n<\/div><\/div><\/div><div class=\"fusion-panel panel-default panel-b669781186f43a08b fusion-toggle-has-divider\" style=\"--awb-title-color:var(--awb-color5);--awb-content-color:var(--awb-color6);\"><div class=\"panel-heading\"><h4 class=\"panel-title toggle\" id=\"toggle_b669781186f43a08b\"><a aria-expanded=\"false\" aria-controls=\"b669781186f43a08b\" role=\"button\" data-toggle=\"collapse\" data-parent=\"#accordion-2003-2\" data-target=\"#b669781186f43a08b\" href=\"#b669781186f43a08b\"><span class=\"fusion-toggle-icon-wrapper\" aria-hidden=\"true\"><i class=\"fa-fusion-box active-icon awb-icon-minus\" aria-hidden=\"true\"><\/i><i class=\"fa-fusion-box inactive-icon awb-icon-plus\" aria-hidden=\"true\"><\/i><\/span><span class=\"fusion-toggle-heading\">Fasada<\/span><\/a><\/h4><\/div><div id=\"b669781186f43a08b\" class=\"panel-collapse collapse \" aria-labelledby=\"toggle_b669781186f43a08b\"><div class=\"panel-body toggle-content fusion-clearfix\">\n<p>Fasada je izvedena kao ETICS sustav s 10 cm kamene vune sa zavr\u0161nim slojem od silikatne \u017ebuke.<\/p>\n<\/div><\/div><\/div><div class=\"fusion-panel panel-default panel-aa22ff5ae02f374c5 fusion-toggle-has-divider\" style=\"--awb-title-color:var(--awb-color5);--awb-content-color:var(--awb-color6);\"><div class=\"panel-heading\"><h4 class=\"panel-title toggle\" id=\"toggle_aa22ff5ae02f374c5\"><a aria-expanded=\"false\" aria-controls=\"aa22ff5ae02f374c5\" role=\"button\" data-toggle=\"collapse\" data-parent=\"#accordion-2003-2\" data-target=\"#aa22ff5ae02f374c5\" href=\"#aa22ff5ae02f374c5\"><span class=\"fusion-toggle-icon-wrapper\" aria-hidden=\"true\"><i class=\"fa-fusion-box active-icon awb-icon-minus\" aria-hidden=\"true\"><\/i><i class=\"fa-fusion-box inactive-icon awb-icon-plus\" aria-hidden=\"true\"><\/i><\/span><span class=\"fusion-toggle-heading\">Krov<\/span><\/a><\/h4><\/div><div id=\"aa22ff5ae02f374c5\" class=\"panel-collapse collapse \" aria-labelledby=\"toggle_aa22ff5ae02f374c5\"><div class=\"panel-body toggle-content fusion-clearfix\">\n<p>Krov je ravni neprohodni izveden od monolitne armiranobetonske plo\u010de u nagibu, minimalne debljine 20 cm, s parnom branom, toplinskom izolacijom (EPS) debljine 20 cm, zavr\u0161no prekriven hidroizolacijskom TPO folijom otpornom na UV zrake i za\u0161ti\u0107en oblutkom.<\/p>\n<\/div><\/div><\/div><div class=\"fusion-panel panel-default panel-1ca2e20e4f15b473b fusion-toggle-has-divider\" style=\"--awb-title-color:var(--awb-color5);--awb-content-color:var(--awb-color6);\"><div class=\"panel-heading\"><h4 class=\"panel-title toggle\" id=\"toggle_1ca2e20e4f15b473b\"><a aria-expanded=\"false\" aria-controls=\"1ca2e20e4f15b473b\" role=\"button\" data-toggle=\"collapse\" data-parent=\"#accordion-2003-2\" data-target=\"#1ca2e20e4f15b473b\" href=\"#1ca2e20e4f15b473b\"><span class=\"fusion-toggle-icon-wrapper\" aria-hidden=\"true\"><i class=\"fa-fusion-box active-icon awb-icon-minus\" aria-hidden=\"true\"><\/i><i class=\"fa-fusion-box inactive-icon awb-icon-plus\" aria-hidden=\"true\"><\/i><\/span><span class=\"fusion-toggle-heading\">Vanjska stolarija<\/span><\/a><\/h4><\/div><div id=\"1ca2e20e4f15b473b\" class=\"panel-collapse collapse \" aria-labelledby=\"toggle_1ca2e20e4f15b473b\"><div class=\"panel-body toggle-content fusion-clearfix\">\n<p>Stolarija je izvedena od kvalitetnih PVC profila s aluminijskom oblogom izvana (izvana u sivo srebrnoj boji, unutra u bijeloj) s trostrukoizoliraju\u0107im staklom. Svi vanjski zatvori imaju aluminijske rolete u sivoj boji i komarnike (klizne ili rolo). Otvori su otklopno \u2013 zaokretni, klizni i podizno \u2013 klizni, a sve rolete (osim u kupaonicama) imaju elektronsko upravljanje &#8211; pogon na elektromotor.<\/p>\n<\/div><\/div><\/div><div class=\"fusion-panel panel-default panel-03931a3d8f7408a7d fusion-toggle-has-divider\" style=\"--awb-title-color:var(--awb-color5);--awb-content-color:var(--awb-color6);\"><div class=\"panel-heading\"><h4 class=\"panel-title toggle\" id=\"toggle_03931a3d8f7408a7d\"><a aria-expanded=\"false\" aria-controls=\"03931a3d8f7408a7d\" role=\"button\" data-toggle=\"collapse\" data-parent=\"#accordion-2003-2\" data-target=\"#03931a3d8f7408a7d\" href=\"#03931a3d8f7408a7d\"><span class=\"fusion-toggle-icon-wrapper\" aria-hidden=\"true\"><i class=\"fa-fusion-box active-icon awb-icon-minus\" aria-hidden=\"true\"><\/i><i class=\"fa-fusion-box inactive-icon awb-icon-plus\" aria-hidden=\"true\"><\/i><\/span><span class=\"fusion-toggle-heading\">Zajedni\u010dki prostori i spremi\u0161ta<\/span><\/a><\/h4><\/div><div id=\"03931a3d8f7408a7d\" class=\"panel-collapse collapse \" aria-labelledby=\"toggle_03931a3d8f7408a7d\"><div class=\"panel-body toggle-content fusion-clearfix\">\n<p>Ulazni prostor, stubi\u0161ta i hodnici su poplo\u010dani kamenim plo\u010dama debljine 3 cm. Ograde i rukohvati u stubi\u0161tima izvedeni su kao bravarska ograda visine do 110 cm. Dizala su be\u0161umna kroz sve eta\u017ee. U natkrivenom ulazu su smje\u0161teni po\u0161tanski sandu\u010di\u0107i, paneli za obavijest te parlafon s video kontrolom.<\/p>\n<p>Podovi u podrumskim spremi\u0161tima zavr\u0161no su premazani epoksidnim premazom.<\/p>\n<\/div><\/div><\/div><div class=\"fusion-panel panel-default panel-65bf590754a53be04 fusion-toggle-has-divider\" style=\"--awb-title-color:var(--awb-color5);--awb-content-color:var(--awb-color6);\"><div class=\"panel-heading\"><h4 class=\"panel-title toggle\" id=\"toggle_65bf590754a53be04\"><a aria-expanded=\"false\" aria-controls=\"65bf590754a53be04\" role=\"button\" data-toggle=\"collapse\" data-parent=\"#accordion-2003-2\" data-target=\"#65bf590754a53be04\" href=\"#65bf590754a53be04\"><span class=\"fusion-toggle-icon-wrapper\" aria-hidden=\"true\"><i class=\"fa-fusion-box active-icon awb-icon-minus\" aria-hidden=\"true\"><\/i><i class=\"fa-fusion-box inactive-icon awb-icon-plus\" aria-hidden=\"true\"><\/i><\/span><span class=\"fusion-toggle-heading\">Gara\u017ee i parkirna mjesta<\/span><\/a><\/h4><\/div><div id=\"65bf590754a53be04\" class=\"panel-collapse collapse \" aria-labelledby=\"toggle_65bf590754a53be04\"><div class=\"panel-body toggle-content fusion-clearfix\">\n<p>Gara\u017ee su smje\u0161tene u podrumskoj eta\u017ei, sa zajedni\u010dkom ulaznom rampom s rolo vratima na daljinsko upravljanje. Kolna komunikacija je zajedni\u010dka i kru\u017ena, a parkirna mjesta su otvorena. Svaki stan u gara\u017ei ima osigurana dva parkirna mjesta te pripadaju\u0107e spremi\u0161te. Gara\u017ea ima prirodnu i mehani\u010dku ventilaciju.<\/p>\n<\/div><\/div><\/div><div class=\"fusion-panel panel-default panel-7e8a060922015ad2d fusion-toggle-has-divider\" style=\"--awb-title-color:var(--awb-color5);--awb-content-color:var(--awb-color6);\"><div class=\"panel-heading\"><h4 class=\"panel-title toggle\" id=\"toggle_7e8a060922015ad2d\"><a aria-expanded=\"false\" aria-controls=\"7e8a060922015ad2d\" role=\"button\" data-toggle=\"collapse\" data-parent=\"#accordion-2003-2\" data-target=\"#7e8a060922015ad2d\" href=\"#7e8a060922015ad2d\"><span class=\"fusion-toggle-icon-wrapper\" aria-hidden=\"true\"><i class=\"fa-fusion-box active-icon awb-icon-minus\" aria-hidden=\"true\"><\/i><i class=\"fa-fusion-box inactive-icon awb-icon-plus\" aria-hidden=\"true\"><\/i><\/span><span class=\"fusion-toggle-heading\">Stolarija<\/span><\/a><\/h4><\/div><div id=\"7e8a060922015ad2d\" class=\"panel-collapse collapse \" aria-labelledby=\"toggle_7e8a060922015ad2d\"><div class=\"panel-body toggle-content fusion-clearfix\">\n<p>Ulazna vrata u stan su protuprovalna i protupo\u017earna s dodatnom zvu\u010dnom izolacijom. Unutarnja stolarija izvedena od punih, glatkih vrata s dovratnikom u bijeloj boji visine 210 cm.<\/p>\n<\/div><\/div><\/div><div class=\"fusion-panel panel-default panel-4800e79bc3986294b fusion-toggle-has-divider\" style=\"--awb-title-color:var(--awb-color5);--awb-content-color:var(--awb-color6);\"><div class=\"panel-heading\"><h4 class=\"panel-title toggle\" id=\"toggle_4800e79bc3986294b\"><a aria-expanded=\"false\" aria-controls=\"4800e79bc3986294b\" role=\"button\" data-toggle=\"collapse\" data-parent=\"#accordion-2003-2\" data-target=\"#4800e79bc3986294b\" href=\"#4800e79bc3986294b\"><span class=\"fusion-toggle-icon-wrapper\" aria-hidden=\"true\"><i class=\"fa-fusion-box active-icon awb-icon-minus\" aria-hidden=\"true\"><\/i><i class=\"fa-fusion-box inactive-icon awb-icon-plus\" aria-hidden=\"true\"><\/i><\/span><span class=\"fusion-toggle-heading\">Zidovi i stropovi<\/span><\/a><\/h4><\/div><div id=\"4800e79bc3986294b\" class=\"panel-collapse collapse \" aria-labelledby=\"toggle_4800e79bc3986294b\"><div class=\"panel-body toggle-content fusion-clearfix\">\n<p>Nosivi zidovi su armirano betonski zidovi debljine 20 cm, a dijelom su zidani Porotherm blok opekom debljine 20 cm. Pregradni zidovi su zidani Porotherm blok opekom debljine 11,5 cm. Unutarnje povr\u0161ine zidova i stropova su o\u017ebukane i oli\u010dene poludisperzivnom bijelom bojom.<\/p>\n<p>Kao zidne obloge kupaonice ugra\u0111ene su visokokvalitetne kerami\u010dke plo\u010dice I klase.<\/p>\n<\/div><\/div><\/div><div class=\"fusion-panel panel-default panel-9ef1e9d1a83005c36 fusion-toggle-has-divider\" style=\"--awb-title-color:var(--awb-color5);--awb-content-color:var(--awb-color6);\"><div class=\"panel-heading\"><h4 class=\"panel-title toggle\" id=\"toggle_9ef1e9d1a83005c36\"><a aria-expanded=\"false\" aria-controls=\"9ef1e9d1a83005c36\" role=\"button\" data-toggle=\"collapse\" data-parent=\"#accordion-2003-2\" data-target=\"#9ef1e9d1a83005c36\" href=\"#9ef1e9d1a83005c36\"><span class=\"fusion-toggle-icon-wrapper\" aria-hidden=\"true\"><i class=\"fa-fusion-box active-icon awb-icon-minus\" aria-hidden=\"true\"><\/i><i class=\"fa-fusion-box inactive-icon awb-icon-plus\" aria-hidden=\"true\"><\/i><\/span><span class=\"fusion-toggle-heading\">Podovi<\/span><\/a><\/h4><\/div><div id=\"9ef1e9d1a83005c36\" class=\"panel-collapse collapse \" aria-labelledby=\"toggle_9ef1e9d1a83005c36\"><div class=\"panel-body toggle-content fusion-clearfix\">\n<p>Podovi spava\u0107ih soba su oblo\u017eeni hrastovim parketom I klase, zavr\u0161no lakiranim, modernog izgleda u natur boji, s letvicama u bijeloj boji. Podovi ostalih prostorija su oblo\u017eeni kerami\u010dkim plo\u010dicama, a loggie vanjskim protukliznim kerami\u010dkim plo\u010dicama sve I klase. Na povr\u0161inama s plo\u010dicama izveden je kerami\u010dki sokl.<\/p>\n<p>Zidovi gra\u0111evine s termi\u010dki obra\u0111enim pro\u010deljima, s o\u017ebukanim unutarnjim povr\u0161inama zidova i stropova, podovi s podnim slojevima toplinske i zvu\u010dne za\u0161tite, \u010dine ugra\u0111eni materijali koji pojedina\u010dno i u kompletu imaju sposobnost izdr\u017eati sva mehani\u010dka i druga predvi\u0111ena djelovanja pri normalnoj upotrebi.<\/p>\n<\/div><\/div><\/div><div class=\"fusion-panel panel-default panel-554a7d27ed39e3691 fusion-toggle-has-divider\" style=\"--awb-title-color:var(--awb-color5);--awb-content-color:var(--awb-color6);\"><div class=\"panel-heading\"><h4 class=\"panel-title toggle\" id=\"toggle_554a7d27ed39e3691\"><a aria-expanded=\"false\" aria-controls=\"554a7d27ed39e3691\" role=\"button\" data-toggle=\"collapse\" data-parent=\"#accordion-2003-2\" data-target=\"#554a7d27ed39e3691\" href=\"#554a7d27ed39e3691\"><span class=\"fusion-toggle-icon-wrapper\" aria-hidden=\"true\"><i class=\"fa-fusion-box active-icon awb-icon-minus\" aria-hidden=\"true\"><\/i><i class=\"fa-fusion-box inactive-icon awb-icon-plus\" aria-hidden=\"true\"><\/i><\/span><span class=\"fusion-toggle-heading\">Kupaonice i WC<\/span><\/a><\/h4><\/div><div id=\"554a7d27ed39e3691\" class=\"panel-collapse collapse \" aria-labelledby=\"toggle_554a7d27ed39e3691\"><div class=\"panel-body toggle-content fusion-clearfix\">\n<p>Sva sanitarna oprema je visoke kvalitete poznatih proizvo\u0111a\u010da. Opremu \u010dine: konzolni umivaonici s pripadaju\u0107im mije\u0161alicama, konzolna WC \u0161koljka s poklopcem i s nisko\u0161umnim ugradbenim vodokotli\u0107em, tu\u0161 \u2013 kada s tu\u0161 setom. Priklju\u010dak za perilicu rublja s odvodnjom.<\/p>\n<p>Zidovi su oblo\u017eeni kerami\u010dkim plo\u010dicama I klase od poda do pune visine prostorije.<\/p>\n<p>Bojleri PTV su smje\u0161teni u podrumu u zajedni\u010dkom prostoru.<\/p>\n<\/div><\/div><\/div><div class=\"fusion-panel panel-default panel-0c3cc865d853f214f fusion-toggle-has-divider\" style=\"--awb-title-color:var(--awb-color5);--awb-content-color:var(--awb-color6);\"><div class=\"panel-heading\"><h4 class=\"panel-title toggle\" id=\"toggle_0c3cc865d853f214f\"><a aria-expanded=\"false\" aria-controls=\"0c3cc865d853f214f\" role=\"button\" data-toggle=\"collapse\" data-parent=\"#accordion-2003-2\" data-target=\"#0c3cc865d853f214f\" href=\"#0c3cc865d853f214f\"><span class=\"fusion-toggle-icon-wrapper\" aria-hidden=\"true\"><i class=\"fa-fusion-box active-icon awb-icon-minus\" aria-hidden=\"true\"><\/i><i class=\"fa-fusion-box inactive-icon awb-icon-plus\" aria-hidden=\"true\"><\/i><\/span><span class=\"fusion-toggle-heading\">Elektroinstalacije<\/span><\/a><\/h4><\/div><div id=\"0c3cc865d853f214f\" class=\"panel-collapse collapse \" aria-labelledby=\"toggle_0c3cc865d853f214f\"><div class=\"panel-body toggle-content fusion-clearfix\">\n<p>Elektrobrojila su smje\u0161tena u vanjskom ure\u0111enom terenu (uz zapadnu granicu). Elektro oprema je visoke kvalitete poznatih proizvo\u0111a\u010da.<\/p>\n<p>U stanovima su predvi\u0111ene telefonske i TV uti\u010dnice, stropna i zidna rasvjeta te termostat u dnevnom boravku i spava\u0107im sobama. Elektrooprema kuhinje sastoji se od izvoda za \u0161tednjak, uti\u010dnice za hladnjak, uti\u010dnice za perilicu, uti\u010dnice u pojasu iznad radne plohe, izvod za napu i uti\u010dnice na kuhinjskom otoku. Elektrooprema kupaonice sadr\u017ei priklju\u010dnicu za perilicu rublja, nadsvjetlo iznad umivaonika, uti\u010dnice na zidu te izvod za ventilator. Elektrooprema u hodniku su rasvjetna tijela, strujni razdjelnik stana, ormari\u0107 slabe struje, uti\u010dnica, centralno sklop struje cijelog stana.<\/p>\n<p>Osigurana je mogu\u0107nost spajanja na kabelsku TV preko instalacija zajedni\u010dkog antenskog satelita.<\/p>\n<p>Spremi\u0161ta, u kojima je izvedena stropna rasvjeta su povezana s brojilom pripadaju\u0107eg stana, a lift, hodnici i gara\u017ea vezani su na zasebno brojilo zajedni\u010dke potro\u0161nje.<\/p>\n<\/div><\/div><\/div><div class=\"fusion-panel panel-default panel-682df66111a30ca75 fusion-toggle-has-divider\" style=\"--awb-title-color:var(--awb-color5);--awb-content-color:var(--awb-color6);\"><div class=\"panel-heading\"><h4 class=\"panel-title toggle\" id=\"toggle_682df66111a30ca75\"><a aria-expanded=\"false\" aria-controls=\"682df66111a30ca75\" role=\"button\" data-toggle=\"collapse\" data-parent=\"#accordion-2003-2\" data-target=\"#682df66111a30ca75\" href=\"#682df66111a30ca75\"><span class=\"fusion-toggle-icon-wrapper\" aria-hidden=\"true\"><i class=\"fa-fusion-box active-icon awb-icon-minus\" aria-hidden=\"true\"><\/i><i class=\"fa-fusion-box inactive-icon awb-icon-plus\" aria-hidden=\"true\"><\/i><\/span><span class=\"fusion-toggle-heading\">Instalacije vodovoda i odvodnje<\/span><\/a><\/h4><\/div><div id=\"682df66111a30ca75\" class=\"panel-collapse collapse \" aria-labelledby=\"toggle_682df66111a30ca75\"><div class=\"panel-body toggle-content fusion-clearfix\">\n<p>Opskrba vodom je priklju\u010dkom na javnu gradsku vodovodnu mre\u017eu. Na priklju\u010dnom cjevovodu je okno s ugra\u0111enim vodomjerima za svaki stan zasebno. Razvod vode se vr\u0161i PPR toplinski izoliranim cijevima.<\/p>\n<p>Odvodnja otpadnih voda je priklju\u010dkom na kanalizacijski sustav naselja. Za odvodnju su kori\u0161tene nisko\u0161umne cijevi.<\/p>\n<p>Priprema potro\u0161ne tople vode je preko bojlera \u2013 dizalica topline smje\u0161tenih u podrumskoj eta\u017ei, za svaki stan zasebno.<\/p>\n<p>Glavni ventil za vodu nalazi se na svakom od stubi\u0161ta.<\/p>\n<\/div><\/div><\/div><div class=\"fusion-panel panel-default panel-cadb5ddf837830c06 fusion-toggle-has-divider\" style=\"--awb-title-color:var(--awb-color5);--awb-content-color:var(--awb-color6);\"><div class=\"panel-heading\"><h4 class=\"panel-title toggle\" id=\"toggle_cadb5ddf837830c06\"><a aria-expanded=\"false\" aria-controls=\"cadb5ddf837830c06\" role=\"button\" data-toggle=\"collapse\" data-parent=\"#accordion-2003-2\" data-target=\"#cadb5ddf837830c06\" href=\"#cadb5ddf837830c06\"><span class=\"fusion-toggle-icon-wrapper\" aria-hidden=\"true\"><i class=\"fa-fusion-box active-icon awb-icon-minus\" aria-hidden=\"true\"><\/i><i class=\"fa-fusion-box inactive-icon awb-icon-plus\" aria-hidden=\"true\"><\/i><\/span><span class=\"fusion-toggle-heading\">Grijanje i hla\u0111enje<\/span><\/a><\/h4><\/div><div id=\"cadb5ddf837830c06\" class=\"panel-collapse collapse \" aria-labelledby=\"toggle_cadb5ddf837830c06\"><div class=\"panel-body toggle-content fusion-clearfix\">\n<p>Za sve stanove kori\u0161teni su ure\u0111aji proizvo\u0111a\u010da.<\/p>\n<p>Kao vanjska jedinica ugra\u0111en je inverter sustav multi split snage 9,3\/8,3 Kw.<\/p>\n<p>Stanovi su opremljeni kanalskim razvodom unutarnjih klima jedinica, u dnevnom boravku snage 4,0\/3,5 Kw, a u sobama jedinice snage 2,5\/2,0 Kw, s daljinskim i Wifi upravljanjem.<\/p>\n<p>U dnevnom dijelu stana i kupaonicama je izvedeno podno grijanje sustavom elektri\u010dne mre\u017eice, komplet s termostatom i senzorima za temperaturu.<\/p>\n<\/div><\/div><\/div><div class=\"fusion-panel panel-default panel-3c0390838e035eb59 fusion-toggle-has-divider\" style=\"--awb-title-color:var(--awb-color5);--awb-content-color:var(--awb-color6);\"><div class=\"panel-heading\"><h4 class=\"panel-title toggle\" id=\"toggle_3c0390838e035eb59\"><a aria-expanded=\"false\" aria-controls=\"3c0390838e035eb59\" role=\"button\" data-toggle=\"collapse\" data-parent=\"#accordion-2003-2\" data-target=\"#3c0390838e035eb59\" href=\"#3c0390838e035eb59\"><span class=\"fusion-toggle-icon-wrapper\" aria-hidden=\"true\"><i class=\"fa-fusion-box active-icon awb-icon-minus\" aria-hidden=\"true\"><\/i><i class=\"fa-fusion-box inactive-icon awb-icon-plus\" aria-hidden=\"true\"><\/i><\/span><span class=\"fusion-toggle-heading\">Ventilacija<\/span><\/a><\/h4><\/div><div id=\"3c0390838e035eb59\" class=\"panel-collapse collapse \" aria-labelledby=\"toggle_3c0390838e035eb59\"><div class=\"panel-body toggle-content fusion-clearfix\">\n<p>Umjetna ventilacija je osigurana be\u0161umnim ventilatorima u svim sanitarnim prostorijama, a ventilacija kuhinja osigurana je zasebnim cijevima za odvod napa.<\/p>\n<p>Unutar gara\u017ee osigurana je prirodna i mehani\u010dka ventilacija kao i ventilacija svakog spremi\u0161ta pojedina\u010dno.<\/p>\n<\/div><\/div><\/div><div class=\"fusion-panel panel-default panel-dedf1c1991b8a1a9a fusion-toggle-has-divider\" style=\"--awb-title-color:var(--awb-color5);--awb-content-color:var(--awb-color6);\"><div class=\"panel-heading\"><h4 class=\"panel-title toggle\" id=\"toggle_dedf1c1991b8a1a9a\"><a aria-expanded=\"false\" aria-controls=\"dedf1c1991b8a1a9a\" role=\"button\" data-toggle=\"collapse\" data-parent=\"#accordion-2003-2\" data-target=\"#dedf1c1991b8a1a9a\" href=\"#dedf1c1991b8a1a9a\"><span class=\"fusion-toggle-icon-wrapper\" aria-hidden=\"true\"><i class=\"fa-fusion-box active-icon awb-icon-minus\" aria-hidden=\"true\"><\/i><i class=\"fa-fusion-box inactive-icon awb-icon-plus\" aria-hidden=\"true\"><\/i><\/span><span class=\"fusion-toggle-heading\">Energetski razred<\/span><\/a><\/h4><\/div><div id=\"dedf1c1991b8a1a9a\" class=\"panel-collapse collapse \" aria-labelledby=\"toggle_dedf1c1991b8a1a9a\"><div class=\"panel-body toggle-content fusion-clearfix\">\n<p>Isho\u0111en je energetski certifikat razreda A+.<\/p>\n<\/div><\/div><\/div><div class=\"fusion-panel panel-default panel-ee9ecc0dd9ba94fc9 fusion-toggle-has-divider\" style=\"--awb-title-color:var(--awb-color5);--awb-content-color:var(--awb-color6);\"><div class=\"panel-heading\"><h4 class=\"panel-title toggle\" id=\"toggle_ee9ecc0dd9ba94fc9\"><a aria-expanded=\"false\" aria-controls=\"ee9ecc0dd9ba94fc9\" role=\"button\" data-toggle=\"collapse\" data-parent=\"#accordion-2003-2\" data-target=\"#ee9ecc0dd9ba94fc9\" href=\"#ee9ecc0dd9ba94fc9\"><span class=\"fusion-toggle-icon-wrapper\" aria-hidden=\"true\"><i class=\"fa-fusion-box active-icon awb-icon-minus\" aria-hidden=\"true\"><\/i><i class=\"fa-fusion-box inactive-icon awb-icon-plus\" aria-hidden=\"true\"><\/i><\/span><span class=\"fusion-toggle-heading\">Uvjeti odr\u017eavanja gra\u0111evine<\/span><\/a><\/h4><\/div><div id=\"ee9ecc0dd9ba94fc9\" class=\"panel-collapse collapse \" aria-labelledby=\"toggle_ee9ecc0dd9ba94fc9\"><div class=\"panel-body toggle-content fusion-clearfix\">\n<p>Kupac \u0107e prilikom preuzimanja stana dobiti knji\u017eicu s uputama za kori\u0161tenje i odr\u017eavanje ugra\u0111ene opreme.<\/p>\n<\/div><\/div><\/div><div class=\"fusion-panel panel-default panel-05e68bcc77fc8c61b fusion-toggle-has-divider\" style=\"--awb-title-color:var(--awb-color5);--awb-content-color:var(--awb-color6);\"><div class=\"panel-heading\"><h4 class=\"panel-title toggle\" id=\"toggle_05e68bcc77fc8c61b\"><a aria-expanded=\"false\" aria-controls=\"05e68bcc77fc8c61b\" role=\"button\" data-toggle=\"collapse\" data-parent=\"#accordion-2003-2\" data-target=\"#05e68bcc77fc8c61b\" href=\"#05e68bcc77fc8c61b\"><span class=\"fusion-toggle-icon-wrapper\" aria-hidden=\"true\"><i class=\"fa-fusion-box active-icon awb-icon-minus\" aria-hidden=\"true\"><\/i><i class=\"fa-fusion-box inactive-icon awb-icon-plus\" aria-hidden=\"true\"><\/i><\/span><span class=\"fusion-toggle-heading\">Ure\u0111enje okoli\u0161a<\/span><\/a><\/h4><\/div><div id=\"05e68bcc77fc8c61b\" class=\"panel-collapse collapse \" aria-labelledby=\"toggle_05e68bcc77fc8c61b\"><div class=\"panel-body toggle-content fusion-clearfix\">\n<p>Okoli\u0161 je ure\u0111en kolnim i pje\u0161a\u010dkim povr\u0161inama i hortikulturno ure\u0111enim vrtovima.<\/p>\n<\/div><\/div><\/div><div class=\"fusion-panel panel-default panel-aa8183df61a43fd20 fusion-toggle-has-divider\" style=\"--awb-title-color:var(--awb-color5);--awb-content-color:var(--awb-color6);\"><div class=\"panel-heading\"><h4 class=\"panel-title toggle\" id=\"toggle_aa8183df61a43fd20\"><a aria-expanded=\"false\" aria-controls=\"aa8183df61a43fd20\" role=\"button\" data-toggle=\"collapse\" data-parent=\"#accordion-2003-2\" data-target=\"#aa8183df61a43fd20\" href=\"#aa8183df61a43fd20\"><span class=\"fusion-toggle-icon-wrapper\" aria-hidden=\"true\"><i class=\"fa-fusion-box active-icon awb-icon-minus\" aria-hidden=\"true\"><\/i><i class=\"fa-fusion-box inactive-icon awb-icon-plus\" aria-hidden=\"true\"><\/i><\/span><span class=\"fusion-toggle-heading\">Garancija<\/span><\/a><\/h4><\/div><div id=\"aa8183df61a43fd20\" class=\"panel-collapse collapse \" aria-labelledby=\"toggle_aa8183df61a43fd20\"><div class=\"panel-body toggle-content fusion-clearfix\">\n<p>Garantni rok za kvalitetu izvedbe gra\u0111evinskih i gra\u0111evinsko-obrtni\u010dkih radova odre\u0111en je u skladu sa zakonom i posebnim propisima i to 2 godine za obrtni\u010dke radove, a 10 godina za konstrukciju gra\u0111evine i krov.<\/p>\n<p>Uvjeti i rokovi garancije za ugra\u0111enu opremu vrijede prema specifikacijama proizvo\u0111a\u010da.<\/p>\n<\/div><\/div><\/div><\/div><\/div><div class=\"fusion-separator fusion-full-width-sep\" style=\"align-self: center;margin-left: auto;margin-right: auto;margin-bottom:40px;width:100%;\"><\/div><div style=\"text-align:center;\"><a class=\"fusion-button button-flat fusion-button-default-size button-custom fusion-button-default button-2 fusion-button-default-span fusion-button-default-type\" style=\"--button_accent_color:#ffffff;--button_accent_hover_color:#ffffff;--button_border_hover_color:hsla(var(--awb-color1-h),var(--awb-color1-s),var(--awb-color1-l),calc( var(--awb-color1-a) - 10% ));--button_gradient_top_color:#000000;--button_gradient_bottom_color:#000000;--button_gradient_top_color_hover:#001f63;--button_gradient_bottom_color_hover:#001f63;\" target=\"_self\" href=\"https:\/\/kastela-garden-residence.hr\/zgrada-2-stan-s2\/\"><span class=\"fusion-button-text awb-button__text awb-button__text--default\">SAZNAJ VI\u0160E<\/span><\/a><\/div><\/div><\/div><\/div><\/div><div class=\"fusion-fullwidth fullwidth-box fusion-builder-row-3 fusion-flex-container has-pattern-background has-mask-background hundred-percent-fullwidth non-hundred-percent-height-scrolling\" style=\"--awb-border-radius-top-left:0px;--awb-border-radius-top-right:0px;--awb-border-radius-bottom-right:0px;--awb-border-radius-bottom-left:0px;--awb-padding-bottom:30px;--awb-flex-wrap:wrap;\" ><div class=\"fusion-builder-row fusion-row fusion-flex-align-items-flex-start fusion-flex-content-wrap\" style=\"width:104% !important;max-width:104% !important;margin-left: calc(-4% \/ 2 );margin-right: calc(-4% \/ 2 );\"><div class=\"fusion-layout-column fusion_builder_column fusion-builder-column-4 fusion_builder_column_1_2 1_2 fusion-flex-column\" style=\"--awb-bg-size:cover;--awb-width-large:50%;--awb-margin-top-large:0px;--awb-spacing-right-large:3.84%;--awb-margin-bottom-large:20px;--awb-spacing-left-large:3.84%;--awb-width-medium:100%;--awb-order-medium:0;--awb-spacing-right-medium:1.92%;--awb-spacing-left-medium:1.92%;--awb-width-small:100%;--awb-order-small:0;--awb-spacing-right-small:1.92%;--awb-spacing-left-small:1.92%;\"><div class=\"fusion-column-wrapper fusion-column-has-shadow fusion-flex-justify-content-flex-start fusion-content-layout-column\"><div class=\"fusion-title title fusion-title-3 fusion-sep-none fusion-title-center fusion-title-highlight fusion-animate-once fusion-highlight-underline fusion-title-size-one\" style=\"--awb-margin-top-small:0px;--awb-margin-right-small:0px;--awb-margin-bottom-small:20px;--awb-margin-left-small:0px;--awb-font-size:40px;\" data-highlight=\"underline\"><h1 class=\"fusion-title-heading title-heading-center fusion-responsive-typography-calculated\" style=\"margin:0;text-transform:capitalize;font-size:1em;--fontSize:40;line-height:var(--awb-typography1-line-height);\"><span class=\"fusion-highlighted-text-prefix\"><\/span> <span class=\"fusion-highlighted-text-wrapper\"><span class=\"fusion-highlighted-text\">Stan S3<\/span><svg xmlns=\"http:\/\/www.w3.org\/2000\/svg\" viewBox=\"0 0 500 150\" preserveAspectRatio=\"none\"><path d=\"M8.1,146.2c0,0,240.6-55.6,479-13.8\"><\/path><\/svg><\/span> <span class=\"fusion-highlighted-text-postfix\"><\/span><\/h1><\/div>\n<style>\n\t#hotspot-2076 .hotspots-image-container,\n\t#hotspot-2076 .leaflet-container {\n\t\tbackground: #efefef\t}\n\n\t#hotspot-2076 .hotspots-placeholder,\n\t.featherlight .featherlight-content.lightbox-2076 {\n\t\tbackground: #ffffff;\n\t\tborder: 0 #ffffff solid;\n\t\tcolor: #000000;\n\t}\n\n\t#hotspot-2076 .hotspot-title,\n\t#hotspot-2076 .bc-product__title a,\n\t.featherlight .featherlight-content.lightbox-2076 .hotspot-title,\n\t.featherlight .featherlight-content.lightbox-2076 .bc-product__title a {\n\t\tcolor: #000000;\n\t}\n\n\t\t\t#hotspot-2076 .hotspot-style-1 {\n\t\t\tstroke-width: 1;\n\t\t\tfill: #eded6a;\n\t\t\tfill-opacity: 0.81;\n\t\t\tstroke: #ffffff;\n\t\t\tstroke-opacity: 0.81;\n\t\t}\n\t\t#hotspot-2076 .hotspot-style-1:hover,\n\t\t#hotspot-2076 .hotspot-style-1:focus-visible,\n\t\t#hotspot-2076 .hotspot-style-1.hotspot-active {\n\t\t\tfill: #37a031;\n\t\t\tfill-opacity: 0.81;\n\t\t\toutline: none;\n\t\t\tstroke: #ffffff;\n\t\t\tstroke-opacity: 0.81;\n\t\t}\n\t\t\t#hotspot-2076 .hotspot-default {\n\t\t\tstroke-width: 1;\n\t\t\tfill: #ffffff;\n\t\t\tfill-opacity: 0.81;\n\t\t\tstroke: #ffffff;\n\t\t\tstroke-opacity: 0.81;\n\t\t}\n\t\t#hotspot-2076 .hotspot-default:hover,\n\t\t#hotspot-2076 .hotspot-default:focus-visible,\n\t\t#hotspot-2076 .hotspot-default.hotspot-active {\n\t\t\tfill: #ffffff;\n\t\t\tfill-opacity: 0.81;\n\t\t\toutline: none;\n\t\t\tstroke: #ffffff;\n\t\t\tstroke-opacity: 0.81;\n\t\t}\n\t\t#hotspot-2076 .leaflet-tooltip,\n\t#hotspot-2076 .leaflet-rrose-content-wrapper {\n\t\tbackground: #ffffff;\n\t\tborder-color: #ffffff;\n\t\tcolor: #000000;\n\t}\n\n\t#hotspot-2076 a.leaflet-rrose-close-button {\n\t\tcolor: #000000;\n\t}\n\n\t#hotspot-2076 .leaflet-rrose-tip {\n\t\tbackground: #ffffff;\n\t}\n\n\t#hotspot-2076 .leaflet-popup-scrolled {\n\t\tborder-bottom-color: #000000;\n\t\tborder-top-color: #000000;\n\t}\n\n\t#hotspot-2076 .leaflet-tooltip-top:before {\n\t\tborder-top-color: #ffffff;\n\t}\n\n\t#hotspot-2076 .leaflet-tooltip-bottom:before {\n\t\tborder-bottom-color: #ffffff;\n\t}\n\t#hotspot-2076 .leaflet-tooltip-left:before {\n\t\tborder-left-color: #ffffff;\n\t}\n\t#hotspot-2076 .leaflet-tooltip-right:before {\n\t\tborder-right-color: #ffffff;\n\t}\n<\/style>\n\n\n\t<div class=\"hotspots-container links-only layout-left event-click\" id=\"hotspot-2076\" data-layout=\"left\" data-trigger=\"click\">\n\t\t<div class=\"hotspots-interaction\">\n\t\t\t<div class=\"hotspots-image-container\">\n\t<img\n\t\twidth=\"1920\"\n\t\theight=\"1477\"\n\t\tsrc=\"https:\/\/kastela-garden-residence.hr\/wp-content\/uploads\/2025\/02\/Kastela-Garden-Residence_tlocrt_Mirta_Lavanda.jpg\"\n\t\talt=\"Zgrada 2 &#8211; Stan S3\"\n\t\tclass=\"hotspots-image skip-lazy\"\n\t\tusemap=\"#hotspots-image-2076\"\n\t\tdata-image-title=\"Zgrada 2 &#8211; Stan S3\"\n\t\tdata-image-description=\"\"\n\t\tdata-event-trigger=\"click\"\n\t\tdata-always-visible=\"on\"\n\t\tdata-id=\"2076\"\n\t\tdata-no-lazy=\"1\"\n\t\tdata-lazy-src=\"\"\n\t\tdata-lazy=\"false\"\n\t\tloading=\"eager\"\n\t\tdata-skip-lazy=\"1\"\n\t\t>\n<\/div>\t\t<\/div>\n\t\t<map name=\"hotspots-image-2076\" class=\"hotspots-map\">\n\t\t\t\t\t\t\t\t\t\t\t<area\n\t\t\t\t\tshape=\"polygon\"\n\t\t\t\t\tcoords=\"990,315,1024,437,1040,432,1058,513,1045,515,1051,536,1010,552,1002,537,918,564,903,519,879,530,870,479,894,474,884,441,897,433,867,351\"\n\t\t\t\t\thref=\"https:\/\/kastela-garden-residence.hr\/wp-content\/uploads\/2026\/02\/Z2-S3-prodano-ced.jpg\"\n\t\t\t\t\trel=\"\"\n\t\t\t\t\ttitle=\"Stan S3 - PRODANO\"\n\t\t\t\t\talt=\"Stan S3 - PRODANO\"\n\t\t\t\t\tdata-action=\"url\"\n\t\t\t\t\tdata-color-scheme=\"style-1\"\n\t\t\t\t\tdata-id=\"area-hotspot-2076-0\"\n\t\t\t\t\ttarget=\"_new\"\n\t\t\t\t\tclass=\"url-area\"\n\t\t\t\t\t>\n\t\t\t\t\t<\/map>\n\n\t\t\n\t\t\t\t\t\t<\/div>\n\n<\/div><\/div><div class=\"fusion-layout-column fusion_builder_column fusion-builder-column-5 fusion_builder_column_1_2 1_2 fusion-flex-column\" style=\"--awb-bg-size:cover;--awb-width-large:50%;--awb-margin-top-large:0px;--awb-spacing-right-large:3.84%;--awb-margin-bottom-large:20px;--awb-spacing-left-large:3.84%;--awb-width-medium:100%;--awb-order-medium:0;--awb-spacing-right-medium:1.92%;--awb-spacing-left-medium:1.92%;--awb-width-small:100%;--awb-order-small:0;--awb-spacing-right-small:1.92%;--awb-spacing-left-small:1.92%;\"><div class=\"fusion-column-wrapper fusion-column-has-shadow fusion-flex-justify-content-flex-start fusion-content-layout-column\"><div class=\"accordian fusion-accordian\" style=\"--awb-border-size:1px;--awb-icon-size:16px;--awb-content-font-size:15px;--awb-icon-alignment:left;--awb-hover-color:var(--awb-color2);--awb-border-color:hsla(var(--awb-color7-h),var(--awb-color7-s),calc( var(--awb-color7-l) + 69% ),var(--awb-color7-a));--awb-background-color:var(--awb-color1);--awb-divider-color:var(--awb-color4);--awb-divider-hover-color:var(--awb-color4);--awb-icon-color:var(--awb-color1);--awb-title-color:var(--awb-color5);--awb-content-color:var(--awb-color6);--awb-icon-box-color:var(--awb-color8);--awb-toggle-hover-accent-color:var(--awb-color5);--awb-title-font-family:&quot;Raleway&quot;;--awb-title-font-weight:500;--awb-title-font-style:normal;--awb-content-font-family:&quot;Open Sans&quot;;--awb-content-font-style:normal;--awb-content-font-weight:400;\"><div class=\"panel-group fusion-toggle-icon-boxed\" id=\"accordion-2003-3\"><div class=\"fusion-panel panel-default panel-602b8343d7cd559cc fusion-toggle-has-divider\" style=\"--awb-title-color:var(--awb-color5);--awb-content-color:var(--awb-color6);\"><div class=\"panel-heading\"><h4 class=\"panel-title toggle\" id=\"toggle_602b8343d7cd559cc\"><a aria-expanded=\"false\" aria-controls=\"602b8343d7cd559cc\" role=\"button\" data-toggle=\"collapse\" data-parent=\"#accordion-2003-3\" data-target=\"#602b8343d7cd559cc\" href=\"#602b8343d7cd559cc\"><span class=\"fusion-toggle-icon-wrapper\" aria-hidden=\"true\"><i class=\"fa-fusion-box active-icon awb-icon-minus\" aria-hidden=\"true\"><\/i><i class=\"fa-fusion-box inactive-icon awb-icon-plus\" aria-hidden=\"true\"><\/i><\/span><span class=\"fusion-toggle-heading\">Lokacija<\/span><\/a><\/h4><\/div><div id=\"602b8343d7cd559cc\" class=\"panel-collapse collapse \" aria-labelledby=\"toggle_602b8343d7cd559cc\"><div class=\"panel-body toggle-content fusion-clearfix\">\n<p>Stambeni kompleks novoizgra\u0111enih i planiranih stambenih i stambeno-poslovnih zgrada smje\u0161ten je izme\u0111u Ul. Marina Studina i Ul. Ivana Pavla II. Navedene ulice su povezane novom dvosmjernom cestom koja omogu\u0107ava dobru povezanost kompleksa sa \u0161irom lokacijom. Uz samu ulicu je smje\u0161ten vanjski parking dok prostrani mediteranski vrtovi kao glavni motiv cijelog kompleksa omogu\u0107uju privatnost i mirno okru\u017eenje osobito stanovima u prizemlju.<\/p>\n<\/div><\/div><\/div><div class=\"fusion-panel panel-default panel-4fd6f911302401fa9 fusion-toggle-has-divider\" style=\"--awb-title-color:var(--awb-color5);--awb-content-color:var(--awb-color6);\"><div class=\"panel-heading\"><h4 class=\"panel-title toggle\" id=\"toggle_4fd6f911302401fa9\"><a aria-expanded=\"false\" aria-controls=\"4fd6f911302401fa9\" role=\"button\" data-toggle=\"collapse\" data-parent=\"#accordion-2003-3\" data-target=\"#4fd6f911302401fa9\" href=\"#4fd6f911302401fa9\"><span class=\"fusion-toggle-icon-wrapper\" aria-hidden=\"true\"><i class=\"fa-fusion-box active-icon awb-icon-minus\" aria-hidden=\"true\"><\/i><i class=\"fa-fusion-box inactive-icon awb-icon-plus\" aria-hidden=\"true\"><\/i><\/span><span class=\"fusion-toggle-heading\">Katnost i sadr\u017eaj gra\u0111evine<\/span><\/a><\/h4><\/div><div id=\"4fd6f911302401fa9\" class=\"panel-collapse collapse \" aria-labelledby=\"toggle_4fd6f911302401fa9\"><div class=\"panel-body toggle-content fusion-clearfix\">\n<p>Kompleks \u010dine dvije vi\u0161estambene gra\u0111evine sa zajedni\u010dkim podrumom. Pristup u gara\u017eu je zajedni\u010dki dok je ulaz u gra\u0111evine zaseban iz podruma vertikalnim komunikacijama (stubi\u0161te i lift) odnosno preko ure\u0111enog terena za svaku gra\u0111evinu zasebno. Zajedni\u010dka podrumska eta\u017ea sadr\u017ei 28 parkirali\u0161nih mjesta i 14 spremi\u0161ta te druge servisne prostorije. Svaka gra\u0111evina ima po 7 stanova, po dva stana na eta\u017ei prizemlja, 1. i 2. kata i jedan stan na nadgra\u0111u. Prostrane terase stanova su tlocrtno smje\u0161tena na suprotne strane gra\u0111evine i omogu\u0107uju privatnost stanarima.<\/p>\n<\/div><\/div><\/div><div class=\"fusion-panel panel-default panel-f6642fec21f18ab06 fusion-toggle-has-divider\" style=\"--awb-title-color:var(--awb-color5);--awb-content-color:var(--awb-color6);\"><div class=\"panel-heading\"><h4 class=\"panel-title toggle\" id=\"toggle_f6642fec21f18ab06\"><a aria-expanded=\"false\" aria-controls=\"f6642fec21f18ab06\" role=\"button\" data-toggle=\"collapse\" data-parent=\"#accordion-2003-3\" data-target=\"#f6642fec21f18ab06\" href=\"#f6642fec21f18ab06\"><span class=\"fusion-toggle-icon-wrapper\" aria-hidden=\"true\"><i class=\"fa-fusion-box active-icon awb-icon-minus\" aria-hidden=\"true\"><\/i><i class=\"fa-fusion-box inactive-icon awb-icon-plus\" aria-hidden=\"true\"><\/i><\/span><span class=\"fusion-toggle-heading\">Konstrukcija<\/span><\/a><\/h4><\/div><div id=\"f6642fec21f18ab06\" class=\"panel-collapse collapse \" aria-labelledby=\"toggle_f6642fec21f18ab06\"><div class=\"panel-body toggle-content fusion-clearfix\">\n<p>Konstrukcija zgrade je armiranobetonska (sustav armiranobetonskih: nosivih zidova, nosivih horizontalnih i vertikalnih elemenata, monolitnih me\u0111ukatnih plo\u010da i ravnog krova). Armirano betonski zidovi su debljine 20 cm kao i me\u0111ukatne plo\u010de. Vanjski zidovi dijelom su zidani Porotherm blok opekom debljine 20 cm. Pregradni zidovi su tako\u0111er zidani Porotherm blok opekom debljine 11,5 cm. Okno dizala i stubi\u0161na jezgra su izvedeni od armiranobetonskih zidova debljine 20 cm, toplinski i zvu\u010dno izolirani prema stanovima. Svijetla visina u stanovima (visina od gotovog poda do stropa) iznosi 257 \u2013 272 cm.<\/p>\n<\/div><\/div><\/div><div class=\"fusion-panel panel-default panel-20c6e1f2520d448d6 fusion-toggle-has-divider\" style=\"--awb-title-color:var(--awb-color5);--awb-content-color:var(--awb-color6);\"><div class=\"panel-heading\"><h4 class=\"panel-title toggle\" id=\"toggle_20c6e1f2520d448d6\"><a aria-expanded=\"false\" aria-controls=\"20c6e1f2520d448d6\" role=\"button\" data-toggle=\"collapse\" data-parent=\"#accordion-2003-3\" data-target=\"#20c6e1f2520d448d6\" href=\"#20c6e1f2520d448d6\"><span class=\"fusion-toggle-icon-wrapper\" aria-hidden=\"true\"><i class=\"fa-fusion-box active-icon awb-icon-minus\" aria-hidden=\"true\"><\/i><i class=\"fa-fusion-box inactive-icon awb-icon-plus\" aria-hidden=\"true\"><\/i><\/span><span class=\"fusion-toggle-heading\">Fasada<\/span><\/a><\/h4><\/div><div id=\"20c6e1f2520d448d6\" class=\"panel-collapse collapse \" aria-labelledby=\"toggle_20c6e1f2520d448d6\"><div class=\"panel-body toggle-content fusion-clearfix\">\n<p>Fasada je izvedena kao ETICS sustav s 10 cm kamene vune sa zavr\u0161nim slojem od silikatne \u017ebuke.<\/p>\n<\/div><\/div><\/div><div class=\"fusion-panel panel-default panel-53c6c192c385e01b2 fusion-toggle-has-divider\" style=\"--awb-title-color:var(--awb-color5);--awb-content-color:var(--awb-color6);\"><div class=\"panel-heading\"><h4 class=\"panel-title toggle\" id=\"toggle_53c6c192c385e01b2\"><a aria-expanded=\"false\" aria-controls=\"53c6c192c385e01b2\" role=\"button\" data-toggle=\"collapse\" data-parent=\"#accordion-2003-3\" data-target=\"#53c6c192c385e01b2\" href=\"#53c6c192c385e01b2\"><span class=\"fusion-toggle-icon-wrapper\" aria-hidden=\"true\"><i class=\"fa-fusion-box active-icon awb-icon-minus\" aria-hidden=\"true\"><\/i><i class=\"fa-fusion-box inactive-icon awb-icon-plus\" aria-hidden=\"true\"><\/i><\/span><span class=\"fusion-toggle-heading\">Krov<\/span><\/a><\/h4><\/div><div id=\"53c6c192c385e01b2\" class=\"panel-collapse collapse \" aria-labelledby=\"toggle_53c6c192c385e01b2\"><div class=\"panel-body toggle-content fusion-clearfix\">\n<p>Krov je ravni neprohodni izveden od monolitne armiranobetonske plo\u010de u nagibu, minimalne debljine 20 cm, s parnom branom, toplinskom izolacijom (EPS) debljine 20 cm, zavr\u0161no prekriven hidroizolacijskom TPO folijom otpornom na UV zrake i za\u0161ti\u0107en oblutkom.<\/p>\n<\/div><\/div><\/div><div class=\"fusion-panel panel-default panel-77dacbb168f44a66d fusion-toggle-has-divider\" style=\"--awb-title-color:var(--awb-color5);--awb-content-color:var(--awb-color6);\"><div class=\"panel-heading\"><h4 class=\"panel-title toggle\" id=\"toggle_77dacbb168f44a66d\"><a aria-expanded=\"false\" aria-controls=\"77dacbb168f44a66d\" role=\"button\" data-toggle=\"collapse\" data-parent=\"#accordion-2003-3\" data-target=\"#77dacbb168f44a66d\" href=\"#77dacbb168f44a66d\"><span class=\"fusion-toggle-icon-wrapper\" aria-hidden=\"true\"><i class=\"fa-fusion-box active-icon awb-icon-minus\" aria-hidden=\"true\"><\/i><i class=\"fa-fusion-box inactive-icon awb-icon-plus\" aria-hidden=\"true\"><\/i><\/span><span class=\"fusion-toggle-heading\">Vanjska stolarija<\/span><\/a><\/h4><\/div><div id=\"77dacbb168f44a66d\" class=\"panel-collapse collapse \" aria-labelledby=\"toggle_77dacbb168f44a66d\"><div class=\"panel-body toggle-content fusion-clearfix\">\n<p>Stolarija je izvedena od kvalitetnih PVC profila s aluminijskom oblogom izvana (izvana u sivo srebrnoj boji, unutra u bijeloj) s trostrukoizoliraju\u0107im staklom. Svi vanjski zatvori imaju aluminijske rolete u sivoj boji i komarnike (klizne ili rolo). Otvori su otklopno \u2013 zaokretni, klizni i podizno \u2013 klizni, a sve rolete (osim u kupaonicama) imaju elektronsko upravljanje &#8211; pogon na elektromotor.<\/p>\n<\/div><\/div><\/div><div class=\"fusion-panel panel-default panel-3c29de4174da95077 fusion-toggle-has-divider\" style=\"--awb-title-color:var(--awb-color5);--awb-content-color:var(--awb-color6);\"><div class=\"panel-heading\"><h4 class=\"panel-title toggle\" id=\"toggle_3c29de4174da95077\"><a aria-expanded=\"false\" aria-controls=\"3c29de4174da95077\" role=\"button\" data-toggle=\"collapse\" data-parent=\"#accordion-2003-3\" data-target=\"#3c29de4174da95077\" href=\"#3c29de4174da95077\"><span class=\"fusion-toggle-icon-wrapper\" aria-hidden=\"true\"><i class=\"fa-fusion-box active-icon awb-icon-minus\" aria-hidden=\"true\"><\/i><i class=\"fa-fusion-box inactive-icon awb-icon-plus\" aria-hidden=\"true\"><\/i><\/span><span class=\"fusion-toggle-heading\">Zajedni\u010dki prostori i spremi\u0161ta<\/span><\/a><\/h4><\/div><div id=\"3c29de4174da95077\" class=\"panel-collapse collapse \" aria-labelledby=\"toggle_3c29de4174da95077\"><div class=\"panel-body toggle-content fusion-clearfix\">\n<p>Ulazni prostor, stubi\u0161ta i hodnici su poplo\u010dani kamenim plo\u010dama debljine 3 cm. Ograde i rukohvati u stubi\u0161tima izvedeni su kao bravarska ograda visine do 110 cm. Dizala su be\u0161umna kroz sve eta\u017ee. U natkrivenom ulazu su smje\u0161teni po\u0161tanski sandu\u010di\u0107i, paneli za obavijest te parlafon s video kontrolom.<\/p>\n<p>Podovi u podrumskim spremi\u0161tima zavr\u0161no su premazani epoksidnim premazom.<\/p>\n<\/div><\/div><\/div><div class=\"fusion-panel panel-default panel-9629ea2232ff322da fusion-toggle-has-divider\" style=\"--awb-title-color:var(--awb-color5);--awb-content-color:var(--awb-color6);\"><div class=\"panel-heading\"><h4 class=\"panel-title toggle\" id=\"toggle_9629ea2232ff322da\"><a aria-expanded=\"false\" aria-controls=\"9629ea2232ff322da\" role=\"button\" data-toggle=\"collapse\" data-parent=\"#accordion-2003-3\" data-target=\"#9629ea2232ff322da\" href=\"#9629ea2232ff322da\"><span class=\"fusion-toggle-icon-wrapper\" aria-hidden=\"true\"><i class=\"fa-fusion-box active-icon awb-icon-minus\" aria-hidden=\"true\"><\/i><i class=\"fa-fusion-box inactive-icon awb-icon-plus\" aria-hidden=\"true\"><\/i><\/span><span class=\"fusion-toggle-heading\">Gara\u017ee i parkirna mjesta<\/span><\/a><\/h4><\/div><div id=\"9629ea2232ff322da\" class=\"panel-collapse collapse \" aria-labelledby=\"toggle_9629ea2232ff322da\"><div class=\"panel-body toggle-content fusion-clearfix\">\n<p>Gara\u017ee su smje\u0161tene u podrumskoj eta\u017ei, sa zajedni\u010dkom ulaznom rampom s rolo vratima na daljinsko upravljanje. Kolna komunikacija je zajedni\u010dka i kru\u017ena, a parkirna mjesta su otvorena. Svaki stan u gara\u017ei ima osigurana dva parkirna mjesta te pripadaju\u0107e spremi\u0161te. Gara\u017ea ima prirodnu i mehani\u010dku ventilaciju.<\/p>\n<\/div><\/div><\/div><div class=\"fusion-panel panel-default panel-59dcb459f43690e57 fusion-toggle-has-divider\" style=\"--awb-title-color:var(--awb-color5);--awb-content-color:var(--awb-color6);\"><div class=\"panel-heading\"><h4 class=\"panel-title toggle\" id=\"toggle_59dcb459f43690e57\"><a aria-expanded=\"false\" aria-controls=\"59dcb459f43690e57\" role=\"button\" data-toggle=\"collapse\" data-parent=\"#accordion-2003-3\" data-target=\"#59dcb459f43690e57\" href=\"#59dcb459f43690e57\"><span class=\"fusion-toggle-icon-wrapper\" aria-hidden=\"true\"><i class=\"fa-fusion-box active-icon awb-icon-minus\" aria-hidden=\"true\"><\/i><i class=\"fa-fusion-box inactive-icon awb-icon-plus\" aria-hidden=\"true\"><\/i><\/span><span class=\"fusion-toggle-heading\">Stolarija<\/span><\/a><\/h4><\/div><div id=\"59dcb459f43690e57\" class=\"panel-collapse collapse \" aria-labelledby=\"toggle_59dcb459f43690e57\"><div class=\"panel-body toggle-content fusion-clearfix\">\n<p>Ulazna vrata u stan su protuprovalna i protupo\u017earna s dodatnom zvu\u010dnom izolacijom. Unutarnja stolarija izvedena od punih, glatkih vrata s dovratnikom u bijeloj boji visine 210 cm.<\/p>\n<\/div><\/div><\/div><div class=\"fusion-panel panel-default panel-63c9761e8a7259757 fusion-toggle-has-divider\" style=\"--awb-title-color:var(--awb-color5);--awb-content-color:var(--awb-color6);\"><div class=\"panel-heading\"><h4 class=\"panel-title toggle\" id=\"toggle_63c9761e8a7259757\"><a aria-expanded=\"false\" aria-controls=\"63c9761e8a7259757\" role=\"button\" data-toggle=\"collapse\" data-parent=\"#accordion-2003-3\" data-target=\"#63c9761e8a7259757\" href=\"#63c9761e8a7259757\"><span class=\"fusion-toggle-icon-wrapper\" aria-hidden=\"true\"><i class=\"fa-fusion-box active-icon awb-icon-minus\" aria-hidden=\"true\"><\/i><i class=\"fa-fusion-box inactive-icon awb-icon-plus\" aria-hidden=\"true\"><\/i><\/span><span class=\"fusion-toggle-heading\">Zidovi i stropovi<\/span><\/a><\/h4><\/div><div id=\"63c9761e8a7259757\" class=\"panel-collapse collapse \" aria-labelledby=\"toggle_63c9761e8a7259757\"><div class=\"panel-body toggle-content fusion-clearfix\">\n<p>Nosivi zidovi su armirano betonski zidovi debljine 20 cm, a dijelom su zidani Porotherm blok opekom debljine 20 cm. Pregradni zidovi su zidani Porotherm blok opekom debljine 11,5 cm. Unutarnje povr\u0161ine zidova i stropova su o\u017ebukane i oli\u010dene poludisperzivnom bijelom bojom.<\/p>\n<p>Kao zidne obloge kupaonice ugra\u0111ene su visokokvalitetne kerami\u010dke plo\u010dice I klase.<\/p>\n<\/div><\/div><\/div><div class=\"fusion-panel panel-default panel-10fc818c743ef167e fusion-toggle-has-divider\" style=\"--awb-title-color:var(--awb-color5);--awb-content-color:var(--awb-color6);\"><div class=\"panel-heading\"><h4 class=\"panel-title toggle\" id=\"toggle_10fc818c743ef167e\"><a aria-expanded=\"false\" aria-controls=\"10fc818c743ef167e\" role=\"button\" data-toggle=\"collapse\" data-parent=\"#accordion-2003-3\" data-target=\"#10fc818c743ef167e\" href=\"#10fc818c743ef167e\"><span class=\"fusion-toggle-icon-wrapper\" aria-hidden=\"true\"><i class=\"fa-fusion-box active-icon awb-icon-minus\" aria-hidden=\"true\"><\/i><i class=\"fa-fusion-box inactive-icon awb-icon-plus\" aria-hidden=\"true\"><\/i><\/span><span class=\"fusion-toggle-heading\">Podovi<\/span><\/a><\/h4><\/div><div id=\"10fc818c743ef167e\" class=\"panel-collapse collapse \" aria-labelledby=\"toggle_10fc818c743ef167e\"><div class=\"panel-body toggle-content fusion-clearfix\">\n<p>Podovi spava\u0107ih soba su oblo\u017eeni hrastovim parketom I klase, zavr\u0161no lakiranim, modernog izgleda u natur boji, s letvicama u bijeloj boji. Podovi ostalih prostorija su oblo\u017eeni kerami\u010dkim plo\u010dicama, a loggie vanjskim protukliznim kerami\u010dkim plo\u010dicama sve I klase. Na povr\u0161inama s plo\u010dicama izveden je kerami\u010dki sokl.<\/p>\n<p>Zidovi gra\u0111evine s termi\u010dki obra\u0111enim pro\u010deljima, s o\u017ebukanim unutarnjim povr\u0161inama zidova i stropova, podovi s podnim slojevima toplinske i zvu\u010dne za\u0161tite, \u010dine ugra\u0111eni materijali koji pojedina\u010dno i u kompletu imaju sposobnost izdr\u017eati sva mehani\u010dka i druga predvi\u0111ena djelovanja pri normalnoj upotrebi.<\/p>\n<\/div><\/div><\/div><div class=\"fusion-panel panel-default panel-ad15bcdd645df52a9 fusion-toggle-has-divider\" style=\"--awb-title-color:var(--awb-color5);--awb-content-color:var(--awb-color6);\"><div class=\"panel-heading\"><h4 class=\"panel-title toggle\" id=\"toggle_ad15bcdd645df52a9\"><a aria-expanded=\"false\" aria-controls=\"ad15bcdd645df52a9\" role=\"button\" data-toggle=\"collapse\" data-parent=\"#accordion-2003-3\" data-target=\"#ad15bcdd645df52a9\" href=\"#ad15bcdd645df52a9\"><span class=\"fusion-toggle-icon-wrapper\" aria-hidden=\"true\"><i class=\"fa-fusion-box active-icon awb-icon-minus\" aria-hidden=\"true\"><\/i><i class=\"fa-fusion-box inactive-icon awb-icon-plus\" aria-hidden=\"true\"><\/i><\/span><span class=\"fusion-toggle-heading\">Kupaonice i WC<\/span><\/a><\/h4><\/div><div id=\"ad15bcdd645df52a9\" class=\"panel-collapse collapse \" aria-labelledby=\"toggle_ad15bcdd645df52a9\"><div class=\"panel-body toggle-content fusion-clearfix\">\n<p>Sva sanitarna oprema je visoke kvalitete poznatih proizvo\u0111a\u010da. Opremu \u010dine: konzolni umivaonici s pripadaju\u0107im mije\u0161alicama, konzolna WC \u0161koljka s poklopcem i s nisko\u0161umnim ugradbenim vodokotli\u0107em, tu\u0161 \u2013 kada s tu\u0161 setom. Priklju\u010dak za perilicu rublja s odvodnjom.<\/p>\n<p>Zidovi su oblo\u017eeni kerami\u010dkim plo\u010dicama I klase od poda do pune visine prostorije.<\/p>\n<p>Bojleri PTV su smje\u0161teni u podrumu u zajedni\u010dkom prostoru.<\/p>\n<\/div><\/div><\/div><div class=\"fusion-panel panel-default panel-70a552b50d1f15413 fusion-toggle-has-divider\" style=\"--awb-title-color:var(--awb-color5);--awb-content-color:var(--awb-color6);\"><div class=\"panel-heading\"><h4 class=\"panel-title toggle\" id=\"toggle_70a552b50d1f15413\"><a aria-expanded=\"false\" aria-controls=\"70a552b50d1f15413\" role=\"button\" data-toggle=\"collapse\" data-parent=\"#accordion-2003-3\" data-target=\"#70a552b50d1f15413\" href=\"#70a552b50d1f15413\"><span class=\"fusion-toggle-icon-wrapper\" aria-hidden=\"true\"><i class=\"fa-fusion-box active-icon awb-icon-minus\" aria-hidden=\"true\"><\/i><i class=\"fa-fusion-box inactive-icon awb-icon-plus\" aria-hidden=\"true\"><\/i><\/span><span class=\"fusion-toggle-heading\">Elektroinstalacije<\/span><\/a><\/h4><\/div><div id=\"70a552b50d1f15413\" class=\"panel-collapse collapse \" aria-labelledby=\"toggle_70a552b50d1f15413\"><div class=\"panel-body toggle-content fusion-clearfix\">\n<p>Elektrobrojila su smje\u0161tena u vanjskom ure\u0111enom terenu (uz zapadnu granicu). Elektro oprema je visoke kvalitete poznatih proizvo\u0111a\u010da.<\/p>\n<p>U stanovima su predvi\u0111ene telefonske i TV uti\u010dnice, stropna i zidna rasvjeta te termostat u dnevnom boravku i spava\u0107im sobama. Elektrooprema kuhinje sastoji se od izvoda za \u0161tednjak, uti\u010dnice za hladnjak, uti\u010dnice za perilicu, uti\u010dnice u pojasu iznad radne plohe, izvod za napu i uti\u010dnice na kuhinjskom otoku. Elektrooprema kupaonice sadr\u017ei priklju\u010dnicu za perilicu rublja, nadsvjetlo iznad umivaonika, uti\u010dnice na zidu te izvod za ventilator. Elektrooprema u hodniku su rasvjetna tijela, strujni razdjelnik stana, ormari\u0107 slabe struje, uti\u010dnica, centralno sklop struje cijelog stana.<\/p>\n<p>Osigurana je mogu\u0107nost spajanja na kabelsku TV preko instalacija zajedni\u010dkog antenskog satelita.<\/p>\n<p>Spremi\u0161ta, u kojima je izvedena stropna rasvjeta su povezana s brojilom pripadaju\u0107eg stana, a lift, hodnici i gara\u017ea vezani su na zasebno brojilo zajedni\u010dke potro\u0161nje.<\/p>\n<\/div><\/div><\/div><div class=\"fusion-panel panel-default panel-15f52056bc66d4a62 fusion-toggle-has-divider\" style=\"--awb-title-color:var(--awb-color5);--awb-content-color:var(--awb-color6);\"><div class=\"panel-heading\"><h4 class=\"panel-title toggle\" id=\"toggle_15f52056bc66d4a62\"><a aria-expanded=\"false\" aria-controls=\"15f52056bc66d4a62\" role=\"button\" data-toggle=\"collapse\" data-parent=\"#accordion-2003-3\" data-target=\"#15f52056bc66d4a62\" href=\"#15f52056bc66d4a62\"><span class=\"fusion-toggle-icon-wrapper\" aria-hidden=\"true\"><i class=\"fa-fusion-box active-icon awb-icon-minus\" aria-hidden=\"true\"><\/i><i class=\"fa-fusion-box inactive-icon awb-icon-plus\" aria-hidden=\"true\"><\/i><\/span><span class=\"fusion-toggle-heading\">Instalacije vodovoda i odvodnje<\/span><\/a><\/h4><\/div><div id=\"15f52056bc66d4a62\" class=\"panel-collapse collapse \" aria-labelledby=\"toggle_15f52056bc66d4a62\"><div class=\"panel-body toggle-content fusion-clearfix\">\n<p>Opskrba vodom je priklju\u010dkom na javnu gradsku vodovodnu mre\u017eu. Na priklju\u010dnom cjevovodu je okno s ugra\u0111enim vodomjerima za svaki stan zasebno. Razvod vode se vr\u0161i PPR toplinski izoliranim cijevima.<\/p>\n<p>Odvodnja otpadnih voda je priklju\u010dkom na kanalizacijski sustav naselja. Za odvodnju su kori\u0161tene nisko\u0161umne cijevi.<\/p>\n<p>Priprema potro\u0161ne tople vode je preko bojlera \u2013 dizalica topline smje\u0161tenih u podrumskoj eta\u017ei, za svaki stan zasebno.<\/p>\n<p>Glavni ventil za vodu nalazi se na svakom od stubi\u0161ta.<\/p>\n<\/div><\/div><\/div><div class=\"fusion-panel panel-default panel-3c5fa6d8c498452fb fusion-toggle-has-divider\" style=\"--awb-title-color:var(--awb-color5);--awb-content-color:var(--awb-color6);\"><div class=\"panel-heading\"><h4 class=\"panel-title toggle\" id=\"toggle_3c5fa6d8c498452fb\"><a aria-expanded=\"false\" aria-controls=\"3c5fa6d8c498452fb\" role=\"button\" data-toggle=\"collapse\" data-parent=\"#accordion-2003-3\" data-target=\"#3c5fa6d8c498452fb\" href=\"#3c5fa6d8c498452fb\"><span class=\"fusion-toggle-icon-wrapper\" aria-hidden=\"true\"><i class=\"fa-fusion-box active-icon awb-icon-minus\" aria-hidden=\"true\"><\/i><i class=\"fa-fusion-box inactive-icon awb-icon-plus\" aria-hidden=\"true\"><\/i><\/span><span class=\"fusion-toggle-heading\">Grijanje i hla\u0111enje<\/span><\/a><\/h4><\/div><div id=\"3c5fa6d8c498452fb\" class=\"panel-collapse collapse \" aria-labelledby=\"toggle_3c5fa6d8c498452fb\"><div class=\"panel-body toggle-content fusion-clearfix\">\n<p>Za sve stanove kori\u0161teni su ure\u0111aji proizvo\u0111a\u010da.<\/p>\n<p>Kao vanjska jedinica ugra\u0111en je inverter sustav multi split snage 9,3\/8,3 Kw.<\/p>\n<p>Stanovi su opremljeni kanalskim razvodom unutarnjih klima jedinica, u dnevnom boravku snage 4,0\/3,5 Kw, a u sobama jedinice snage 2,5\/2,0 Kw, s daljinskim i Wifi upravljanjem.<\/p>\n<p>U dnevnom dijelu stana i kupaonicama je izvedeno podno grijanje sustavom elektri\u010dne mre\u017eice, komplet s termostatom i senzorima za temperaturu.<\/p>\n<\/div><\/div><\/div><div class=\"fusion-panel panel-default panel-6d49614a931e733af fusion-toggle-has-divider\" style=\"--awb-title-color:var(--awb-color5);--awb-content-color:var(--awb-color6);\"><div class=\"panel-heading\"><h4 class=\"panel-title toggle\" id=\"toggle_6d49614a931e733af\"><a aria-expanded=\"false\" aria-controls=\"6d49614a931e733af\" role=\"button\" data-toggle=\"collapse\" data-parent=\"#accordion-2003-3\" data-target=\"#6d49614a931e733af\" href=\"#6d49614a931e733af\"><span class=\"fusion-toggle-icon-wrapper\" aria-hidden=\"true\"><i class=\"fa-fusion-box active-icon awb-icon-minus\" aria-hidden=\"true\"><\/i><i class=\"fa-fusion-box inactive-icon awb-icon-plus\" aria-hidden=\"true\"><\/i><\/span><span class=\"fusion-toggle-heading\">Ventilacija<\/span><\/a><\/h4><\/div><div id=\"6d49614a931e733af\" class=\"panel-collapse collapse \" aria-labelledby=\"toggle_6d49614a931e733af\"><div class=\"panel-body toggle-content fusion-clearfix\">\n<p>Umjetna ventilacija je osigurana be\u0161umnim ventilatorima u svim sanitarnim prostorijama, a ventilacija kuhinja osigurana je zasebnim cijevima za odvod napa.<\/p>\n<p>Unutar gara\u017ee osigurana je prirodna i mehani\u010dka ventilacija kao i ventilacija svakog spremi\u0161ta pojedina\u010dno.<\/p>\n<\/div><\/div><\/div><div class=\"fusion-panel panel-default panel-6e5260c808630e4e9 fusion-toggle-has-divider\" style=\"--awb-title-color:var(--awb-color5);--awb-content-color:var(--awb-color6);\"><div class=\"panel-heading\"><h4 class=\"panel-title toggle\" id=\"toggle_6e5260c808630e4e9\"><a aria-expanded=\"false\" aria-controls=\"6e5260c808630e4e9\" role=\"button\" data-toggle=\"collapse\" data-parent=\"#accordion-2003-3\" data-target=\"#6e5260c808630e4e9\" href=\"#6e5260c808630e4e9\"><span class=\"fusion-toggle-icon-wrapper\" aria-hidden=\"true\"><i class=\"fa-fusion-box active-icon awb-icon-minus\" aria-hidden=\"true\"><\/i><i class=\"fa-fusion-box inactive-icon awb-icon-plus\" aria-hidden=\"true\"><\/i><\/span><span class=\"fusion-toggle-heading\">Energetski razred<\/span><\/a><\/h4><\/div><div id=\"6e5260c808630e4e9\" class=\"panel-collapse collapse \" aria-labelledby=\"toggle_6e5260c808630e4e9\"><div class=\"panel-body toggle-content fusion-clearfix\">\n<p>Isho\u0111en je energetski certifikat razreda A+.<\/p>\n<\/div><\/div><\/div><div class=\"fusion-panel panel-default panel-8b70066818a29a0da fusion-toggle-has-divider\" style=\"--awb-title-color:var(--awb-color5);--awb-content-color:var(--awb-color6);\"><div class=\"panel-heading\"><h4 class=\"panel-title toggle\" id=\"toggle_8b70066818a29a0da\"><a aria-expanded=\"false\" aria-controls=\"8b70066818a29a0da\" role=\"button\" data-toggle=\"collapse\" data-parent=\"#accordion-2003-3\" data-target=\"#8b70066818a29a0da\" href=\"#8b70066818a29a0da\"><span class=\"fusion-toggle-icon-wrapper\" aria-hidden=\"true\"><i class=\"fa-fusion-box active-icon awb-icon-minus\" aria-hidden=\"true\"><\/i><i class=\"fa-fusion-box inactive-icon awb-icon-plus\" aria-hidden=\"true\"><\/i><\/span><span class=\"fusion-toggle-heading\">Uvjeti odr\u017eavanja gra\u0111evine<\/span><\/a><\/h4><\/div><div id=\"8b70066818a29a0da\" class=\"panel-collapse collapse \" aria-labelledby=\"toggle_8b70066818a29a0da\"><div class=\"panel-body toggle-content fusion-clearfix\">\n<p>Kupac \u0107e prilikom preuzimanja stana dobiti knji\u017eicu s uputama za kori\u0161tenje i odr\u017eavanje ugra\u0111ene opreme.<\/p>\n<\/div><\/div><\/div><div class=\"fusion-panel panel-default panel-899bc1ec85527dfad fusion-toggle-has-divider\" style=\"--awb-title-color:var(--awb-color5);--awb-content-color:var(--awb-color6);\"><div class=\"panel-heading\"><h4 class=\"panel-title toggle\" id=\"toggle_899bc1ec85527dfad\"><a aria-expanded=\"false\" aria-controls=\"899bc1ec85527dfad\" role=\"button\" data-toggle=\"collapse\" data-parent=\"#accordion-2003-3\" data-target=\"#899bc1ec85527dfad\" href=\"#899bc1ec85527dfad\"><span class=\"fusion-toggle-icon-wrapper\" aria-hidden=\"true\"><i class=\"fa-fusion-box active-icon awb-icon-minus\" aria-hidden=\"true\"><\/i><i class=\"fa-fusion-box inactive-icon awb-icon-plus\" aria-hidden=\"true\"><\/i><\/span><span class=\"fusion-toggle-heading\">Ure\u0111enje okoli\u0161a<\/span><\/a><\/h4><\/div><div id=\"899bc1ec85527dfad\" class=\"panel-collapse collapse \" aria-labelledby=\"toggle_899bc1ec85527dfad\"><div class=\"panel-body toggle-content fusion-clearfix\">\n<p>Okoli\u0161 je ure\u0111en kolnim i pje\u0161a\u010dkim povr\u0161inama i hortikulturno ure\u0111enim vrtovima.<\/p>\n<\/div><\/div><\/div><div class=\"fusion-panel panel-default panel-d560b202d7bdea4de fusion-toggle-has-divider\" style=\"--awb-title-color:var(--awb-color5);--awb-content-color:var(--awb-color6);\"><div class=\"panel-heading\"><h4 class=\"panel-title toggle\" id=\"toggle_d560b202d7bdea4de\"><a aria-expanded=\"false\" aria-controls=\"d560b202d7bdea4de\" role=\"button\" data-toggle=\"collapse\" data-parent=\"#accordion-2003-3\" data-target=\"#d560b202d7bdea4de\" href=\"#d560b202d7bdea4de\"><span class=\"fusion-toggle-icon-wrapper\" aria-hidden=\"true\"><i class=\"fa-fusion-box active-icon awb-icon-minus\" aria-hidden=\"true\"><\/i><i class=\"fa-fusion-box inactive-icon awb-icon-plus\" aria-hidden=\"true\"><\/i><\/span><span class=\"fusion-toggle-heading\">Garancija<\/span><\/a><\/h4><\/div><div id=\"d560b202d7bdea4de\" class=\"panel-collapse collapse \" aria-labelledby=\"toggle_d560b202d7bdea4de\"><div class=\"panel-body toggle-content fusion-clearfix\">\n<p>Garantni rok za kvalitetu izvedbe gra\u0111evinskih i gra\u0111evinsko-obrtni\u010dkih radova odre\u0111en je u skladu sa zakonom i posebnim propisima i to 2 godine za obrtni\u010dke radove, a 10 godina za konstrukciju gra\u0111evine i krov.<\/p>\n<p>Uvjeti i rokovi garancije za ugra\u0111enu opremu vrijede prema specifikacijama proizvo\u0111a\u010da.<\/p>\n<\/div><\/div><\/div><\/div><\/div><div class=\"fusion-separator fusion-full-width-sep\" style=\"align-self: center;margin-left: auto;margin-right: auto;margin-bottom:40px;width:100%;\"><\/div><div style=\"text-align:center;\"><a class=\"fusion-button button-flat fusion-button-default-size button-custom fusion-button-default button-3 fusion-button-default-span fusion-button-default-type\" style=\"--button_accent_color:#ffffff;--button_accent_hover_color:#ffffff;--button_border_hover_color:hsla(var(--awb-color1-h),var(--awb-color1-s),var(--awb-color1-l),calc( var(--awb-color1-a) - 10% ));--button_gradient_top_color:#000000;--button_gradient_bottom_color:#000000;--button_gradient_top_color_hover:#001f63;--button_gradient_bottom_color_hover:#001f63;\" target=\"_self\" href=\"https:\/\/kastela-garden-residence.hr\/zgrada-2-stan-s3\/\"><span class=\"fusion-button-text awb-button__text awb-button__text--default\">SAZNAJ VI\u0160E<\/span><\/a><\/div><\/div><\/div><\/div><\/div><div class=\"fusion-fullwidth fullwidth-box fusion-builder-row-4 fusion-flex-container has-pattern-background has-mask-background hundred-percent-fullwidth non-hundred-percent-height-scrolling\" style=\"--awb-border-radius-top-left:0px;--awb-border-radius-top-right:0px;--awb-border-radius-bottom-right:0px;--awb-border-radius-bottom-left:0px;--awb-padding-bottom:30px;--awb-flex-wrap:wrap;\" ><div class=\"fusion-builder-row fusion-row fusion-flex-align-items-flex-start fusion-flex-content-wrap\" style=\"width:104% !important;max-width:104% !important;margin-left: calc(-4% \/ 2 );margin-right: calc(-4% \/ 2 );\"><div class=\"fusion-layout-column fusion_builder_column fusion-builder-column-6 fusion_builder_column_1_2 1_2 fusion-flex-column\" style=\"--awb-bg-size:cover;--awb-width-large:50%;--awb-margin-top-large:0px;--awb-spacing-right-large:3.84%;--awb-margin-bottom-large:20px;--awb-spacing-left-large:3.84%;--awb-width-medium:100%;--awb-order-medium:0;--awb-spacing-right-medium:1.92%;--awb-spacing-left-medium:1.92%;--awb-width-small:100%;--awb-order-small:0;--awb-spacing-right-small:1.92%;--awb-spacing-left-small:1.92%;\"><div class=\"fusion-column-wrapper fusion-column-has-shadow fusion-flex-justify-content-flex-start fusion-content-layout-column\"><div class=\"fusion-title title fusion-title-4 fusion-sep-none fusion-title-center fusion-title-highlight fusion-animate-once fusion-highlight-underline fusion-title-size-one\" style=\"--awb-margin-top-small:0px;--awb-margin-right-small:0px;--awb-margin-bottom-small:20px;--awb-margin-left-small:0px;--awb-font-size:40px;\" data-highlight=\"underline\"><h1 class=\"fusion-title-heading title-heading-center fusion-responsive-typography-calculated\" style=\"margin:0;text-transform:capitalize;font-size:1em;--fontSize:40;line-height:var(--awb-typography1-line-height);\"><span class=\"fusion-highlighted-text-prefix\"><\/span> <span class=\"fusion-highlighted-text-wrapper\"><span class=\"fusion-highlighted-text\">Stan S4<\/span><svg xmlns=\"http:\/\/www.w3.org\/2000\/svg\" viewBox=\"0 0 500 150\" preserveAspectRatio=\"none\"><path d=\"M8.1,146.2c0,0,240.6-55.6,479-13.8\"><\/path><\/svg><\/span> <span class=\"fusion-highlighted-text-postfix\"><\/span><\/h1><\/div>\n<style>\n\t#hotspot-2079 .hotspots-image-container,\n\t#hotspot-2079 .leaflet-container {\n\t\tbackground: #efefef\t}\n\n\t#hotspot-2079 .hotspots-placeholder,\n\t.featherlight .featherlight-content.lightbox-2079 {\n\t\tbackground: #ffffff;\n\t\tborder: 0 #ffffff solid;\n\t\tcolor: #000000;\n\t}\n\n\t#hotspot-2079 .hotspot-title,\n\t#hotspot-2079 .bc-product__title a,\n\t.featherlight .featherlight-content.lightbox-2079 .hotspot-title,\n\t.featherlight .featherlight-content.lightbox-2079 .bc-product__title a {\n\t\tcolor: #000000;\n\t}\n\n\t\t\t#hotspot-2079 .hotspot-style-1 {\n\t\t\tstroke-width: 1;\n\t\t\tfill: #eded6a;\n\t\t\tfill-opacity: 0.81;\n\t\t\tstroke: #ffffff;\n\t\t\tstroke-opacity: 0.81;\n\t\t}\n\t\t#hotspot-2079 .hotspot-style-1:hover,\n\t\t#hotspot-2079 .hotspot-style-1:focus-visible,\n\t\t#hotspot-2079 .hotspot-style-1.hotspot-active {\n\t\t\tfill: #37a031;\n\t\t\tfill-opacity: 0.81;\n\t\t\toutline: none;\n\t\t\tstroke: #ffffff;\n\t\t\tstroke-opacity: 0.81;\n\t\t}\n\t\t\t#hotspot-2079 .hotspot-default {\n\t\t\tstroke-width: 1;\n\t\t\tfill: #ffffff;\n\t\t\tfill-opacity: 0.81;\n\t\t\tstroke: #ffffff;\n\t\t\tstroke-opacity: 0.81;\n\t\t}\n\t\t#hotspot-2079 .hotspot-default:hover,\n\t\t#hotspot-2079 .hotspot-default:focus-visible,\n\t\t#hotspot-2079 .hotspot-default.hotspot-active {\n\t\t\tfill: #ffffff;\n\t\t\tfill-opacity: 0.81;\n\t\t\toutline: none;\n\t\t\tstroke: #ffffff;\n\t\t\tstroke-opacity: 0.81;\n\t\t}\n\t\t#hotspot-2079 .leaflet-tooltip,\n\t#hotspot-2079 .leaflet-rrose-content-wrapper {\n\t\tbackground: #ffffff;\n\t\tborder-color: #ffffff;\n\t\tcolor: #000000;\n\t}\n\n\t#hotspot-2079 a.leaflet-rrose-close-button {\n\t\tcolor: #000000;\n\t}\n\n\t#hotspot-2079 .leaflet-rrose-tip {\n\t\tbackground: #ffffff;\n\t}\n\n\t#hotspot-2079 .leaflet-popup-scrolled {\n\t\tborder-bottom-color: #000000;\n\t\tborder-top-color: #000000;\n\t}\n\n\t#hotspot-2079 .leaflet-tooltip-top:before {\n\t\tborder-top-color: #ffffff;\n\t}\n\n\t#hotspot-2079 .leaflet-tooltip-bottom:before {\n\t\tborder-bottom-color: #ffffff;\n\t}\n\t#hotspot-2079 .leaflet-tooltip-left:before {\n\t\tborder-left-color: #ffffff;\n\t}\n\t#hotspot-2079 .leaflet-tooltip-right:before {\n\t\tborder-right-color: #ffffff;\n\t}\n<\/style>\n\n\n\t<div class=\"hotspots-container links-only layout-left event-click\" id=\"hotspot-2079\" data-layout=\"left\" data-trigger=\"click\">\n\t\t<div class=\"hotspots-interaction\">\n\t\t\t<div class=\"hotspots-image-container\">\n\t<img\n\t\twidth=\"1920\"\n\t\theight=\"1477\"\n\t\tsrc=\"https:\/\/kastela-garden-residence.hr\/wp-content\/uploads\/2025\/02\/Kastela-Garden-Residence_tlocrt_Mirta_Lavanda.jpg\"\n\t\talt=\"Zgrada 2 &#8211; Stan S4\"\n\t\tclass=\"hotspots-image skip-lazy\"\n\t\tusemap=\"#hotspots-image-2079\"\n\t\tdata-image-title=\"Zgrada 2 &#8211; Stan S4\"\n\t\tdata-image-description=\"\"\n\t\tdata-event-trigger=\"click\"\n\t\tdata-always-visible=\"on\"\n\t\tdata-id=\"2079\"\n\t\tdata-no-lazy=\"1\"\n\t\tdata-lazy-src=\"\"\n\t\tdata-lazy=\"false\"\n\t\tloading=\"eager\"\n\t\tdata-skip-lazy=\"1\"\n\t\t>\n<\/div>\t\t<\/div>\n\t\t<map name=\"hotspots-image-2079\" class=\"hotspots-map\">\n\t\t\t\t\t\t\t\t\t\t\t<area\n\t\t\t\t\tshape=\"polygon\"\n\t\t\t\t\tcoords=\"824,366,847,455,861,445,882,526,907,523,920,577,833,603,826,590,763,607,700,402\"\n\t\t\t\t\thref=\"https:\/\/kastela-garden-residence.hr\/wp-content\/uploads\/2026\/02\/Z2-S4-prodano-ced.jpg\"\n\t\t\t\t\trel=\"\"\n\t\t\t\t\ttitle=\"Stan S4 - PRODANO\"\n\t\t\t\t\talt=\"Stan S4 - PRODANO\"\n\t\t\t\t\tdata-action=\"url\"\n\t\t\t\t\tdata-color-scheme=\"style-1\"\n\t\t\t\t\tdata-id=\"area-hotspot-2079-0\"\n\t\t\t\t\ttarget=\"_new\"\n\t\t\t\t\tclass=\"url-area\"\n\t\t\t\t\t>\n\t\t\t\t\t<\/map>\n\n\t\t\n\t\t\t\t\t\t<\/div>\n\n<\/div><\/div><div class=\"fusion-layout-column fusion_builder_column fusion-builder-column-7 fusion_builder_column_1_2 1_2 fusion-flex-column\" style=\"--awb-bg-size:cover;--awb-width-large:50%;--awb-margin-top-large:0px;--awb-spacing-right-large:3.84%;--awb-margin-bottom-large:20px;--awb-spacing-left-large:3.84%;--awb-width-medium:100%;--awb-order-medium:0;--awb-spacing-right-medium:1.92%;--awb-spacing-left-medium:1.92%;--awb-width-small:100%;--awb-order-small:0;--awb-spacing-right-small:1.92%;--awb-spacing-left-small:1.92%;\"><div class=\"fusion-column-wrapper fusion-column-has-shadow fusion-flex-justify-content-flex-start fusion-content-layout-column\"><div class=\"accordian fusion-accordian\" style=\"--awb-border-size:1px;--awb-icon-size:16px;--awb-content-font-size:15px;--awb-icon-alignment:left;--awb-hover-color:var(--awb-color2);--awb-border-color:hsla(var(--awb-color7-h),var(--awb-color7-s),calc( var(--awb-color7-l) + 69% ),var(--awb-color7-a));--awb-background-color:var(--awb-color1);--awb-divider-color:var(--awb-color4);--awb-divider-hover-color:var(--awb-color4);--awb-icon-color:var(--awb-color1);--awb-title-color:var(--awb-color5);--awb-content-color:var(--awb-color6);--awb-icon-box-color:var(--awb-color8);--awb-toggle-hover-accent-color:var(--awb-color5);--awb-title-font-family:&quot;Raleway&quot;;--awb-title-font-weight:500;--awb-title-font-style:normal;--awb-content-font-family:&quot;Open Sans&quot;;--awb-content-font-style:normal;--awb-content-font-weight:400;\"><div class=\"panel-group fusion-toggle-icon-boxed\" id=\"accordion-2003-4\"><div class=\"fusion-panel panel-default panel-55c70eaf74e9a2b0e fusion-toggle-has-divider\" style=\"--awb-title-color:var(--awb-color5);--awb-content-color:var(--awb-color6);\"><div class=\"panel-heading\"><h4 class=\"panel-title toggle\" id=\"toggle_55c70eaf74e9a2b0e\"><a aria-expanded=\"false\" aria-controls=\"55c70eaf74e9a2b0e\" role=\"button\" data-toggle=\"collapse\" data-parent=\"#accordion-2003-4\" data-target=\"#55c70eaf74e9a2b0e\" href=\"#55c70eaf74e9a2b0e\"><span class=\"fusion-toggle-icon-wrapper\" aria-hidden=\"true\"><i class=\"fa-fusion-box active-icon awb-icon-minus\" aria-hidden=\"true\"><\/i><i class=\"fa-fusion-box inactive-icon awb-icon-plus\" aria-hidden=\"true\"><\/i><\/span><span class=\"fusion-toggle-heading\">Lokacija<\/span><\/a><\/h4><\/div><div id=\"55c70eaf74e9a2b0e\" class=\"panel-collapse collapse \" aria-labelledby=\"toggle_55c70eaf74e9a2b0e\"><div class=\"panel-body toggle-content fusion-clearfix\">\n<p>Stambeni kompleks novoizgra\u0111enih i planiranih stambenih i stambeno-poslovnih zgrada smje\u0161ten je izme\u0111u Ul. Marina Studina i Ul. Ivana Pavla II. Navedene ulice su povezane novom dvosmjernom cestom koja omogu\u0107ava dobru povezanost kompleksa sa \u0161irom lokacijom. Uz samu ulicu je smje\u0161ten vanjski parking dok prostrani mediteranski vrtovi kao glavni motiv cijelog kompleksa omogu\u0107uju privatnost i mirno okru\u017eenje osobito stanovima u prizemlju.<\/p>\n<\/div><\/div><\/div><div class=\"fusion-panel panel-default panel-92d0d34dd54161155 fusion-toggle-has-divider\" style=\"--awb-title-color:var(--awb-color5);--awb-content-color:var(--awb-color6);\"><div class=\"panel-heading\"><h4 class=\"panel-title toggle\" id=\"toggle_92d0d34dd54161155\"><a aria-expanded=\"false\" aria-controls=\"92d0d34dd54161155\" role=\"button\" data-toggle=\"collapse\" data-parent=\"#accordion-2003-4\" data-target=\"#92d0d34dd54161155\" href=\"#92d0d34dd54161155\"><span class=\"fusion-toggle-icon-wrapper\" aria-hidden=\"true\"><i class=\"fa-fusion-box active-icon awb-icon-minus\" aria-hidden=\"true\"><\/i><i class=\"fa-fusion-box inactive-icon awb-icon-plus\" aria-hidden=\"true\"><\/i><\/span><span class=\"fusion-toggle-heading\">Katnost i sadr\u017eaj gra\u0111evine<\/span><\/a><\/h4><\/div><div id=\"92d0d34dd54161155\" class=\"panel-collapse collapse \" aria-labelledby=\"toggle_92d0d34dd54161155\"><div class=\"panel-body toggle-content fusion-clearfix\">\n<p>Kompleks \u010dine dvije vi\u0161estambene gra\u0111evine sa zajedni\u010dkim podrumom. Pristup u gara\u017eu je zajedni\u010dki dok je ulaz u gra\u0111evine zaseban iz podruma vertikalnim komunikacijama (stubi\u0161te i lift) odnosno preko ure\u0111enog terena za svaku gra\u0111evinu zasebno. Zajedni\u010dka podrumska eta\u017ea sadr\u017ei 28 parkirali\u0161nih mjesta i 14 spremi\u0161ta te druge servisne prostorije. Svaka gra\u0111evina ima po 7 stanova, po dva stana na eta\u017ei prizemlja, 1. i 2. kata i jedan stan na nadgra\u0111u. Prostrane terase stanova su tlocrtno smje\u0161tena na suprotne strane gra\u0111evine i omogu\u0107uju privatnost stanarima.<\/p>\n<\/div><\/div><\/div><div class=\"fusion-panel panel-default panel-62af4e21f97176a8d fusion-toggle-has-divider\" style=\"--awb-title-color:var(--awb-color5);--awb-content-color:var(--awb-color6);\"><div class=\"panel-heading\"><h4 class=\"panel-title toggle\" id=\"toggle_62af4e21f97176a8d\"><a aria-expanded=\"false\" aria-controls=\"62af4e21f97176a8d\" role=\"button\" data-toggle=\"collapse\" data-parent=\"#accordion-2003-4\" data-target=\"#62af4e21f97176a8d\" href=\"#62af4e21f97176a8d\"><span class=\"fusion-toggle-icon-wrapper\" aria-hidden=\"true\"><i class=\"fa-fusion-box active-icon awb-icon-minus\" aria-hidden=\"true\"><\/i><i class=\"fa-fusion-box inactive-icon awb-icon-plus\" aria-hidden=\"true\"><\/i><\/span><span class=\"fusion-toggle-heading\">Konstrukcija<\/span><\/a><\/h4><\/div><div id=\"62af4e21f97176a8d\" class=\"panel-collapse collapse \" aria-labelledby=\"toggle_62af4e21f97176a8d\"><div class=\"panel-body toggle-content fusion-clearfix\">\n<p>Konstrukcija zgrade je armiranobetonska (sustav armiranobetonskih: nosivih zidova, nosivih horizontalnih i vertikalnih elemenata, monolitnih me\u0111ukatnih plo\u010da i ravnog krova). Armirano betonski zidovi su debljine 20 cm kao i me\u0111ukatne plo\u010de. Vanjski zidovi dijelom su zidani Porotherm blok opekom debljine 20 cm. Pregradni zidovi su tako\u0111er zidani Porotherm blok opekom debljine 11,5 cm. Okno dizala i stubi\u0161na jezgra su izvedeni od armiranobetonskih zidova debljine 20 cm, toplinski i zvu\u010dno izolirani prema stanovima. Svijetla visina u stanovima (visina od gotovog poda do stropa) iznosi 257 \u2013 272 cm.<\/p>\n<\/div><\/div><\/div><div class=\"fusion-panel panel-default panel-e8feb7f50d18061b2 fusion-toggle-has-divider\" style=\"--awb-title-color:var(--awb-color5);--awb-content-color:var(--awb-color6);\"><div class=\"panel-heading\"><h4 class=\"panel-title toggle\" id=\"toggle_e8feb7f50d18061b2\"><a aria-expanded=\"false\" aria-controls=\"e8feb7f50d18061b2\" role=\"button\" data-toggle=\"collapse\" data-parent=\"#accordion-2003-4\" data-target=\"#e8feb7f50d18061b2\" href=\"#e8feb7f50d18061b2\"><span class=\"fusion-toggle-icon-wrapper\" aria-hidden=\"true\"><i class=\"fa-fusion-box active-icon awb-icon-minus\" aria-hidden=\"true\"><\/i><i class=\"fa-fusion-box inactive-icon awb-icon-plus\" aria-hidden=\"true\"><\/i><\/span><span class=\"fusion-toggle-heading\">Fasada<\/span><\/a><\/h4><\/div><div id=\"e8feb7f50d18061b2\" class=\"panel-collapse collapse \" aria-labelledby=\"toggle_e8feb7f50d18061b2\"><div class=\"panel-body toggle-content fusion-clearfix\">\n<p>Fasada je izvedena kao ETICS sustav s 10 cm kamene vune sa zavr\u0161nim slojem od silikatne \u017ebuke.<\/p>\n<\/div><\/div><\/div><div class=\"fusion-panel panel-default panel-a85ec632b4201fc7a fusion-toggle-has-divider\" style=\"--awb-title-color:var(--awb-color5);--awb-content-color:var(--awb-color6);\"><div class=\"panel-heading\"><h4 class=\"panel-title toggle\" id=\"toggle_a85ec632b4201fc7a\"><a aria-expanded=\"false\" aria-controls=\"a85ec632b4201fc7a\" role=\"button\" data-toggle=\"collapse\" data-parent=\"#accordion-2003-4\" data-target=\"#a85ec632b4201fc7a\" href=\"#a85ec632b4201fc7a\"><span class=\"fusion-toggle-icon-wrapper\" aria-hidden=\"true\"><i class=\"fa-fusion-box active-icon awb-icon-minus\" aria-hidden=\"true\"><\/i><i class=\"fa-fusion-box inactive-icon awb-icon-plus\" aria-hidden=\"true\"><\/i><\/span><span class=\"fusion-toggle-heading\">Krov<\/span><\/a><\/h4><\/div><div id=\"a85ec632b4201fc7a\" class=\"panel-collapse collapse \" aria-labelledby=\"toggle_a85ec632b4201fc7a\"><div class=\"panel-body toggle-content fusion-clearfix\">\n<p>Krov je ravni neprohodni izveden od monolitne armiranobetonske plo\u010de u nagibu, minimalne debljine 20 cm, s parnom branom, toplinskom izolacijom (EPS) debljine 20 cm, zavr\u0161no prekriven hidroizolacijskom TPO folijom otpornom na UV zrake i za\u0161ti\u0107en oblutkom.<\/p>\n<\/div><\/div><\/div><div class=\"fusion-panel panel-default panel-689a17e4936f3404a fusion-toggle-has-divider\" style=\"--awb-title-color:var(--awb-color5);--awb-content-color:var(--awb-color6);\"><div class=\"panel-heading\"><h4 class=\"panel-title toggle\" id=\"toggle_689a17e4936f3404a\"><a aria-expanded=\"false\" aria-controls=\"689a17e4936f3404a\" role=\"button\" data-toggle=\"collapse\" data-parent=\"#accordion-2003-4\" data-target=\"#689a17e4936f3404a\" href=\"#689a17e4936f3404a\"><span class=\"fusion-toggle-icon-wrapper\" aria-hidden=\"true\"><i class=\"fa-fusion-box active-icon awb-icon-minus\" aria-hidden=\"true\"><\/i><i class=\"fa-fusion-box inactive-icon awb-icon-plus\" aria-hidden=\"true\"><\/i><\/span><span class=\"fusion-toggle-heading\">Vanjska stolarija<\/span><\/a><\/h4><\/div><div id=\"689a17e4936f3404a\" class=\"panel-collapse collapse \" aria-labelledby=\"toggle_689a17e4936f3404a\"><div class=\"panel-body toggle-content fusion-clearfix\">\n<p>Stolarija je izvedena od kvalitetnih PVC profila s aluminijskom oblogom izvana (izvana u sivo srebrnoj boji, unutra u bijeloj) s trostrukoizoliraju\u0107im staklom. Svi vanjski zatvori imaju aluminijske rolete u sivoj boji i komarnike (klizne ili rolo). Otvori su otklopno \u2013 zaokretni, klizni i podizno \u2013 klizni, a sve rolete (osim u kupaonicama) imaju elektronsko upravljanje &#8211; pogon na elektromotor.<\/p>\n<\/div><\/div><\/div><div class=\"fusion-panel panel-default panel-47bb93e231b11ae4a fusion-toggle-has-divider\" style=\"--awb-title-color:var(--awb-color5);--awb-content-color:var(--awb-color6);\"><div class=\"panel-heading\"><h4 class=\"panel-title toggle\" id=\"toggle_47bb93e231b11ae4a\"><a aria-expanded=\"false\" aria-controls=\"47bb93e231b11ae4a\" role=\"button\" data-toggle=\"collapse\" data-parent=\"#accordion-2003-4\" data-target=\"#47bb93e231b11ae4a\" href=\"#47bb93e231b11ae4a\"><span class=\"fusion-toggle-icon-wrapper\" aria-hidden=\"true\"><i class=\"fa-fusion-box active-icon awb-icon-minus\" aria-hidden=\"true\"><\/i><i class=\"fa-fusion-box inactive-icon awb-icon-plus\" aria-hidden=\"true\"><\/i><\/span><span class=\"fusion-toggle-heading\">Zajedni\u010dki prostori i spremi\u0161ta<\/span><\/a><\/h4><\/div><div id=\"47bb93e231b11ae4a\" class=\"panel-collapse collapse \" aria-labelledby=\"toggle_47bb93e231b11ae4a\"><div class=\"panel-body toggle-content fusion-clearfix\">\n<p>Ulazni prostor, stubi\u0161ta i hodnici su poplo\u010dani kamenim plo\u010dama debljine 3 cm. Ograde i rukohvati u stubi\u0161tima izvedeni su kao bravarska ograda visine do 110 cm. Dizala su be\u0161umna kroz sve eta\u017ee. U natkrivenom ulazu su smje\u0161teni po\u0161tanski sandu\u010di\u0107i, paneli za obavijest te parlafon s video kontrolom.<\/p>\n<p>Podovi u podrumskim spremi\u0161tima zavr\u0161no su premazani epoksidnim premazom.<\/p>\n<\/div><\/div><\/div><div class=\"fusion-panel panel-default panel-f941886ac12b15a77 fusion-toggle-has-divider\" style=\"--awb-title-color:var(--awb-color5);--awb-content-color:var(--awb-color6);\"><div class=\"panel-heading\"><h4 class=\"panel-title toggle\" id=\"toggle_f941886ac12b15a77\"><a aria-expanded=\"false\" aria-controls=\"f941886ac12b15a77\" role=\"button\" data-toggle=\"collapse\" data-parent=\"#accordion-2003-4\" data-target=\"#f941886ac12b15a77\" href=\"#f941886ac12b15a77\"><span class=\"fusion-toggle-icon-wrapper\" aria-hidden=\"true\"><i class=\"fa-fusion-box active-icon awb-icon-minus\" aria-hidden=\"true\"><\/i><i class=\"fa-fusion-box inactive-icon awb-icon-plus\" aria-hidden=\"true\"><\/i><\/span><span class=\"fusion-toggle-heading\">Gara\u017ee i parkirna mjesta<\/span><\/a><\/h4><\/div><div id=\"f941886ac12b15a77\" class=\"panel-collapse collapse \" aria-labelledby=\"toggle_f941886ac12b15a77\"><div class=\"panel-body toggle-content fusion-clearfix\">\n<p>Gara\u017ee su smje\u0161tene u podrumskoj eta\u017ei, sa zajedni\u010dkom ulaznom rampom s rolo vratima na daljinsko upravljanje. Kolna komunikacija je zajedni\u010dka i kru\u017ena, a parkirna mjesta su otvorena. Svaki stan u gara\u017ei ima osigurana dva parkirna mjesta te pripadaju\u0107e spremi\u0161te. Gara\u017ea ima prirodnu i mehani\u010dku ventilaciju.<\/p>\n<\/div><\/div><\/div><div class=\"fusion-panel panel-default panel-5a53f1243b601de15 fusion-toggle-has-divider\" style=\"--awb-title-color:var(--awb-color5);--awb-content-color:var(--awb-color6);\"><div class=\"panel-heading\"><h4 class=\"panel-title toggle\" id=\"toggle_5a53f1243b601de15\"><a aria-expanded=\"false\" aria-controls=\"5a53f1243b601de15\" role=\"button\" data-toggle=\"collapse\" data-parent=\"#accordion-2003-4\" data-target=\"#5a53f1243b601de15\" href=\"#5a53f1243b601de15\"><span class=\"fusion-toggle-icon-wrapper\" aria-hidden=\"true\"><i class=\"fa-fusion-box active-icon awb-icon-minus\" aria-hidden=\"true\"><\/i><i class=\"fa-fusion-box inactive-icon awb-icon-plus\" aria-hidden=\"true\"><\/i><\/span><span class=\"fusion-toggle-heading\">Stolarija<\/span><\/a><\/h4><\/div><div id=\"5a53f1243b601de15\" class=\"panel-collapse collapse \" aria-labelledby=\"toggle_5a53f1243b601de15\"><div class=\"panel-body toggle-content fusion-clearfix\">\n<p>Ulazna vrata u stan su protuprovalna i protupo\u017earna s dodatnom zvu\u010dnom izolacijom. Unutarnja stolarija izvedena od punih, glatkih vrata s dovratnikom u bijeloj boji visine 210 cm.<\/p>\n<\/div><\/div><\/div><div class=\"fusion-panel panel-default panel-77555e2fdf2a2991d fusion-toggle-has-divider\" style=\"--awb-title-color:var(--awb-color5);--awb-content-color:var(--awb-color6);\"><div class=\"panel-heading\"><h4 class=\"panel-title toggle\" id=\"toggle_77555e2fdf2a2991d\"><a aria-expanded=\"false\" aria-controls=\"77555e2fdf2a2991d\" role=\"button\" data-toggle=\"collapse\" data-parent=\"#accordion-2003-4\" data-target=\"#77555e2fdf2a2991d\" href=\"#77555e2fdf2a2991d\"><span class=\"fusion-toggle-icon-wrapper\" aria-hidden=\"true\"><i class=\"fa-fusion-box active-icon awb-icon-minus\" aria-hidden=\"true\"><\/i><i class=\"fa-fusion-box inactive-icon awb-icon-plus\" aria-hidden=\"true\"><\/i><\/span><span class=\"fusion-toggle-heading\">Zidovi i stropovi<\/span><\/a><\/h4><\/div><div id=\"77555e2fdf2a2991d\" class=\"panel-collapse collapse \" aria-labelledby=\"toggle_77555e2fdf2a2991d\"><div class=\"panel-body toggle-content fusion-clearfix\">\n<p>Nosivi zidovi su armirano betonski zidovi debljine 20 cm, a dijelom su zidani Porotherm blok opekom debljine 20 cm. Pregradni zidovi su zidani Porotherm blok opekom debljine 11,5 cm. Unutarnje povr\u0161ine zidova i stropova su o\u017ebukane i oli\u010dene poludisperzivnom bijelom bojom.<\/p>\n<p>Kao zidne obloge kupaonice ugra\u0111ene su visokokvalitetne kerami\u010dke plo\u010dice I klase.<\/p>\n<\/div><\/div><\/div><div class=\"fusion-panel panel-default panel-a12f4f4a1a39a2e41 fusion-toggle-has-divider\" style=\"--awb-title-color:var(--awb-color5);--awb-content-color:var(--awb-color6);\"><div class=\"panel-heading\"><h4 class=\"panel-title toggle\" id=\"toggle_a12f4f4a1a39a2e41\"><a aria-expanded=\"false\" aria-controls=\"a12f4f4a1a39a2e41\" role=\"button\" data-toggle=\"collapse\" data-parent=\"#accordion-2003-4\" data-target=\"#a12f4f4a1a39a2e41\" href=\"#a12f4f4a1a39a2e41\"><span class=\"fusion-toggle-icon-wrapper\" aria-hidden=\"true\"><i class=\"fa-fusion-box active-icon awb-icon-minus\" aria-hidden=\"true\"><\/i><i class=\"fa-fusion-box inactive-icon awb-icon-plus\" aria-hidden=\"true\"><\/i><\/span><span class=\"fusion-toggle-heading\">Podovi<\/span><\/a><\/h4><\/div><div id=\"a12f4f4a1a39a2e41\" class=\"panel-collapse collapse \" aria-labelledby=\"toggle_a12f4f4a1a39a2e41\"><div class=\"panel-body toggle-content fusion-clearfix\">\n<p>Podovi spava\u0107ih soba su oblo\u017eeni hrastovim parketom I klase, zavr\u0161no lakiranim, modernog izgleda u natur boji, s letvicama u bijeloj boji. Podovi ostalih prostorija su oblo\u017eeni kerami\u010dkim plo\u010dicama, a loggie vanjskim protukliznim kerami\u010dkim plo\u010dicama sve I klase. Na povr\u0161inama s plo\u010dicama izveden je kerami\u010dki sokl.<\/p>\n<p>Zidovi gra\u0111evine s termi\u010dki obra\u0111enim pro\u010deljima, s o\u017ebukanim unutarnjim povr\u0161inama zidova i stropova, podovi s podnim slojevima toplinske i zvu\u010dne za\u0161tite, \u010dine ugra\u0111eni materijali koji pojedina\u010dno i u kompletu imaju sposobnost izdr\u017eati sva mehani\u010dka i druga predvi\u0111ena djelovanja pri normalnoj upotrebi.<\/p>\n<\/div><\/div><\/div><div class=\"fusion-panel panel-default panel-91e99c0676a7fc2b4 fusion-toggle-has-divider\" style=\"--awb-title-color:var(--awb-color5);--awb-content-color:var(--awb-color6);\"><div class=\"panel-heading\"><h4 class=\"panel-title toggle\" id=\"toggle_91e99c0676a7fc2b4\"><a aria-expanded=\"false\" aria-controls=\"91e99c0676a7fc2b4\" role=\"button\" data-toggle=\"collapse\" data-parent=\"#accordion-2003-4\" data-target=\"#91e99c0676a7fc2b4\" href=\"#91e99c0676a7fc2b4\"><span class=\"fusion-toggle-icon-wrapper\" aria-hidden=\"true\"><i class=\"fa-fusion-box active-icon awb-icon-minus\" aria-hidden=\"true\"><\/i><i class=\"fa-fusion-box inactive-icon awb-icon-plus\" aria-hidden=\"true\"><\/i><\/span><span class=\"fusion-toggle-heading\">Kupaonice i WC<\/span><\/a><\/h4><\/div><div id=\"91e99c0676a7fc2b4\" class=\"panel-collapse collapse \" aria-labelledby=\"toggle_91e99c0676a7fc2b4\"><div class=\"panel-body toggle-content fusion-clearfix\">\n<p>Sva sanitarna oprema je visoke kvalitete poznatih proizvo\u0111a\u010da. Opremu \u010dine: konzolni umivaonici s pripadaju\u0107im mije\u0161alicama, konzolna WC \u0161koljka s poklopcem i s nisko\u0161umnim ugradbenim vodokotli\u0107em, tu\u0161 \u2013 kada s tu\u0161 setom. Priklju\u010dak za perilicu rublja s odvodnjom.<\/p>\n<p>Zidovi su oblo\u017eeni kerami\u010dkim plo\u010dicama I klase od poda do pune visine prostorije.<\/p>\n<p>Bojleri PTV su smje\u0161teni u podrumu u zajedni\u010dkom prostoru.<\/p>\n<\/div><\/div><\/div><div class=\"fusion-panel panel-default panel-54c4a8dc9a5cf3728 fusion-toggle-has-divider\" style=\"--awb-title-color:var(--awb-color5);--awb-content-color:var(--awb-color6);\"><div class=\"panel-heading\"><h4 class=\"panel-title toggle\" id=\"toggle_54c4a8dc9a5cf3728\"><a aria-expanded=\"false\" aria-controls=\"54c4a8dc9a5cf3728\" role=\"button\" data-toggle=\"collapse\" data-parent=\"#accordion-2003-4\" data-target=\"#54c4a8dc9a5cf3728\" href=\"#54c4a8dc9a5cf3728\"><span class=\"fusion-toggle-icon-wrapper\" aria-hidden=\"true\"><i class=\"fa-fusion-box active-icon awb-icon-minus\" aria-hidden=\"true\"><\/i><i class=\"fa-fusion-box inactive-icon awb-icon-plus\" aria-hidden=\"true\"><\/i><\/span><span class=\"fusion-toggle-heading\">Elektroinstalacije<\/span><\/a><\/h4><\/div><div id=\"54c4a8dc9a5cf3728\" class=\"panel-collapse collapse \" aria-labelledby=\"toggle_54c4a8dc9a5cf3728\"><div class=\"panel-body toggle-content fusion-clearfix\">\n<p>Elektrobrojila su smje\u0161tena u vanjskom ure\u0111enom terenu (uz zapadnu granicu). Elektro oprema je visoke kvalitete poznatih proizvo\u0111a\u010da.<\/p>\n<p>U stanovima su predvi\u0111ene telefonske i TV uti\u010dnice, stropna i zidna rasvjeta te termostat u dnevnom boravku i spava\u0107im sobama. Elektrooprema kuhinje sastoji se od izvoda za \u0161tednjak, uti\u010dnice za hladnjak, uti\u010dnice za perilicu, uti\u010dnice u pojasu iznad radne plohe, izvod za napu i uti\u010dnice na kuhinjskom otoku. Elektrooprema kupaonice sadr\u017ei priklju\u010dnicu za perilicu rublja, nadsvjetlo iznad umivaonika, uti\u010dnice na zidu te izvod za ventilator. Elektrooprema u hodniku su rasvjetna tijela, strujni razdjelnik stana, ormari\u0107 slabe struje, uti\u010dnica, centralno sklop struje cijelog stana.<\/p>\n<p>Osigurana je mogu\u0107nost spajanja na kabelsku TV preko instalacija zajedni\u010dkog antenskog satelita.<\/p>\n<p>Spremi\u0161ta, u kojima je izvedena stropna rasvjeta su povezana s brojilom pripadaju\u0107eg stana, a lift, hodnici i gara\u017ea vezani su na zasebno brojilo zajedni\u010dke potro\u0161nje.<\/p>\n<\/div><\/div><\/div><div class=\"fusion-panel panel-default panel-4169f99894c1a321a fusion-toggle-has-divider\" style=\"--awb-title-color:var(--awb-color5);--awb-content-color:var(--awb-color6);\"><div class=\"panel-heading\"><h4 class=\"panel-title toggle\" id=\"toggle_4169f99894c1a321a\"><a aria-expanded=\"false\" aria-controls=\"4169f99894c1a321a\" role=\"button\" data-toggle=\"collapse\" data-parent=\"#accordion-2003-4\" data-target=\"#4169f99894c1a321a\" href=\"#4169f99894c1a321a\"><span class=\"fusion-toggle-icon-wrapper\" aria-hidden=\"true\"><i class=\"fa-fusion-box active-icon awb-icon-minus\" aria-hidden=\"true\"><\/i><i class=\"fa-fusion-box inactive-icon awb-icon-plus\" aria-hidden=\"true\"><\/i><\/span><span class=\"fusion-toggle-heading\">Instalacije vodovoda i odvodnje<\/span><\/a><\/h4><\/div><div id=\"4169f99894c1a321a\" class=\"panel-collapse collapse \" aria-labelledby=\"toggle_4169f99894c1a321a\"><div class=\"panel-body toggle-content fusion-clearfix\">\n<p>Opskrba vodom je priklju\u010dkom na javnu gradsku vodovodnu mre\u017eu. Na priklju\u010dnom cjevovodu je okno s ugra\u0111enim vodomjerima za svaki stan zasebno. Razvod vode se vr\u0161i PPR toplinski izoliranim cijevima.<\/p>\n<p>Odvodnja otpadnih voda je priklju\u010dkom na kanalizacijski sustav naselja. Za odvodnju su kori\u0161tene nisko\u0161umne cijevi.<\/p>\n<p>Priprema potro\u0161ne tople vode je preko bojlera \u2013 dizalica topline smje\u0161tenih u podrumskoj eta\u017ei, za svaki stan zasebno.<\/p>\n<p>Glavni ventil za vodu nalazi se na svakom od stubi\u0161ta.<\/p>\n<\/div><\/div><\/div><div class=\"fusion-panel panel-default panel-9a377206ea9afda57 fusion-toggle-has-divider\" style=\"--awb-title-color:var(--awb-color5);--awb-content-color:var(--awb-color6);\"><div class=\"panel-heading\"><h4 class=\"panel-title toggle\" id=\"toggle_9a377206ea9afda57\"><a aria-expanded=\"false\" aria-controls=\"9a377206ea9afda57\" role=\"button\" data-toggle=\"collapse\" data-parent=\"#accordion-2003-4\" data-target=\"#9a377206ea9afda57\" href=\"#9a377206ea9afda57\"><span class=\"fusion-toggle-icon-wrapper\" aria-hidden=\"true\"><i class=\"fa-fusion-box active-icon awb-icon-minus\" aria-hidden=\"true\"><\/i><i class=\"fa-fusion-box inactive-icon awb-icon-plus\" aria-hidden=\"true\"><\/i><\/span><span class=\"fusion-toggle-heading\">Grijanje i hla\u0111enje<\/span><\/a><\/h4><\/div><div id=\"9a377206ea9afda57\" class=\"panel-collapse collapse \" aria-labelledby=\"toggle_9a377206ea9afda57\"><div class=\"panel-body toggle-content fusion-clearfix\">\n<p>Za sve stanove kori\u0161teni su ure\u0111aji proizvo\u0111a\u010da.<\/p>\n<p>Kao vanjska jedinica ugra\u0111en je inverter sustav multi split snage 9,3\/8,3 Kw.<\/p>\n<p>Stanovi su opremljeni kanalskim razvodom unutarnjih klima jedinica, u dnevnom boravku snage 4,0\/3,5 Kw, a u sobama jedinice snage 2,5\/2,0 Kw, s daljinskim i Wifi upravljanjem.<\/p>\n<p>U dnevnom dijelu stana i kupaonicama je izvedeno podno grijanje sustavom elektri\u010dne mre\u017eice, komplet s termostatom i senzorima za temperaturu.<\/p>\n<\/div><\/div><\/div><div class=\"fusion-panel panel-default panel-25ed44914bc5d477c fusion-toggle-has-divider\" style=\"--awb-title-color:var(--awb-color5);--awb-content-color:var(--awb-color6);\"><div class=\"panel-heading\"><h4 class=\"panel-title toggle\" id=\"toggle_25ed44914bc5d477c\"><a aria-expanded=\"false\" aria-controls=\"25ed44914bc5d477c\" role=\"button\" data-toggle=\"collapse\" data-parent=\"#accordion-2003-4\" data-target=\"#25ed44914bc5d477c\" href=\"#25ed44914bc5d477c\"><span class=\"fusion-toggle-icon-wrapper\" aria-hidden=\"true\"><i class=\"fa-fusion-box active-icon awb-icon-minus\" aria-hidden=\"true\"><\/i><i class=\"fa-fusion-box inactive-icon awb-icon-plus\" aria-hidden=\"true\"><\/i><\/span><span class=\"fusion-toggle-heading\">Ventilacija<\/span><\/a><\/h4><\/div><div id=\"25ed44914bc5d477c\" class=\"panel-collapse collapse \" aria-labelledby=\"toggle_25ed44914bc5d477c\"><div class=\"panel-body toggle-content fusion-clearfix\">\n<p>Umjetna ventilacija je osigurana be\u0161umnim ventilatorima u svim sanitarnim prostorijama, a ventilacija kuhinja osigurana je zasebnim cijevima za odvod napa.<\/p>\n<p>Unutar gara\u017ee osigurana je prirodna i mehani\u010dka ventilacija kao i ventilacija svakog spremi\u0161ta pojedina\u010dno.<\/p>\n<\/div><\/div><\/div><div class=\"fusion-panel panel-default panel-edb43ad40429cfa97 fusion-toggle-has-divider\" style=\"--awb-title-color:var(--awb-color5);--awb-content-color:var(--awb-color6);\"><div class=\"panel-heading\"><h4 class=\"panel-title toggle\" id=\"toggle_edb43ad40429cfa97\"><a aria-expanded=\"false\" aria-controls=\"edb43ad40429cfa97\" role=\"button\" data-toggle=\"collapse\" data-parent=\"#accordion-2003-4\" data-target=\"#edb43ad40429cfa97\" href=\"#edb43ad40429cfa97\"><span class=\"fusion-toggle-icon-wrapper\" aria-hidden=\"true\"><i class=\"fa-fusion-box active-icon awb-icon-minus\" aria-hidden=\"true\"><\/i><i class=\"fa-fusion-box inactive-icon awb-icon-plus\" aria-hidden=\"true\"><\/i><\/span><span class=\"fusion-toggle-heading\">Energetski razred<\/span><\/a><\/h4><\/div><div id=\"edb43ad40429cfa97\" class=\"panel-collapse collapse \" aria-labelledby=\"toggle_edb43ad40429cfa97\"><div class=\"panel-body toggle-content fusion-clearfix\">\n<p>Isho\u0111en je energetski certifikat razreda A+.<\/p>\n<\/div><\/div><\/div><div class=\"fusion-panel panel-default panel-f6760a00b5add2189 fusion-toggle-has-divider\" style=\"--awb-title-color:var(--awb-color5);--awb-content-color:var(--awb-color6);\"><div class=\"panel-heading\"><h4 class=\"panel-title toggle\" id=\"toggle_f6760a00b5add2189\"><a aria-expanded=\"false\" aria-controls=\"f6760a00b5add2189\" role=\"button\" data-toggle=\"collapse\" data-parent=\"#accordion-2003-4\" data-target=\"#f6760a00b5add2189\" href=\"#f6760a00b5add2189\"><span class=\"fusion-toggle-icon-wrapper\" aria-hidden=\"true\"><i class=\"fa-fusion-box active-icon awb-icon-minus\" aria-hidden=\"true\"><\/i><i class=\"fa-fusion-box inactive-icon awb-icon-plus\" aria-hidden=\"true\"><\/i><\/span><span class=\"fusion-toggle-heading\">Uvjeti odr\u017eavanja gra\u0111evine<\/span><\/a><\/h4><\/div><div id=\"f6760a00b5add2189\" class=\"panel-collapse collapse \" aria-labelledby=\"toggle_f6760a00b5add2189\"><div class=\"panel-body toggle-content fusion-clearfix\">\n<p>Kupac \u0107e prilikom preuzimanja stana dobiti knji\u017eicu s uputama za kori\u0161tenje i odr\u017eavanje ugra\u0111ene opreme.<\/p>\n<\/div><\/div><\/div><div class=\"fusion-panel panel-default panel-b55e7e13f449f0d76 fusion-toggle-has-divider\" style=\"--awb-title-color:var(--awb-color5);--awb-content-color:var(--awb-color6);\"><div class=\"panel-heading\"><h4 class=\"panel-title toggle\" id=\"toggle_b55e7e13f449f0d76\"><a aria-expanded=\"false\" aria-controls=\"b55e7e13f449f0d76\" role=\"button\" data-toggle=\"collapse\" data-parent=\"#accordion-2003-4\" data-target=\"#b55e7e13f449f0d76\" href=\"#b55e7e13f449f0d76\"><span class=\"fusion-toggle-icon-wrapper\" aria-hidden=\"true\"><i class=\"fa-fusion-box active-icon awb-icon-minus\" aria-hidden=\"true\"><\/i><i class=\"fa-fusion-box inactive-icon awb-icon-plus\" aria-hidden=\"true\"><\/i><\/span><span class=\"fusion-toggle-heading\">Ure\u0111enje okoli\u0161a<\/span><\/a><\/h4><\/div><div id=\"b55e7e13f449f0d76\" class=\"panel-collapse collapse \" aria-labelledby=\"toggle_b55e7e13f449f0d76\"><div class=\"panel-body toggle-content fusion-clearfix\">\n<p>Okoli\u0161 je ure\u0111en kolnim i pje\u0161a\u010dkim povr\u0161inama i hortikulturno ure\u0111enim vrtovima.<\/p>\n<\/div><\/div><\/div><div class=\"fusion-panel panel-default panel-984f261145d964c99 fusion-toggle-has-divider\" style=\"--awb-title-color:var(--awb-color5);--awb-content-color:var(--awb-color6);\"><div class=\"panel-heading\"><h4 class=\"panel-title toggle\" id=\"toggle_984f261145d964c99\"><a aria-expanded=\"false\" aria-controls=\"984f261145d964c99\" role=\"button\" data-toggle=\"collapse\" data-parent=\"#accordion-2003-4\" data-target=\"#984f261145d964c99\" href=\"#984f261145d964c99\"><span class=\"fusion-toggle-icon-wrapper\" aria-hidden=\"true\"><i class=\"fa-fusion-box active-icon awb-icon-minus\" aria-hidden=\"true\"><\/i><i class=\"fa-fusion-box inactive-icon awb-icon-plus\" aria-hidden=\"true\"><\/i><\/span><span class=\"fusion-toggle-heading\">Garancija<\/span><\/a><\/h4><\/div><div id=\"984f261145d964c99\" class=\"panel-collapse collapse \" aria-labelledby=\"toggle_984f261145d964c99\"><div class=\"panel-body toggle-content fusion-clearfix\">\n<p>Garantni rok za kvalitetu izvedbe gra\u0111evinskih i gra\u0111evinsko-obrtni\u010dkih radova odre\u0111en je u skladu sa zakonom i posebnim propisima i to 2 godine za obrtni\u010dke radove, a 10 godina za konstrukciju gra\u0111evine i krov.<\/p>\n<p>Uvjeti i rokovi garancije za ugra\u0111enu opremu vrijede prema specifikacijama proizvo\u0111a\u010da.<\/p>\n<\/div><\/div><\/div><\/div><\/div><div class=\"fusion-separator fusion-full-width-sep\" style=\"align-self: center;margin-left: auto;margin-right: auto;margin-bottom:40px;width:100%;\"><\/div><div style=\"text-align:center;\"><a class=\"fusion-button button-flat fusion-button-default-size button-custom fusion-button-default button-4 fusion-button-default-span fusion-button-default-type\" style=\"--button_accent_color:#ffffff;--button_accent_hover_color:#ffffff;--button_border_hover_color:hsla(var(--awb-color1-h),var(--awb-color1-s),var(--awb-color1-l),calc( var(--awb-color1-a) - 10% ));--button_gradient_top_color:#000000;--button_gradient_bottom_color:#000000;--button_gradient_top_color_hover:#001f63;--button_gradient_bottom_color_hover:#001f63;\" target=\"_self\" href=\"https:\/\/kastela-garden-residence.hr\/zgrada-2-stan-s4\/\"><span class=\"fusion-button-text awb-button__text awb-button__text--default\">SAZNAJ VI\u0160E<\/span><\/a><\/div><\/div><\/div><\/div><\/div><div class=\"fusion-fullwidth fullwidth-box fusion-builder-row-5 fusion-flex-container has-pattern-background has-mask-background hundred-percent-fullwidth non-hundred-percent-height-scrolling\" style=\"--awb-border-radius-top-left:0px;--awb-border-radius-top-right:0px;--awb-border-radius-bottom-right:0px;--awb-border-radius-bottom-left:0px;--awb-padding-bottom:30px;--awb-flex-wrap:wrap;\" ><div class=\"fusion-builder-row fusion-row fusion-flex-align-items-flex-start fusion-flex-content-wrap\" style=\"width:104% !important;max-width:104% !important;margin-left: calc(-4% \/ 2 );margin-right: calc(-4% \/ 2 );\"><div class=\"fusion-layout-column fusion_builder_column fusion-builder-column-8 fusion_builder_column_1_2 1_2 fusion-flex-column\" style=\"--awb-bg-size:cover;--awb-width-large:50%;--awb-margin-top-large:0px;--awb-spacing-right-large:3.84%;--awb-margin-bottom-large:20px;--awb-spacing-left-large:3.84%;--awb-width-medium:100%;--awb-order-medium:0;--awb-spacing-right-medium:1.92%;--awb-spacing-left-medium:1.92%;--awb-width-small:100%;--awb-order-small:0;--awb-spacing-right-small:1.92%;--awb-spacing-left-small:1.92%;\"><div class=\"fusion-column-wrapper fusion-column-has-shadow fusion-flex-justify-content-flex-start fusion-content-layout-column\"><div class=\"fusion-title title fusion-title-5 fusion-sep-none fusion-title-center fusion-title-highlight fusion-animate-once fusion-highlight-underline fusion-title-size-one\" style=\"--awb-margin-top-small:0px;--awb-margin-right-small:0px;--awb-margin-bottom-small:20px;--awb-margin-left-small:0px;--awb-font-size:40px;\" data-highlight=\"underline\"><h1 class=\"fusion-title-heading title-heading-center fusion-responsive-typography-calculated\" style=\"margin:0;text-transform:capitalize;font-size:1em;--fontSize:40;line-height:var(--awb-typography1-line-height);\"><span class=\"fusion-highlighted-text-prefix\"><\/span> <span class=\"fusion-highlighted-text-wrapper\"><span class=\"fusion-highlighted-text\">Stan S5<\/span><svg xmlns=\"http:\/\/www.w3.org\/2000\/svg\" viewBox=\"0 0 500 150\" preserveAspectRatio=\"none\"><path d=\"M8.1,146.2c0,0,240.6-55.6,479-13.8\"><\/path><\/svg><\/span> <span class=\"fusion-highlighted-text-postfix\"><\/span><\/h1><\/div>\n<style>\n\t#hotspot-2081 .hotspots-image-container,\n\t#hotspot-2081 .leaflet-container {\n\t\tbackground: #efefef\t}\n\n\t#hotspot-2081 .hotspots-placeholder,\n\t.featherlight .featherlight-content.lightbox-2081 {\n\t\tbackground: #ffffff;\n\t\tborder: 0 #ffffff solid;\n\t\tcolor: #000000;\n\t}\n\n\t#hotspot-2081 .hotspot-title,\n\t#hotspot-2081 .bc-product__title a,\n\t.featherlight .featherlight-content.lightbox-2081 .hotspot-title,\n\t.featherlight .featherlight-content.lightbox-2081 .bc-product__title a {\n\t\tcolor: #000000;\n\t}\n\n\t\t\t#hotspot-2081 .hotspot-style-1 {\n\t\t\tstroke-width: 1;\n\t\t\tfill: #eded6a;\n\t\t\tfill-opacity: 0.81;\n\t\t\tstroke: #ffffff;\n\t\t\tstroke-opacity: 0.81;\n\t\t}\n\t\t#hotspot-2081 .hotspot-style-1:hover,\n\t\t#hotspot-2081 .hotspot-style-1:focus-visible,\n\t\t#hotspot-2081 .hotspot-style-1.hotspot-active {\n\t\t\tfill: #37a031;\n\t\t\tfill-opacity: 0.81;\n\t\t\toutline: none;\n\t\t\tstroke: #ffffff;\n\t\t\tstroke-opacity: 0.81;\n\t\t}\n\t\t\t#hotspot-2081 .hotspot-default {\n\t\t\tstroke-width: 1;\n\t\t\tfill: #ffffff;\n\t\t\tfill-opacity: 0.81;\n\t\t\tstroke: #ffffff;\n\t\t\tstroke-opacity: 0.81;\n\t\t}\n\t\t#hotspot-2081 .hotspot-default:hover,\n\t\t#hotspot-2081 .hotspot-default:focus-visible,\n\t\t#hotspot-2081 .hotspot-default.hotspot-active {\n\t\t\tfill: #ffffff;\n\t\t\tfill-opacity: 0.81;\n\t\t\toutline: none;\n\t\t\tstroke: #ffffff;\n\t\t\tstroke-opacity: 0.81;\n\t\t}\n\t\t#hotspot-2081 .leaflet-tooltip,\n\t#hotspot-2081 .leaflet-rrose-content-wrapper {\n\t\tbackground: #ffffff;\n\t\tborder-color: #ffffff;\n\t\tcolor: #000000;\n\t}\n\n\t#hotspot-2081 a.leaflet-rrose-close-button {\n\t\tcolor: #000000;\n\t}\n\n\t#hotspot-2081 .leaflet-rrose-tip {\n\t\tbackground: #ffffff;\n\t}\n\n\t#hotspot-2081 .leaflet-popup-scrolled {\n\t\tborder-bottom-color: #000000;\n\t\tborder-top-color: #000000;\n\t}\n\n\t#hotspot-2081 .leaflet-tooltip-top:before {\n\t\tborder-top-color: #ffffff;\n\t}\n\n\t#hotspot-2081 .leaflet-tooltip-bottom:before {\n\t\tborder-bottom-color: #ffffff;\n\t}\n\t#hotspot-2081 .leaflet-tooltip-left:before {\n\t\tborder-left-color: #ffffff;\n\t}\n\t#hotspot-2081 .leaflet-tooltip-right:before {\n\t\tborder-right-color: #ffffff;\n\t}\n<\/style>\n\n\n\t<div class=\"hotspots-container links-only layout-left event-click\" id=\"hotspot-2081\" data-layout=\"left\" data-trigger=\"click\">\n\t\t<div class=\"hotspots-interaction\">\n\t\t\t<div class=\"hotspots-image-container\">\n\t<img\n\t\twidth=\"1920\"\n\t\theight=\"1477\"\n\t\tsrc=\"https:\/\/kastela-garden-residence.hr\/wp-content\/uploads\/2025\/02\/Kastela-Garden-Residence_tlocrt_Mirta_Lavanda.jpg\"\n\t\talt=\"Zgrada 2 &#8211; Stan S5\"\n\t\tclass=\"hotspots-image skip-lazy\"\n\t\tusemap=\"#hotspots-image-2081\"\n\t\tdata-image-title=\"Zgrada 2 &#8211; Stan S5\"\n\t\tdata-image-description=\"\"\n\t\tdata-event-trigger=\"click\"\n\t\tdata-always-visible=\"on\"\n\t\tdata-id=\"2081\"\n\t\tdata-no-lazy=\"1\"\n\t\tdata-lazy-src=\"\"\n\t\tdata-lazy=\"false\"\n\t\tloading=\"eager\"\n\t\tdata-skip-lazy=\"1\"\n\t\t>\n<\/div>\t\t<\/div>\n\t\t<map name=\"hotspots-image-2081\" class=\"hotspots-map\">\n\t\t\t\t\t\t\t\t\t\t\t<area\n\t\t\t\t\tshape=\"polygon\"\n\t\t\t\t\tcoords=\"990,317,867,356,890,438,878,444,890,472,866,480,879,529,905,523,920,561,1006,541,1007,554,1051,542,1044,520,1058,509,1036,433,1018,433\"\n\t\t\t\t\thref=\"https:\/\/kastela-garden-residence.hr\/wp-content\/uploads\/2025\/02\/z2-s5-1.jpg\"\n\t\t\t\t\trel=\"\"\n\t\t\t\t\ttitle=\"Stan S5\"\n\t\t\t\t\talt=\"Stan S5\"\n\t\t\t\t\tdata-action=\"url\"\n\t\t\t\t\tdata-color-scheme=\"style-1\"\n\t\t\t\t\tdata-id=\"area-hotspot-2081-0\"\n\t\t\t\t\ttarget=\"_new\"\n\t\t\t\t\tclass=\"url-area\"\n\t\t\t\t\t>\n\t\t\t\t\t<\/map>\n\n\t\t\n\t\t\t\t\t\t<\/div>\n\n<\/div><\/div><div class=\"fusion-layout-column fusion_builder_column fusion-builder-column-9 fusion_builder_column_1_2 1_2 fusion-flex-column\" style=\"--awb-bg-size:cover;--awb-width-large:50%;--awb-margin-top-large:0px;--awb-spacing-right-large:3.84%;--awb-margin-bottom-large:20px;--awb-spacing-left-large:3.84%;--awb-width-medium:100%;--awb-order-medium:0;--awb-spacing-right-medium:1.92%;--awb-spacing-left-medium:1.92%;--awb-width-small:100%;--awb-order-small:0;--awb-spacing-right-small:1.92%;--awb-spacing-left-small:1.92%;\"><div class=\"fusion-column-wrapper fusion-column-has-shadow fusion-flex-justify-content-flex-start fusion-content-layout-column\"><div class=\"accordian fusion-accordian\" style=\"--awb-border-size:1px;--awb-icon-size:16px;--awb-content-font-size:15px;--awb-icon-alignment:left;--awb-hover-color:var(--awb-color2);--awb-border-color:hsla(var(--awb-color7-h),var(--awb-color7-s),calc( var(--awb-color7-l) + 69% ),var(--awb-color7-a));--awb-background-color:var(--awb-color1);--awb-divider-color:var(--awb-color4);--awb-divider-hover-color:var(--awb-color4);--awb-icon-color:var(--awb-color1);--awb-title-color:var(--awb-color5);--awb-content-color:var(--awb-color6);--awb-icon-box-color:var(--awb-color8);--awb-toggle-hover-accent-color:var(--awb-color5);--awb-title-font-family:&quot;Raleway&quot;;--awb-title-font-weight:500;--awb-title-font-style:normal;--awb-content-font-family:&quot;Open Sans&quot;;--awb-content-font-style:normal;--awb-content-font-weight:400;\"><div class=\"panel-group fusion-toggle-icon-boxed\" id=\"accordion-2003-5\"><div class=\"fusion-panel panel-default panel-44e91c7ac41d81c3e fusion-toggle-has-divider\" style=\"--awb-title-color:var(--awb-color5);--awb-content-color:var(--awb-color6);\"><div class=\"panel-heading\"><h4 class=\"panel-title toggle\" id=\"toggle_44e91c7ac41d81c3e\"><a aria-expanded=\"false\" aria-controls=\"44e91c7ac41d81c3e\" role=\"button\" data-toggle=\"collapse\" data-parent=\"#accordion-2003-5\" data-target=\"#44e91c7ac41d81c3e\" href=\"#44e91c7ac41d81c3e\"><span class=\"fusion-toggle-icon-wrapper\" aria-hidden=\"true\"><i class=\"fa-fusion-box active-icon awb-icon-minus\" aria-hidden=\"true\"><\/i><i class=\"fa-fusion-box inactive-icon awb-icon-plus\" aria-hidden=\"true\"><\/i><\/span><span class=\"fusion-toggle-heading\">Lokacija<\/span><\/a><\/h4><\/div><div id=\"44e91c7ac41d81c3e\" class=\"panel-collapse collapse \" aria-labelledby=\"toggle_44e91c7ac41d81c3e\"><div class=\"panel-body toggle-content fusion-clearfix\">\n<p>Stambeni kompleks novoizgra\u0111enih i planiranih stambenih i stambeno-poslovnih zgrada smje\u0161ten je izme\u0111u Ul. Marina Studina i Ul. Ivana Pavla II. Navedene ulice su povezane novom dvosmjernom cestom koja omogu\u0107ava dobru povezanost kompleksa sa \u0161irom lokacijom. Uz samu ulicu je smje\u0161ten vanjski parking dok prostrani mediteranski vrtovi kao glavni motiv cijelog kompleksa omogu\u0107uju privatnost i mirno okru\u017eenje osobito stanovima u prizemlju.<\/p>\n<\/div><\/div><\/div><div class=\"fusion-panel panel-default panel-03884a5a42c6af8a4 fusion-toggle-has-divider\" style=\"--awb-title-color:var(--awb-color5);--awb-content-color:var(--awb-color6);\"><div class=\"panel-heading\"><h4 class=\"panel-title toggle\" id=\"toggle_03884a5a42c6af8a4\"><a aria-expanded=\"false\" aria-controls=\"03884a5a42c6af8a4\" role=\"button\" data-toggle=\"collapse\" data-parent=\"#accordion-2003-5\" data-target=\"#03884a5a42c6af8a4\" href=\"#03884a5a42c6af8a4\"><span class=\"fusion-toggle-icon-wrapper\" aria-hidden=\"true\"><i class=\"fa-fusion-box active-icon awb-icon-minus\" aria-hidden=\"true\"><\/i><i class=\"fa-fusion-box inactive-icon awb-icon-plus\" aria-hidden=\"true\"><\/i><\/span><span class=\"fusion-toggle-heading\">Katnost i sadr\u017eaj gra\u0111evine<\/span><\/a><\/h4><\/div><div id=\"03884a5a42c6af8a4\" class=\"panel-collapse collapse \" aria-labelledby=\"toggle_03884a5a42c6af8a4\"><div class=\"panel-body toggle-content fusion-clearfix\">\n<p>Kompleks \u010dine dvije vi\u0161estambene gra\u0111evine sa zajedni\u010dkim podrumom. Pristup u gara\u017eu je zajedni\u010dki dok je ulaz u gra\u0111evine zaseban iz podruma vertikalnim komunikacijama (stubi\u0161te i lift) odnosno preko ure\u0111enog terena za svaku gra\u0111evinu zasebno. Zajedni\u010dka podrumska eta\u017ea sadr\u017ei 28 parkirali\u0161nih mjesta i 14 spremi\u0161ta te druge servisne prostorije. Svaka gra\u0111evina ima po 7 stanova, po dva stana na eta\u017ei prizemlja, 1. i 2. kata i jedan stan na nadgra\u0111u. Prostrane terase stanova su tlocrtno smje\u0161tena na suprotne strane gra\u0111evine i omogu\u0107uju privatnost stanarima.<\/p>\n<\/div><\/div><\/div><div class=\"fusion-panel panel-default panel-a4883acf291e79316 fusion-toggle-has-divider\" style=\"--awb-title-color:var(--awb-color5);--awb-content-color:var(--awb-color6);\"><div class=\"panel-heading\"><h4 class=\"panel-title toggle\" id=\"toggle_a4883acf291e79316\"><a aria-expanded=\"false\" aria-controls=\"a4883acf291e79316\" role=\"button\" data-toggle=\"collapse\" data-parent=\"#accordion-2003-5\" data-target=\"#a4883acf291e79316\" href=\"#a4883acf291e79316\"><span class=\"fusion-toggle-icon-wrapper\" aria-hidden=\"true\"><i class=\"fa-fusion-box active-icon awb-icon-minus\" aria-hidden=\"true\"><\/i><i class=\"fa-fusion-box inactive-icon awb-icon-plus\" aria-hidden=\"true\"><\/i><\/span><span class=\"fusion-toggle-heading\">Konstrukcija<\/span><\/a><\/h4><\/div><div id=\"a4883acf291e79316\" class=\"panel-collapse collapse \" aria-labelledby=\"toggle_a4883acf291e79316\"><div class=\"panel-body toggle-content fusion-clearfix\">\n<p>Konstrukcija zgrade je armiranobetonska (sustav armiranobetonskih: nosivih zidova, nosivih horizontalnih i vertikalnih elemenata, monolitnih me\u0111ukatnih plo\u010da i ravnog krova). Armirano betonski zidovi su debljine 20 cm kao i me\u0111ukatne plo\u010de. Vanjski zidovi dijelom su zidani Porotherm blok opekom debljine 20 cm. Pregradni zidovi su tako\u0111er zidani Porotherm blok opekom debljine 11,5 cm. Okno dizala i stubi\u0161na jezgra su izvedeni od armiranobetonskih zidova debljine 20 cm, toplinski i zvu\u010dno izolirani prema stanovima. Svijetla visina u stanovima (visina od gotovog poda do stropa) iznosi 257 \u2013 272 cm.<\/p>\n<\/div><\/div><\/div><div class=\"fusion-panel panel-default panel-aaba6591c82f5027e fusion-toggle-has-divider\" style=\"--awb-title-color:var(--awb-color5);--awb-content-color:var(--awb-color6);\"><div class=\"panel-heading\"><h4 class=\"panel-title toggle\" id=\"toggle_aaba6591c82f5027e\"><a aria-expanded=\"false\" aria-controls=\"aaba6591c82f5027e\" role=\"button\" data-toggle=\"collapse\" data-parent=\"#accordion-2003-5\" data-target=\"#aaba6591c82f5027e\" href=\"#aaba6591c82f5027e\"><span class=\"fusion-toggle-icon-wrapper\" aria-hidden=\"true\"><i class=\"fa-fusion-box active-icon awb-icon-minus\" aria-hidden=\"true\"><\/i><i class=\"fa-fusion-box inactive-icon awb-icon-plus\" aria-hidden=\"true\"><\/i><\/span><span class=\"fusion-toggle-heading\">Fasada<\/span><\/a><\/h4><\/div><div id=\"aaba6591c82f5027e\" class=\"panel-collapse collapse \" aria-labelledby=\"toggle_aaba6591c82f5027e\"><div class=\"panel-body toggle-content fusion-clearfix\">\n<p>Fasada je izvedena kao ETICS sustav s 10 cm kamene vune sa zavr\u0161nim slojem od silikatne \u017ebuke.<\/p>\n<\/div><\/div><\/div><div class=\"fusion-panel panel-default panel-37b20f17db7f71cab fusion-toggle-has-divider\" style=\"--awb-title-color:var(--awb-color5);--awb-content-color:var(--awb-color6);\"><div class=\"panel-heading\"><h4 class=\"panel-title toggle\" id=\"toggle_37b20f17db7f71cab\"><a aria-expanded=\"false\" aria-controls=\"37b20f17db7f71cab\" role=\"button\" data-toggle=\"collapse\" data-parent=\"#accordion-2003-5\" data-target=\"#37b20f17db7f71cab\" href=\"#37b20f17db7f71cab\"><span class=\"fusion-toggle-icon-wrapper\" aria-hidden=\"true\"><i class=\"fa-fusion-box active-icon awb-icon-minus\" aria-hidden=\"true\"><\/i><i class=\"fa-fusion-box inactive-icon awb-icon-plus\" aria-hidden=\"true\"><\/i><\/span><span class=\"fusion-toggle-heading\">Krov<\/span><\/a><\/h4><\/div><div id=\"37b20f17db7f71cab\" class=\"panel-collapse collapse \" aria-labelledby=\"toggle_37b20f17db7f71cab\"><div class=\"panel-body toggle-content fusion-clearfix\">\n<p>Krov je ravni neprohodni izveden od monolitne armiranobetonske plo\u010de u nagibu, minimalne debljine 20 cm, s parnom branom, toplinskom izolacijom (EPS) debljine 20 cm, zavr\u0161no prekriven hidroizolacijskom TPO folijom otpornom na UV zrake i za\u0161ti\u0107en oblutkom.<\/p>\n<\/div><\/div><\/div><div class=\"fusion-panel panel-default panel-6e1d4319d401b9454 fusion-toggle-has-divider\" style=\"--awb-title-color:var(--awb-color5);--awb-content-color:var(--awb-color6);\"><div class=\"panel-heading\"><h4 class=\"panel-title toggle\" id=\"toggle_6e1d4319d401b9454\"><a aria-expanded=\"false\" aria-controls=\"6e1d4319d401b9454\" role=\"button\" data-toggle=\"collapse\" data-parent=\"#accordion-2003-5\" data-target=\"#6e1d4319d401b9454\" href=\"#6e1d4319d401b9454\"><span class=\"fusion-toggle-icon-wrapper\" aria-hidden=\"true\"><i class=\"fa-fusion-box active-icon awb-icon-minus\" aria-hidden=\"true\"><\/i><i class=\"fa-fusion-box inactive-icon awb-icon-plus\" aria-hidden=\"true\"><\/i><\/span><span class=\"fusion-toggle-heading\">Vanjska stolarija<\/span><\/a><\/h4><\/div><div id=\"6e1d4319d401b9454\" class=\"panel-collapse collapse \" aria-labelledby=\"toggle_6e1d4319d401b9454\"><div class=\"panel-body toggle-content fusion-clearfix\">\n<p>Stolarija je izvedena od kvalitetnih PVC profila s aluminijskom oblogom izvana (izvana u sivo srebrnoj boji, unutra u bijeloj) s trostrukoizoliraju\u0107im staklom. Svi vanjski zatvori imaju aluminijske rolete u sivoj boji i komarnike (klizne ili rolo). Otvori su otklopno \u2013 zaokretni, klizni i podizno \u2013 klizni, a sve rolete (osim u kupaonicama) imaju elektronsko upravljanje &#8211; pogon na elektromotor.<\/p>\n<\/div><\/div><\/div><div class=\"fusion-panel panel-default panel-43878b6a8d77226e2 fusion-toggle-has-divider\" style=\"--awb-title-color:var(--awb-color5);--awb-content-color:var(--awb-color6);\"><div class=\"panel-heading\"><h4 class=\"panel-title toggle\" id=\"toggle_43878b6a8d77226e2\"><a aria-expanded=\"false\" aria-controls=\"43878b6a8d77226e2\" role=\"button\" data-toggle=\"collapse\" data-parent=\"#accordion-2003-5\" data-target=\"#43878b6a8d77226e2\" href=\"#43878b6a8d77226e2\"><span class=\"fusion-toggle-icon-wrapper\" aria-hidden=\"true\"><i class=\"fa-fusion-box active-icon awb-icon-minus\" aria-hidden=\"true\"><\/i><i class=\"fa-fusion-box inactive-icon awb-icon-plus\" aria-hidden=\"true\"><\/i><\/span><span class=\"fusion-toggle-heading\">Zajedni\u010dki prostori i spremi\u0161ta<\/span><\/a><\/h4><\/div><div id=\"43878b6a8d77226e2\" class=\"panel-collapse collapse \" aria-labelledby=\"toggle_43878b6a8d77226e2\"><div class=\"panel-body toggle-content fusion-clearfix\">\n<p>Ulazni prostor, stubi\u0161ta i hodnici su poplo\u010dani kamenim plo\u010dama debljine 3 cm. Ograde i rukohvati u stubi\u0161tima izvedeni su kao bravarska ograda visine do 110 cm. Dizala su be\u0161umna kroz sve eta\u017ee. U natkrivenom ulazu su smje\u0161teni po\u0161tanski sandu\u010di\u0107i, paneli za obavijest te parlafon s video kontrolom.<\/p>\n<p>Podovi u podrumskim spremi\u0161tima zavr\u0161no su premazani epoksidnim premazom.<\/p>\n<\/div><\/div><\/div><div class=\"fusion-panel panel-default panel-0d27206cb8f47b775 fusion-toggle-has-divider\" style=\"--awb-title-color:var(--awb-color5);--awb-content-color:var(--awb-color6);\"><div class=\"panel-heading\"><h4 class=\"panel-title toggle\" id=\"toggle_0d27206cb8f47b775\"><a aria-expanded=\"false\" aria-controls=\"0d27206cb8f47b775\" role=\"button\" data-toggle=\"collapse\" data-parent=\"#accordion-2003-5\" data-target=\"#0d27206cb8f47b775\" href=\"#0d27206cb8f47b775\"><span class=\"fusion-toggle-icon-wrapper\" aria-hidden=\"true\"><i class=\"fa-fusion-box active-icon awb-icon-minus\" aria-hidden=\"true\"><\/i><i class=\"fa-fusion-box inactive-icon awb-icon-plus\" aria-hidden=\"true\"><\/i><\/span><span class=\"fusion-toggle-heading\">Gara\u017ee i parkirna mjesta<\/span><\/a><\/h4><\/div><div id=\"0d27206cb8f47b775\" class=\"panel-collapse collapse \" aria-labelledby=\"toggle_0d27206cb8f47b775\"><div class=\"panel-body toggle-content fusion-clearfix\">\n<p>Gara\u017ee su smje\u0161tene u podrumskoj eta\u017ei, sa zajedni\u010dkom ulaznom rampom s rolo vratima na daljinsko upravljanje. Kolna komunikacija je zajedni\u010dka i kru\u017ena, a parkirna mjesta su otvorena. Svaki stan u gara\u017ei ima osigurana dva parkirna mjesta te pripadaju\u0107e spremi\u0161te. Gara\u017ea ima prirodnu i mehani\u010dku ventilaciju.<\/p>\n<\/div><\/div><\/div><div class=\"fusion-panel panel-default panel-b00e338c288d9fba1 fusion-toggle-has-divider\" style=\"--awb-title-color:var(--awb-color5);--awb-content-color:var(--awb-color6);\"><div class=\"panel-heading\"><h4 class=\"panel-title toggle\" id=\"toggle_b00e338c288d9fba1\"><a aria-expanded=\"false\" aria-controls=\"b00e338c288d9fba1\" role=\"button\" data-toggle=\"collapse\" data-parent=\"#accordion-2003-5\" data-target=\"#b00e338c288d9fba1\" href=\"#b00e338c288d9fba1\"><span class=\"fusion-toggle-icon-wrapper\" aria-hidden=\"true\"><i class=\"fa-fusion-box active-icon awb-icon-minus\" aria-hidden=\"true\"><\/i><i class=\"fa-fusion-box inactive-icon awb-icon-plus\" aria-hidden=\"true\"><\/i><\/span><span class=\"fusion-toggle-heading\">Stolarija<\/span><\/a><\/h4><\/div><div id=\"b00e338c288d9fba1\" class=\"panel-collapse collapse \" aria-labelledby=\"toggle_b00e338c288d9fba1\"><div class=\"panel-body toggle-content fusion-clearfix\">\n<p>Ulazna vrata u stan su protuprovalna i protupo\u017earna s dodatnom zvu\u010dnom izolacijom. Unutarnja stolarija izvedena od punih, glatkih vrata s dovratnikom u bijeloj boji visine 210 cm.<\/p>\n<\/div><\/div><\/div><div class=\"fusion-panel panel-default panel-b234a1af6e7cd3fac fusion-toggle-has-divider\" style=\"--awb-title-color:var(--awb-color5);--awb-content-color:var(--awb-color6);\"><div class=\"panel-heading\"><h4 class=\"panel-title toggle\" id=\"toggle_b234a1af6e7cd3fac\"><a aria-expanded=\"false\" aria-controls=\"b234a1af6e7cd3fac\" role=\"button\" data-toggle=\"collapse\" data-parent=\"#accordion-2003-5\" data-target=\"#b234a1af6e7cd3fac\" href=\"#b234a1af6e7cd3fac\"><span class=\"fusion-toggle-icon-wrapper\" aria-hidden=\"true\"><i class=\"fa-fusion-box active-icon awb-icon-minus\" aria-hidden=\"true\"><\/i><i class=\"fa-fusion-box inactive-icon awb-icon-plus\" aria-hidden=\"true\"><\/i><\/span><span class=\"fusion-toggle-heading\">Zidovi i stropovi<\/span><\/a><\/h4><\/div><div id=\"b234a1af6e7cd3fac\" class=\"panel-collapse collapse \" aria-labelledby=\"toggle_b234a1af6e7cd3fac\"><div class=\"panel-body toggle-content fusion-clearfix\">\n<p>Nosivi zidovi su armirano betonski zidovi debljine 20 cm, a dijelom su zidani Porotherm blok opekom debljine 20 cm. Pregradni zidovi su zidani Porotherm blok opekom debljine 11,5 cm. Unutarnje povr\u0161ine zidova i stropova su o\u017ebukane i oli\u010dene poludisperzivnom bijelom bojom.<\/p>\n<p>Kao zidne obloge kupaonice ugra\u0111ene su visokokvalitetne kerami\u010dke plo\u010dice I klase.<\/p>\n<\/div><\/div><\/div><div class=\"fusion-panel panel-default panel-df009d29d279908cd fusion-toggle-has-divider\" style=\"--awb-title-color:var(--awb-color5);--awb-content-color:var(--awb-color6);\"><div class=\"panel-heading\"><h4 class=\"panel-title toggle\" id=\"toggle_df009d29d279908cd\"><a aria-expanded=\"false\" aria-controls=\"df009d29d279908cd\" role=\"button\" data-toggle=\"collapse\" data-parent=\"#accordion-2003-5\" data-target=\"#df009d29d279908cd\" href=\"#df009d29d279908cd\"><span class=\"fusion-toggle-icon-wrapper\" aria-hidden=\"true\"><i class=\"fa-fusion-box active-icon awb-icon-minus\" aria-hidden=\"true\"><\/i><i class=\"fa-fusion-box inactive-icon awb-icon-plus\" aria-hidden=\"true\"><\/i><\/span><span class=\"fusion-toggle-heading\">Podovi<\/span><\/a><\/h4><\/div><div id=\"df009d29d279908cd\" class=\"panel-collapse collapse \" aria-labelledby=\"toggle_df009d29d279908cd\"><div class=\"panel-body toggle-content fusion-clearfix\">\n<p>Podovi spava\u0107ih soba su oblo\u017eeni hrastovim parketom I klase, zavr\u0161no lakiranim, modernog izgleda u natur boji, s letvicama u bijeloj boji. Podovi ostalih prostorija su oblo\u017eeni kerami\u010dkim plo\u010dicama, a loggie vanjskim protukliznim kerami\u010dkim plo\u010dicama sve I klase. Na povr\u0161inama s plo\u010dicama izveden je kerami\u010dki sokl.<\/p>\n<p>Zidovi gra\u0111evine s termi\u010dki obra\u0111enim pro\u010deljima, s o\u017ebukanim unutarnjim povr\u0161inama zidova i stropova, podovi s podnim slojevima toplinske i zvu\u010dne za\u0161tite, \u010dine ugra\u0111eni materijali koji pojedina\u010dno i u kompletu imaju sposobnost izdr\u017eati sva mehani\u010dka i druga predvi\u0111ena djelovanja pri normalnoj upotrebi.<\/p>\n<\/div><\/div><\/div><div class=\"fusion-panel panel-default panel-a02cce0dba0076689 fusion-toggle-has-divider\" style=\"--awb-title-color:var(--awb-color5);--awb-content-color:var(--awb-color6);\"><div class=\"panel-heading\"><h4 class=\"panel-title toggle\" id=\"toggle_a02cce0dba0076689\"><a aria-expanded=\"false\" aria-controls=\"a02cce0dba0076689\" role=\"button\" data-toggle=\"collapse\" data-parent=\"#accordion-2003-5\" data-target=\"#a02cce0dba0076689\" href=\"#a02cce0dba0076689\"><span class=\"fusion-toggle-icon-wrapper\" aria-hidden=\"true\"><i class=\"fa-fusion-box active-icon awb-icon-minus\" aria-hidden=\"true\"><\/i><i class=\"fa-fusion-box inactive-icon awb-icon-plus\" aria-hidden=\"true\"><\/i><\/span><span class=\"fusion-toggle-heading\">Kupaonice i WC<\/span><\/a><\/h4><\/div><div id=\"a02cce0dba0076689\" class=\"panel-collapse collapse \" aria-labelledby=\"toggle_a02cce0dba0076689\"><div class=\"panel-body toggle-content fusion-clearfix\">\n<p>Sva sanitarna oprema je visoke kvalitete poznatih proizvo\u0111a\u010da. Opremu \u010dine: konzolni umivaonici s pripadaju\u0107im mije\u0161alicama, konzolna WC \u0161koljka s poklopcem i s nisko\u0161umnim ugradbenim vodokotli\u0107em, tu\u0161 \u2013 kada s tu\u0161 setom. Priklju\u010dak za perilicu rublja s odvodnjom.<\/p>\n<p>Zidovi su oblo\u017eeni kerami\u010dkim plo\u010dicama I klase od poda do pune visine prostorije.<\/p>\n<p>Bojleri PTV su smje\u0161teni u podrumu u zajedni\u010dkom prostoru.<\/p>\n<\/div><\/div><\/div><div class=\"fusion-panel panel-default panel-054538d929a7696fa fusion-toggle-has-divider\" style=\"--awb-title-color:var(--awb-color5);--awb-content-color:var(--awb-color6);\"><div class=\"panel-heading\"><h4 class=\"panel-title toggle\" id=\"toggle_054538d929a7696fa\"><a aria-expanded=\"false\" aria-controls=\"054538d929a7696fa\" role=\"button\" data-toggle=\"collapse\" data-parent=\"#accordion-2003-5\" data-target=\"#054538d929a7696fa\" href=\"#054538d929a7696fa\"><span class=\"fusion-toggle-icon-wrapper\" aria-hidden=\"true\"><i class=\"fa-fusion-box active-icon awb-icon-minus\" aria-hidden=\"true\"><\/i><i class=\"fa-fusion-box inactive-icon awb-icon-plus\" aria-hidden=\"true\"><\/i><\/span><span class=\"fusion-toggle-heading\">Elektroinstalacije<\/span><\/a><\/h4><\/div><div id=\"054538d929a7696fa\" class=\"panel-collapse collapse \" aria-labelledby=\"toggle_054538d929a7696fa\"><div class=\"panel-body toggle-content fusion-clearfix\">\n<p>Elektrobrojila su smje\u0161tena u vanjskom ure\u0111enom terenu (uz zapadnu granicu). Elektro oprema je visoke kvalitete poznatih proizvo\u0111a\u010da.<\/p>\n<p>U stanovima su predvi\u0111ene telefonske i TV uti\u010dnice, stropna i zidna rasvjeta te termostat u dnevnom boravku i spava\u0107im sobama. Elektrooprema kuhinje sastoji se od izvoda za \u0161tednjak, uti\u010dnice za hladnjak, uti\u010dnice za perilicu, uti\u010dnice u pojasu iznad radne plohe, izvod za napu i uti\u010dnice na kuhinjskom otoku. Elektrooprema kupaonice sadr\u017ei priklju\u010dnicu za perilicu rublja, nadsvjetlo iznad umivaonika, uti\u010dnice na zidu te izvod za ventilator. Elektrooprema u hodniku su rasvjetna tijela, strujni razdjelnik stana, ormari\u0107 slabe struje, uti\u010dnica, centralno sklop struje cijelog stana.<\/p>\n<p>Osigurana je mogu\u0107nost spajanja na kabelsku TV preko instalacija zajedni\u010dkog antenskog satelita.<\/p>\n<p>Spremi\u0161ta, u kojima je izvedena stropna rasvjeta su povezana s brojilom pripadaju\u0107eg stana, a lift, hodnici i gara\u017ea vezani su na zasebno brojilo zajedni\u010dke potro\u0161nje.<\/p>\n<\/div><\/div><\/div><div class=\"fusion-panel panel-default panel-41c7b444ffcc2b875 fusion-toggle-has-divider\" style=\"--awb-title-color:var(--awb-color5);--awb-content-color:var(--awb-color6);\"><div class=\"panel-heading\"><h4 class=\"panel-title toggle\" id=\"toggle_41c7b444ffcc2b875\"><a aria-expanded=\"false\" aria-controls=\"41c7b444ffcc2b875\" role=\"button\" data-toggle=\"collapse\" data-parent=\"#accordion-2003-5\" data-target=\"#41c7b444ffcc2b875\" href=\"#41c7b444ffcc2b875\"><span class=\"fusion-toggle-icon-wrapper\" aria-hidden=\"true\"><i class=\"fa-fusion-box active-icon awb-icon-minus\" aria-hidden=\"true\"><\/i><i class=\"fa-fusion-box inactive-icon awb-icon-plus\" aria-hidden=\"true\"><\/i><\/span><span class=\"fusion-toggle-heading\">Instalacije vodovoda i odvodnje<\/span><\/a><\/h4><\/div><div id=\"41c7b444ffcc2b875\" class=\"panel-collapse collapse \" aria-labelledby=\"toggle_41c7b444ffcc2b875\"><div class=\"panel-body toggle-content fusion-clearfix\">\n<p>Opskrba vodom je priklju\u010dkom na javnu gradsku vodovodnu mre\u017eu. Na priklju\u010dnom cjevovodu je okno s ugra\u0111enim vodomjerima za svaki stan zasebno. Razvod vode se vr\u0161i PPR toplinski izoliranim cijevima.<\/p>\n<p>Odvodnja otpadnih voda je priklju\u010dkom na kanalizacijski sustav naselja. Za odvodnju su kori\u0161tene nisko\u0161umne cijevi.<\/p>\n<p>Priprema potro\u0161ne tople vode je preko bojlera \u2013 dizalica topline smje\u0161tenih u podrumskoj eta\u017ei, za svaki stan zasebno.<\/p>\n<p>Glavni ventil za vodu nalazi se na svakom od stubi\u0161ta.<\/p>\n<\/div><\/div><\/div><div class=\"fusion-panel panel-default panel-aa4ca714d350af9d0 fusion-toggle-has-divider\" style=\"--awb-title-color:var(--awb-color5);--awb-content-color:var(--awb-color6);\"><div class=\"panel-heading\"><h4 class=\"panel-title toggle\" id=\"toggle_aa4ca714d350af9d0\"><a aria-expanded=\"false\" aria-controls=\"aa4ca714d350af9d0\" role=\"button\" data-toggle=\"collapse\" data-parent=\"#accordion-2003-5\" data-target=\"#aa4ca714d350af9d0\" href=\"#aa4ca714d350af9d0\"><span class=\"fusion-toggle-icon-wrapper\" aria-hidden=\"true\"><i class=\"fa-fusion-box active-icon awb-icon-minus\" aria-hidden=\"true\"><\/i><i class=\"fa-fusion-box inactive-icon awb-icon-plus\" aria-hidden=\"true\"><\/i><\/span><span class=\"fusion-toggle-heading\">Grijanje i hla\u0111enje<\/span><\/a><\/h4><\/div><div id=\"aa4ca714d350af9d0\" class=\"panel-collapse collapse \" aria-labelledby=\"toggle_aa4ca714d350af9d0\"><div class=\"panel-body toggle-content fusion-clearfix\">\n<p>Za sve stanove kori\u0161teni su ure\u0111aji proizvo\u0111a\u010da.<\/p>\n<p>Kao vanjska jedinica ugra\u0111en je inverter sustav multi split snage 9,3\/8,3 Kw.<\/p>\n<p>Stanovi su opremljeni kanalskim razvodom unutarnjih klima jedinica, u dnevnom boravku snage 4,0\/3,5 Kw, a u sobama jedinice snage 2,5\/2,0 Kw, s daljinskim i Wifi upravljanjem.<\/p>\n<p>U dnevnom dijelu stana i kupaonicama je izvedeno podno grijanje sustavom elektri\u010dne mre\u017eice, komplet s termostatom i senzorima za temperaturu.<\/p>\n<\/div><\/div><\/div><div class=\"fusion-panel panel-default panel-5d1ff3c3d1e5a6031 fusion-toggle-has-divider\" style=\"--awb-title-color:var(--awb-color5);--awb-content-color:var(--awb-color6);\"><div class=\"panel-heading\"><h4 class=\"panel-title toggle\" id=\"toggle_5d1ff3c3d1e5a6031\"><a aria-expanded=\"false\" aria-controls=\"5d1ff3c3d1e5a6031\" role=\"button\" data-toggle=\"collapse\" data-parent=\"#accordion-2003-5\" data-target=\"#5d1ff3c3d1e5a6031\" href=\"#5d1ff3c3d1e5a6031\"><span class=\"fusion-toggle-icon-wrapper\" aria-hidden=\"true\"><i class=\"fa-fusion-box active-icon awb-icon-minus\" aria-hidden=\"true\"><\/i><i class=\"fa-fusion-box inactive-icon awb-icon-plus\" aria-hidden=\"true\"><\/i><\/span><span class=\"fusion-toggle-heading\">Ventilacija<\/span><\/a><\/h4><\/div><div id=\"5d1ff3c3d1e5a6031\" class=\"panel-collapse collapse \" aria-labelledby=\"toggle_5d1ff3c3d1e5a6031\"><div class=\"panel-body toggle-content fusion-clearfix\">\n<p>Umjetna ventilacija je osigurana be\u0161umnim ventilatorima u svim sanitarnim prostorijama, a ventilacija kuhinja osigurana je zasebnim cijevima za odvod napa.<\/p>\n<p>Unutar gara\u017ee osigurana je prirodna i mehani\u010dka ventilacija kao i ventilacija svakog spremi\u0161ta pojedina\u010dno.<\/p>\n<\/div><\/div><\/div><div class=\"fusion-panel panel-default panel-3ded209d60126bd05 fusion-toggle-has-divider\" style=\"--awb-title-color:var(--awb-color5);--awb-content-color:var(--awb-color6);\"><div class=\"panel-heading\"><h4 class=\"panel-title toggle\" id=\"toggle_3ded209d60126bd05\"><a aria-expanded=\"false\" aria-controls=\"3ded209d60126bd05\" role=\"button\" data-toggle=\"collapse\" data-parent=\"#accordion-2003-5\" data-target=\"#3ded209d60126bd05\" href=\"#3ded209d60126bd05\"><span class=\"fusion-toggle-icon-wrapper\" aria-hidden=\"true\"><i class=\"fa-fusion-box active-icon awb-icon-minus\" aria-hidden=\"true\"><\/i><i class=\"fa-fusion-box inactive-icon awb-icon-plus\" aria-hidden=\"true\"><\/i><\/span><span class=\"fusion-toggle-heading\">Energetski razred<\/span><\/a><\/h4><\/div><div id=\"3ded209d60126bd05\" class=\"panel-collapse collapse \" aria-labelledby=\"toggle_3ded209d60126bd05\"><div class=\"panel-body toggle-content fusion-clearfix\">\n<p>Isho\u0111en je energetski certifikat razreda A+.<\/p>\n<\/div><\/div><\/div><div class=\"fusion-panel panel-default panel-e7abff72afb0403c8 fusion-toggle-has-divider\" style=\"--awb-title-color:var(--awb-color5);--awb-content-color:var(--awb-color6);\"><div class=\"panel-heading\"><h4 class=\"panel-title toggle\" id=\"toggle_e7abff72afb0403c8\"><a aria-expanded=\"false\" aria-controls=\"e7abff72afb0403c8\" role=\"button\" data-toggle=\"collapse\" data-parent=\"#accordion-2003-5\" data-target=\"#e7abff72afb0403c8\" href=\"#e7abff72afb0403c8\"><span class=\"fusion-toggle-icon-wrapper\" aria-hidden=\"true\"><i class=\"fa-fusion-box active-icon awb-icon-minus\" aria-hidden=\"true\"><\/i><i class=\"fa-fusion-box inactive-icon awb-icon-plus\" aria-hidden=\"true\"><\/i><\/span><span class=\"fusion-toggle-heading\">Uvjeti odr\u017eavanja gra\u0111evine<\/span><\/a><\/h4><\/div><div id=\"e7abff72afb0403c8\" class=\"panel-collapse collapse \" aria-labelledby=\"toggle_e7abff72afb0403c8\"><div class=\"panel-body toggle-content fusion-clearfix\">\n<p>Kupac \u0107e prilikom preuzimanja stana dobiti knji\u017eicu s uputama za kori\u0161tenje i odr\u017eavanje ugra\u0111ene opreme.<\/p>\n<\/div><\/div><\/div><div class=\"fusion-panel panel-default panel-c78c62aac7c4d94fc fusion-toggle-has-divider\" style=\"--awb-title-color:var(--awb-color5);--awb-content-color:var(--awb-color6);\"><div class=\"panel-heading\"><h4 class=\"panel-title toggle\" id=\"toggle_c78c62aac7c4d94fc\"><a aria-expanded=\"false\" aria-controls=\"c78c62aac7c4d94fc\" role=\"button\" data-toggle=\"collapse\" data-parent=\"#accordion-2003-5\" data-target=\"#c78c62aac7c4d94fc\" href=\"#c78c62aac7c4d94fc\"><span class=\"fusion-toggle-icon-wrapper\" aria-hidden=\"true\"><i class=\"fa-fusion-box active-icon awb-icon-minus\" aria-hidden=\"true\"><\/i><i class=\"fa-fusion-box inactive-icon awb-icon-plus\" aria-hidden=\"true\"><\/i><\/span><span class=\"fusion-toggle-heading\">Ure\u0111enje okoli\u0161a<\/span><\/a><\/h4><\/div><div id=\"c78c62aac7c4d94fc\" class=\"panel-collapse collapse \" aria-labelledby=\"toggle_c78c62aac7c4d94fc\"><div class=\"panel-body toggle-content fusion-clearfix\">\n<p>Okoli\u0161 je ure\u0111en kolnim i pje\u0161a\u010dkim povr\u0161inama i hortikulturno ure\u0111enim vrtovima.<\/p>\n<\/div><\/div><\/div><div class=\"fusion-panel panel-default panel-56a1d43a63d5ab37e fusion-toggle-has-divider\" style=\"--awb-title-color:var(--awb-color5);--awb-content-color:var(--awb-color6);\"><div class=\"panel-heading\"><h4 class=\"panel-title toggle\" id=\"toggle_56a1d43a63d5ab37e\"><a aria-expanded=\"false\" aria-controls=\"56a1d43a63d5ab37e\" role=\"button\" data-toggle=\"collapse\" data-parent=\"#accordion-2003-5\" data-target=\"#56a1d43a63d5ab37e\" href=\"#56a1d43a63d5ab37e\"><span class=\"fusion-toggle-icon-wrapper\" aria-hidden=\"true\"><i class=\"fa-fusion-box active-icon awb-icon-minus\" aria-hidden=\"true\"><\/i><i class=\"fa-fusion-box inactive-icon awb-icon-plus\" aria-hidden=\"true\"><\/i><\/span><span class=\"fusion-toggle-heading\">Garancija<\/span><\/a><\/h4><\/div><div id=\"56a1d43a63d5ab37e\" class=\"panel-collapse collapse \" aria-labelledby=\"toggle_56a1d43a63d5ab37e\"><div class=\"panel-body toggle-content fusion-clearfix\">\n<p>Garantni rok za kvalitetu izvedbe gra\u0111evinskih i gra\u0111evinsko-obrtni\u010dkih radova odre\u0111en je u skladu sa zakonom i posebnim propisima i to 2 godine za obrtni\u010dke radove, a 10 godina za konstrukciju gra\u0111evine i krov.<\/p>\n<p>Uvjeti i rokovi garancije za ugra\u0111enu opremu vrijede prema specifikacijama proizvo\u0111a\u010da.<\/p>\n<\/div><\/div><\/div><\/div><\/div><div class=\"fusion-separator fusion-full-width-sep\" style=\"align-self: center;margin-left: auto;margin-right: auto;margin-bottom:40px;width:100%;\"><\/div><div style=\"text-align:center;\"><a class=\"fusion-button button-flat fusion-button-default-size button-custom fusion-button-default button-5 fusion-button-default-span fusion-button-default-type\" style=\"--button_accent_color:#ffffff;--button_accent_hover_color:#ffffff;--button_border_hover_color:hsla(var(--awb-color1-h),var(--awb-color1-s),var(--awb-color1-l),calc( var(--awb-color1-a) - 10% ));--button_gradient_top_color:#000000;--button_gradient_bottom_color:#000000;--button_gradient_top_color_hover:#001f63;--button_gradient_bottom_color_hover:#001f63;\" target=\"_self\" href=\"https:\/\/kastela-garden-residence.hr\/zgrada-2-stan-s5\/\"><span class=\"fusion-button-text awb-button__text awb-button__text--default\">SAZNAJ VI\u0160E<\/span><\/a><\/div><\/div><\/div><\/div><\/div><div class=\"fusion-fullwidth fullwidth-box fusion-builder-row-6 fusion-flex-container has-pattern-background has-mask-background hundred-percent-fullwidth non-hundred-percent-height-scrolling\" style=\"--awb-border-radius-top-left:0px;--awb-border-radius-top-right:0px;--awb-border-radius-bottom-right:0px;--awb-border-radius-bottom-left:0px;--awb-padding-bottom:30px;--awb-flex-wrap:wrap;\" ><div class=\"fusion-builder-row fusion-row fusion-flex-align-items-flex-start fusion-flex-content-wrap\" style=\"width:104% !important;max-width:104% !important;margin-left: calc(-4% \/ 2 );margin-right: calc(-4% \/ 2 );\"><div class=\"fusion-layout-column fusion_builder_column fusion-builder-column-10 fusion_builder_column_1_2 1_2 fusion-flex-column\" style=\"--awb-bg-size:cover;--awb-width-large:50%;--awb-margin-top-large:0px;--awb-spacing-right-large:3.84%;--awb-margin-bottom-large:20px;--awb-spacing-left-large:3.84%;--awb-width-medium:100%;--awb-order-medium:0;--awb-spacing-right-medium:1.92%;--awb-spacing-left-medium:1.92%;--awb-width-small:100%;--awb-order-small:0;--awb-spacing-right-small:1.92%;--awb-spacing-left-small:1.92%;\"><div class=\"fusion-column-wrapper fusion-column-has-shadow fusion-flex-justify-content-flex-start fusion-content-layout-column\"><div class=\"fusion-title title fusion-title-6 fusion-sep-none fusion-title-center fusion-title-highlight fusion-animate-once fusion-highlight-underline fusion-title-size-one\" style=\"--awb-margin-top-small:0px;--awb-margin-right-small:0px;--awb-margin-bottom-small:20px;--awb-margin-left-small:0px;--awb-font-size:40px;\" data-highlight=\"underline\"><h1 class=\"fusion-title-heading title-heading-center fusion-responsive-typography-calculated\" style=\"margin:0;text-transform:capitalize;font-size:1em;--fontSize:40;line-height:var(--awb-typography1-line-height);\"><span class=\"fusion-highlighted-text-prefix\"><\/span> <span class=\"fusion-highlighted-text-wrapper\"><span class=\"fusion-highlighted-text\">Stan S6<\/span><svg xmlns=\"http:\/\/www.w3.org\/2000\/svg\" viewBox=\"0 0 500 150\" preserveAspectRatio=\"none\"><path d=\"M8.1,146.2c0,0,240.6-55.6,479-13.8\"><\/path><\/svg><\/span> <span class=\"fusion-highlighted-text-postfix\"><\/span><\/h1><\/div>\n<style>\n\t#hotspot-2085 .hotspots-image-container,\n\t#hotspot-2085 .leaflet-container {\n\t\tbackground: #efefef\t}\n\n\t#hotspot-2085 .hotspots-placeholder,\n\t.featherlight .featherlight-content.lightbox-2085 {\n\t\tbackground: #ffffff;\n\t\tborder: 0 #ffffff solid;\n\t\tcolor: #000000;\n\t}\n\n\t#hotspot-2085 .hotspot-title,\n\t#hotspot-2085 .bc-product__title a,\n\t.featherlight .featherlight-content.lightbox-2085 .hotspot-title,\n\t.featherlight .featherlight-content.lightbox-2085 .bc-product__title a {\n\t\tcolor: #000000;\n\t}\n\n\t\t\t#hotspot-2085 .hotspot-style-1 {\n\t\t\tstroke-width: 1;\n\t\t\tfill: #eded6a;\n\t\t\tfill-opacity: 0.81;\n\t\t\tstroke: #ffffff;\n\t\t\tstroke-opacity: 0.81;\n\t\t}\n\t\t#hotspot-2085 .hotspot-style-1:hover,\n\t\t#hotspot-2085 .hotspot-style-1:focus-visible,\n\t\t#hotspot-2085 .hotspot-style-1.hotspot-active {\n\t\t\tfill: #37a031;\n\t\t\tfill-opacity: 0.81;\n\t\t\toutline: none;\n\t\t\tstroke: #ffffff;\n\t\t\tstroke-opacity: 0.81;\n\t\t}\n\t\t\t#hotspot-2085 .hotspot-default {\n\t\t\tstroke-width: 1;\n\t\t\tfill: #ffffff;\n\t\t\tfill-opacity: 0.81;\n\t\t\tstroke: #ffffff;\n\t\t\tstroke-opacity: 0.81;\n\t\t}\n\t\t#hotspot-2085 .hotspot-default:hover,\n\t\t#hotspot-2085 .hotspot-default:focus-visible,\n\t\t#hotspot-2085 .hotspot-default.hotspot-active {\n\t\t\tfill: #ffffff;\n\t\t\tfill-opacity: 0.81;\n\t\t\toutline: none;\n\t\t\tstroke: #ffffff;\n\t\t\tstroke-opacity: 0.81;\n\t\t}\n\t\t#hotspot-2085 .leaflet-tooltip,\n\t#hotspot-2085 .leaflet-rrose-content-wrapper {\n\t\tbackground: #ffffff;\n\t\tborder-color: #ffffff;\n\t\tcolor: #000000;\n\t}\n\n\t#hotspot-2085 a.leaflet-rrose-close-button {\n\t\tcolor: #000000;\n\t}\n\n\t#hotspot-2085 .leaflet-rrose-tip {\n\t\tbackground: #ffffff;\n\t}\n\n\t#hotspot-2085 .leaflet-popup-scrolled {\n\t\tborder-bottom-color: #000000;\n\t\tborder-top-color: #000000;\n\t}\n\n\t#hotspot-2085 .leaflet-tooltip-top:before {\n\t\tborder-top-color: #ffffff;\n\t}\n\n\t#hotspot-2085 .leaflet-tooltip-bottom:before {\n\t\tborder-bottom-color: #ffffff;\n\t}\n\t#hotspot-2085 .leaflet-tooltip-left:before {\n\t\tborder-left-color: #ffffff;\n\t}\n\t#hotspot-2085 .leaflet-tooltip-right:before {\n\t\tborder-right-color: #ffffff;\n\t}\n<\/style>\n\n\n\t<div class=\"hotspots-container links-only layout-left event-click\" id=\"hotspot-2085\" data-layout=\"left\" data-trigger=\"click\">\n\t\t<div class=\"hotspots-interaction\">\n\t\t\t<div class=\"hotspots-image-container\">\n\t<img\n\t\twidth=\"1920\"\n\t\theight=\"1477\"\n\t\tsrc=\"https:\/\/kastela-garden-residence.hr\/wp-content\/uploads\/2025\/02\/Kastela-Garden-Residence_tlocrt_Mirta_Lavanda.jpg\"\n\t\talt=\"Zgrada 2 &#8211; Stan S6\"\n\t\tclass=\"hotspots-image skip-lazy\"\n\t\tusemap=\"#hotspots-image-2085\"\n\t\tdata-image-title=\"Zgrada 2 &#8211; Stan S6\"\n\t\tdata-image-description=\"\"\n\t\tdata-event-trigger=\"click\"\n\t\tdata-always-visible=\"on\"\n\t\tdata-id=\"2085\"\n\t\tdata-no-lazy=\"1\"\n\t\tdata-lazy-src=\"\"\n\t\tdata-lazy=\"false\"\n\t\tloading=\"eager\"\n\t\tdata-skip-lazy=\"1\"\n\t\t>\n<\/div>\t\t<\/div>\n\t\t<map name=\"hotspots-image-2085\" class=\"hotspots-map\">\n\t\t\t\t\t\t\t\t\t\t\t<area\n\t\t\t\t\tshape=\"polygon\"\n\t\t\t\t\tcoords=\"821,363,848,451,862,445,882,526,907,523,923,577,833,604,828,590,764,610,697,399\"\n\t\t\t\t\thref=\"https:\/\/kastela-garden-residence.hr\/wp-content\/uploads\/2025\/02\/z2-s6-1.jpg\"\n\t\t\t\t\trel=\"\"\n\t\t\t\t\ttitle=\"Stan S6\"\n\t\t\t\t\talt=\"Stan S6\"\n\t\t\t\t\tdata-action=\"url\"\n\t\t\t\t\tdata-color-scheme=\"style-1\"\n\t\t\t\t\tdata-id=\"area-hotspot-2085-0\"\n\t\t\t\t\ttarget=\"_new\"\n\t\t\t\t\tclass=\"url-area\"\n\t\t\t\t\t>\n\t\t\t\t\t<\/map>\n\n\t\t\n\t\t\t\t\t\t<\/div>\n\n<\/div><\/div><div class=\"fusion-layout-column fusion_builder_column fusion-builder-column-11 fusion_builder_column_1_2 1_2 fusion-flex-column\" style=\"--awb-bg-size:cover;--awb-width-large:50%;--awb-margin-top-large:0px;--awb-spacing-right-large:3.84%;--awb-margin-bottom-large:20px;--awb-spacing-left-large:3.84%;--awb-width-medium:100%;--awb-order-medium:0;--awb-spacing-right-medium:1.92%;--awb-spacing-left-medium:1.92%;--awb-width-small:100%;--awb-order-small:0;--awb-spacing-right-small:1.92%;--awb-spacing-left-small:1.92%;\"><div class=\"fusion-column-wrapper fusion-column-has-shadow fusion-flex-justify-content-flex-start fusion-content-layout-column\"><div class=\"accordian fusion-accordian\" style=\"--awb-border-size:1px;--awb-icon-size:16px;--awb-content-font-size:15px;--awb-icon-alignment:left;--awb-hover-color:var(--awb-color2);--awb-border-color:hsla(var(--awb-color7-h),var(--awb-color7-s),calc( var(--awb-color7-l) + 69% ),var(--awb-color7-a));--awb-background-color:var(--awb-color1);--awb-divider-color:var(--awb-color4);--awb-divider-hover-color:var(--awb-color4);--awb-icon-color:var(--awb-color1);--awb-title-color:var(--awb-color5);--awb-content-color:var(--awb-color6);--awb-icon-box-color:var(--awb-color8);--awb-toggle-hover-accent-color:var(--awb-color5);--awb-title-font-family:&quot;Raleway&quot;;--awb-title-font-weight:500;--awb-title-font-style:normal;--awb-content-font-family:&quot;Open Sans&quot;;--awb-content-font-style:normal;--awb-content-font-weight:400;\"><div class=\"panel-group fusion-toggle-icon-boxed\" id=\"accordion-2003-6\"><div class=\"fusion-panel panel-default panel-d363c4c9406a56db0 fusion-toggle-has-divider\" style=\"--awb-title-color:var(--awb-color5);--awb-content-color:var(--awb-color6);\"><div class=\"panel-heading\"><h4 class=\"panel-title toggle\" id=\"toggle_d363c4c9406a56db0\"><a aria-expanded=\"false\" aria-controls=\"d363c4c9406a56db0\" role=\"button\" data-toggle=\"collapse\" data-parent=\"#accordion-2003-6\" data-target=\"#d363c4c9406a56db0\" href=\"#d363c4c9406a56db0\"><span class=\"fusion-toggle-icon-wrapper\" aria-hidden=\"true\"><i class=\"fa-fusion-box active-icon awb-icon-minus\" aria-hidden=\"true\"><\/i><i class=\"fa-fusion-box inactive-icon awb-icon-plus\" aria-hidden=\"true\"><\/i><\/span><span class=\"fusion-toggle-heading\">Lokacija<\/span><\/a><\/h4><\/div><div id=\"d363c4c9406a56db0\" class=\"panel-collapse collapse \" aria-labelledby=\"toggle_d363c4c9406a56db0\"><div class=\"panel-body toggle-content fusion-clearfix\">\n<p>Stambeni kompleks novoizgra\u0111enih i planiranih stambenih i stambeno-poslovnih zgrada smje\u0161ten je izme\u0111u Ul. Marina Studina i Ul. Ivana Pavla II. Navedene ulice su povezane novom dvosmjernom cestom koja omogu\u0107ava dobru povezanost kompleksa sa \u0161irom lokacijom. Uz samu ulicu je smje\u0161ten vanjski parking dok prostrani mediteranski vrtovi kao glavni motiv cijelog kompleksa omogu\u0107uju privatnost i mirno okru\u017eenje osobito stanovima u prizemlju.<\/p>\n<\/div><\/div><\/div><div class=\"fusion-panel panel-default panel-ebf55be32f11d286d fusion-toggle-has-divider\" style=\"--awb-title-color:var(--awb-color5);--awb-content-color:var(--awb-color6);\"><div class=\"panel-heading\"><h4 class=\"panel-title toggle\" id=\"toggle_ebf55be32f11d286d\"><a aria-expanded=\"false\" aria-controls=\"ebf55be32f11d286d\" role=\"button\" data-toggle=\"collapse\" data-parent=\"#accordion-2003-6\" data-target=\"#ebf55be32f11d286d\" href=\"#ebf55be32f11d286d\"><span class=\"fusion-toggle-icon-wrapper\" aria-hidden=\"true\"><i class=\"fa-fusion-box active-icon awb-icon-minus\" aria-hidden=\"true\"><\/i><i class=\"fa-fusion-box inactive-icon awb-icon-plus\" aria-hidden=\"true\"><\/i><\/span><span class=\"fusion-toggle-heading\">Katnost i sadr\u017eaj gra\u0111evine<\/span><\/a><\/h4><\/div><div id=\"ebf55be32f11d286d\" class=\"panel-collapse collapse \" aria-labelledby=\"toggle_ebf55be32f11d286d\"><div class=\"panel-body toggle-content fusion-clearfix\">\n<p>Kompleks \u010dine dvije vi\u0161estambene gra\u0111evine sa zajedni\u010dkim podrumom. Pristup u gara\u017eu je zajedni\u010dki dok je ulaz u gra\u0111evine zaseban iz podruma vertikalnim komunikacijama (stubi\u0161te i lift) odnosno preko ure\u0111enog terena za svaku gra\u0111evinu zasebno. Zajedni\u010dka podrumska eta\u017ea sadr\u017ei 28 parkirali\u0161nih mjesta i 14 spremi\u0161ta te druge servisne prostorije. Svaka gra\u0111evina ima po 7 stanova, po dva stana na eta\u017ei prizemlja, 1. i 2. kata i jedan stan na nadgra\u0111u. Prostrane terase stanova su tlocrtno smje\u0161tena na suprotne strane gra\u0111evine i omogu\u0107uju privatnost stanarima.<\/p>\n<\/div><\/div><\/div><div class=\"fusion-panel panel-default panel-682ea24918515a279 fusion-toggle-has-divider\" style=\"--awb-title-color:var(--awb-color5);--awb-content-color:var(--awb-color6);\"><div class=\"panel-heading\"><h4 class=\"panel-title toggle\" id=\"toggle_682ea24918515a279\"><a aria-expanded=\"false\" aria-controls=\"682ea24918515a279\" role=\"button\" data-toggle=\"collapse\" data-parent=\"#accordion-2003-6\" data-target=\"#682ea24918515a279\" href=\"#682ea24918515a279\"><span class=\"fusion-toggle-icon-wrapper\" aria-hidden=\"true\"><i class=\"fa-fusion-box active-icon awb-icon-minus\" aria-hidden=\"true\"><\/i><i class=\"fa-fusion-box inactive-icon awb-icon-plus\" aria-hidden=\"true\"><\/i><\/span><span class=\"fusion-toggle-heading\">Konstrukcija<\/span><\/a><\/h4><\/div><div id=\"682ea24918515a279\" class=\"panel-collapse collapse \" aria-labelledby=\"toggle_682ea24918515a279\"><div class=\"panel-body toggle-content fusion-clearfix\">\n<p>Konstrukcija zgrade je armiranobetonska (sustav armiranobetonskih: nosivih zidova, nosivih horizontalnih i vertikalnih elemenata, monolitnih me\u0111ukatnih plo\u010da i ravnog krova). Armirano betonski zidovi su debljine 20 cm kao i me\u0111ukatne plo\u010de. Vanjski zidovi dijelom su zidani Porotherm blok opekom debljine 20 cm. Pregradni zidovi su tako\u0111er zidani Porotherm blok opekom debljine 11,5 cm. Okno dizala i stubi\u0161na jezgra su izvedeni od armiranobetonskih zidova debljine 20 cm, toplinski i zvu\u010dno izolirani prema stanovima. Svijetla visina u stanovima (visina od gotovog poda do stropa) iznosi 257 \u2013 272 cm.<\/p>\n<\/div><\/div><\/div><div class=\"fusion-panel panel-default panel-562c5033e9010e925 fusion-toggle-has-divider\" style=\"--awb-title-color:var(--awb-color5);--awb-content-color:var(--awb-color6);\"><div class=\"panel-heading\"><h4 class=\"panel-title toggle\" id=\"toggle_562c5033e9010e925\"><a aria-expanded=\"false\" aria-controls=\"562c5033e9010e925\" role=\"button\" data-toggle=\"collapse\" data-parent=\"#accordion-2003-6\" data-target=\"#562c5033e9010e925\" href=\"#562c5033e9010e925\"><span class=\"fusion-toggle-icon-wrapper\" aria-hidden=\"true\"><i class=\"fa-fusion-box active-icon awb-icon-minus\" aria-hidden=\"true\"><\/i><i class=\"fa-fusion-box inactive-icon awb-icon-plus\" aria-hidden=\"true\"><\/i><\/span><span class=\"fusion-toggle-heading\">Fasada<\/span><\/a><\/h4><\/div><div id=\"562c5033e9010e925\" class=\"panel-collapse collapse \" aria-labelledby=\"toggle_562c5033e9010e925\"><div class=\"panel-body toggle-content fusion-clearfix\">\n<p>Fasada je izvedena kao ETICS sustav s 10 cm kamene vune sa zavr\u0161nim slojem od silikatne \u017ebuke.<\/p>\n<\/div><\/div><\/div><div class=\"fusion-panel panel-default panel-769266250adc13b24 fusion-toggle-has-divider\" style=\"--awb-title-color:var(--awb-color5);--awb-content-color:var(--awb-color6);\"><div class=\"panel-heading\"><h4 class=\"panel-title toggle\" id=\"toggle_769266250adc13b24\"><a aria-expanded=\"false\" aria-controls=\"769266250adc13b24\" role=\"button\" data-toggle=\"collapse\" data-parent=\"#accordion-2003-6\" data-target=\"#769266250adc13b24\" href=\"#769266250adc13b24\"><span class=\"fusion-toggle-icon-wrapper\" aria-hidden=\"true\"><i class=\"fa-fusion-box active-icon awb-icon-minus\" aria-hidden=\"true\"><\/i><i class=\"fa-fusion-box inactive-icon awb-icon-plus\" aria-hidden=\"true\"><\/i><\/span><span class=\"fusion-toggle-heading\">Krov<\/span><\/a><\/h4><\/div><div id=\"769266250adc13b24\" class=\"panel-collapse collapse \" aria-labelledby=\"toggle_769266250adc13b24\"><div class=\"panel-body toggle-content fusion-clearfix\">\n<p>Krov je ravni neprohodni izveden od monolitne armiranobetonske plo\u010de u nagibu, minimalne debljine 20 cm, s parnom branom, toplinskom izolacijom (EPS) debljine 20 cm, zavr\u0161no prekriven hidroizolacijskom TPO folijom otpornom na UV zrake i za\u0161ti\u0107en oblutkom.<\/p>\n<\/div><\/div><\/div><div class=\"fusion-panel panel-default panel-598dbfba29e07b2a5 fusion-toggle-has-divider\" style=\"--awb-title-color:var(--awb-color5);--awb-content-color:var(--awb-color6);\"><div class=\"panel-heading\"><h4 class=\"panel-title toggle\" id=\"toggle_598dbfba29e07b2a5\"><a aria-expanded=\"false\" aria-controls=\"598dbfba29e07b2a5\" role=\"button\" data-toggle=\"collapse\" data-parent=\"#accordion-2003-6\" data-target=\"#598dbfba29e07b2a5\" href=\"#598dbfba29e07b2a5\"><span class=\"fusion-toggle-icon-wrapper\" aria-hidden=\"true\"><i class=\"fa-fusion-box active-icon awb-icon-minus\" aria-hidden=\"true\"><\/i><i class=\"fa-fusion-box inactive-icon awb-icon-plus\" aria-hidden=\"true\"><\/i><\/span><span class=\"fusion-toggle-heading\">Vanjska stolarija<\/span><\/a><\/h4><\/div><div id=\"598dbfba29e07b2a5\" class=\"panel-collapse collapse \" aria-labelledby=\"toggle_598dbfba29e07b2a5\"><div class=\"panel-body toggle-content fusion-clearfix\">\n<p>Stolarija je izvedena od kvalitetnih PVC profila s aluminijskom oblogom izvana (izvana u sivo srebrnoj boji, unutra u bijeloj) s trostrukoizoliraju\u0107im staklom. Svi vanjski zatvori imaju aluminijske rolete u sivoj boji i komarnike (klizne ili rolo). Otvori su otklopno \u2013 zaokretni, klizni i podizno \u2013 klizni, a sve rolete (osim u kupaonicama) imaju elektronsko upravljanje &#8211; pogon na elektromotor.<\/p>\n<\/div><\/div><\/div><div class=\"fusion-panel panel-default panel-f635d159dcc1c3437 fusion-toggle-has-divider\" style=\"--awb-title-color:var(--awb-color5);--awb-content-color:var(--awb-color6);\"><div class=\"panel-heading\"><h4 class=\"panel-title toggle\" id=\"toggle_f635d159dcc1c3437\"><a aria-expanded=\"false\" aria-controls=\"f635d159dcc1c3437\" role=\"button\" data-toggle=\"collapse\" data-parent=\"#accordion-2003-6\" data-target=\"#f635d159dcc1c3437\" href=\"#f635d159dcc1c3437\"><span class=\"fusion-toggle-icon-wrapper\" aria-hidden=\"true\"><i class=\"fa-fusion-box active-icon awb-icon-minus\" aria-hidden=\"true\"><\/i><i class=\"fa-fusion-box inactive-icon awb-icon-plus\" aria-hidden=\"true\"><\/i><\/span><span class=\"fusion-toggle-heading\">Zajedni\u010dki prostori i spremi\u0161ta<\/span><\/a><\/h4><\/div><div id=\"f635d159dcc1c3437\" class=\"panel-collapse collapse \" aria-labelledby=\"toggle_f635d159dcc1c3437\"><div class=\"panel-body toggle-content fusion-clearfix\">\n<p>Ulazni prostor, stubi\u0161ta i hodnici su poplo\u010dani kamenim plo\u010dama debljine 3 cm. Ograde i rukohvati u stubi\u0161tima izvedeni su kao bravarska ograda visine do 110 cm. Dizala su be\u0161umna kroz sve eta\u017ee. U natkrivenom ulazu su smje\u0161teni po\u0161tanski sandu\u010di\u0107i, paneli za obavijest te parlafon s video kontrolom.<\/p>\n<p>Podovi u podrumskim spremi\u0161tima zavr\u0161no su premazani epoksidnim premazom.<\/p>\n<\/div><\/div><\/div><div class=\"fusion-panel panel-default panel-49e5a158185bdc74e fusion-toggle-has-divider\" style=\"--awb-title-color:var(--awb-color5);--awb-content-color:var(--awb-color6);\"><div class=\"panel-heading\"><h4 class=\"panel-title toggle\" id=\"toggle_49e5a158185bdc74e\"><a aria-expanded=\"false\" aria-controls=\"49e5a158185bdc74e\" role=\"button\" data-toggle=\"collapse\" data-parent=\"#accordion-2003-6\" data-target=\"#49e5a158185bdc74e\" href=\"#49e5a158185bdc74e\"><span class=\"fusion-toggle-icon-wrapper\" aria-hidden=\"true\"><i class=\"fa-fusion-box active-icon awb-icon-minus\" aria-hidden=\"true\"><\/i><i class=\"fa-fusion-box inactive-icon awb-icon-plus\" aria-hidden=\"true\"><\/i><\/span><span class=\"fusion-toggle-heading\">Gara\u017ee i parkirna mjesta<\/span><\/a><\/h4><\/div><div id=\"49e5a158185bdc74e\" class=\"panel-collapse collapse \" aria-labelledby=\"toggle_49e5a158185bdc74e\"><div class=\"panel-body toggle-content fusion-clearfix\">\n<p>Gara\u017ee su smje\u0161tene u podrumskoj eta\u017ei, sa zajedni\u010dkom ulaznom rampom s rolo vratima na daljinsko upravljanje. Kolna komunikacija je zajedni\u010dka i kru\u017ena, a parkirna mjesta su otvorena. Svaki stan u gara\u017ei ima osigurana dva parkirna mjesta te pripadaju\u0107e spremi\u0161te. Gara\u017ea ima prirodnu i mehani\u010dku ventilaciju.<\/p>\n<\/div><\/div><\/div><div class=\"fusion-panel panel-default panel-0c54cd495a818b3a4 fusion-toggle-has-divider\" style=\"--awb-title-color:var(--awb-color5);--awb-content-color:var(--awb-color6);\"><div class=\"panel-heading\"><h4 class=\"panel-title toggle\" id=\"toggle_0c54cd495a818b3a4\"><a aria-expanded=\"false\" aria-controls=\"0c54cd495a818b3a4\" role=\"button\" data-toggle=\"collapse\" data-parent=\"#accordion-2003-6\" data-target=\"#0c54cd495a818b3a4\" href=\"#0c54cd495a818b3a4\"><span class=\"fusion-toggle-icon-wrapper\" aria-hidden=\"true\"><i class=\"fa-fusion-box active-icon awb-icon-minus\" aria-hidden=\"true\"><\/i><i class=\"fa-fusion-box inactive-icon awb-icon-plus\" aria-hidden=\"true\"><\/i><\/span><span class=\"fusion-toggle-heading\">Stolarija<\/span><\/a><\/h4><\/div><div id=\"0c54cd495a818b3a4\" class=\"panel-collapse collapse \" aria-labelledby=\"toggle_0c54cd495a818b3a4\"><div class=\"panel-body toggle-content fusion-clearfix\">\n<p>Ulazna vrata u stan su protuprovalna i protupo\u017earna s dodatnom zvu\u010dnom izolacijom. Unutarnja stolarija izvedena od punih, glatkih vrata s dovratnikom u bijeloj boji visine 210 cm.<\/p>\n<\/div><\/div><\/div><div class=\"fusion-panel panel-default panel-96cf2ecaf0b05c7a3 fusion-toggle-has-divider\" style=\"--awb-title-color:var(--awb-color5);--awb-content-color:var(--awb-color6);\"><div class=\"panel-heading\"><h4 class=\"panel-title toggle\" id=\"toggle_96cf2ecaf0b05c7a3\"><a aria-expanded=\"false\" aria-controls=\"96cf2ecaf0b05c7a3\" role=\"button\" data-toggle=\"collapse\" data-parent=\"#accordion-2003-6\" data-target=\"#96cf2ecaf0b05c7a3\" href=\"#96cf2ecaf0b05c7a3\"><span class=\"fusion-toggle-icon-wrapper\" aria-hidden=\"true\"><i class=\"fa-fusion-box active-icon awb-icon-minus\" aria-hidden=\"true\"><\/i><i class=\"fa-fusion-box inactive-icon awb-icon-plus\" aria-hidden=\"true\"><\/i><\/span><span class=\"fusion-toggle-heading\">Zidovi i stropovi<\/span><\/a><\/h4><\/div><div id=\"96cf2ecaf0b05c7a3\" class=\"panel-collapse collapse \" aria-labelledby=\"toggle_96cf2ecaf0b05c7a3\"><div class=\"panel-body toggle-content fusion-clearfix\">\n<p>Nosivi zidovi su armirano betonski zidovi debljine 20 cm, a dijelom su zidani Porotherm blok opekom debljine 20 cm. Pregradni zidovi su zidani Porotherm blok opekom debljine 11,5 cm. Unutarnje povr\u0161ine zidova i stropova su o\u017ebukane i oli\u010dene poludisperzivnom bijelom bojom.<\/p>\n<p>Kao zidne obloge kupaonice ugra\u0111ene su visokokvalitetne kerami\u010dke plo\u010dice I klase.<\/p>\n<\/div><\/div><\/div><div class=\"fusion-panel panel-default panel-c451387d9f43e4d04 fusion-toggle-has-divider\" style=\"--awb-title-color:var(--awb-color5);--awb-content-color:var(--awb-color6);\"><div class=\"panel-heading\"><h4 class=\"panel-title toggle\" id=\"toggle_c451387d9f43e4d04\"><a aria-expanded=\"false\" aria-controls=\"c451387d9f43e4d04\" role=\"button\" data-toggle=\"collapse\" data-parent=\"#accordion-2003-6\" data-target=\"#c451387d9f43e4d04\" href=\"#c451387d9f43e4d04\"><span class=\"fusion-toggle-icon-wrapper\" aria-hidden=\"true\"><i class=\"fa-fusion-box active-icon awb-icon-minus\" aria-hidden=\"true\"><\/i><i class=\"fa-fusion-box inactive-icon awb-icon-plus\" aria-hidden=\"true\"><\/i><\/span><span class=\"fusion-toggle-heading\">Podovi<\/span><\/a><\/h4><\/div><div id=\"c451387d9f43e4d04\" class=\"panel-collapse collapse \" aria-labelledby=\"toggle_c451387d9f43e4d04\"><div class=\"panel-body toggle-content fusion-clearfix\">\n<p>Podovi spava\u0107ih soba su oblo\u017eeni hrastovim parketom I klase, zavr\u0161no lakiranim, modernog izgleda u natur boji, s letvicama u bijeloj boji. Podovi ostalih prostorija su oblo\u017eeni kerami\u010dkim plo\u010dicama, a loggie vanjskim protukliznim kerami\u010dkim plo\u010dicama sve I klase. Na povr\u0161inama s plo\u010dicama izveden je kerami\u010dki sokl.<\/p>\n<p>Zidovi gra\u0111evine s termi\u010dki obra\u0111enim pro\u010deljima, s o\u017ebukanim unutarnjim povr\u0161inama zidova i stropova, podovi s podnim slojevima toplinske i zvu\u010dne za\u0161tite, \u010dine ugra\u0111eni materijali koji pojedina\u010dno i u kompletu imaju sposobnost izdr\u017eati sva mehani\u010dka i druga predvi\u0111ena djelovanja pri normalnoj upotrebi.<\/p>\n<\/div><\/div><\/div><div class=\"fusion-panel panel-default panel-e692a8fbaf81f84d9 fusion-toggle-has-divider\" style=\"--awb-title-color:var(--awb-color5);--awb-content-color:var(--awb-color6);\"><div class=\"panel-heading\"><h4 class=\"panel-title toggle\" id=\"toggle_e692a8fbaf81f84d9\"><a aria-expanded=\"false\" aria-controls=\"e692a8fbaf81f84d9\" role=\"button\" data-toggle=\"collapse\" data-parent=\"#accordion-2003-6\" data-target=\"#e692a8fbaf81f84d9\" href=\"#e692a8fbaf81f84d9\"><span class=\"fusion-toggle-icon-wrapper\" aria-hidden=\"true\"><i class=\"fa-fusion-box active-icon awb-icon-minus\" aria-hidden=\"true\"><\/i><i class=\"fa-fusion-box inactive-icon awb-icon-plus\" aria-hidden=\"true\"><\/i><\/span><span class=\"fusion-toggle-heading\">Kupaonice i WC<\/span><\/a><\/h4><\/div><div id=\"e692a8fbaf81f84d9\" class=\"panel-collapse collapse \" aria-labelledby=\"toggle_e692a8fbaf81f84d9\"><div class=\"panel-body toggle-content fusion-clearfix\">\n<p>Sva sanitarna oprema je visoke kvalitete poznatih proizvo\u0111a\u010da. Opremu \u010dine: konzolni umivaonici s pripadaju\u0107im mije\u0161alicama, konzolna WC \u0161koljka s poklopcem i s nisko\u0161umnim ugradbenim vodokotli\u0107em, tu\u0161 \u2013 kada s tu\u0161 setom. Priklju\u010dak za perilicu rublja s odvodnjom.<\/p>\n<p>Zidovi su oblo\u017eeni kerami\u010dkim plo\u010dicama I klase od poda do pune visine prostorije.<\/p>\n<p>Bojleri PTV su smje\u0161teni u podrumu u zajedni\u010dkom prostoru.<\/p>\n<\/div><\/div><\/div><div class=\"fusion-panel panel-default panel-78eb12542e5adffdf fusion-toggle-has-divider\" style=\"--awb-title-color:var(--awb-color5);--awb-content-color:var(--awb-color6);\"><div class=\"panel-heading\"><h4 class=\"panel-title toggle\" id=\"toggle_78eb12542e5adffdf\"><a aria-expanded=\"false\" aria-controls=\"78eb12542e5adffdf\" role=\"button\" data-toggle=\"collapse\" data-parent=\"#accordion-2003-6\" data-target=\"#78eb12542e5adffdf\" href=\"#78eb12542e5adffdf\"><span class=\"fusion-toggle-icon-wrapper\" aria-hidden=\"true\"><i class=\"fa-fusion-box active-icon awb-icon-minus\" aria-hidden=\"true\"><\/i><i class=\"fa-fusion-box inactive-icon awb-icon-plus\" aria-hidden=\"true\"><\/i><\/span><span class=\"fusion-toggle-heading\">Elektroinstalacije<\/span><\/a><\/h4><\/div><div id=\"78eb12542e5adffdf\" class=\"panel-collapse collapse \" aria-labelledby=\"toggle_78eb12542e5adffdf\"><div class=\"panel-body toggle-content fusion-clearfix\">\n<p>Elektrobrojila su smje\u0161tena u vanjskom ure\u0111enom terenu (uz zapadnu granicu). Elektro oprema je visoke kvalitete poznatih proizvo\u0111a\u010da.<\/p>\n<p>U stanovima su predvi\u0111ene telefonske i TV uti\u010dnice, stropna i zidna rasvjeta te termostat u dnevnom boravku i spava\u0107im sobama. Elektrooprema kuhinje sastoji se od izvoda za \u0161tednjak, uti\u010dnice za hladnjak, uti\u010dnice za perilicu, uti\u010dnice u pojasu iznad radne plohe, izvod za napu i uti\u010dnice na kuhinjskom otoku. Elektrooprema kupaonice sadr\u017ei priklju\u010dnicu za perilicu rublja, nadsvjetlo iznad umivaonika, uti\u010dnice na zidu te izvod za ventilator. Elektrooprema u hodniku su rasvjetna tijela, strujni razdjelnik stana, ormari\u0107 slabe struje, uti\u010dnica, centralno sklop struje cijelog stana.<\/p>\n<p>Osigurana je mogu\u0107nost spajanja na kabelsku TV preko instalacija zajedni\u010dkog antenskog satelita.<\/p>\n<p>Spremi\u0161ta, u kojima je izvedena stropna rasvjeta su povezana s brojilom pripadaju\u0107eg stana, a lift, hodnici i gara\u017ea vezani su na zasebno brojilo zajedni\u010dke potro\u0161nje.<\/p>\n<\/div><\/div><\/div><div class=\"fusion-panel panel-default panel-3b4f3627e5ee9c7ae fusion-toggle-has-divider\" style=\"--awb-title-color:var(--awb-color5);--awb-content-color:var(--awb-color6);\"><div class=\"panel-heading\"><h4 class=\"panel-title toggle\" id=\"toggle_3b4f3627e5ee9c7ae\"><a aria-expanded=\"false\" aria-controls=\"3b4f3627e5ee9c7ae\" role=\"button\" data-toggle=\"collapse\" data-parent=\"#accordion-2003-6\" data-target=\"#3b4f3627e5ee9c7ae\" href=\"#3b4f3627e5ee9c7ae\"><span class=\"fusion-toggle-icon-wrapper\" aria-hidden=\"true\"><i class=\"fa-fusion-box active-icon awb-icon-minus\" aria-hidden=\"true\"><\/i><i class=\"fa-fusion-box inactive-icon awb-icon-plus\" aria-hidden=\"true\"><\/i><\/span><span class=\"fusion-toggle-heading\">Instalacije vodovoda i odvodnje<\/span><\/a><\/h4><\/div><div id=\"3b4f3627e5ee9c7ae\" class=\"panel-collapse collapse \" aria-labelledby=\"toggle_3b4f3627e5ee9c7ae\"><div class=\"panel-body toggle-content fusion-clearfix\">\n<p>Opskrba vodom je priklju\u010dkom na javnu gradsku vodovodnu mre\u017eu. Na priklju\u010dnom cjevovodu je okno s ugra\u0111enim vodomjerima za svaki stan zasebno. Razvod vode se vr\u0161i PPR toplinski izoliranim cijevima.<\/p>\n<p>Odvodnja otpadnih voda je priklju\u010dkom na kanalizacijski sustav naselja. Za odvodnju su kori\u0161tene nisko\u0161umne cijevi.<\/p>\n<p>Priprema potro\u0161ne tople vode je preko bojlera \u2013 dizalica topline smje\u0161tenih u podrumskoj eta\u017ei, za svaki stan zasebno.<\/p>\n<p>Glavni ventil za vodu nalazi se na svakom od stubi\u0161ta.<\/p>\n<\/div><\/div><\/div><div class=\"fusion-panel panel-default panel-ca6af6908276db466 fusion-toggle-has-divider\" style=\"--awb-title-color:var(--awb-color5);--awb-content-color:var(--awb-color6);\"><div class=\"panel-heading\"><h4 class=\"panel-title toggle\" id=\"toggle_ca6af6908276db466\"><a aria-expanded=\"false\" aria-controls=\"ca6af6908276db466\" role=\"button\" data-toggle=\"collapse\" data-parent=\"#accordion-2003-6\" data-target=\"#ca6af6908276db466\" href=\"#ca6af6908276db466\"><span class=\"fusion-toggle-icon-wrapper\" aria-hidden=\"true\"><i class=\"fa-fusion-box active-icon awb-icon-minus\" aria-hidden=\"true\"><\/i><i class=\"fa-fusion-box inactive-icon awb-icon-plus\" aria-hidden=\"true\"><\/i><\/span><span class=\"fusion-toggle-heading\">Grijanje i hla\u0111enje<\/span><\/a><\/h4><\/div><div id=\"ca6af6908276db466\" class=\"panel-collapse collapse \" aria-labelledby=\"toggle_ca6af6908276db466\"><div class=\"panel-body toggle-content fusion-clearfix\">\n<p>Za sve stanove kori\u0161teni su ure\u0111aji proizvo\u0111a\u010da.<\/p>\n<p>Kao vanjska jedinica ugra\u0111en je inverter sustav multi split snage 9,3\/8,3 Kw.<\/p>\n<p>Stanovi su opremljeni kanalskim razvodom unutarnjih klima jedinica, u dnevnom boravku snage 4,0\/3,5 Kw, a u sobama jedinice snage 2,5\/2,0 Kw, s daljinskim i Wifi upravljanjem.<\/p>\n<p>U dnevnom dijelu stana i kupaonicama je izvedeno podno grijanje sustavom elektri\u010dne mre\u017eice, komplet s termostatom i senzorima za temperaturu.<\/p>\n<\/div><\/div><\/div><div class=\"fusion-panel panel-default panel-42af16e24cb86cafe fusion-toggle-has-divider\" style=\"--awb-title-color:var(--awb-color5);--awb-content-color:var(--awb-color6);\"><div class=\"panel-heading\"><h4 class=\"panel-title toggle\" id=\"toggle_42af16e24cb86cafe\"><a aria-expanded=\"false\" aria-controls=\"42af16e24cb86cafe\" role=\"button\" data-toggle=\"collapse\" data-parent=\"#accordion-2003-6\" data-target=\"#42af16e24cb86cafe\" href=\"#42af16e24cb86cafe\"><span class=\"fusion-toggle-icon-wrapper\" aria-hidden=\"true\"><i class=\"fa-fusion-box active-icon awb-icon-minus\" aria-hidden=\"true\"><\/i><i class=\"fa-fusion-box inactive-icon awb-icon-plus\" aria-hidden=\"true\"><\/i><\/span><span class=\"fusion-toggle-heading\">Ventilacija<\/span><\/a><\/h4><\/div><div id=\"42af16e24cb86cafe\" class=\"panel-collapse collapse \" aria-labelledby=\"toggle_42af16e24cb86cafe\"><div class=\"panel-body toggle-content fusion-clearfix\">\n<p>Umjetna ventilacija je osigurana be\u0161umnim ventilatorima u svim sanitarnim prostorijama, a ventilacija kuhinja osigurana je zasebnim cijevima za odvod napa.<\/p>\n<p>Unutar gara\u017ee osigurana je prirodna i mehani\u010dka ventilacija kao i ventilacija svakog spremi\u0161ta pojedina\u010dno.<\/p>\n<\/div><\/div><\/div><div class=\"fusion-panel panel-default panel-da8dc76ae2f1a01fa fusion-toggle-has-divider\" style=\"--awb-title-color:var(--awb-color5);--awb-content-color:var(--awb-color6);\"><div class=\"panel-heading\"><h4 class=\"panel-title toggle\" id=\"toggle_da8dc76ae2f1a01fa\"><a aria-expanded=\"false\" aria-controls=\"da8dc76ae2f1a01fa\" role=\"button\" data-toggle=\"collapse\" data-parent=\"#accordion-2003-6\" data-target=\"#da8dc76ae2f1a01fa\" href=\"#da8dc76ae2f1a01fa\"><span class=\"fusion-toggle-icon-wrapper\" aria-hidden=\"true\"><i class=\"fa-fusion-box active-icon awb-icon-minus\" aria-hidden=\"true\"><\/i><i class=\"fa-fusion-box inactive-icon awb-icon-plus\" aria-hidden=\"true\"><\/i><\/span><span class=\"fusion-toggle-heading\">Energetski razred<\/span><\/a><\/h4><\/div><div id=\"da8dc76ae2f1a01fa\" class=\"panel-collapse collapse \" aria-labelledby=\"toggle_da8dc76ae2f1a01fa\"><div class=\"panel-body toggle-content fusion-clearfix\">\n<p>Isho\u0111en je energetski certifikat razreda A+.<\/p>\n<\/div><\/div><\/div><div class=\"fusion-panel panel-default panel-5e730c67607167e76 fusion-toggle-has-divider\" style=\"--awb-title-color:var(--awb-color5);--awb-content-color:var(--awb-color6);\"><div class=\"panel-heading\"><h4 class=\"panel-title toggle\" id=\"toggle_5e730c67607167e76\"><a aria-expanded=\"false\" aria-controls=\"5e730c67607167e76\" role=\"button\" data-toggle=\"collapse\" data-parent=\"#accordion-2003-6\" data-target=\"#5e730c67607167e76\" href=\"#5e730c67607167e76\"><span class=\"fusion-toggle-icon-wrapper\" aria-hidden=\"true\"><i class=\"fa-fusion-box active-icon awb-icon-minus\" aria-hidden=\"true\"><\/i><i class=\"fa-fusion-box inactive-icon awb-icon-plus\" aria-hidden=\"true\"><\/i><\/span><span class=\"fusion-toggle-heading\">Uvjeti odr\u017eavanja gra\u0111evine<\/span><\/a><\/h4><\/div><div id=\"5e730c67607167e76\" class=\"panel-collapse collapse \" aria-labelledby=\"toggle_5e730c67607167e76\"><div class=\"panel-body toggle-content fusion-clearfix\">\n<p>Kupac \u0107e prilikom preuzimanja stana dobiti knji\u017eicu s uputama za kori\u0161tenje i odr\u017eavanje ugra\u0111ene opreme.<\/p>\n<\/div><\/div><\/div><div class=\"fusion-panel panel-default panel-125faa2f8c09b2091 fusion-toggle-has-divider\" style=\"--awb-title-color:var(--awb-color5);--awb-content-color:var(--awb-color6);\"><div class=\"panel-heading\"><h4 class=\"panel-title toggle\" id=\"toggle_125faa2f8c09b2091\"><a aria-expanded=\"false\" aria-controls=\"125faa2f8c09b2091\" role=\"button\" data-toggle=\"collapse\" data-parent=\"#accordion-2003-6\" data-target=\"#125faa2f8c09b2091\" href=\"#125faa2f8c09b2091\"><span class=\"fusion-toggle-icon-wrapper\" aria-hidden=\"true\"><i class=\"fa-fusion-box active-icon awb-icon-minus\" aria-hidden=\"true\"><\/i><i class=\"fa-fusion-box inactive-icon awb-icon-plus\" aria-hidden=\"true\"><\/i><\/span><span class=\"fusion-toggle-heading\">Ure\u0111enje okoli\u0161a<\/span><\/a><\/h4><\/div><div id=\"125faa2f8c09b2091\" class=\"panel-collapse collapse \" aria-labelledby=\"toggle_125faa2f8c09b2091\"><div class=\"panel-body toggle-content fusion-clearfix\">\n<p>Okoli\u0161 je ure\u0111en kolnim i pje\u0161a\u010dkim povr\u0161inama i hortikulturno ure\u0111enim vrtovima.<\/p>\n<\/div><\/div><\/div><div class=\"fusion-panel panel-default panel-b1a7fd948b2474ca5 fusion-toggle-has-divider\" style=\"--awb-title-color:var(--awb-color5);--awb-content-color:var(--awb-color6);\"><div class=\"panel-heading\"><h4 class=\"panel-title toggle\" id=\"toggle_b1a7fd948b2474ca5\"><a aria-expanded=\"false\" aria-controls=\"b1a7fd948b2474ca5\" role=\"button\" data-toggle=\"collapse\" data-parent=\"#accordion-2003-6\" data-target=\"#b1a7fd948b2474ca5\" href=\"#b1a7fd948b2474ca5\"><span class=\"fusion-toggle-icon-wrapper\" aria-hidden=\"true\"><i class=\"fa-fusion-box active-icon awb-icon-minus\" aria-hidden=\"true\"><\/i><i class=\"fa-fusion-box inactive-icon awb-icon-plus\" aria-hidden=\"true\"><\/i><\/span><span class=\"fusion-toggle-heading\">Garancija<\/span><\/a><\/h4><\/div><div id=\"b1a7fd948b2474ca5\" class=\"panel-collapse collapse \" aria-labelledby=\"toggle_b1a7fd948b2474ca5\"><div class=\"panel-body toggle-content fusion-clearfix\">\n<p>Garantni rok za kvalitetu izvedbe gra\u0111evinskih i gra\u0111evinsko-obrtni\u010dkih radova odre\u0111en je u skladu sa zakonom i posebnim propisima i to 2 godine za obrtni\u010dke radove, a 10 godina za konstrukciju gra\u0111evine i krov.<\/p>\n<p>Uvjeti i rokovi garancije za ugra\u0111enu opremu vrijede prema specifikacijama proizvo\u0111a\u010da.<\/p>\n<\/div><\/div><\/div><\/div><\/div><div class=\"fusion-separator fusion-full-width-sep\" style=\"align-self: center;margin-left: auto;margin-right: auto;margin-bottom:40px;width:100%;\"><\/div><div style=\"text-align:center;\"><a class=\"fusion-button button-flat fusion-button-default-size button-custom fusion-button-default button-6 fusion-button-default-span fusion-button-default-type\" style=\"--button_accent_color:#ffffff;--button_accent_hover_color:#ffffff;--button_border_hover_color:hsla(var(--awb-color1-h),var(--awb-color1-s),var(--awb-color1-l),calc( var(--awb-color1-a) - 10% ));--button_gradient_top_color:#000000;--button_gradient_bottom_color:#000000;--button_gradient_top_color_hover:#001f63;--button_gradient_bottom_color_hover:#001f63;\" target=\"_self\" href=\"https:\/\/kastela-garden-residence.hr\/zgrada-2-stan-s6\/\"><span class=\"fusion-button-text awb-button__text awb-button__text--default\">SAZNAJ VI\u0160E<\/span><\/a><\/div><\/div><\/div><\/div><\/div><div class=\"fusion-fullwidth fullwidth-box fusion-builder-row-7 fusion-flex-container has-pattern-background has-mask-background hundred-percent-fullwidth non-hundred-percent-height-scrolling\" style=\"--awb-border-radius-top-left:0px;--awb-border-radius-top-right:0px;--awb-border-radius-bottom-right:0px;--awb-border-radius-bottom-left:0px;--awb-padding-bottom:30px;--awb-flex-wrap:wrap;\" ><div class=\"fusion-builder-row fusion-row fusion-flex-align-items-flex-start fusion-flex-content-wrap\" style=\"width:104% !important;max-width:104% !important;margin-left: calc(-4% \/ 2 );margin-right: calc(-4% \/ 2 );\"><div class=\"fusion-layout-column fusion_builder_column fusion-builder-column-12 fusion_builder_column_1_2 1_2 fusion-flex-column\" style=\"--awb-bg-size:cover;--awb-width-large:50%;--awb-margin-top-large:0px;--awb-spacing-right-large:3.84%;--awb-margin-bottom-large:20px;--awb-spacing-left-large:3.84%;--awb-width-medium:100%;--awb-order-medium:0;--awb-spacing-right-medium:1.92%;--awb-spacing-left-medium:1.92%;--awb-width-small:100%;--awb-order-small:0;--awb-spacing-right-small:1.92%;--awb-spacing-left-small:1.92%;\"><div class=\"fusion-column-wrapper fusion-column-has-shadow fusion-flex-justify-content-flex-start fusion-content-layout-column\"><div class=\"fusion-title title fusion-title-7 fusion-sep-none fusion-title-center fusion-title-highlight fusion-animate-once fusion-highlight-underline fusion-title-size-one\" style=\"--awb-margin-top-small:0px;--awb-margin-right-small:0px;--awb-margin-bottom-small:20px;--awb-margin-left-small:0px;--awb-font-size:40px;\" data-highlight=\"underline\"><h1 class=\"fusion-title-heading title-heading-center fusion-responsive-typography-calculated\" style=\"margin:0;text-transform:capitalize;font-size:1em;--fontSize:40;line-height:var(--awb-typography1-line-height);\"><span class=\"fusion-highlighted-text-prefix\"><\/span> <span class=\"fusion-highlighted-text-wrapper\"><span class=\"fusion-highlighted-text\">Stan S7<\/span><svg xmlns=\"http:\/\/www.w3.org\/2000\/svg\" viewBox=\"0 0 500 150\" preserveAspectRatio=\"none\"><path d=\"M8.1,146.2c0,0,240.6-55.6,479-13.8\"><\/path><\/svg><\/span> <span class=\"fusion-highlighted-text-postfix\"><\/span><\/h1><\/div><div class=\"fusion-image-element \" style=\"--awb-liftup-border-radius:0px;--awb-caption-title-font-family:var(--h2_typography-font-family);--awb-caption-title-font-weight:var(--h2_typography-font-weight);--awb-caption-title-font-style:var(--h2_typography-font-style);--awb-caption-title-size:var(--h2_typography-font-size);--awb-caption-title-transform:var(--h2_typography-text-transform);--awb-caption-title-line-height:var(--h2_typography-line-height);--awb-caption-title-letter-spacing:var(--h2_typography-letter-spacing);\"><div class=\"awb-image-frame awb-image-frame-1 imageframe-liftup\"><span class=\" fusion-imageframe imageframe-none imageframe-1\"><a href=\"https:\/\/kastela-garden-residence.hr\/wp-content\/uploads\/2025\/02\/z2-s7.jpg\" class=\"fusion-lightbox\" data-rel=\"iLightbox[3ed93e95886d196e168]\" data-title=\"z2-s7\" title=\"z2-s7\"><img decoding=\"async\" width=\"1920\" height=\"1388\" src=\"https:\/\/kastela-garden-residence.hr\/wp-content\/uploads\/2025\/02\/z2-s7.jpg\" data-orig-src=\"https:\/\/kastela-garden-residence.hr\/wp-content\/uploads\/2025\/02\/z2-s7.jpg\" alt class=\"lazyload img-responsive wp-image-2322\" srcset=\"data:image\/svg+xml,%3Csvg%20xmlns%3D%27http%3A%2F%2Fwww.w3.org%2F2000%2Fsvg%27%20width%3D%271920%27%20height%3D%271388%27%20viewBox%3D%270%200%201920%201388%27%3E%3Crect%20width%3D%271920%27%20height%3D%271388%27%20fill-opacity%3D%220%22%2F%3E%3C%2Fsvg%3E\" data-srcset=\"https:\/\/kastela-garden-residence.hr\/wp-content\/uploads\/2025\/02\/z2-s7-200x145.jpg 200w, https:\/\/kastela-garden-residence.hr\/wp-content\/uploads\/2025\/02\/z2-s7-400x289.jpg 400w, https:\/\/kastela-garden-residence.hr\/wp-content\/uploads\/2025\/02\/z2-s7-600x434.jpg 600w, https:\/\/kastela-garden-residence.hr\/wp-content\/uploads\/2025\/02\/z2-s7-800x578.jpg 800w, https:\/\/kastela-garden-residence.hr\/wp-content\/uploads\/2025\/02\/z2-s7-1200x868.jpg 1200w, https:\/\/kastela-garden-residence.hr\/wp-content\/uploads\/2025\/02\/z2-s7.jpg 1920w\" data-sizes=\"auto\" data-orig-sizes=\"(max-width: 800px) 100vw, (max-width: 640px) 100vw, 600px\" \/><\/a><\/span><\/div><\/div><\/div><\/div><div class=\"fusion-layout-column fusion_builder_column fusion-builder-column-13 fusion_builder_column_1_2 1_2 fusion-flex-column\" style=\"--awb-bg-size:cover;--awb-width-large:50%;--awb-margin-top-large:0px;--awb-spacing-right-large:3.84%;--awb-margin-bottom-large:20px;--awb-spacing-left-large:3.84%;--awb-width-medium:100%;--awb-order-medium:0;--awb-spacing-right-medium:1.92%;--awb-spacing-left-medium:1.92%;--awb-width-small:100%;--awb-order-small:0;--awb-spacing-right-small:1.92%;--awb-spacing-left-small:1.92%;\"><div class=\"fusion-column-wrapper fusion-column-has-shadow fusion-flex-justify-content-flex-start fusion-content-layout-column\"><div class=\"accordian fusion-accordian\" style=\"--awb-border-size:1px;--awb-icon-size:16px;--awb-content-font-size:15px;--awb-icon-alignment:left;--awb-hover-color:var(--awb-color2);--awb-border-color:hsla(var(--awb-color7-h),var(--awb-color7-s),calc( var(--awb-color7-l) + 69% ),var(--awb-color7-a));--awb-background-color:var(--awb-color1);--awb-divider-color:var(--awb-color4);--awb-divider-hover-color:var(--awb-color4);--awb-icon-color:var(--awb-color1);--awb-title-color:var(--awb-color5);--awb-content-color:var(--awb-color6);--awb-icon-box-color:var(--awb-color8);--awb-toggle-hover-accent-color:var(--awb-color5);--awb-title-font-family:&quot;Raleway&quot;;--awb-title-font-weight:500;--awb-title-font-style:normal;--awb-content-font-family:&quot;Open Sans&quot;;--awb-content-font-style:normal;--awb-content-font-weight:400;\"><div class=\"panel-group fusion-toggle-icon-boxed\" id=\"accordion-2003-7\"><div class=\"fusion-panel panel-default panel-0a1918a4a94b75c8d fusion-toggle-has-divider\" style=\"--awb-title-color:var(--awb-color5);--awb-content-color:var(--awb-color6);\"><div class=\"panel-heading\"><h4 class=\"panel-title toggle\" id=\"toggle_0a1918a4a94b75c8d\"><a aria-expanded=\"false\" aria-controls=\"0a1918a4a94b75c8d\" role=\"button\" data-toggle=\"collapse\" data-parent=\"#accordion-2003-7\" data-target=\"#0a1918a4a94b75c8d\" href=\"#0a1918a4a94b75c8d\"><span class=\"fusion-toggle-icon-wrapper\" aria-hidden=\"true\"><i class=\"fa-fusion-box active-icon awb-icon-minus\" aria-hidden=\"true\"><\/i><i class=\"fa-fusion-box inactive-icon awb-icon-plus\" aria-hidden=\"true\"><\/i><\/span><span class=\"fusion-toggle-heading\">Lokacija<\/span><\/a><\/h4><\/div><div id=\"0a1918a4a94b75c8d\" class=\"panel-collapse collapse \" aria-labelledby=\"toggle_0a1918a4a94b75c8d\"><div class=\"panel-body toggle-content fusion-clearfix\">\n<p>Stambeni kompleks novoizgra\u0111enih i planiranih stambenih i stambeno-poslovnih zgrada smje\u0161ten je izme\u0111u Ul. Marina Studina i Ul. Ivana Pavla II. Navedene ulice su povezane novom dvosmjernom cestom koja omogu\u0107ava dobru povezanost kompleksa sa \u0161irom lokacijom. Uz samu ulicu je smje\u0161ten vanjski parking dok prostrani mediteranski vrtovi kao glavni motiv cijelog kompleksa omogu\u0107uju privatnost i mirno okru\u017eenje osobito stanovima u prizemlju.<\/p>\n<\/div><\/div><\/div><div class=\"fusion-panel panel-default panel-8abc5f9bfb1bc677c fusion-toggle-has-divider\" style=\"--awb-title-color:var(--awb-color5);--awb-content-color:var(--awb-color6);\"><div class=\"panel-heading\"><h4 class=\"panel-title toggle\" id=\"toggle_8abc5f9bfb1bc677c\"><a aria-expanded=\"false\" aria-controls=\"8abc5f9bfb1bc677c\" role=\"button\" data-toggle=\"collapse\" data-parent=\"#accordion-2003-7\" data-target=\"#8abc5f9bfb1bc677c\" href=\"#8abc5f9bfb1bc677c\"><span class=\"fusion-toggle-icon-wrapper\" aria-hidden=\"true\"><i class=\"fa-fusion-box active-icon awb-icon-minus\" aria-hidden=\"true\"><\/i><i class=\"fa-fusion-box inactive-icon awb-icon-plus\" aria-hidden=\"true\"><\/i><\/span><span class=\"fusion-toggle-heading\">Katnost i sadr\u017eaj gra\u0111evine<\/span><\/a><\/h4><\/div><div id=\"8abc5f9bfb1bc677c\" class=\"panel-collapse collapse \" aria-labelledby=\"toggle_8abc5f9bfb1bc677c\"><div class=\"panel-body toggle-content fusion-clearfix\">\n<p>Kompleks \u010dine dvije vi\u0161estambene gra\u0111evine sa zajedni\u010dkim podrumom. Pristup u gara\u017eu je zajedni\u010dki dok je ulaz u gra\u0111evine zaseban iz podruma vertikalnim komunikacijama (stubi\u0161te i lift) odnosno preko ure\u0111enog terena za svaku gra\u0111evinu zasebno. Zajedni\u010dka podrumska eta\u017ea sadr\u017ei 28 parkirali\u0161nih mjesta i 14 spremi\u0161ta te druge servisne prostorije. Svaka gra\u0111evina ima po 7 stanova, po dva stana na eta\u017ei prizemlja, 1. i 2. kata i jedan stan na nadgra\u0111u. Prostrane terase stanova su tlocrtno smje\u0161tena na suprotne strane gra\u0111evine i omogu\u0107uju privatnost stanarima.<\/p>\n<\/div><\/div><\/div><div class=\"fusion-panel panel-default panel-280b3dad7d3fc8a43 fusion-toggle-has-divider\" style=\"--awb-title-color:var(--awb-color5);--awb-content-color:var(--awb-color6);\"><div class=\"panel-heading\"><h4 class=\"panel-title toggle\" id=\"toggle_280b3dad7d3fc8a43\"><a aria-expanded=\"false\" aria-controls=\"280b3dad7d3fc8a43\" role=\"button\" data-toggle=\"collapse\" data-parent=\"#accordion-2003-7\" data-target=\"#280b3dad7d3fc8a43\" href=\"#280b3dad7d3fc8a43\"><span class=\"fusion-toggle-icon-wrapper\" aria-hidden=\"true\"><i class=\"fa-fusion-box active-icon awb-icon-minus\" aria-hidden=\"true\"><\/i><i class=\"fa-fusion-box inactive-icon awb-icon-plus\" aria-hidden=\"true\"><\/i><\/span><span class=\"fusion-toggle-heading\">Konstrukcija<\/span><\/a><\/h4><\/div><div id=\"280b3dad7d3fc8a43\" class=\"panel-collapse collapse \" aria-labelledby=\"toggle_280b3dad7d3fc8a43\"><div class=\"panel-body toggle-content fusion-clearfix\">\n<p>Konstrukcija zgrade je armiranobetonska (sustav armiranobetonskih: nosivih zidova, nosivih horizontalnih i vertikalnih elemenata, monolitnih me\u0111ukatnih plo\u010da i ravnog krova). Armirano betonski zidovi su debljine 20 cm kao i me\u0111ukatne plo\u010de. Vanjski zidovi dijelom su zidani Porotherm blok opekom debljine 20 cm. Pregradni zidovi su tako\u0111er zidani Porotherm blok opekom debljine 11,5 cm. Okno dizala i stubi\u0161na jezgra su izvedeni od armiranobetonskih zidova debljine 20 cm, toplinski i zvu\u010dno izolirani prema stanovima. Svijetla visina u stanovima (visina od gotovog poda do stropa) iznosi 257 \u2013 272 cm.<\/p>\n<\/div><\/div><\/div><div class=\"fusion-panel panel-default panel-d3aad54a03bc45afd fusion-toggle-has-divider\" style=\"--awb-title-color:var(--awb-color5);--awb-content-color:var(--awb-color6);\"><div class=\"panel-heading\"><h4 class=\"panel-title toggle\" id=\"toggle_d3aad54a03bc45afd\"><a aria-expanded=\"false\" aria-controls=\"d3aad54a03bc45afd\" role=\"button\" data-toggle=\"collapse\" data-parent=\"#accordion-2003-7\" data-target=\"#d3aad54a03bc45afd\" href=\"#d3aad54a03bc45afd\"><span class=\"fusion-toggle-icon-wrapper\" aria-hidden=\"true\"><i class=\"fa-fusion-box active-icon awb-icon-minus\" aria-hidden=\"true\"><\/i><i class=\"fa-fusion-box inactive-icon awb-icon-plus\" aria-hidden=\"true\"><\/i><\/span><span class=\"fusion-toggle-heading\">Fasada<\/span><\/a><\/h4><\/div><div id=\"d3aad54a03bc45afd\" class=\"panel-collapse collapse \" aria-labelledby=\"toggle_d3aad54a03bc45afd\"><div class=\"panel-body toggle-content fusion-clearfix\">\n<p>Fasada je izvedena kao ETICS sustav s 10 cm kamene vune sa zavr\u0161nim slojem od silikatne \u017ebuke.<\/p>\n<\/div><\/div><\/div><div class=\"fusion-panel panel-default panel-e9005dc3676322c8e fusion-toggle-has-divider\" style=\"--awb-title-color:var(--awb-color5);--awb-content-color:var(--awb-color6);\"><div class=\"panel-heading\"><h4 class=\"panel-title toggle\" id=\"toggle_e9005dc3676322c8e\"><a aria-expanded=\"false\" aria-controls=\"e9005dc3676322c8e\" role=\"button\" data-toggle=\"collapse\" data-parent=\"#accordion-2003-7\" data-target=\"#e9005dc3676322c8e\" href=\"#e9005dc3676322c8e\"><span class=\"fusion-toggle-icon-wrapper\" aria-hidden=\"true\"><i class=\"fa-fusion-box active-icon awb-icon-minus\" aria-hidden=\"true\"><\/i><i class=\"fa-fusion-box inactive-icon awb-icon-plus\" aria-hidden=\"true\"><\/i><\/span><span class=\"fusion-toggle-heading\">Krov<\/span><\/a><\/h4><\/div><div id=\"e9005dc3676322c8e\" class=\"panel-collapse collapse \" aria-labelledby=\"toggle_e9005dc3676322c8e\"><div class=\"panel-body toggle-content fusion-clearfix\">\n<p>Krov je ravni neprohodni izveden od monolitne armiranobetonske plo\u010de u nagibu, minimalne debljine 20 cm, s parnom branom, toplinskom izolacijom (EPS) debljine 20 cm, zavr\u0161no prekriven hidroizolacijskom TPO folijom otpornom na UV zrake i za\u0161ti\u0107en oblutkom.<\/p>\n<\/div><\/div><\/div><div class=\"fusion-panel panel-default panel-6f38b1cc41f0097e3 fusion-toggle-has-divider\" style=\"--awb-title-color:var(--awb-color5);--awb-content-color:var(--awb-color6);\"><div class=\"panel-heading\"><h4 class=\"panel-title toggle\" id=\"toggle_6f38b1cc41f0097e3\"><a aria-expanded=\"false\" aria-controls=\"6f38b1cc41f0097e3\" role=\"button\" data-toggle=\"collapse\" data-parent=\"#accordion-2003-7\" data-target=\"#6f38b1cc41f0097e3\" href=\"#6f38b1cc41f0097e3\"><span class=\"fusion-toggle-icon-wrapper\" aria-hidden=\"true\"><i class=\"fa-fusion-box active-icon awb-icon-minus\" aria-hidden=\"true\"><\/i><i class=\"fa-fusion-box inactive-icon awb-icon-plus\" aria-hidden=\"true\"><\/i><\/span><span class=\"fusion-toggle-heading\">Vanjska stolarija<\/span><\/a><\/h4><\/div><div id=\"6f38b1cc41f0097e3\" class=\"panel-collapse collapse \" aria-labelledby=\"toggle_6f38b1cc41f0097e3\"><div class=\"panel-body toggle-content fusion-clearfix\">\n<p>Stolarija je izvedena od kvalitetnih PVC profila s aluminijskom oblogom izvana (izvana u sivo srebrnoj boji, unutra u bijeloj) s trostrukoizoliraju\u0107im staklom. Svi vanjski zatvori imaju aluminijske rolete u sivoj boji i komarnike (klizne ili rolo). Otvori su otklopno \u2013 zaokretni, klizni i podizno \u2013 klizni, a sve rolete (osim u kupaonicama) imaju elektronsko upravljanje &#8211; pogon na elektromotor.<\/p>\n<\/div><\/div><\/div><div class=\"fusion-panel panel-default panel-53b65387d689cc832 fusion-toggle-has-divider\" style=\"--awb-title-color:var(--awb-color5);--awb-content-color:var(--awb-color6);\"><div class=\"panel-heading\"><h4 class=\"panel-title toggle\" id=\"toggle_53b65387d689cc832\"><a aria-expanded=\"false\" aria-controls=\"53b65387d689cc832\" role=\"button\" data-toggle=\"collapse\" data-parent=\"#accordion-2003-7\" data-target=\"#53b65387d689cc832\" href=\"#53b65387d689cc832\"><span class=\"fusion-toggle-icon-wrapper\" aria-hidden=\"true\"><i class=\"fa-fusion-box active-icon awb-icon-minus\" aria-hidden=\"true\"><\/i><i class=\"fa-fusion-box inactive-icon awb-icon-plus\" aria-hidden=\"true\"><\/i><\/span><span class=\"fusion-toggle-heading\">Zajedni\u010dki prostori i spremi\u0161ta<\/span><\/a><\/h4><\/div><div id=\"53b65387d689cc832\" class=\"panel-collapse collapse \" aria-labelledby=\"toggle_53b65387d689cc832\"><div class=\"panel-body toggle-content fusion-clearfix\">\n<p>Ulazni prostor, stubi\u0161ta i hodnici su poplo\u010dani kamenim plo\u010dama debljine 3 cm. Ograde i rukohvati u stubi\u0161tima izvedeni su kao bravarska ograda visine do 110 cm. Dizala su be\u0161umna kroz sve eta\u017ee. U natkrivenom ulazu su smje\u0161teni po\u0161tanski sandu\u010di\u0107i, paneli za obavijest te parlafon s video kontrolom.<\/p>\n<p>Podovi u podrumskim spremi\u0161tima zavr\u0161no su premazani epoksidnim premazom.<\/p>\n<\/div><\/div><\/div><div class=\"fusion-panel panel-default panel-b5142b33832507766 fusion-toggle-has-divider\" style=\"--awb-title-color:var(--awb-color5);--awb-content-color:var(--awb-color6);\"><div class=\"panel-heading\"><h4 class=\"panel-title toggle\" id=\"toggle_b5142b33832507766\"><a aria-expanded=\"false\" aria-controls=\"b5142b33832507766\" role=\"button\" data-toggle=\"collapse\" data-parent=\"#accordion-2003-7\" data-target=\"#b5142b33832507766\" href=\"#b5142b33832507766\"><span class=\"fusion-toggle-icon-wrapper\" aria-hidden=\"true\"><i class=\"fa-fusion-box active-icon awb-icon-minus\" aria-hidden=\"true\"><\/i><i class=\"fa-fusion-box inactive-icon awb-icon-plus\" aria-hidden=\"true\"><\/i><\/span><span class=\"fusion-toggle-heading\">Gara\u017ee i parkirna mjesta<\/span><\/a><\/h4><\/div><div id=\"b5142b33832507766\" class=\"panel-collapse collapse \" aria-labelledby=\"toggle_b5142b33832507766\"><div class=\"panel-body toggle-content fusion-clearfix\">\n<p>Gara\u017ee su smje\u0161tene u podrumskoj eta\u017ei, sa zajedni\u010dkom ulaznom rampom s rolo vratima na daljinsko upravljanje. Kolna komunikacija je zajedni\u010dka i kru\u017ena, a parkirna mjesta su otvorena. Svaki stan u gara\u017ei ima osigurana dva parkirna mjesta te pripadaju\u0107e spremi\u0161te. Gara\u017ea ima prirodnu i mehani\u010dku ventilaciju.<\/p>\n<\/div><\/div><\/div><div class=\"fusion-panel panel-default panel-4f5b69e33d5be7f4c fusion-toggle-has-divider\" style=\"--awb-title-color:var(--awb-color5);--awb-content-color:var(--awb-color6);\"><div class=\"panel-heading\"><h4 class=\"panel-title toggle\" id=\"toggle_4f5b69e33d5be7f4c\"><a aria-expanded=\"false\" aria-controls=\"4f5b69e33d5be7f4c\" role=\"button\" data-toggle=\"collapse\" data-parent=\"#accordion-2003-7\" data-target=\"#4f5b69e33d5be7f4c\" href=\"#4f5b69e33d5be7f4c\"><span class=\"fusion-toggle-icon-wrapper\" aria-hidden=\"true\"><i class=\"fa-fusion-box active-icon awb-icon-minus\" aria-hidden=\"true\"><\/i><i class=\"fa-fusion-box inactive-icon awb-icon-plus\" aria-hidden=\"true\"><\/i><\/span><span class=\"fusion-toggle-heading\">Stolarija<\/span><\/a><\/h4><\/div><div id=\"4f5b69e33d5be7f4c\" class=\"panel-collapse collapse \" aria-labelledby=\"toggle_4f5b69e33d5be7f4c\"><div class=\"panel-body toggle-content fusion-clearfix\">\n<p>Ulazna vrata u stan su protuprovalna i protupo\u017earna s dodatnom zvu\u010dnom izolacijom. Unutarnja stolarija izvedena od punih, glatkih vrata s dovratnikom u bijeloj boji visine 210 cm.<\/p>\n<\/div><\/div><\/div><div class=\"fusion-panel panel-default panel-dd516a3f5bdb157ec fusion-toggle-has-divider\" style=\"--awb-title-color:var(--awb-color5);--awb-content-color:var(--awb-color6);\"><div class=\"panel-heading\"><h4 class=\"panel-title toggle\" id=\"toggle_dd516a3f5bdb157ec\"><a aria-expanded=\"false\" aria-controls=\"dd516a3f5bdb157ec\" role=\"button\" data-toggle=\"collapse\" data-parent=\"#accordion-2003-7\" data-target=\"#dd516a3f5bdb157ec\" href=\"#dd516a3f5bdb157ec\"><span class=\"fusion-toggle-icon-wrapper\" aria-hidden=\"true\"><i class=\"fa-fusion-box active-icon awb-icon-minus\" aria-hidden=\"true\"><\/i><i class=\"fa-fusion-box inactive-icon awb-icon-plus\" aria-hidden=\"true\"><\/i><\/span><span class=\"fusion-toggle-heading\">Zidovi i stropovi<\/span><\/a><\/h4><\/div><div id=\"dd516a3f5bdb157ec\" class=\"panel-collapse collapse \" aria-labelledby=\"toggle_dd516a3f5bdb157ec\"><div class=\"panel-body toggle-content fusion-clearfix\">\n<p>Nosivi zidovi su armirano betonski zidovi debljine 20 cm, a dijelom su zidani Porotherm blok opekom debljine 20 cm. Pregradni zidovi su zidani Porotherm blok opekom debljine 11,5 cm. Unutarnje povr\u0161ine zidova i stropova su o\u017ebukane i oli\u010dene poludisperzivnom bijelom bojom.<\/p>\n<p>Kao zidne obloge kupaonice ugra\u0111ene su visokokvalitetne kerami\u010dke plo\u010dice I klase.<\/p>\n<\/div><\/div><\/div><div class=\"fusion-panel panel-default panel-fcb73e3cb1b95bff1 fusion-toggle-has-divider\" style=\"--awb-title-color:var(--awb-color5);--awb-content-color:var(--awb-color6);\"><div class=\"panel-heading\"><h4 class=\"panel-title toggle\" id=\"toggle_fcb73e3cb1b95bff1\"><a aria-expanded=\"false\" aria-controls=\"fcb73e3cb1b95bff1\" role=\"button\" data-toggle=\"collapse\" data-parent=\"#accordion-2003-7\" data-target=\"#fcb73e3cb1b95bff1\" href=\"#fcb73e3cb1b95bff1\"><span class=\"fusion-toggle-icon-wrapper\" aria-hidden=\"true\"><i class=\"fa-fusion-box active-icon awb-icon-minus\" aria-hidden=\"true\"><\/i><i class=\"fa-fusion-box inactive-icon awb-icon-plus\" aria-hidden=\"true\"><\/i><\/span><span class=\"fusion-toggle-heading\">Podovi<\/span><\/a><\/h4><\/div><div id=\"fcb73e3cb1b95bff1\" class=\"panel-collapse collapse \" aria-labelledby=\"toggle_fcb73e3cb1b95bff1\"><div class=\"panel-body toggle-content fusion-clearfix\">\n<p>Podovi spava\u0107ih soba su oblo\u017eeni hrastovim parketom I klase, zavr\u0161no lakiranim, modernog izgleda u natur boji, s letvicama u bijeloj boji. Podovi ostalih prostorija su oblo\u017eeni kerami\u010dkim plo\u010dicama, a loggie vanjskim protukliznim kerami\u010dkim plo\u010dicama sve I klase. Na povr\u0161inama s plo\u010dicama izveden je kerami\u010dki sokl.<\/p>\n<p>Zidovi gra\u0111evine s termi\u010dki obra\u0111enim pro\u010deljima, s o\u017ebukanim unutarnjim povr\u0161inama zidova i stropova, podovi s podnim slojevima toplinske i zvu\u010dne za\u0161tite, \u010dine ugra\u0111eni materijali koji pojedina\u010dno i u kompletu imaju sposobnost izdr\u017eati sva mehani\u010dka i druga predvi\u0111ena djelovanja pri normalnoj upotrebi.<\/p>\n<\/div><\/div><\/div><div class=\"fusion-panel panel-default panel-211c60738291545f1 fusion-toggle-has-divider\" style=\"--awb-title-color:var(--awb-color5);--awb-content-color:var(--awb-color6);\"><div class=\"panel-heading\"><h4 class=\"panel-title toggle\" id=\"toggle_211c60738291545f1\"><a aria-expanded=\"false\" aria-controls=\"211c60738291545f1\" role=\"button\" data-toggle=\"collapse\" data-parent=\"#accordion-2003-7\" data-target=\"#211c60738291545f1\" href=\"#211c60738291545f1\"><span class=\"fusion-toggle-icon-wrapper\" aria-hidden=\"true\"><i class=\"fa-fusion-box active-icon awb-icon-minus\" aria-hidden=\"true\"><\/i><i class=\"fa-fusion-box inactive-icon awb-icon-plus\" aria-hidden=\"true\"><\/i><\/span><span class=\"fusion-toggle-heading\">Kupaonice i WC<\/span><\/a><\/h4><\/div><div id=\"211c60738291545f1\" class=\"panel-collapse collapse \" aria-labelledby=\"toggle_211c60738291545f1\"><div class=\"panel-body toggle-content fusion-clearfix\">\n<p>Sva sanitarna oprema je visoke kvalitete poznatih proizvo\u0111a\u010da. Opremu \u010dine: konzolni umivaonici s pripadaju\u0107im mije\u0161alicama, konzolna WC \u0161koljka s poklopcem i s nisko\u0161umnim ugradbenim vodokotli\u0107em, tu\u0161 \u2013 kada s tu\u0161 setom. Priklju\u010dak za perilicu rublja s odvodnjom.<\/p>\n<p>Zidovi su oblo\u017eeni kerami\u010dkim plo\u010dicama I klase od poda do pune visine prostorije.<\/p>\n<p>Bojleri PTV su smje\u0161teni u podrumu u zajedni\u010dkom prostoru.<\/p>\n<\/div><\/div><\/div><div class=\"fusion-panel panel-default panel-b40fe015ea4a847ce fusion-toggle-has-divider\" style=\"--awb-title-color:var(--awb-color5);--awb-content-color:var(--awb-color6);\"><div class=\"panel-heading\"><h4 class=\"panel-title toggle\" id=\"toggle_b40fe015ea4a847ce\"><a aria-expanded=\"false\" aria-controls=\"b40fe015ea4a847ce\" role=\"button\" data-toggle=\"collapse\" data-parent=\"#accordion-2003-7\" data-target=\"#b40fe015ea4a847ce\" href=\"#b40fe015ea4a847ce\"><span class=\"fusion-toggle-icon-wrapper\" aria-hidden=\"true\"><i class=\"fa-fusion-box active-icon awb-icon-minus\" aria-hidden=\"true\"><\/i><i class=\"fa-fusion-box inactive-icon awb-icon-plus\" aria-hidden=\"true\"><\/i><\/span><span class=\"fusion-toggle-heading\">Elektroinstalacije<\/span><\/a><\/h4><\/div><div id=\"b40fe015ea4a847ce\" class=\"panel-collapse collapse \" aria-labelledby=\"toggle_b40fe015ea4a847ce\"><div class=\"panel-body toggle-content fusion-clearfix\">\n<p>Elektrobrojila su smje\u0161tena u vanjskom ure\u0111enom terenu (uz zapadnu granicu). Elektro oprema je visoke kvalitete poznatih proizvo\u0111a\u010da.<\/p>\n<p>U stanovima su predvi\u0111ene telefonske i TV uti\u010dnice, stropna i zidna rasvjeta te termostat u dnevnom boravku i spava\u0107im sobama. Elektrooprema kuhinje sastoji se od izvoda za \u0161tednjak, uti\u010dnice za hladnjak, uti\u010dnice za perilicu, uti\u010dnice u pojasu iznad radne plohe, izvod za napu i uti\u010dnice na kuhinjskom otoku. Elektrooprema kupaonice sadr\u017ei priklju\u010dnicu za perilicu rublja, nadsvjetlo iznad umivaonika, uti\u010dnice na zidu te izvod za ventilator. Elektrooprema u hodniku su rasvjetna tijela, strujni razdjelnik stana, ormari\u0107 slabe struje, uti\u010dnica, centralno sklop struje cijelog stana.<\/p>\n<p>Osigurana je mogu\u0107nost spajanja na kabelsku TV preko instalacija zajedni\u010dkog antenskog satelita.<\/p>\n<p>Spremi\u0161ta, u kojima je izvedena stropna rasvjeta su povezana s brojilom pripadaju\u0107eg stana, a lift, hodnici i gara\u017ea vezani su na zasebno brojilo zajedni\u010dke potro\u0161nje.<\/p>\n<\/div><\/div><\/div><div class=\"fusion-panel panel-default panel-2c671becbf8b30277 fusion-toggle-has-divider\" style=\"--awb-title-color:var(--awb-color5);--awb-content-color:var(--awb-color6);\"><div class=\"panel-heading\"><h4 class=\"panel-title toggle\" id=\"toggle_2c671becbf8b30277\"><a aria-expanded=\"false\" aria-controls=\"2c671becbf8b30277\" role=\"button\" data-toggle=\"collapse\" data-parent=\"#accordion-2003-7\" data-target=\"#2c671becbf8b30277\" href=\"#2c671becbf8b30277\"><span class=\"fusion-toggle-icon-wrapper\" aria-hidden=\"true\"><i class=\"fa-fusion-box active-icon awb-icon-minus\" aria-hidden=\"true\"><\/i><i class=\"fa-fusion-box inactive-icon awb-icon-plus\" aria-hidden=\"true\"><\/i><\/span><span class=\"fusion-toggle-heading\">Instalacije vodovoda i odvodnje<\/span><\/a><\/h4><\/div><div id=\"2c671becbf8b30277\" class=\"panel-collapse collapse \" aria-labelledby=\"toggle_2c671becbf8b30277\"><div class=\"panel-body toggle-content fusion-clearfix\">\n<p>Opskrba vodom je priklju\u010dkom na javnu gradsku vodovodnu mre\u017eu. Na priklju\u010dnom cjevovodu je okno s ugra\u0111enim vodomjerima za svaki stan zasebno. Razvod vode se vr\u0161i PPR toplinski izoliranim cijevima.<\/p>\n<p>Odvodnja otpadnih voda je priklju\u010dkom na kanalizacijski sustav naselja. Za odvodnju su kori\u0161tene nisko\u0161umne cijevi.<\/p>\n<p>Priprema potro\u0161ne tople vode je preko bojlera \u2013 dizalica topline smje\u0161tenih u podrumskoj eta\u017ei, za svaki stan zasebno.<\/p>\n<p>Glavni ventil za vodu nalazi se na svakom od stubi\u0161ta.<\/p>\n<\/div><\/div><\/div><div class=\"fusion-panel panel-default panel-ad240d8fad2009aeb fusion-toggle-has-divider\" style=\"--awb-title-color:var(--awb-color5);--awb-content-color:var(--awb-color6);\"><div class=\"panel-heading\"><h4 class=\"panel-title toggle\" id=\"toggle_ad240d8fad2009aeb\"><a aria-expanded=\"false\" aria-controls=\"ad240d8fad2009aeb\" role=\"button\" data-toggle=\"collapse\" data-parent=\"#accordion-2003-7\" data-target=\"#ad240d8fad2009aeb\" href=\"#ad240d8fad2009aeb\"><span class=\"fusion-toggle-icon-wrapper\" aria-hidden=\"true\"><i class=\"fa-fusion-box active-icon awb-icon-minus\" aria-hidden=\"true\"><\/i><i class=\"fa-fusion-box inactive-icon awb-icon-plus\" aria-hidden=\"true\"><\/i><\/span><span class=\"fusion-toggle-heading\">Grijanje i hla\u0111enje<\/span><\/a><\/h4><\/div><div id=\"ad240d8fad2009aeb\" class=\"panel-collapse collapse \" aria-labelledby=\"toggle_ad240d8fad2009aeb\"><div class=\"panel-body toggle-content fusion-clearfix\">\n<p>Za sve stanove kori\u0161teni su ure\u0111aji proizvo\u0111a\u010da.<\/p>\n<p>Kao vanjska jedinica ugra\u0111en je inverter sustav multi split snage 9,3\/8,3 Kw.<\/p>\n<p>Stanovi su opremljeni kanalskim razvodom unutarnjih klima jedinica, u dnevnom boravku snage 4,0\/3,5 Kw, a u sobama jedinice snage 2,5\/2,0 Kw, s daljinskim i Wifi upravljanjem.<\/p>\n<p>U dnevnom dijelu stana i kupaonicama je izvedeno podno grijanje sustavom elektri\u010dne mre\u017eice, komplet s termostatom i senzorima za temperaturu.<\/p>\n<\/div><\/div><\/div><div class=\"fusion-panel panel-default panel-71ad1814931679ae7 fusion-toggle-has-divider\" style=\"--awb-title-color:var(--awb-color5);--awb-content-color:var(--awb-color6);\"><div class=\"panel-heading\"><h4 class=\"panel-title toggle\" id=\"toggle_71ad1814931679ae7\"><a aria-expanded=\"false\" aria-controls=\"71ad1814931679ae7\" role=\"button\" data-toggle=\"collapse\" data-parent=\"#accordion-2003-7\" data-target=\"#71ad1814931679ae7\" href=\"#71ad1814931679ae7\"><span class=\"fusion-toggle-icon-wrapper\" aria-hidden=\"true\"><i class=\"fa-fusion-box active-icon awb-icon-minus\" aria-hidden=\"true\"><\/i><i class=\"fa-fusion-box inactive-icon awb-icon-plus\" aria-hidden=\"true\"><\/i><\/span><span class=\"fusion-toggle-heading\">Ventilacija<\/span><\/a><\/h4><\/div><div id=\"71ad1814931679ae7\" class=\"panel-collapse collapse \" aria-labelledby=\"toggle_71ad1814931679ae7\"><div class=\"panel-body toggle-content fusion-clearfix\">\n<p>Umjetna ventilacija je osigurana be\u0161umnim ventilatorima u svim sanitarnim prostorijama, a ventilacija kuhinja osigurana je zasebnim cijevima za odvod napa.<\/p>\n<p>Unutar gara\u017ee osigurana je prirodna i mehani\u010dka ventilacija kao i ventilacija svakog spremi\u0161ta pojedina\u010dno.<\/p>\n<\/div><\/div><\/div><div class=\"fusion-panel panel-default panel-fa370bd9deaca91d2 fusion-toggle-has-divider\" style=\"--awb-title-color:var(--awb-color5);--awb-content-color:var(--awb-color6);\"><div class=\"panel-heading\"><h4 class=\"panel-title toggle\" id=\"toggle_fa370bd9deaca91d2\"><a aria-expanded=\"false\" aria-controls=\"fa370bd9deaca91d2\" role=\"button\" data-toggle=\"collapse\" data-parent=\"#accordion-2003-7\" data-target=\"#fa370bd9deaca91d2\" href=\"#fa370bd9deaca91d2\"><span class=\"fusion-toggle-icon-wrapper\" aria-hidden=\"true\"><i class=\"fa-fusion-box active-icon awb-icon-minus\" aria-hidden=\"true\"><\/i><i class=\"fa-fusion-box inactive-icon awb-icon-plus\" aria-hidden=\"true\"><\/i><\/span><span class=\"fusion-toggle-heading\">Energetski razred<\/span><\/a><\/h4><\/div><div id=\"fa370bd9deaca91d2\" class=\"panel-collapse collapse \" aria-labelledby=\"toggle_fa370bd9deaca91d2\"><div class=\"panel-body toggle-content fusion-clearfix\">\n<p>Isho\u0111en je energetski certifikat razreda A+.<\/p>\n<\/div><\/div><\/div><div class=\"fusion-panel panel-default panel-0b691ba65338edc47 fusion-toggle-has-divider\" style=\"--awb-title-color:var(--awb-color5);--awb-content-color:var(--awb-color6);\"><div class=\"panel-heading\"><h4 class=\"panel-title toggle\" id=\"toggle_0b691ba65338edc47\"><a aria-expanded=\"false\" aria-controls=\"0b691ba65338edc47\" role=\"button\" data-toggle=\"collapse\" data-parent=\"#accordion-2003-7\" data-target=\"#0b691ba65338edc47\" href=\"#0b691ba65338edc47\"><span class=\"fusion-toggle-icon-wrapper\" aria-hidden=\"true\"><i class=\"fa-fusion-box active-icon awb-icon-minus\" aria-hidden=\"true\"><\/i><i class=\"fa-fusion-box inactive-icon awb-icon-plus\" aria-hidden=\"true\"><\/i><\/span><span class=\"fusion-toggle-heading\">Uvjeti odr\u017eavanja gra\u0111evine<\/span><\/a><\/h4><\/div><div id=\"0b691ba65338edc47\" class=\"panel-collapse collapse \" aria-labelledby=\"toggle_0b691ba65338edc47\"><div class=\"panel-body toggle-content fusion-clearfix\">\n<p>Kupac \u0107e prilikom preuzimanja stana dobiti knji\u017eicu s uputama za kori\u0161tenje i odr\u017eavanje ugra\u0111ene opreme.<\/p>\n<\/div><\/div><\/div><div class=\"fusion-panel panel-default panel-8a971f808c39b00d8 fusion-toggle-has-divider\" style=\"--awb-title-color:var(--awb-color5);--awb-content-color:var(--awb-color6);\"><div class=\"panel-heading\"><h4 class=\"panel-title toggle\" id=\"toggle_8a971f808c39b00d8\"><a aria-expanded=\"false\" aria-controls=\"8a971f808c39b00d8\" role=\"button\" data-toggle=\"collapse\" data-parent=\"#accordion-2003-7\" data-target=\"#8a971f808c39b00d8\" href=\"#8a971f808c39b00d8\"><span class=\"fusion-toggle-icon-wrapper\" aria-hidden=\"true\"><i class=\"fa-fusion-box active-icon awb-icon-minus\" aria-hidden=\"true\"><\/i><i class=\"fa-fusion-box inactive-icon awb-icon-plus\" aria-hidden=\"true\"><\/i><\/span><span class=\"fusion-toggle-heading\">Ure\u0111enje okoli\u0161a<\/span><\/a><\/h4><\/div><div id=\"8a971f808c39b00d8\" class=\"panel-collapse collapse \" aria-labelledby=\"toggle_8a971f808c39b00d8\"><div class=\"panel-body toggle-content fusion-clearfix\">\n<p>Okoli\u0161 je ure\u0111en kolnim i pje\u0161a\u010dkim povr\u0161inama i hortikulturno ure\u0111enim vrtovima.<\/p>\n<\/div><\/div><\/div><div class=\"fusion-panel panel-default panel-655a66198d816c67c fusion-toggle-has-divider\" style=\"--awb-title-color:var(--awb-color5);--awb-content-color:var(--awb-color6);\"><div class=\"panel-heading\"><h4 class=\"panel-title toggle\" id=\"toggle_655a66198d816c67c\"><a aria-expanded=\"false\" aria-controls=\"655a66198d816c67c\" role=\"button\" data-toggle=\"collapse\" data-parent=\"#accordion-2003-7\" data-target=\"#655a66198d816c67c\" href=\"#655a66198d816c67c\"><span class=\"fusion-toggle-icon-wrapper\" aria-hidden=\"true\"><i class=\"fa-fusion-box active-icon awb-icon-minus\" aria-hidden=\"true\"><\/i><i class=\"fa-fusion-box inactive-icon awb-icon-plus\" aria-hidden=\"true\"><\/i><\/span><span class=\"fusion-toggle-heading\">Garancija<\/span><\/a><\/h4><\/div><div id=\"655a66198d816c67c\" class=\"panel-collapse collapse \" aria-labelledby=\"toggle_655a66198d816c67c\"><div class=\"panel-body toggle-content fusion-clearfix\">\n<p>Garantni rok za kvalitetu izvedbe gra\u0111evinskih i gra\u0111evinsko-obrtni\u010dkih radova odre\u0111en je u skladu sa zakonom i posebnim propisima i to 2 godine za obrtni\u010dke radove, a 10 godina za konstrukciju gra\u0111evine i krov.<\/p>\n<p>Uvjeti i rokovi garancije za ugra\u0111enu opremu vrijede prema specifikacijama proizvo\u0111a\u010da.<\/p>\n<\/div><\/div><\/div><\/div><\/div><div class=\"fusion-separator fusion-full-width-sep\" style=\"align-self: center;margin-left: auto;margin-right: auto;margin-bottom:40px;width:100%;\"><\/div><div style=\"text-align:center;\"><a class=\"fusion-button button-flat fusion-button-default-size button-custom fusion-button-default button-7 fusion-button-default-span fusion-button-default-type\" style=\"--button_accent_color:#ffffff;--button_accent_hover_color:#ffffff;--button_border_hover_color:hsla(var(--awb-color1-h),var(--awb-color1-s),var(--awb-color1-l),calc( var(--awb-color1-a) - 10% ));--button_gradient_top_color:#000000;--button_gradient_bottom_color:#000000;--button_gradient_top_color_hover:#001f63;--button_gradient_bottom_color_hover:#001f63;\" target=\"_self\" href=\"https:\/\/kastela-garden-residence.hr\/zgrada-2-stan-s7\/\"><span class=\"fusion-button-text awb-button__text awb-button__text--default\">SAZNAJ VI\u0160E<\/span><\/a><\/div><\/div><\/div><\/div><\/div><\/p>\n","protected":false},"excerpt":{"rendered":"","protected":false},"author":1,"featured_media":1708,"menu_order":0,"comment_status":"closed","ping_status":"closed","template":"","format":"standard","meta":{"footnotes":""},"portfolio_category":[53],"portfolio_skills":[],"portfolio_tags":[],"class_list":["post-2003","avada_portfolio","type-avada_portfolio","status-publish","format-standard","has-post-thumbnail","hentry","portfolio_category-mirta"],"_links":{"self":[{"href":"https:\/\/kastela-garden-residence.hr\/de\/wp-json\/wp\/v2\/avada_portfolio\/2003","targetHints":{"allow":["GET"]}}],"collection":[{"href":"https:\/\/kastela-garden-residence.hr\/de\/wp-json\/wp\/v2\/avada_portfolio"}],"about":[{"href":"https:\/\/kastela-garden-residence.hr\/de\/wp-json\/wp\/v2\/types\/avada_portfolio"}],"author":[{"embeddable":true,"href":"https:\/\/kastela-garden-residence.hr\/de\/wp-json\/wp\/v2\/users\/1"}],"replies":[{"embeddable":true,"href":"https:\/\/kastela-garden-residence.hr\/de\/wp-json\/wp\/v2\/comments?post=2003"}],"version-history":[{"count":15,"href":"https:\/\/kastela-garden-residence.hr\/de\/wp-json\/wp\/v2\/avada_portfolio\/2003\/revisions"}],"predecessor-version":[{"id":2354,"href":"https:\/\/kastela-garden-residence.hr\/de\/wp-json\/wp\/v2\/avada_portfolio\/2003\/revisions\/2354"}],"wp:featuredmedia":[{"embeddable":true,"href":"https:\/\/kastela-garden-residence.hr\/de\/wp-json\/wp\/v2\/media\/1708"}],"wp:attachment":[{"href":"https:\/\/kastela-garden-residence.hr\/de\/wp-json\/wp\/v2\/media?parent=2003"}],"wp:term":[{"taxonomy":"portfolio_category","embeddable":true,"href":"https:\/\/kastela-garden-residence.hr\/de\/wp-json\/wp\/v2\/portfolio_category?post=2003"},{"taxonomy":"portfolio_skills","embeddable":true,"href":"https:\/\/kastela-garden-residence.hr\/de\/wp-json\/wp\/v2\/portfolio_skills?post=2003"},{"taxonomy":"portfolio_tags","embeddable":true,"href":"https:\/\/kastela-garden-residence.hr\/de\/wp-json\/wp\/v2\/portfolio_tags?post=2003"}],"curies":[{"name":"wp","href":"https:\/\/api.w.org\/{rel}","templated":true}]}}